{"id":21365,"date":"2026-01-15T10:19:18","date_gmt":"2026-01-15T10:19:18","guid":{"rendered":"https:\/\/emilfreyclassics.webmodus-dev.ch\/sonderausstellung\/40-ans-de-subaru\/"},"modified":"2026-03-04T08:43:26","modified_gmt":"2026-03-04T08:43:26","slug":"40-ans-de-subaru","status":"publish","type":"sonderausstellung","link":"https:\/\/emilfreyclassics.webmodus-dev.ch\/fr\/sonderausstellung\/40-ans-de-subaru\/","title":{"rendered":"40 ans de Subaru"},"content":{"rendered":"<section class=\"l-section wpb_row height_medium\"><div class=\"l-section-h i-cf\"><div class=\"g-cols vc_row via_flex valign_top type_default stacking_default\"><div class=\"vc_col-sm-12 wpb_column vc_column_container\"><div class=\"vc_column-inner\"><div class=\"wpb_wrapper\"><h3 class=\"w-text zurueck-button icon_atleft\"><a href=\"\/museum\/sonderausstellungen\/\" class=\"w-text-h\"><i class=\"fas fa-arrow-left\"><\/i><span class=\"w-text-value\">Zur\u00fcck<\/span><\/a><\/h3><div class=\"w-image align_none\"><div class=\"w-image-h\"><img decoding=\"async\" width=\"1024\" height=\"731\" src=\"https:\/\/emilfreyclassics.webmodus-dev.ch\/wp-content\/uploads\/2019\/11\/19-193-EFC_Webbilder_Ausstellungen_3000x2134px4-1-1024x731.jpg\" class=\"attachment-large size-large\" alt=\"\" loading=\"lazy\" srcset=\"https:\/\/emilfreyclassics.webmodus-dev.ch\/wp-content\/uploads\/2019\/11\/19-193-EFC_Webbilder_Ausstellungen_3000x2134px4-1-1024x731.jpg 1024w, https:\/\/emilfreyclassics.webmodus-dev.ch\/wp-content\/uploads\/2019\/11\/19-193-EFC_Webbilder_Ausstellungen_3000x2134px4-1-600x429.jpg 600w, https:\/\/emilfreyclassics.webmodus-dev.ch\/wp-content\/uploads\/2019\/11\/19-193-EFC_Webbilder_Ausstellungen_3000x2134px4-1-300x214.jpg 300w, https:\/\/emilfreyclassics.webmodus-dev.ch\/wp-content\/uploads\/2019\/11\/19-193-EFC_Webbilder_Ausstellungen_3000x2134px4-1-768x549.jpg 768w, https:\/\/emilfreyclassics.webmodus-dev.ch\/wp-content\/uploads\/2019\/11\/19-193-EFC_Webbilder_Ausstellungen_3000x2134px4-1.jpg 1600w\" sizes=\"auto, (max-width: 1024px) 100vw, 1024px\" \/><\/div><\/div><div class=\"w-separator size_medium\"><\/div><div class=\"g-cols wpb_row via_flex valign_top type_default stacking_default\"><div class=\"vc_col-sm-4 wpb_column vc_column_container\"><div class=\"vc_column-inner\"><div class=\"wpb_wrapper\"><h2 class=\"w-text\"><span class=\"w-text-h\"><span class=\"w-text-value\">40 ans de Subaru<\/span><\/span><\/h2><\/div><\/div><\/div><div class=\"vc_col-sm-8 wpb_column vc_column_container\"><div class=\"vc_column-inner\"><div class=\"wpb_wrapper\"><div class=\"wpb_text_column\"><div class=\"wpb_wrapper\"><p>Il y a 40 ans, la Subaru 1600 4WD appara\u00eet sur le march\u00e9 suisse. Le break \u00e0 traction int\u00e9grale, objet de moqueries \u00e0 ses d\u00e9buts, prend le pays d\u2019assaut. Une exposition au Classic Car Museum de Safenwil retrace l\u2019histoire du succ\u00e8s de Subaru. Lorsque le Groupe Emil Frey commence \u00e0 importer la Subaru 1600 AWD, elle est loin d\u2019\u00eatre promise au succ\u00e8s. En effet, elle ne correspond pas aux crit\u00e8res de beaut\u00e9 automobile en vogue en Suisse. Par contre, elle est robuste, pratique et bon march\u00e9\u00a0: gr\u00e2ce \u00e0 sa garde au sol \u00e9lev\u00e9e et \u00e0 sa traction int\u00e9grale enclenchable, elle ne reste jamais coinc\u00e9e, ni dans la neige, ni sur la glace, ni dans la boue des chemins forestiers.<\/p>\n<p>Une fois de plus, le patron de l\u2019entreprise, Walter Frey, d\u00e9montre du flair lorsqu\u2019il invite Bernhard Russi \u00e0 devenir ambassadeur de la marque. Le populaire champion de descente de ski et m\u00e9daill\u00e9 olympique originaire d\u2019Andermatt pr\u00e9sente le v\u00e9hicule en 1979 dans un spot t\u00e9l\u00e9vis\u00e9 de trois minutes\u00a0(!). Et de toute \u00e9vidence, il est extr\u00eamement cr\u00e9dible\u00a0: son<span>\u00a0<\/span><em>Truckli<\/em>, son \u00ab\u00a0petit coffret\u00a0\u00bb, le surnom qu\u2019il donne \u00e0 sa Subaru hors antenne, conquiert imm\u00e9diatement la Suisse. En seulement deux ans, la 1600\u00a04WD devient le break le plus vendu.<\/p>\n<p>La voiture abordable et polyvalente est particuli\u00e8rement appr\u00e9ci\u00e9e des fermiers alpins, \u00e0 qui elle facilite l\u2019exploitation des mayens recul\u00e9s. Il leur est ainsi possible d\u2019acheminer le lait par monts et par vaux jusqu\u2019\u00e0 la fromagerie dans la vall\u00e9e, tout en ayant de la place pour les enfants et le chien. Pour Simon Bundi, qui a grandi dans les Grisons et est conservateur de l\u2019exposition sp\u00e9ciale \u00ab\u00a0Pionni\u00e8re de la traction int\u00e9grale, ic\u00f4ne du rallye, voiture culte\u00a0\u00bb au Classic Car Museum \u00e0 Safenwil, la Subaru est quasi synonyme de traction int\u00e9grale. \u00ab\u00a0Gamin, j\u2019\u00e9tais fascin\u00e9 par l\u2019horloge digitale du tableau de bord.\u00a0\u00bb<\/p>\n<p>Ce v\u00e9hicule de tourisme discret marque les d\u00e9buts du boom des 4\u00d74 en Suisse. Jusque-l\u00e0, la part de march\u00e9 des 4\u00d74 \u00e9tait inf\u00e9rieure \u00e0 1\u00a0% et comprenait uniquement des v\u00e9hicules tout-terrain. De nos jours, un v\u00e9hicule sur deux vendu en Suisse est \u00e9quip\u00e9 de ce syst\u00e8me d\u2019entra\u00eenement. \u00ab\u00a0La Subaru 1600 4WD a jou\u00e9 un r\u00f4le d\u00e9cisif pour notre notion de ce qu\u2019une voiture doit pouvoir accomplir\u00a0\u00bb, explique Simon Bundi.<\/p>\n<p>Bient\u00f4t, Subaru \u2013 le nom d\u00e9signe aussi la constellation des Pl\u00e9iades en japonais \u2013 offre plusieurs gammes de mod\u00e8les 4\u00d74, allant de la citadine jusqu\u2019\u00e0 la sportive. Le pionnier du 4\u00d74 appartient depuis longtemps \u00e0 la classe automobile locale dominante. Les v\u00e9hicules disposent d\u2019une caract\u00e9ristique unique\u00a0: la traction int\u00e9grale sym\u00e9trique permanente, coupl\u00e9e \u00e0 un moteur Boxer mont\u00e9 longitudinalement.<\/p>\n<p>Cependant, ce n\u2019est qu\u2019avec l\u2019Impreza GT Turbo que Subaru construit aussi une voiture d\u2019\u00e9motion. Celle-ci s\u2019inspire des bolides de rallye avec lesquels Subaru a gagn\u00e9 le classement individuel pilotes aux championnats du monde des rallyes WRC en 1995, 2001 et 2003. Plus tard, les Nippons font le bonheur de leurs fans avec la WRX\u00a0STI, un v\u00e9hicule aliment\u00e9 par un moteur Boxer turbo de 2,5\u00a0l et 300\u00a0ch.<\/p>\n<\/div><\/div><\/div><\/div><\/div><\/div><\/div><\/div><\/div><\/div><\/div><\/section><section class=\"l-section wpb_row height_medium\"><div class=\"l-section-h i-cf\"><div class=\"g-cols vc_row via_flex valign_top type_default stacking_default\"><div class=\"vc_col-sm-12 wpb_column vc_column_container\"><div class=\"vc_column-inner\"><div class=\"wpb_wrapper\"><div class=\"w-html\">\n    <div class=\"webmodus-gallery w-gallery fit_cover type_grid action_popup_image\">\n        <div class=\"w-gallery-list\">\n\n                            <div class=\"w-gallery-item\">\n                    <div class=\"w-gallery-item-img\">\n                        <img width=\"1024\" height=\"724\" src=\"https:\/\/emilfreyclassics.webmodus-dev.ch\/wp-content\/uploads\/2019\/10\/Bild_01_Winter_Russi-1-1024x724.jpg\" class=\"attachment-large size-large\" alt=\"\" loading=\"lazy\" decoding=\"async\" srcset=\"https:\/\/emilfreyclassics.webmodus-dev.ch\/wp-content\/uploads\/2019\/10\/Bild_01_Winter_Russi-1-1024x724.jpg 1024w, https:\/\/emilfreyclassics.webmodus-dev.ch\/wp-content\/uploads\/2019\/10\/Bild_01_Winter_Russi-1-600x424.jpg 600w, https:\/\/emilfreyclassics.webmodus-dev.ch\/wp-content\/uploads\/2019\/10\/Bild_01_Winter_Russi-1-300x212.jpg 300w, https:\/\/emilfreyclassics.webmodus-dev.ch\/wp-content\/uploads\/2019\/10\/Bild_01_Winter_Russi-1-768x543.jpg 768w, https:\/\/emilfreyclassics.webmodus-dev.ch\/wp-content\/uploads\/2019\/10\/Bild_01_Winter_Russi-1.jpg 1600w\" sizes=\"auto, (max-width: 1024px) 100vw, 1024px\" \/>                    <\/div>\n                    <a class=\"w-gallery-item-link\"\n                       href=\"https:\/\/emilfreyclassics.webmodus-dev.ch\/wp-content\/uploads\/2019\/10\/Bild_01_Winter_Russi-1.jpg\"\n                       data-rel=\"lightbox-gallery-bGlnaHRib3gtZ2FsbGVyeS0yMTcy\" data-rl_title=\"\" data-rl_caption=\"\"\n                       data-rl_title=\"\"\n                       data-rl_caption=\"\"\n                       title=\"\"><\/a>\n                <\/div>\n                            <div class=\"w-gallery-item\">\n                    <div class=\"w-gallery-item-img\">\n                        <img width=\"690\" height=\"1024\" src=\"https:\/\/emilfreyclassics.webmodus-dev.ch\/wp-content\/uploads\/2019\/10\/Kofferraum_Wueste-1-690x1024.jpg\" class=\"attachment-large size-large\" alt=\"\" loading=\"lazy\" decoding=\"async\" srcset=\"https:\/\/emilfreyclassics.webmodus-dev.ch\/wp-content\/uploads\/2019\/10\/Kofferraum_Wueste-1-690x1024.jpg 690w, https:\/\/emilfreyclassics.webmodus-dev.ch\/wp-content\/uploads\/2019\/10\/Kofferraum_Wueste-1-600x890.jpg 600w, https:\/\/emilfreyclassics.webmodus-dev.ch\/wp-content\/uploads\/2019\/10\/Kofferraum_Wueste-1-202x300.jpg 202w, https:\/\/emilfreyclassics.webmodus-dev.ch\/wp-content\/uploads\/2019\/10\/Kofferraum_Wueste-1-768x1139.jpg 768w, https:\/\/emilfreyclassics.webmodus-dev.ch\/wp-content\/uploads\/2019\/10\/Kofferraum_Wueste-1.jpg 1079w\" sizes=\"auto, (max-width: 690px) 100vw, 690px\" \/>                    <\/div>\n                    <a class=\"w-gallery-item-link\"\n                       href=\"https:\/\/emilfreyclassics.webmodus-dev.ch\/wp-content\/uploads\/2019\/10\/Kofferraum_Wueste-1.jpg\"\n                       data-rel=\"lightbox-gallery-bGlnaHRib3gtZ2FsbGVyeS0yMTcy\" data-rl_title=\"\" data-rl_caption=\"\"\n                       data-rl_title=\"\"\n                       data-rl_caption=\"\"\n                       title=\"\"><\/a>\n                <\/div>\n                            <div class=\"w-gallery-item\">\n                    <div class=\"w-gallery-item-img\">\n                        <img width=\"1024\" height=\"644\" src=\"https:\/\/emilfreyclassics.webmodus-dev.ch\/wp-content\/uploads\/2019\/10\/Subaru_Schnee-1-1024x644.jpg\" class=\"attachment-large size-large\" alt=\"\" loading=\"lazy\" decoding=\"async\" srcset=\"https:\/\/emilfreyclassics.webmodus-dev.ch\/wp-content\/uploads\/2019\/10\/Subaru_Schnee-1-1024x644.jpg 1024w, https:\/\/emilfreyclassics.webmodus-dev.ch\/wp-content\/uploads\/2019\/10\/Subaru_Schnee-1-600x378.jpg 600w, https:\/\/emilfreyclassics.webmodus-dev.ch\/wp-content\/uploads\/2019\/10\/Subaru_Schnee-1-300x189.jpg 300w, https:\/\/emilfreyclassics.webmodus-dev.ch\/wp-content\/uploads\/2019\/10\/Subaru_Schnee-1-768x483.jpg 768w, https:\/\/emilfreyclassics.webmodus-dev.ch\/wp-content\/uploads\/2019\/10\/Subaru_Schnee-1.jpg 1600w\" sizes=\"auto, (max-width: 1024px) 100vw, 1024px\" \/>                    <\/div>\n                    <a class=\"w-gallery-item-link\"\n                       href=\"https:\/\/emilfreyclassics.webmodus-dev.ch\/wp-content\/uploads\/2019\/10\/Subaru_Schnee-1.jpg\"\n                       data-rel=\"lightbox-gallery-bGlnaHRib3gtZ2FsbGVyeS0yMTcy\" data-rl_title=\"\" data-rl_caption=\"\"\n                       data-rl_title=\"\"\n                       data-rl_caption=\"\"\n                       title=\"\"><\/a>\n                <\/div>\n            \n        <\/div>\n    <\/div>\n\n    <\/div><\/div><\/div><\/div><\/div><\/div><\/section><section class=\"l-section wpb_row height_medium\"><div class=\"l-section-h i-cf\"><div class=\"g-cols vc_row via_flex valign_top type_default stacking_default\"><div class=\"vc_col-sm-12 wpb_column vc_column_container\"><div class=\"vc_column-inner\"><div class=\"wpb_wrapper\"><div class=\"w-grid us_post_list type_grid layout_18682 cols_1 preload_style_spinner\" id=\"us_post_list_laa3\" style=\"--columns:1;--gap:1.5rem;\"><style>.layout_18682 .w-grid-item-h{}.layout_18682 .usg_post_custom_field_1{text-align:center!important;margin-top:10px!important}.layout_18682 .usg_post_custom_field_2{text-align:center!important;width:150px!important}.layout_18682 .usg_btn_2{text-align:center!important}.layout_18682 .usg_btn_3{text-align:center!important}<\/style><div class=\"w-grid-list\">\t<article class=\"w-grid-item size_1x1 post-847 team type-team status-publish hentry\" data-id=\"847\">\r\n\t\t<div class=\"w-grid-item-h\">\r\n\t\t\t\t\t\t<h2 class=\"w-post-elm post_title usg_post_title_1 align_center entry-title color_link_inherit\">Simon Bundi<\/h2><div class=\"w-post-elm post_custom_field usg_post_custom_field_1 type_text team_position color_link_inherit\"><span class=\"w-post-elm-value\">Responsable du mus\u00e9e et des archives<\/span><\/div><div class=\"w-post-elm post_custom_field usg_post_custom_field_2 avatarbild-team type_image team_avatar color_link_inherit has_ratio\"><div style=\"padding-bottom:100%\"><\/div><img loading=\"lazy\" decoding=\"async\" width=\"1024\" height=\"683\" src=\"https:\/\/emilfreyclassics.webmodus-dev.ch\/wp-content\/uploads\/2019\/10\/Portrait_Emil_Frey_Simo_Bundi-1024x683.jpg\" class=\"attachment-large size-large\" alt=\"\" srcset=\"https:\/\/emilfreyclassics.webmodus-dev.ch\/wp-content\/uploads\/2019\/10\/Portrait_Emil_Frey_Simo_Bundi-1024x683.jpg 1024w, https:\/\/emilfreyclassics.webmodus-dev.ch\/wp-content\/uploads\/2019\/10\/Portrait_Emil_Frey_Simo_Bundi-300x200.jpg 300w, https:\/\/emilfreyclassics.webmodus-dev.ch\/wp-content\/uploads\/2019\/10\/Portrait_Emil_Frey_Simo_Bundi-768x512.jpg 768w, https:\/\/emilfreyclassics.webmodus-dev.ch\/wp-content\/uploads\/2019\/10\/Portrait_Emil_Frey_Simo_Bundi-e1570455023641.jpg 500w\" sizes=\"auto, (max-width: 1024px) 100vw, 1024px\" \/><\/div><div class=\"w-hwrapper usg_hwrapper_2 align_center valign_top\"><a class=\"w-btn us-btn-style_4 usg_btn_3 icon_atleft\" href=\"tel:+41 62 788 79 45\"><i class=\"fas fa-phone-alt\"><\/i><span class=\"w-btn-label\">+41 62 788 79 45<\/span><\/a><a class=\"w-btn us-btn-style_4 usg_btn_2 icon_atleft text_none\" aria-label=\"Button\" href=\"mailto:simon.bundi@emilfreyclassics.ch\"><i class=\"fas fa-envelope\"><\/i><\/a><\/div>\t\t<\/div>\r\n\t\t\t<\/article>\r\n<\/div><div class=\"g-loadmore hidden\"><div class=\"g-preloader type_1\"><div><\/div><\/div><\/div><div class=\"w-grid-list-json hidden\" onclick='return {&quot;max_num_pages&quot;:0,&quot;paginationBase&quot;:&quot;page&quot;,&quot;pagination&quot;:&quot;none&quot;,&quot;paged&quot;:1,&quot;ajaxData&quot;:{&quot;action&quot;:&quot;us_ajax_post_list&quot;,&quot;meta_type&quot;:&quot;post&quot;,&quot;object_id&quot;:0,&quot;template_vars&quot;:{&quot;shortcode_base&quot;:&quot;us_post_list&quot;,&quot;paged&quot;:1,&quot;max_num_pages&quot;:0,&quot;no_results&quot;:false,&quot;us_post_content_design_css&quot;:[],&quot;found_posts&quot;:0,&quot;items_count&quot;:1,&quot;source&quot;:&quot;post__in&quot;,&quot;custom_field_name&quot;:&quot;&quot;,&quot;ids&quot;:&quot;848&quot;,&quot;post_type&quot;:&quot;team&quot;,&quot;attachment_ids&quot;:null,&quot;include_post_thumbnail&quot;:0,&quot;post_author&quot;:&quot;any&quot;,&quot;post_author_ids&quot;:&quot;&quot;,&quot;apply_url_params&quot;:0,&quot;ignore_sticky_posts&quot;:1,&quot;exclude_children&quot;:0,&quot;exclude_current_post&quot;:&quot;0&quot;,&quot;exclude_prev_posts&quot;:0,&quot;exclude_past_events&quot;:0,&quot;enable_items_offset&quot;:0,&quot;items_offset&quot;:&quot;1&quot;,&quot;tax_query_relation&quot;:&quot;none&quot;,&quot;tax_query&quot;:[{&quot;operator&quot;:&quot;IN&quot;,&quot;taxonomy&quot;:&quot;category&quot;,&quot;terms&quot;:&quot;&quot;,&quot;include_children&quot;:0}],&quot;meta_query_relation&quot;:&quot;none&quot;,&quot;meta_query&quot;:[{&quot;key&quot;:&quot;custom_field_name&quot;,&quot;compare&quot;:&quot;=&quot;,&quot;value&quot;:&quot;&quot;}],&quot;orderby&quot;:&quot;menu_order&quot;,&quot;orderby_custom_field&quot;:&quot;&quot;,&quot;orderby_custom_type&quot;:0,&quot;order_invert&quot;:0,&quot;show_all&quot;:0,&quot;quantity&quot;:&quot;1&quot;,&quot;posts_per_archive_page&quot;:0,&quot;no_items_action&quot;:&quot;hide_grid&quot;,&quot;no_items_message&quot;:&quot;Aucun r\\u00e9sultat.&quot;,&quot;no_items_page_block&quot;:&quot;&quot;,&quot;pagination&quot;:&quot;none&quot;,&quot;pagination_style&quot;:&quot;&quot;,&quot;pagination_btn_text&quot;:&quot;Charger plus&quot;,&quot;pagination_btn_size&quot;:&quot;&quot;,&quot;pagination_btn_style&quot;:&quot;1&quot;,&quot;pagination_btn_fullwidth&quot;:0,&quot;items_layout&quot;:&quot;18682&quot;,&quot;type&quot;:&quot;grid&quot;,&quot;items_valign&quot;:0,&quot;ignore_items_size&quot;:0,&quot;columns&quot;:&quot;1&quot;,&quot;items_gap&quot;:&quot;1.5rem&quot;,&quot;load_animation&quot;:&quot;none&quot;,&quot;items_preload_style&quot;:&quot;spinner&quot;,&quot;img_size&quot;:&quot;default&quot;,&quot;title_size&quot;:&quot;&quot;,&quot;items_ratio&quot;:&quot;default&quot;,&quot;items_ratio_width&quot;:&quot;21&quot;,&quot;items_ratio_height&quot;:&quot;9&quot;,&quot;overriding_link&quot;:&quot;%7B%22url%22%3A%22%22%7D&quot;,&quot;popup_page_template&quot;:&quot;0&quot;,&quot;popup_width&quot;:&quot;&quot;,&quot;popup_arrows&quot;:1,&quot;breakpoint_1_width&quot;:&quot;1381px&quot;,&quot;breakpoint_1_cols&quot;:&quot;default&quot;,&quot;breakpoint_1_quantity&quot;:&quot;&quot;,&quot;breakpoint_1_gap&quot;:&quot;&quot;,&quot;breakpoint_2_width&quot;:&quot;1025px&quot;,&quot;breakpoint_2_cols&quot;:&quot;1&quot;,&quot;breakpoint_2_quantity&quot;:&quot;&quot;,&quot;breakpoint_2_gap&quot;:&quot;&quot;,&quot;breakpoint_3_width&quot;:&quot;601px&quot;,&quot;breakpoint_3_cols&quot;:&quot;1&quot;,&quot;breakpoint_3_quantity&quot;:&quot;&quot;,&quot;breakpoint_3_gap&quot;:&quot;&quot;,&quot;conditions_operator&quot;:&quot;always&quot;,&quot;conditions&quot;:[],&quot;css&quot;:null,&quot;el_class&quot;:&quot;&quot;,&quot;el_id&quot;:&quot;&quot;,&quot;enable_custom_html_atts&quot;:0,&quot;custom_html_atts&quot;:null,&quot;hide_on_states&quot;:&quot;&quot;,&quot;hide_for_sticky&quot;:0,&quot;hide_for_not_sticky&quot;:0,&quot;hide_below&quot;:&quot;0px&quot;,&quot;hide_above&quot;:&quot;0px&quot;,&quot;classes&quot;:&quot;&quot;}},&quot;facetedFilter&quot;:[]}'><\/div><\/div><div class=\"w-separator size_medium\"><\/div><\/div><\/div><\/div><\/div><\/div><\/section>\n","protected":false},"template":"","meta":{"_acf_changed":false},"class_list":["post-21365","sonderausstellung","type-sonderausstellung","status-publish","hentry"],"acf":[],"yoast_head":"<!-- This site is optimized with the Yoast SEO plugin v24.6 - https:\/\/yoast.com\/wordpress\/plugins\/seo\/ -->\n<title>40 ans de Subaru : Emil Frey Classics AG<\/title>\n<meta name=\"robots\" content=\"noindex, follow, max-snippet:-1, max-image-preview:large, max-video-preview:-1\" \/>\n<meta property=\"og:locale\" content=\"fr_FR\" \/>\n<meta property=\"og:type\" content=\"article\" \/>\n<meta property=\"og:title\" content=\"40 ans de Subaru : Emil Frey Classics AG\" \/>\n<meta property=\"og:url\" content=\"https:\/\/emilfreyclassics.webmodus-dev.ch\/sonderausstellung\/sonderausstellung-subaru\/\" \/>\n<meta property=\"og:site_name\" content=\"Emil Frey Classics AG\" \/>\n<meta property=\"article:publisher\" content=\"https:\/\/www.facebook.com\/emilfreyclassics\/\" \/>\n<meta property=\"article:modified_time\" content=\"2026-03-04T08:43:26+00:00\" \/>\n<meta name=\"twitter:card\" content=\"summary_large_image\" \/>\n<meta name=\"twitter:label1\" content=\"Dur\u00e9e de lecture estim\u00e9e\" \/>\n\t<meta name=\"twitter:data1\" content=\"4 minutes\" \/>\n<script type=\"application\/ld+json\" class=\"yoast-schema-graph\">{\"@context\":\"https:\/\/schema.org\",\"@graph\":[{\"@type\":\"WebPage\",\"@id\":\"https:\/\/emilfreyclassics.webmodus-dev.ch\/sonderausstellung\/sonderausstellung-subaru\/\",\"url\":\"https:\/\/emilfreyclassics.webmodus-dev.ch\/sonderausstellung\/sonderausstellung-subaru\/\",\"name\":\"40 ans de Subaru : Emil Frey Classics AG\",\"isPartOf\":{\"@id\":\"https:\/\/emilfreyclassics.webmodus-dev.ch\/#website\"},\"datePublished\":\"2026-01-15T10:19:18+00:00\",\"dateModified\":\"2026-03-04T08:43:26+00:00\",\"breadcrumb\":{\"@id\":\"https:\/\/emilfreyclassics.webmodus-dev.ch\/sonderausstellung\/sonderausstellung-subaru\/#breadcrumb\"},\"inLanguage\":\"fr-FR\",\"potentialAction\":[{\"@type\":\"ReadAction\",\"target\":[\"https:\/\/emilfreyclassics.webmodus-dev.ch\/sonderausstellung\/sonderausstellung-subaru\/\"]}]},{\"@type\":\"BreadcrumbList\",\"@id\":\"https:\/\/emilfreyclassics.webmodus-dev.ch\/sonderausstellung\/sonderausstellung-subaru\/#breadcrumb\",\"itemListElement\":[{\"@type\":\"ListItem\",\"position\":1,\"name\":\"Home\",\"item\":\"https:\/\/emilfreyclassics.webmodus-dev.ch\/fr\/\"},{\"@type\":\"ListItem\",\"position\":2,\"name\":\"40 ans de Subaru\"}]},{\"@type\":\"WebSite\",\"@id\":\"https:\/\/emilfreyclassics.webmodus-dev.ch\/#website\",\"url\":\"https:\/\/emilfreyclassics.webmodus-dev.ch\/\",\"name\":\"Emil Frey Classics AG\",\"description\":\"\",\"potentialAction\":[{\"@type\":\"SearchAction\",\"target\":{\"@type\":\"EntryPoint\",\"urlTemplate\":\"https:\/\/emilfreyclassics.webmodus-dev.ch\/?s={search_term_string}\"},\"query-input\":{\"@type\":\"PropertyValueSpecification\",\"valueRequired\":true,\"valueName\":\"search_term_string\"}}],\"inLanguage\":\"fr-FR\"}]}<\/script>\n<!-- \/ Yoast SEO plugin. -->","yoast_head_json":{"title":"40 ans de Subaru : Emil Frey Classics AG","robots":{"index":"noindex","follow":"follow","max-snippet":"max-snippet:-1","max-image-preview":"max-image-preview:large","max-video-preview":"max-video-preview:-1"},"og_locale":"fr_FR","og_type":"article","og_title":"40 ans de Subaru : Emil Frey Classics AG","og_url":"https:\/\/emilfreyclassics.webmodus-dev.ch\/sonderausstellung\/sonderausstellung-subaru\/","og_site_name":"Emil Frey Classics AG","article_publisher":"https:\/\/www.facebook.com\/emilfreyclassics\/","article_modified_time":"2026-03-04T08:43:26+00:00","twitter_card":"summary_large_image","twitter_misc":{"Dur\u00e9e de lecture estim\u00e9e":"4 minutes"},"schema":{"@context":"https:\/\/schema.org","@graph":[{"@type":"WebPage","@id":"https:\/\/emilfreyclassics.webmodus-dev.ch\/sonderausstellung\/sonderausstellung-subaru\/","url":"https:\/\/emilfreyclassics.webmodus-dev.ch\/sonderausstellung\/sonderausstellung-subaru\/","name":"40 ans de Subaru : Emil Frey Classics AG","isPartOf":{"@id":"https:\/\/emilfreyclassics.webmodus-dev.ch\/#website"},"datePublished":"2026-01-15T10:19:18+00:00","dateModified":"2026-03-04T08:43:26+00:00","breadcrumb":{"@id":"https:\/\/emilfreyclassics.webmodus-dev.ch\/sonderausstellung\/sonderausstellung-subaru\/#breadcrumb"},"inLanguage":"fr-FR","potentialAction":[{"@type":"ReadAction","target":["https:\/\/emilfreyclassics.webmodus-dev.ch\/sonderausstellung\/sonderausstellung-subaru\/"]}]},{"@type":"BreadcrumbList","@id":"https:\/\/emilfreyclassics.webmodus-dev.ch\/sonderausstellung\/sonderausstellung-subaru\/#breadcrumb","itemListElement":[{"@type":"ListItem","position":1,"name":"Home","item":"https:\/\/emilfreyclassics.webmodus-dev.ch\/fr\/"},{"@type":"ListItem","position":2,"name":"40 ans de Subaru"}]},{"@type":"WebSite","@id":"https:\/\/emilfreyclassics.webmodus-dev.ch\/#website","url":"https:\/\/emilfreyclassics.webmodus-dev.ch\/","name":"Emil Frey Classics AG","description":"","potentialAction":[{"@type":"SearchAction","target":{"@type":"EntryPoint","urlTemplate":"https:\/\/emilfreyclassics.webmodus-dev.ch\/?s={search_term_string}"},"query-input":{"@type":"PropertyValueSpecification","valueRequired":true,"valueName":"search_term_string"}}],"inLanguage":"fr-FR"}]}},"_links":{"self":[{"href":"https:\/\/emilfreyclassics.webmodus-dev.ch\/fr\/wp-json\/wp\/v2\/sonderausstellung\/21365","targetHints":{"allow":["GET"]}}],"collection":[{"href":"https:\/\/emilfreyclassics.webmodus-dev.ch\/fr\/wp-json\/wp\/v2\/sonderausstellung"}],"about":[{"href":"https:\/\/emilfreyclassics.webmodus-dev.ch\/fr\/wp-json\/wp\/v2\/types\/sonderausstellung"}],"wp:attachment":[{"href":"https:\/\/emilfreyclassics.webmodus-dev.ch\/fr\/wp-json\/wp\/v2\/media?parent=21365"}],"curies":[{"name":"wp","href":"https:\/\/api.w.org\/{rel}","templated":true}]}}