{"id":21361,"date":"2026-01-15T10:24:05","date_gmt":"2026-01-15T10:24:05","guid":{"rendered":"https:\/\/emilfreyclassics.webmodus-dev.ch\/sonderausstellung\/voitures-et-architecture\/"},"modified":"2026-03-04T08:42:10","modified_gmt":"2026-03-04T08:42:10","slug":"voitures-et-architecture","status":"publish","type":"sonderausstellung","link":"https:\/\/emilfreyclassics.webmodus-dev.ch\/fr\/sonderausstellung\/voitures-et-architecture\/","title":{"rendered":"Voitures et architecture"},"content":{"rendered":"<section class=\"l-section wpb_row height_medium\"><div class=\"l-section-h i-cf\"><div class=\"g-cols vc_row via_flex valign_top type_default stacking_default\"><div class=\"vc_col-sm-12 wpb_column vc_column_container\"><div class=\"vc_column-inner\"><div class=\"wpb_wrapper\"><h3 class=\"w-text zurueck-button icon_atleft\"><a href=\"\/museum\/sonderausstellungen\/\" class=\"w-text-h\"><i class=\"fas fa-arrow-left\"><\/i><span class=\"w-text-value\">Zur\u00fcck<\/span><\/a><\/h3><div class=\"w-image align_none\"><div class=\"w-image-h\"><img decoding=\"async\" width=\"1024\" height=\"731\" src=\"https:\/\/emilfreyclassics.webmodus-dev.ch\/wp-content\/uploads\/2019\/11\/19-193-EFC_Webbilder_Ausstellungen_3000x2134px3-1024x731.jpg\" class=\"attachment-large size-large\" alt=\"\" loading=\"lazy\" srcset=\"https:\/\/emilfreyclassics.webmodus-dev.ch\/wp-content\/uploads\/2019\/11\/19-193-EFC_Webbilder_Ausstellungen_3000x2134px3-1024x731.jpg 1024w, https:\/\/emilfreyclassics.webmodus-dev.ch\/wp-content\/uploads\/2019\/11\/19-193-EFC_Webbilder_Ausstellungen_3000x2134px3-600x429.jpg 600w, https:\/\/emilfreyclassics.webmodus-dev.ch\/wp-content\/uploads\/2019\/11\/19-193-EFC_Webbilder_Ausstellungen_3000x2134px3-300x214.jpg 300w, https:\/\/emilfreyclassics.webmodus-dev.ch\/wp-content\/uploads\/2019\/11\/19-193-EFC_Webbilder_Ausstellungen_3000x2134px3-768x549.jpg 768w, https:\/\/emilfreyclassics.webmodus-dev.ch\/wp-content\/uploads\/2019\/11\/19-193-EFC_Webbilder_Ausstellungen_3000x2134px3.jpg 1600w\" sizes=\"auto, (max-width: 1024px) 100vw, 1024px\" \/><\/div><\/div><div class=\"w-separator size_medium\"><\/div><div class=\"g-cols wpb_row via_flex valign_top type_default stacking_default\"><div class=\"vc_col-sm-4 wpb_column vc_column_container\"><div class=\"vc_column-inner\"><div class=\"wpb_wrapper\"><h2 class=\"w-text\"><span class=\"w-text-h\"><span class=\"w-text-value\">Voitures et architecture<\/span><\/span><\/h2><\/div><\/div><\/div><div class=\"vc_col-sm-8 wpb_column vc_column_container\"><div class=\"vc_column-inner\"><div class=\"wpb_wrapper\"><div class=\"wpb_text_column\"><div class=\"wpb_wrapper\"><p>Aucune autre invention n\u2019a chang\u00e9 le visage de la Suisse comme l\u2019a fait l\u2019automobile. La nouvelle mobilit\u00e9 du si\u00e8cle dernier a non seulement fait na\u00eetre des rues et des agglom\u00e9rations, mais de nombreuses constructions enti\u00e8rement consacr\u00e9es \u00e0 l\u2019automobile sont aussi apparues\u00a0: de grands garages en ville, des motels dans les lieux de vill\u00e9giature ou des habitations avec garages souterrains.<\/p>\n<p>Avec une exposition unique de photos et de v\u00e9hicules, le Classic Center Suisse a racont\u00e9 du 9\u00a0f\u00e9vrier au 30\u00a0juin\u00a02018 l\u2019histoire de cette architecture. Des affiches publicitaires mettant en sc\u00e8ne les v\u00e9hicules et b\u00e2timents ont aussi \u00e9t\u00e9 expos\u00e9es. Les visiteurs ont pu faire un voyage architectural en Suisse, de la fin des ann\u00e9es 20 jusqu\u2019au d\u00e9but des ann\u00e9es 80. De l\u2019enthousiasme presque illimit\u00e9 pour la voiture et les constructions en acier, en b\u00e9ton et en verre \u00e0 la volont\u00e9 de mettre la nouvelle mobilit\u00e9 de masse en harmonie avec l\u2019image d\u2019une patrie traditionnelle.<\/p>\n<\/div><\/div><\/div><\/div><\/div><\/div><\/div><\/div><\/div><\/div><\/div><\/section><section class=\"l-section wpb_row height_medium\"><div class=\"l-section-h i-cf\"><div class=\"g-cols vc_row via_flex valign_top type_default stacking_default\"><div class=\"vc_col-sm-12 wpb_column vc_column_container\"><div class=\"vc_column-inner\"><div class=\"wpb_wrapper\"><h2 class=\"w-text\"><span class=\"w-text-h\"><span class=\"w-text-value\">Sonderausstellung Autos &amp; Architektur<\/span><\/span><\/h2><div class=\"w-separator size_medium\"><\/div><div class=\"w-video align_none ratio_16x9 has_iframe\"><div class=\"w-video-h\"><iframe title=\"Youtube video player\" src=\"\/\/www.youtube.com\/embed\/OVCxuqjueZI?autoplay=0&controls=1&origin=https:\/\/emilfreyclassics.webmodus-dev.ch\/fr\/&loop=0&mute=0\" allowfullscreen=\"1\" loading=\"lazy\"><\/iframe><\/div><\/div><\/div><\/div><\/div><\/div><\/div><\/section><section class=\"l-section wpb_row height_medium\"><div class=\"l-section-h i-cf\"><div class=\"g-cols vc_row via_flex valign_top type_default stacking_default\"><div class=\"vc_col-sm-12 wpb_column vc_column_container\"><div class=\"vc_column-inner\"><div class=\"wpb_wrapper\"><div class=\"w-html\">\n    <div class=\"webmodus-gallery w-gallery fit_cover type_grid action_popup_image\">\n        <div class=\"w-gallery-list\">\n\n                            <div class=\"w-gallery-item\">\n                    <div class=\"w-gallery-item-img\">\n                        <img width=\"1024\" height=\"683\" src=\"https:\/\/emilfreyclassics.webmodus-dev.ch\/wp-content\/uploads\/2019\/10\/EFAG-Classic_Sonderaustellung_AutoArchitektur20180208_056-2-1-2-1024x683.jpg\" class=\"attachment-large size-large\" alt=\"\" loading=\"lazy\" decoding=\"async\" srcset=\"https:\/\/emilfreyclassics.webmodus-dev.ch\/wp-content\/uploads\/2019\/10\/EFAG-Classic_Sonderaustellung_AutoArchitektur20180208_056-2-1-2-1024x683.jpg 1024w, https:\/\/emilfreyclassics.webmodus-dev.ch\/wp-content\/uploads\/2019\/10\/EFAG-Classic_Sonderaustellung_AutoArchitektur20180208_056-2-1-2-600x400.jpg 600w, https:\/\/emilfreyclassics.webmodus-dev.ch\/wp-content\/uploads\/2019\/10\/EFAG-Classic_Sonderaustellung_AutoArchitektur20180208_056-2-1-2-300x200.jpg 300w, https:\/\/emilfreyclassics.webmodus-dev.ch\/wp-content\/uploads\/2019\/10\/EFAG-Classic_Sonderaustellung_AutoArchitektur20180208_056-2-1-2-768x512.jpg 768w, https:\/\/emilfreyclassics.webmodus-dev.ch\/wp-content\/uploads\/2019\/10\/EFAG-Classic_Sonderaustellung_AutoArchitektur20180208_056-2-1-2.jpg 1600w\" sizes=\"auto, (max-width: 1024px) 100vw, 1024px\" \/>                    <\/div>\n                    <a class=\"w-gallery-item-link\"\n                       href=\"https:\/\/emilfreyclassics.webmodus-dev.ch\/wp-content\/uploads\/2019\/10\/EFAG-Classic_Sonderaustellung_AutoArchitektur20180208_056-2-1-2.jpg\"\n                       data-rel=\"lightbox-gallery-bGlnaHRib3gtZ2FsbGVyeS0yMzcz\" data-rl_title=\"\" data-rl_caption=\"\"\n                       data-rl_title=\"\"\n                       data-rl_caption=\"\"\n                       title=\"\"><\/a>\n                <\/div>\n                            <div class=\"w-gallery-item\">\n                    <div class=\"w-gallery-item-img\">\n                        <img width=\"1024\" height=\"683\" src=\"https:\/\/emilfreyclassics.webmodus-dev.ch\/wp-content\/uploads\/2019\/10\/EFAG-Classic_Sonderaustellung_AutoArchitektur20180208_055-2-1-2-1024x683.jpg\" class=\"attachment-large size-large\" alt=\"\" loading=\"lazy\" decoding=\"async\" srcset=\"https:\/\/emilfreyclassics.webmodus-dev.ch\/wp-content\/uploads\/2019\/10\/EFAG-Classic_Sonderaustellung_AutoArchitektur20180208_055-2-1-2-1024x683.jpg 1024w, https:\/\/emilfreyclassics.webmodus-dev.ch\/wp-content\/uploads\/2019\/10\/EFAG-Classic_Sonderaustellung_AutoArchitektur20180208_055-2-1-2-600x400.jpg 600w, https:\/\/emilfreyclassics.webmodus-dev.ch\/wp-content\/uploads\/2019\/10\/EFAG-Classic_Sonderaustellung_AutoArchitektur20180208_055-2-1-2-300x200.jpg 300w, https:\/\/emilfreyclassics.webmodus-dev.ch\/wp-content\/uploads\/2019\/10\/EFAG-Classic_Sonderaustellung_AutoArchitektur20180208_055-2-1-2-768x512.jpg 768w, https:\/\/emilfreyclassics.webmodus-dev.ch\/wp-content\/uploads\/2019\/10\/EFAG-Classic_Sonderaustellung_AutoArchitektur20180208_055-2-1-2.jpg 1600w\" sizes=\"auto, (max-width: 1024px) 100vw, 1024px\" \/>                    <\/div>\n                    <a class=\"w-gallery-item-link\"\n                       href=\"https:\/\/emilfreyclassics.webmodus-dev.ch\/wp-content\/uploads\/2019\/10\/EFAG-Classic_Sonderaustellung_AutoArchitektur20180208_055-2-1-2.jpg\"\n                       data-rel=\"lightbox-gallery-bGlnaHRib3gtZ2FsbGVyeS0yMzcz\" data-rl_title=\"\" data-rl_caption=\"\"\n                       data-rl_title=\"\"\n                       data-rl_caption=\"\"\n                       title=\"\"><\/a>\n                <\/div>\n                            <div class=\"w-gallery-item\">\n                    <div class=\"w-gallery-item-img\">\n                        <img width=\"1024\" height=\"683\" src=\"https:\/\/emilfreyclassics.webmodus-dev.ch\/wp-content\/uploads\/2019\/10\/EFAG-Classic_Sonderaustellung_AutoArchitektur20180208_028-2-1-2-1024x683.jpg\" class=\"attachment-large size-large\" alt=\"\" loading=\"lazy\" decoding=\"async\" srcset=\"https:\/\/emilfreyclassics.webmodus-dev.ch\/wp-content\/uploads\/2019\/10\/EFAG-Classic_Sonderaustellung_AutoArchitektur20180208_028-2-1-2-1024x683.jpg 1024w, https:\/\/emilfreyclassics.webmodus-dev.ch\/wp-content\/uploads\/2019\/10\/EFAG-Classic_Sonderaustellung_AutoArchitektur20180208_028-2-1-2-600x400.jpg 600w, https:\/\/emilfreyclassics.webmodus-dev.ch\/wp-content\/uploads\/2019\/10\/EFAG-Classic_Sonderaustellung_AutoArchitektur20180208_028-2-1-2-300x200.jpg 300w, https:\/\/emilfreyclassics.webmodus-dev.ch\/wp-content\/uploads\/2019\/10\/EFAG-Classic_Sonderaustellung_AutoArchitektur20180208_028-2-1-2-768x512.jpg 768w, https:\/\/emilfreyclassics.webmodus-dev.ch\/wp-content\/uploads\/2019\/10\/EFAG-Classic_Sonderaustellung_AutoArchitektur20180208_028-2-1-2.jpg 1600w\" sizes=\"auto, (max-width: 1024px) 100vw, 1024px\" \/>                    <\/div>\n                    <a class=\"w-gallery-item-link\"\n                       href=\"https:\/\/emilfreyclassics.webmodus-dev.ch\/wp-content\/uploads\/2019\/10\/EFAG-Classic_Sonderaustellung_AutoArchitektur20180208_028-2-1-2.jpg\"\n                       data-rel=\"lightbox-gallery-bGlnaHRib3gtZ2FsbGVyeS0yMzcz\" data-rl_title=\"\" data-rl_caption=\"\"\n                       data-rl_title=\"\"\n                       data-rl_caption=\"\"\n                       title=\"\"><\/a>\n                <\/div>\n                            <div class=\"w-gallery-item\">\n                    <div class=\"w-gallery-item-img\">\n                        <img width=\"1024\" height=\"683\" src=\"https:\/\/emilfreyclassics.webmodus-dev.ch\/wp-content\/uploads\/2019\/10\/EFAG-Classic_Sonderaustellung_AutoArchitektur20180208_022-2-1-2-1024x683.jpg\" class=\"attachment-large size-large\" alt=\"\" loading=\"lazy\" decoding=\"async\" srcset=\"https:\/\/emilfreyclassics.webmodus-dev.ch\/wp-content\/uploads\/2019\/10\/EFAG-Classic_Sonderaustellung_AutoArchitektur20180208_022-2-1-2-1024x683.jpg 1024w, https:\/\/emilfreyclassics.webmodus-dev.ch\/wp-content\/uploads\/2019\/10\/EFAG-Classic_Sonderaustellung_AutoArchitektur20180208_022-2-1-2-600x400.jpg 600w, https:\/\/emilfreyclassics.webmodus-dev.ch\/wp-content\/uploads\/2019\/10\/EFAG-Classic_Sonderaustellung_AutoArchitektur20180208_022-2-1-2-300x200.jpg 300w, https:\/\/emilfreyclassics.webmodus-dev.ch\/wp-content\/uploads\/2019\/10\/EFAG-Classic_Sonderaustellung_AutoArchitektur20180208_022-2-1-2-768x512.jpg 768w, https:\/\/emilfreyclassics.webmodus-dev.ch\/wp-content\/uploads\/2019\/10\/EFAG-Classic_Sonderaustellung_AutoArchitektur20180208_022-2-1-2.jpg 1600w\" sizes=\"auto, (max-width: 1024px) 100vw, 1024px\" \/>                    <\/div>\n                    <a class=\"w-gallery-item-link\"\n                       href=\"https:\/\/emilfreyclassics.webmodus-dev.ch\/wp-content\/uploads\/2019\/10\/EFAG-Classic_Sonderaustellung_AutoArchitektur20180208_022-2-1-2.jpg\"\n                       data-rel=\"lightbox-gallery-bGlnaHRib3gtZ2FsbGVyeS0yMzcz\" data-rl_title=\"\" data-rl_caption=\"\"\n                       data-rl_title=\"\"\n                       data-rl_caption=\"\"\n                       title=\"\"><\/a>\n                <\/div>\n                            <div class=\"w-gallery-item\">\n                    <div class=\"w-gallery-item-img\">\n                        <img width=\"1024\" height=\"683\" src=\"https:\/\/emilfreyclassics.webmodus-dev.ch\/wp-content\/uploads\/2019\/10\/EFAG-Classic_Sonderaustellung_AutoArchitektur20180208_013-1-2-1024x683.jpg\" class=\"attachment-large size-large\" alt=\"\" loading=\"lazy\" decoding=\"async\" srcset=\"https:\/\/emilfreyclassics.webmodus-dev.ch\/wp-content\/uploads\/2019\/10\/EFAG-Classic_Sonderaustellung_AutoArchitektur20180208_013-1-2-1024x683.jpg 1024w, https:\/\/emilfreyclassics.webmodus-dev.ch\/wp-content\/uploads\/2019\/10\/EFAG-Classic_Sonderaustellung_AutoArchitektur20180208_013-1-2-600x400.jpg 600w, https:\/\/emilfreyclassics.webmodus-dev.ch\/wp-content\/uploads\/2019\/10\/EFAG-Classic_Sonderaustellung_AutoArchitektur20180208_013-1-2-300x200.jpg 300w, https:\/\/emilfreyclassics.webmodus-dev.ch\/wp-content\/uploads\/2019\/10\/EFAG-Classic_Sonderaustellung_AutoArchitektur20180208_013-1-2-768x512.jpg 768w, https:\/\/emilfreyclassics.webmodus-dev.ch\/wp-content\/uploads\/2019\/10\/EFAG-Classic_Sonderaustellung_AutoArchitektur20180208_013-1-2.jpg 1600w\" sizes=\"auto, (max-width: 1024px) 100vw, 1024px\" \/>                    <\/div>\n                    <a class=\"w-gallery-item-link\"\n                       href=\"https:\/\/emilfreyclassics.webmodus-dev.ch\/wp-content\/uploads\/2019\/10\/EFAG-Classic_Sonderaustellung_AutoArchitektur20180208_013-1-2.jpg\"\n                       data-rel=\"lightbox-gallery-bGlnaHRib3gtZ2FsbGVyeS0yMzcz\" data-rl_title=\"\" data-rl_caption=\"\"\n                       data-rl_title=\"\"\n                       data-rl_caption=\"\"\n                       title=\"\"><\/a>\n                <\/div>\n                            <div class=\"w-gallery-item\">\n                    <div class=\"w-gallery-item-img\">\n                        <img width=\"1024\" height=\"683\" src=\"https:\/\/emilfreyclassics.webmodus-dev.ch\/wp-content\/uploads\/2019\/10\/EFAG-Classic_Sonderaustellung_AutoArchitektur20180208_012-2-1-2-1024x683.jpg\" class=\"attachment-large size-large\" alt=\"\" loading=\"lazy\" decoding=\"async\" srcset=\"https:\/\/emilfreyclassics.webmodus-dev.ch\/wp-content\/uploads\/2019\/10\/EFAG-Classic_Sonderaustellung_AutoArchitektur20180208_012-2-1-2-1024x683.jpg 1024w, https:\/\/emilfreyclassics.webmodus-dev.ch\/wp-content\/uploads\/2019\/10\/EFAG-Classic_Sonderaustellung_AutoArchitektur20180208_012-2-1-2-600x400.jpg 600w, https:\/\/emilfreyclassics.webmodus-dev.ch\/wp-content\/uploads\/2019\/10\/EFAG-Classic_Sonderaustellung_AutoArchitektur20180208_012-2-1-2-300x200.jpg 300w, https:\/\/emilfreyclassics.webmodus-dev.ch\/wp-content\/uploads\/2019\/10\/EFAG-Classic_Sonderaustellung_AutoArchitektur20180208_012-2-1-2-768x512.jpg 768w, https:\/\/emilfreyclassics.webmodus-dev.ch\/wp-content\/uploads\/2019\/10\/EFAG-Classic_Sonderaustellung_AutoArchitektur20180208_012-2-1-2.jpg 1600w\" sizes=\"auto, (max-width: 1024px) 100vw, 1024px\" \/>                    <\/div>\n                    <a class=\"w-gallery-item-link\"\n                       href=\"https:\/\/emilfreyclassics.webmodus-dev.ch\/wp-content\/uploads\/2019\/10\/EFAG-Classic_Sonderaustellung_AutoArchitektur20180208_012-2-1-2.jpg\"\n                       data-rel=\"lightbox-gallery-bGlnaHRib3gtZ2FsbGVyeS0yMzcz\" data-rl_title=\"\" data-rl_caption=\"\"\n                       data-rl_title=\"\"\n                       data-rl_caption=\"\"\n                       title=\"\"><\/a>\n                <\/div>\n                            <div class=\"w-gallery-item\">\n                    <div class=\"w-gallery-item-img\">\n                        <img width=\"1024\" height=\"683\" src=\"https:\/\/emilfreyclassics.webmodus-dev.ch\/wp-content\/uploads\/2019\/10\/EFAG-Classic_Sonderaustellung_AutoArchitektur20180208_012-1-2-1024x683.jpg\" class=\"attachment-large size-large\" alt=\"\" loading=\"lazy\" decoding=\"async\" srcset=\"https:\/\/emilfreyclassics.webmodus-dev.ch\/wp-content\/uploads\/2019\/10\/EFAG-Classic_Sonderaustellung_AutoArchitektur20180208_012-1-2-1024x683.jpg 1024w, https:\/\/emilfreyclassics.webmodus-dev.ch\/wp-content\/uploads\/2019\/10\/EFAG-Classic_Sonderaustellung_AutoArchitektur20180208_012-1-2-600x400.jpg 600w, https:\/\/emilfreyclassics.webmodus-dev.ch\/wp-content\/uploads\/2019\/10\/EFAG-Classic_Sonderaustellung_AutoArchitektur20180208_012-1-2-300x200.jpg 300w, https:\/\/emilfreyclassics.webmodus-dev.ch\/wp-content\/uploads\/2019\/10\/EFAG-Classic_Sonderaustellung_AutoArchitektur20180208_012-1-2-768x512.jpg 768w, https:\/\/emilfreyclassics.webmodus-dev.ch\/wp-content\/uploads\/2019\/10\/EFAG-Classic_Sonderaustellung_AutoArchitektur20180208_012-1-2.jpg 1600w\" sizes=\"auto, (max-width: 1024px) 100vw, 1024px\" \/>                    <\/div>\n                    <a class=\"w-gallery-item-link\"\n                       href=\"https:\/\/emilfreyclassics.webmodus-dev.ch\/wp-content\/uploads\/2019\/10\/EFAG-Classic_Sonderaustellung_AutoArchitektur20180208_012-1-2.jpg\"\n                       data-rel=\"lightbox-gallery-bGlnaHRib3gtZ2FsbGVyeS0yMzcz\" data-rl_title=\"\" data-rl_caption=\"\"\n                       data-rl_title=\"\"\n                       data-rl_caption=\"\"\n                       title=\"\"><\/a>\n                <\/div>\n                            <div class=\"w-gallery-item\">\n                    <div class=\"w-gallery-item-img\">\n                        <img width=\"1024\" height=\"683\" src=\"https:\/\/emilfreyclassics.webmodus-dev.ch\/wp-content\/uploads\/2019\/10\/EFAG-Classic_Sonderaustellung_AutoArchitektur20180208_011-2-1-2-1024x683.jpg\" class=\"attachment-large size-large\" alt=\"\" loading=\"lazy\" decoding=\"async\" srcset=\"https:\/\/emilfreyclassics.webmodus-dev.ch\/wp-content\/uploads\/2019\/10\/EFAG-Classic_Sonderaustellung_AutoArchitektur20180208_011-2-1-2-1024x683.jpg 1024w, https:\/\/emilfreyclassics.webmodus-dev.ch\/wp-content\/uploads\/2019\/10\/EFAG-Classic_Sonderaustellung_AutoArchitektur20180208_011-2-1-2-600x400.jpg 600w, https:\/\/emilfreyclassics.webmodus-dev.ch\/wp-content\/uploads\/2019\/10\/EFAG-Classic_Sonderaustellung_AutoArchitektur20180208_011-2-1-2-300x200.jpg 300w, https:\/\/emilfreyclassics.webmodus-dev.ch\/wp-content\/uploads\/2019\/10\/EFAG-Classic_Sonderaustellung_AutoArchitektur20180208_011-2-1-2-768x512.jpg 768w, https:\/\/emilfreyclassics.webmodus-dev.ch\/wp-content\/uploads\/2019\/10\/EFAG-Classic_Sonderaustellung_AutoArchitektur20180208_011-2-1-2.jpg 1600w\" sizes=\"auto, (max-width: 1024px) 100vw, 1024px\" \/>                    <\/div>\n                    <a class=\"w-gallery-item-link\"\n                       href=\"https:\/\/emilfreyclassics.webmodus-dev.ch\/wp-content\/uploads\/2019\/10\/EFAG-Classic_Sonderaustellung_AutoArchitektur20180208_011-2-1-2.jpg\"\n                       data-rel=\"lightbox-gallery-bGlnaHRib3gtZ2FsbGVyeS0yMzcz\" data-rl_title=\"\" data-rl_caption=\"\"\n                       data-rl_title=\"\"\n                       data-rl_caption=\"\"\n                       title=\"\"><\/a>\n                <\/div>\n                            <div class=\"w-gallery-item\">\n                    <div class=\"w-gallery-item-img\">\n                        <img width=\"1024\" height=\"683\" src=\"https:\/\/emilfreyclassics.webmodus-dev.ch\/wp-content\/uploads\/2019\/10\/EFAG-Classic_Sonderaustellung_AutoArchitektur20180208_008-2-1-2-1024x683.jpg\" class=\"attachment-large size-large\" alt=\"\" loading=\"lazy\" decoding=\"async\" srcset=\"https:\/\/emilfreyclassics.webmodus-dev.ch\/wp-content\/uploads\/2019\/10\/EFAG-Classic_Sonderaustellung_AutoArchitektur20180208_008-2-1-2-1024x683.jpg 1024w, https:\/\/emilfreyclassics.webmodus-dev.ch\/wp-content\/uploads\/2019\/10\/EFAG-Classic_Sonderaustellung_AutoArchitektur20180208_008-2-1-2-600x400.jpg 600w, https:\/\/emilfreyclassics.webmodus-dev.ch\/wp-content\/uploads\/2019\/10\/EFAG-Classic_Sonderaustellung_AutoArchitektur20180208_008-2-1-2-300x200.jpg 300w, https:\/\/emilfreyclassics.webmodus-dev.ch\/wp-content\/uploads\/2019\/10\/EFAG-Classic_Sonderaustellung_AutoArchitektur20180208_008-2-1-2-768x512.jpg 768w, https:\/\/emilfreyclassics.webmodus-dev.ch\/wp-content\/uploads\/2019\/10\/EFAG-Classic_Sonderaustellung_AutoArchitektur20180208_008-2-1-2.jpg 1600w\" sizes=\"auto, (max-width: 1024px) 100vw, 1024px\" \/>                    <\/div>\n                    <a class=\"w-gallery-item-link\"\n                       href=\"https:\/\/emilfreyclassics.webmodus-dev.ch\/wp-content\/uploads\/2019\/10\/EFAG-Classic_Sonderaustellung_AutoArchitektur20180208_008-2-1-2.jpg\"\n                       data-rel=\"lightbox-gallery-bGlnaHRib3gtZ2FsbGVyeS0yMzcz\" data-rl_title=\"\" data-rl_caption=\"\"\n                       data-rl_title=\"\"\n                       data-rl_caption=\"\"\n                       title=\"\"><\/a>\n                <\/div>\n                            <div class=\"w-gallery-item\">\n                    <div class=\"w-gallery-item-img\">\n                        <img width=\"1024\" height=\"683\" src=\"https:\/\/emilfreyclassics.webmodus-dev.ch\/wp-content\/uploads\/2019\/10\/EFAG-Classic_Sonderaustellung_AutoArchitektur20180208_006-2-1-2-1024x683.jpg\" class=\"attachment-large size-large\" alt=\"\" loading=\"lazy\" decoding=\"async\" srcset=\"https:\/\/emilfreyclassics.webmodus-dev.ch\/wp-content\/uploads\/2019\/10\/EFAG-Classic_Sonderaustellung_AutoArchitektur20180208_006-2-1-2-1024x683.jpg 1024w, https:\/\/emilfreyclassics.webmodus-dev.ch\/wp-content\/uploads\/2019\/10\/EFAG-Classic_Sonderaustellung_AutoArchitektur20180208_006-2-1-2-600x400.jpg 600w, https:\/\/emilfreyclassics.webmodus-dev.ch\/wp-content\/uploads\/2019\/10\/EFAG-Classic_Sonderaustellung_AutoArchitektur20180208_006-2-1-2-300x200.jpg 300w, https:\/\/emilfreyclassics.webmodus-dev.ch\/wp-content\/uploads\/2019\/10\/EFAG-Classic_Sonderaustellung_AutoArchitektur20180208_006-2-1-2-768x512.jpg 768w, https:\/\/emilfreyclassics.webmodus-dev.ch\/wp-content\/uploads\/2019\/10\/EFAG-Classic_Sonderaustellung_AutoArchitektur20180208_006-2-1-2.jpg 1600w\" sizes=\"auto, (max-width: 1024px) 100vw, 1024px\" \/>                    <\/div>\n                    <a class=\"w-gallery-item-link\"\n                       href=\"https:\/\/emilfreyclassics.webmodus-dev.ch\/wp-content\/uploads\/2019\/10\/EFAG-Classic_Sonderaustellung_AutoArchitektur20180208_006-2-1-2.jpg\"\n                       data-rel=\"lightbox-gallery-bGlnaHRib3gtZ2FsbGVyeS0yMzcz\" data-rl_title=\"\" data-rl_caption=\"\"\n                       data-rl_title=\"\"\n                       data-rl_caption=\"\"\n                       title=\"\"><\/a>\n                <\/div>\n                            <div class=\"w-gallery-item\">\n                    <div class=\"w-gallery-item-img\">\n                        <img width=\"1024\" height=\"683\" src=\"https:\/\/emilfreyclassics.webmodus-dev.ch\/wp-content\/uploads\/2019\/10\/EFAG-Classic_Sonderaustellung_AutoArchitektur20180208_005-2-1-2-1024x683.jpg\" class=\"attachment-large size-large\" alt=\"\" loading=\"lazy\" decoding=\"async\" srcset=\"https:\/\/emilfreyclassics.webmodus-dev.ch\/wp-content\/uploads\/2019\/10\/EFAG-Classic_Sonderaustellung_AutoArchitektur20180208_005-2-1-2-1024x683.jpg 1024w, https:\/\/emilfreyclassics.webmodus-dev.ch\/wp-content\/uploads\/2019\/10\/EFAG-Classic_Sonderaustellung_AutoArchitektur20180208_005-2-1-2-600x400.jpg 600w, https:\/\/emilfreyclassics.webmodus-dev.ch\/wp-content\/uploads\/2019\/10\/EFAG-Classic_Sonderaustellung_AutoArchitektur20180208_005-2-1-2-300x200.jpg 300w, https:\/\/emilfreyclassics.webmodus-dev.ch\/wp-content\/uploads\/2019\/10\/EFAG-Classic_Sonderaustellung_AutoArchitektur20180208_005-2-1-2-768x512.jpg 768w, https:\/\/emilfreyclassics.webmodus-dev.ch\/wp-content\/uploads\/2019\/10\/EFAG-Classic_Sonderaustellung_AutoArchitektur20180208_005-2-1-2.jpg 1600w\" sizes=\"auto, (max-width: 1024px) 100vw, 1024px\" \/>                    <\/div>\n                    <a class=\"w-gallery-item-link\"\n                       href=\"https:\/\/emilfreyclassics.webmodus-dev.ch\/wp-content\/uploads\/2019\/10\/EFAG-Classic_Sonderaustellung_AutoArchitektur20180208_005-2-1-2.jpg\"\n                       data-rel=\"lightbox-gallery-bGlnaHRib3gtZ2FsbGVyeS0yMzcz\" data-rl_title=\"\" data-rl_caption=\"\"\n                       data-rl_title=\"\"\n                       data-rl_caption=\"\"\n                       title=\"\"><\/a>\n                <\/div>\n                            <div class=\"w-gallery-item\">\n                    <div class=\"w-gallery-item-img\">\n                        <img width=\"1024\" height=\"683\" src=\"https:\/\/emilfreyclassics.webmodus-dev.ch\/wp-content\/uploads\/2019\/10\/EFAG-Classic_Sonderaustellung_AutoArchitektur20180208_004-2-1-2-1024x683.jpg\" class=\"attachment-large size-large\" alt=\"\" loading=\"lazy\" decoding=\"async\" srcset=\"https:\/\/emilfreyclassics.webmodus-dev.ch\/wp-content\/uploads\/2019\/10\/EFAG-Classic_Sonderaustellung_AutoArchitektur20180208_004-2-1-2-1024x683.jpg 1024w, https:\/\/emilfreyclassics.webmodus-dev.ch\/wp-content\/uploads\/2019\/10\/EFAG-Classic_Sonderaustellung_AutoArchitektur20180208_004-2-1-2-600x400.jpg 600w, https:\/\/emilfreyclassics.webmodus-dev.ch\/wp-content\/uploads\/2019\/10\/EFAG-Classic_Sonderaustellung_AutoArchitektur20180208_004-2-1-2-300x200.jpg 300w, https:\/\/emilfreyclassics.webmodus-dev.ch\/wp-content\/uploads\/2019\/10\/EFAG-Classic_Sonderaustellung_AutoArchitektur20180208_004-2-1-2-768x512.jpg 768w, https:\/\/emilfreyclassics.webmodus-dev.ch\/wp-content\/uploads\/2019\/10\/EFAG-Classic_Sonderaustellung_AutoArchitektur20180208_004-2-1-2.jpg 1600w\" sizes=\"auto, (max-width: 1024px) 100vw, 1024px\" \/>                    <\/div>\n                    <a class=\"w-gallery-item-link\"\n                       href=\"https:\/\/emilfreyclassics.webmodus-dev.ch\/wp-content\/uploads\/2019\/10\/EFAG-Classic_Sonderaustellung_AutoArchitektur20180208_004-2-1-2.jpg\"\n                       data-rel=\"lightbox-gallery-bGlnaHRib3gtZ2FsbGVyeS0yMzcz\" data-rl_title=\"\" data-rl_caption=\"\"\n                       data-rl_title=\"\"\n                       data-rl_caption=\"\"\n                       title=\"\"><\/a>\n                <\/div>\n                            <div class=\"w-gallery-item\">\n                    <div class=\"w-gallery-item-img\">\n                        <img width=\"1024\" height=\"683\" src=\"https:\/\/emilfreyclassics.webmodus-dev.ch\/wp-content\/uploads\/2019\/11\/EFAG-Classic_Sonderaustellung_AutoArchitektur20180208_020-1024x683.jpg\" class=\"attachment-large size-large\" alt=\"\" loading=\"lazy\" decoding=\"async\" srcset=\"https:\/\/emilfreyclassics.webmodus-dev.ch\/wp-content\/uploads\/2019\/11\/EFAG-Classic_Sonderaustellung_AutoArchitektur20180208_020-1024x683.jpg 1024w, https:\/\/emilfreyclassics.webmodus-dev.ch\/wp-content\/uploads\/2019\/11\/EFAG-Classic_Sonderaustellung_AutoArchitektur20180208_020-600x400.jpg 600w, https:\/\/emilfreyclassics.webmodus-dev.ch\/wp-content\/uploads\/2019\/11\/EFAG-Classic_Sonderaustellung_AutoArchitektur20180208_020-300x200.jpg 300w, https:\/\/emilfreyclassics.webmodus-dev.ch\/wp-content\/uploads\/2019\/11\/EFAG-Classic_Sonderaustellung_AutoArchitektur20180208_020-768x512.jpg 768w, https:\/\/emilfreyclassics.webmodus-dev.ch\/wp-content\/uploads\/2019\/11\/EFAG-Classic_Sonderaustellung_AutoArchitektur20180208_020.jpg 1600w\" sizes=\"auto, (max-width: 1024px) 100vw, 1024px\" \/>                    <\/div>\n                    <a class=\"w-gallery-item-link\"\n                       href=\"https:\/\/emilfreyclassics.webmodus-dev.ch\/wp-content\/uploads\/2019\/11\/EFAG-Classic_Sonderaustellung_AutoArchitektur20180208_020.jpg\"\n                       data-rel=\"lightbox-gallery-bGlnaHRib3gtZ2FsbGVyeS0yMzcz\" data-rl_title=\"\" data-rl_caption=\"\"\n                       data-rl_title=\"\"\n                       data-rl_caption=\"\"\n                       title=\"\"><\/a>\n                <\/div>\n                            <div class=\"w-gallery-item\">\n                    <div class=\"w-gallery-item-img\">\n                        <img width=\"1024\" height=\"683\" src=\"https:\/\/emilfreyclassics.webmodus-dev.ch\/wp-content\/uploads\/2019\/11\/EFAG-Classic_Sonderaustellung_AutoArchitektur20180208_054-2-1024x683.jpg\" class=\"attachment-large size-large\" alt=\"\" loading=\"lazy\" decoding=\"async\" srcset=\"https:\/\/emilfreyclassics.webmodus-dev.ch\/wp-content\/uploads\/2019\/11\/EFAG-Classic_Sonderaustellung_AutoArchitektur20180208_054-2-1024x683.jpg 1024w, https:\/\/emilfreyclassics.webmodus-dev.ch\/wp-content\/uploads\/2019\/11\/EFAG-Classic_Sonderaustellung_AutoArchitektur20180208_054-2-600x400.jpg 600w, https:\/\/emilfreyclassics.webmodus-dev.ch\/wp-content\/uploads\/2019\/11\/EFAG-Classic_Sonderaustellung_AutoArchitektur20180208_054-2-300x200.jpg 300w, https:\/\/emilfreyclassics.webmodus-dev.ch\/wp-content\/uploads\/2019\/11\/EFAG-Classic_Sonderaustellung_AutoArchitektur20180208_054-2-768x512.jpg 768w, https:\/\/emilfreyclassics.webmodus-dev.ch\/wp-content\/uploads\/2019\/11\/EFAG-Classic_Sonderaustellung_AutoArchitektur20180208_054-2.jpg 1600w\" sizes=\"auto, (max-width: 1024px) 100vw, 1024px\" \/>                    <\/div>\n                    <a class=\"w-gallery-item-link\"\n                       href=\"https:\/\/emilfreyclassics.webmodus-dev.ch\/wp-content\/uploads\/2019\/11\/EFAG-Classic_Sonderaustellung_AutoArchitektur20180208_054-2.jpg\"\n                       data-rel=\"lightbox-gallery-bGlnaHRib3gtZ2FsbGVyeS0yMzcz\" data-rl_title=\"\" data-rl_caption=\"\"\n                       data-rl_title=\"\"\n                       data-rl_caption=\"\"\n                       title=\"\"><\/a>\n                <\/div>\n                            <div class=\"w-gallery-item\">\n                    <div class=\"w-gallery-item-img\">\n                        <img width=\"1024\" height=\"683\" src=\"https:\/\/emilfreyclassics.webmodus-dev.ch\/wp-content\/uploads\/2019\/11\/EFAG-Classic_Sonderaustellung_AutoArchitektur20180208_038-2-1024x683.jpg\" class=\"attachment-large size-large\" alt=\"\" loading=\"lazy\" decoding=\"async\" srcset=\"https:\/\/emilfreyclassics.webmodus-dev.ch\/wp-content\/uploads\/2019\/11\/EFAG-Classic_Sonderaustellung_AutoArchitektur20180208_038-2-1024x683.jpg 1024w, https:\/\/emilfreyclassics.webmodus-dev.ch\/wp-content\/uploads\/2019\/11\/EFAG-Classic_Sonderaustellung_AutoArchitektur20180208_038-2-600x400.jpg 600w, https:\/\/emilfreyclassics.webmodus-dev.ch\/wp-content\/uploads\/2019\/11\/EFAG-Classic_Sonderaustellung_AutoArchitektur20180208_038-2-300x200.jpg 300w, https:\/\/emilfreyclassics.webmodus-dev.ch\/wp-content\/uploads\/2019\/11\/EFAG-Classic_Sonderaustellung_AutoArchitektur20180208_038-2-768x512.jpg 768w, https:\/\/emilfreyclassics.webmodus-dev.ch\/wp-content\/uploads\/2019\/11\/EFAG-Classic_Sonderaustellung_AutoArchitektur20180208_038-2.jpg 1600w\" sizes=\"auto, (max-width: 1024px) 100vw, 1024px\" \/>                    <\/div>\n                    <a class=\"w-gallery-item-link\"\n                       href=\"https:\/\/emilfreyclassics.webmodus-dev.ch\/wp-content\/uploads\/2019\/11\/EFAG-Classic_Sonderaustellung_AutoArchitektur20180208_038-2.jpg\"\n                       data-rel=\"lightbox-gallery-bGlnaHRib3gtZ2FsbGVyeS0yMzcz\" data-rl_title=\"\" data-rl_caption=\"\"\n                       data-rl_title=\"\"\n                       data-rl_caption=\"\"\n                       title=\"\"><\/a>\n                <\/div>\n                            <div class=\"w-gallery-item\">\n                    <div class=\"w-gallery-item-img\">\n                        <img width=\"1024\" height=\"683\" src=\"https:\/\/emilfreyclassics.webmodus-dev.ch\/wp-content\/uploads\/2019\/11\/EFAG-Classic_Sonderaustellung_AutoArchitektur20180208_003-1024x683.jpg\" class=\"attachment-large size-large\" alt=\"\" loading=\"lazy\" decoding=\"async\" srcset=\"https:\/\/emilfreyclassics.webmodus-dev.ch\/wp-content\/uploads\/2019\/11\/EFAG-Classic_Sonderaustellung_AutoArchitektur20180208_003-1024x683.jpg 1024w, https:\/\/emilfreyclassics.webmodus-dev.ch\/wp-content\/uploads\/2019\/11\/EFAG-Classic_Sonderaustellung_AutoArchitektur20180208_003-600x400.jpg 600w, https:\/\/emilfreyclassics.webmodus-dev.ch\/wp-content\/uploads\/2019\/11\/EFAG-Classic_Sonderaustellung_AutoArchitektur20180208_003-300x200.jpg 300w, https:\/\/emilfreyclassics.webmodus-dev.ch\/wp-content\/uploads\/2019\/11\/EFAG-Classic_Sonderaustellung_AutoArchitektur20180208_003-768x512.jpg 768w, https:\/\/emilfreyclassics.webmodus-dev.ch\/wp-content\/uploads\/2019\/11\/EFAG-Classic_Sonderaustellung_AutoArchitektur20180208_003.jpg 1600w\" sizes=\"auto, (max-width: 1024px) 100vw, 1024px\" \/>                    <\/div>\n                    <a class=\"w-gallery-item-link\"\n                       href=\"https:\/\/emilfreyclassics.webmodus-dev.ch\/wp-content\/uploads\/2019\/11\/EFAG-Classic_Sonderaustellung_AutoArchitektur20180208_003.jpg\"\n                       data-rel=\"lightbox-gallery-bGlnaHRib3gtZ2FsbGVyeS0yMzcz\" data-rl_title=\"\" data-rl_caption=\"\"\n                       data-rl_title=\"\"\n                       data-rl_caption=\"\"\n                       title=\"\"><\/a>\n                <\/div>\n            \n        <\/div>\n    <\/div>\n\n    <\/div><\/div><\/div><\/div><\/div><\/div><\/section><section class=\"l-section wpb_row height_medium\"><div class=\"l-section-h i-cf\"><div class=\"g-cols vc_row via_flex valign_top type_default stacking_default\"><div class=\"vc_col-sm-12 wpb_column vc_column_container\"><div class=\"vc_column-inner\"><div class=\"wpb_wrapper\"><div class=\"w-grid us_post_list type_grid layout_18682 cols_1 preload_style_spinner\" id=\"us_post_list_g296\" style=\"--columns:1;--gap:1.5rem;\"><style>.layout_18682 .w-grid-item-h{}.layout_18682 .usg_post_custom_field_1{text-align:center!important;margin-top:10px!important}.layout_18682 .usg_post_custom_field_2{text-align:center!important;width:150px!important}.layout_18682 .usg_btn_2{text-align:center!important}.layout_18682 .usg_btn_3{text-align:center!important}<\/style><div class=\"w-grid-list\">\t<article class=\"w-grid-item size_1x1 post-847 team type-team status-publish hentry\" data-id=\"847\">\r\n\t\t<div class=\"w-grid-item-h\">\r\n\t\t\t\t\t\t<h2 class=\"w-post-elm post_title usg_post_title_1 align_center entry-title color_link_inherit\">Simon Bundi<\/h2><div class=\"w-post-elm post_custom_field usg_post_custom_field_1 type_text team_position color_link_inherit\"><span class=\"w-post-elm-value\">Responsable du mus\u00e9e et des archives<\/span><\/div><div class=\"w-post-elm post_custom_field usg_post_custom_field_2 avatarbild-team type_image team_avatar color_link_inherit has_ratio\"><div style=\"padding-bottom:100%\"><\/div><img loading=\"lazy\" decoding=\"async\" width=\"1024\" height=\"683\" src=\"https:\/\/emilfreyclassics.webmodus-dev.ch\/wp-content\/uploads\/2019\/10\/Portrait_Emil_Frey_Simo_Bundi-1024x683.jpg\" class=\"attachment-large size-large\" alt=\"\" srcset=\"https:\/\/emilfreyclassics.webmodus-dev.ch\/wp-content\/uploads\/2019\/10\/Portrait_Emil_Frey_Simo_Bundi-1024x683.jpg 1024w, https:\/\/emilfreyclassics.webmodus-dev.ch\/wp-content\/uploads\/2019\/10\/Portrait_Emil_Frey_Simo_Bundi-300x200.jpg 300w, https:\/\/emilfreyclassics.webmodus-dev.ch\/wp-content\/uploads\/2019\/10\/Portrait_Emil_Frey_Simo_Bundi-768x512.jpg 768w, https:\/\/emilfreyclassics.webmodus-dev.ch\/wp-content\/uploads\/2019\/10\/Portrait_Emil_Frey_Simo_Bundi-e1570455023641.jpg 500w\" sizes=\"auto, (max-width: 1024px) 100vw, 1024px\" \/><\/div><div class=\"w-hwrapper usg_hwrapper_2 align_center valign_top\"><a class=\"w-btn us-btn-style_4 usg_btn_3 icon_atleft\" href=\"tel:+41 62 788 79 45\"><i class=\"fas fa-phone-alt\"><\/i><span class=\"w-btn-label\">+41 62 788 79 45<\/span><\/a><a class=\"w-btn us-btn-style_4 usg_btn_2 icon_atleft text_none\" aria-label=\"Button\" href=\"mailto:simon.bundi@emilfreyclassics.ch\"><i class=\"fas fa-envelope\"><\/i><\/a><\/div>\t\t<\/div>\r\n\t\t\t<\/article>\r\n<\/div><div class=\"g-loadmore hidden\"><div class=\"g-preloader type_1\"><div><\/div><\/div><\/div><div class=\"w-grid-list-json hidden\" onclick='return {&quot;max_num_pages&quot;:0,&quot;paginationBase&quot;:&quot;page&quot;,&quot;pagination&quot;:&quot;none&quot;,&quot;paged&quot;:1,&quot;ajaxData&quot;:{&quot;action&quot;:&quot;us_ajax_post_list&quot;,&quot;meta_type&quot;:&quot;post&quot;,&quot;object_id&quot;:0,&quot;template_vars&quot;:{&quot;shortcode_base&quot;:&quot;us_post_list&quot;,&quot;paged&quot;:1,&quot;max_num_pages&quot;:0,&quot;no_results&quot;:false,&quot;us_post_content_design_css&quot;:[],&quot;found_posts&quot;:0,&quot;items_count&quot;:1,&quot;source&quot;:&quot;post__in&quot;,&quot;custom_field_name&quot;:&quot;&quot;,&quot;ids&quot;:&quot;848&quot;,&quot;post_type&quot;:&quot;team&quot;,&quot;attachment_ids&quot;:null,&quot;include_post_thumbnail&quot;:0,&quot;post_author&quot;:&quot;any&quot;,&quot;post_author_ids&quot;:&quot;&quot;,&quot;apply_url_params&quot;:0,&quot;ignore_sticky_posts&quot;:1,&quot;exclude_children&quot;:0,&quot;exclude_current_post&quot;:&quot;0&quot;,&quot;exclude_prev_posts&quot;:0,&quot;exclude_past_events&quot;:0,&quot;enable_items_offset&quot;:0,&quot;items_offset&quot;:&quot;1&quot;,&quot;tax_query_relation&quot;:&quot;none&quot;,&quot;tax_query&quot;:[{&quot;operator&quot;:&quot;IN&quot;,&quot;taxonomy&quot;:&quot;category&quot;,&quot;terms&quot;:&quot;&quot;,&quot;include_children&quot;:0}],&quot;meta_query_relation&quot;:&quot;none&quot;,&quot;meta_query&quot;:[{&quot;key&quot;:&quot;custom_field_name&quot;,&quot;compare&quot;:&quot;=&quot;,&quot;value&quot;:&quot;&quot;}],&quot;orderby&quot;:&quot;menu_order&quot;,&quot;orderby_custom_field&quot;:&quot;&quot;,&quot;orderby_custom_type&quot;:0,&quot;order_invert&quot;:0,&quot;show_all&quot;:0,&quot;quantity&quot;:&quot;1&quot;,&quot;posts_per_archive_page&quot;:0,&quot;no_items_action&quot;:&quot;hide_grid&quot;,&quot;no_items_message&quot;:&quot;Aucun r\\u00e9sultat.&quot;,&quot;no_items_page_block&quot;:&quot;&quot;,&quot;pagination&quot;:&quot;none&quot;,&quot;pagination_style&quot;:&quot;&quot;,&quot;pagination_btn_text&quot;:&quot;Charger plus&quot;,&quot;pagination_btn_size&quot;:&quot;&quot;,&quot;pagination_btn_style&quot;:&quot;1&quot;,&quot;pagination_btn_fullwidth&quot;:0,&quot;items_layout&quot;:&quot;18682&quot;,&quot;type&quot;:&quot;grid&quot;,&quot;items_valign&quot;:0,&quot;ignore_items_size&quot;:0,&quot;columns&quot;:&quot;1&quot;,&quot;items_gap&quot;:&quot;1.5rem&quot;,&quot;load_animation&quot;:&quot;none&quot;,&quot;items_preload_style&quot;:&quot;spinner&quot;,&quot;img_size&quot;:&quot;default&quot;,&quot;title_size&quot;:&quot;&quot;,&quot;items_ratio&quot;:&quot;default&quot;,&quot;items_ratio_width&quot;:&quot;21&quot;,&quot;items_ratio_height&quot;:&quot;9&quot;,&quot;overriding_link&quot;:&quot;%7B%22url%22%3A%22%22%7D&quot;,&quot;popup_page_template&quot;:&quot;0&quot;,&quot;popup_width&quot;:&quot;&quot;,&quot;popup_arrows&quot;:1,&quot;breakpoint_1_width&quot;:&quot;1381px&quot;,&quot;breakpoint_1_cols&quot;:&quot;default&quot;,&quot;breakpoint_1_quantity&quot;:&quot;&quot;,&quot;breakpoint_1_gap&quot;:&quot;&quot;,&quot;breakpoint_2_width&quot;:&quot;1025px&quot;,&quot;breakpoint_2_cols&quot;:&quot;1&quot;,&quot;breakpoint_2_quantity&quot;:&quot;&quot;,&quot;breakpoint_2_gap&quot;:&quot;&quot;,&quot;breakpoint_3_width&quot;:&quot;601px&quot;,&quot;breakpoint_3_cols&quot;:&quot;1&quot;,&quot;breakpoint_3_quantity&quot;:&quot;&quot;,&quot;breakpoint_3_gap&quot;:&quot;&quot;,&quot;conditions_operator&quot;:&quot;always&quot;,&quot;conditions&quot;:[],&quot;css&quot;:null,&quot;el_class&quot;:&quot;&quot;,&quot;el_id&quot;:&quot;&quot;,&quot;enable_custom_html_atts&quot;:0,&quot;custom_html_atts&quot;:null,&quot;hide_on_states&quot;:&quot;&quot;,&quot;hide_for_sticky&quot;:0,&quot;hide_for_not_sticky&quot;:0,&quot;hide_below&quot;:&quot;0px&quot;,&quot;hide_above&quot;:&quot;0px&quot;,&quot;classes&quot;:&quot;&quot;}},&quot;facetedFilter&quot;:[]}'><\/div><\/div><div class=\"w-separator size_medium\"><\/div><\/div><\/div><\/div><\/div><\/div><\/section>\n","protected":false},"template":"","meta":{"_acf_changed":false},"class_list":["post-21361","sonderausstellung","type-sonderausstellung","status-publish","hentry"],"acf":[],"yoast_head":"<!-- This site is optimized with the Yoast SEO plugin v24.6 - https:\/\/yoast.com\/wordpress\/plugins\/seo\/ -->\n<title>Voitures et architecture : Emil Frey Classics AG<\/title>\n<meta name=\"robots\" content=\"noindex, follow, max-snippet:-1, max-image-preview:large, max-video-preview:-1\" \/>\n<meta property=\"og:locale\" content=\"fr_FR\" \/>\n<meta property=\"og:type\" content=\"article\" \/>\n<meta property=\"og:title\" content=\"Voitures et architecture : Emil Frey Classics AG\" \/>\n<meta property=\"og:url\" content=\"https:\/\/emilfreyclassics.webmodus-dev.ch\/sonderausstellung\/autos-architektur\/\" \/>\n<meta property=\"og:site_name\" content=\"Emil Frey Classics AG\" \/>\n<meta property=\"article:publisher\" content=\"https:\/\/www.facebook.com\/emilfreyclassics\/\" \/>\n<meta property=\"article:modified_time\" content=\"2026-03-04T08:42:10+00:00\" \/>\n<meta name=\"twitter:card\" content=\"summary_large_image\" \/>\n<meta name=\"twitter:label1\" content=\"Dur\u00e9e de lecture estim\u00e9e\" \/>\n\t<meta name=\"twitter:data1\" content=\"2 minutes\" \/>\n<script type=\"application\/ld+json\" class=\"yoast-schema-graph\">{\"@context\":\"https:\/\/schema.org\",\"@graph\":[{\"@type\":\"WebPage\",\"@id\":\"https:\/\/emilfreyclassics.webmodus-dev.ch\/sonderausstellung\/autos-architektur\/\",\"url\":\"https:\/\/emilfreyclassics.webmodus-dev.ch\/sonderausstellung\/autos-architektur\/\",\"name\":\"Voitures et architecture : Emil Frey Classics AG\",\"isPartOf\":{\"@id\":\"https:\/\/emilfreyclassics.webmodus-dev.ch\/#website\"},\"datePublished\":\"2026-01-15T10:24:05+00:00\",\"dateModified\":\"2026-03-04T08:42:10+00:00\",\"breadcrumb\":{\"@id\":\"https:\/\/emilfreyclassics.webmodus-dev.ch\/sonderausstellung\/autos-architektur\/#breadcrumb\"},\"inLanguage\":\"fr-FR\",\"potentialAction\":[{\"@type\":\"ReadAction\",\"target\":[\"https:\/\/emilfreyclassics.webmodus-dev.ch\/sonderausstellung\/autos-architektur\/\"]}]},{\"@type\":\"BreadcrumbList\",\"@id\":\"https:\/\/emilfreyclassics.webmodus-dev.ch\/sonderausstellung\/autos-architektur\/#breadcrumb\",\"itemListElement\":[{\"@type\":\"ListItem\",\"position\":1,\"name\":\"Home\",\"item\":\"https:\/\/emilfreyclassics.webmodus-dev.ch\/fr\/\"},{\"@type\":\"ListItem\",\"position\":2,\"name\":\"Voitures et architecture\"}]},{\"@type\":\"WebSite\",\"@id\":\"https:\/\/emilfreyclassics.webmodus-dev.ch\/#website\",\"url\":\"https:\/\/emilfreyclassics.webmodus-dev.ch\/\",\"name\":\"Emil Frey Classics AG\",\"description\":\"\",\"potentialAction\":[{\"@type\":\"SearchAction\",\"target\":{\"@type\":\"EntryPoint\",\"urlTemplate\":\"https:\/\/emilfreyclassics.webmodus-dev.ch\/?s={search_term_string}\"},\"query-input\":{\"@type\":\"PropertyValueSpecification\",\"valueRequired\":true,\"valueName\":\"search_term_string\"}}],\"inLanguage\":\"fr-FR\"}]}<\/script>\n<!-- \/ Yoast SEO plugin. -->","yoast_head_json":{"title":"Voitures et architecture : Emil Frey Classics AG","robots":{"index":"noindex","follow":"follow","max-snippet":"max-snippet:-1","max-image-preview":"max-image-preview:large","max-video-preview":"max-video-preview:-1"},"og_locale":"fr_FR","og_type":"article","og_title":"Voitures et architecture : Emil Frey Classics AG","og_url":"https:\/\/emilfreyclassics.webmodus-dev.ch\/sonderausstellung\/autos-architektur\/","og_site_name":"Emil Frey Classics AG","article_publisher":"https:\/\/www.facebook.com\/emilfreyclassics\/","article_modified_time":"2026-03-04T08:42:10+00:00","twitter_card":"summary_large_image","twitter_misc":{"Dur\u00e9e de lecture estim\u00e9e":"2 minutes"},"schema":{"@context":"https:\/\/schema.org","@graph":[{"@type":"WebPage","@id":"https:\/\/emilfreyclassics.webmodus-dev.ch\/sonderausstellung\/autos-architektur\/","url":"https:\/\/emilfreyclassics.webmodus-dev.ch\/sonderausstellung\/autos-architektur\/","name":"Voitures et architecture : Emil Frey Classics AG","isPartOf":{"@id":"https:\/\/emilfreyclassics.webmodus-dev.ch\/#website"},"datePublished":"2026-01-15T10:24:05+00:00","dateModified":"2026-03-04T08:42:10+00:00","breadcrumb":{"@id":"https:\/\/emilfreyclassics.webmodus-dev.ch\/sonderausstellung\/autos-architektur\/#breadcrumb"},"inLanguage":"fr-FR","potentialAction":[{"@type":"ReadAction","target":["https:\/\/emilfreyclassics.webmodus-dev.ch\/sonderausstellung\/autos-architektur\/"]}]},{"@type":"BreadcrumbList","@id":"https:\/\/emilfreyclassics.webmodus-dev.ch\/sonderausstellung\/autos-architektur\/#breadcrumb","itemListElement":[{"@type":"ListItem","position":1,"name":"Home","item":"https:\/\/emilfreyclassics.webmodus-dev.ch\/fr\/"},{"@type":"ListItem","position":2,"name":"Voitures et architecture"}]},{"@type":"WebSite","@id":"https:\/\/emilfreyclassics.webmodus-dev.ch\/#website","url":"https:\/\/emilfreyclassics.webmodus-dev.ch\/","name":"Emil Frey Classics AG","description":"","potentialAction":[{"@type":"SearchAction","target":{"@type":"EntryPoint","urlTemplate":"https:\/\/emilfreyclassics.webmodus-dev.ch\/?s={search_term_string}"},"query-input":{"@type":"PropertyValueSpecification","valueRequired":true,"valueName":"search_term_string"}}],"inLanguage":"fr-FR"}]}},"_links":{"self":[{"href":"https:\/\/emilfreyclassics.webmodus-dev.ch\/fr\/wp-json\/wp\/v2\/sonderausstellung\/21361","targetHints":{"allow":["GET"]}}],"collection":[{"href":"https:\/\/emilfreyclassics.webmodus-dev.ch\/fr\/wp-json\/wp\/v2\/sonderausstellung"}],"about":[{"href":"https:\/\/emilfreyclassics.webmodus-dev.ch\/fr\/wp-json\/wp\/v2\/types\/sonderausstellung"}],"wp:attachment":[{"href":"https:\/\/emilfreyclassics.webmodus-dev.ch\/fr\/wp-json\/wp\/v2\/media?parent=21361"}],"curies":[{"name":"wp","href":"https:\/\/api.w.org\/{rel}","templated":true}]}}