{"id":21354,"date":"2026-01-15T10:37:20","date_gmt":"2026-01-15T10:37:20","guid":{"rendered":"https:\/\/emilfreyclassics.webmodus-dev.ch\/sonderausstellung\/exposition-speciale-jaguar\/"},"modified":"2026-03-04T08:38:51","modified_gmt":"2026-03-04T08:38:51","slug":"exposition-speciale-jaguar","status":"publish","type":"sonderausstellung","link":"https:\/\/emilfreyclassics.webmodus-dev.ch\/fr\/sonderausstellung\/exposition-speciale-jaguar\/","title":{"rendered":"Exposition sp\u00e9ciale Jaguar"},"content":{"rendered":"<section class=\"l-section wpb_row height_medium\"><div class=\"l-section-h i-cf\"><div class=\"g-cols vc_row via_flex valign_top type_default stacking_default\"><div class=\"vc_col-sm-12 wpb_column vc_column_container\"><div class=\"vc_column-inner\"><div class=\"wpb_wrapper\"><h3 class=\"w-text zurueck-button icon_atleft\"><a href=\"\/museum\/sonderausstellungen\/\" class=\"w-text-h\"><i class=\"fas fa-arrow-left\"><\/i><span class=\"w-text-value\">Zur\u00fcck<\/span><\/a><\/h3><div class=\"w-image align_none\"><div class=\"w-image-h\"><img decoding=\"async\" width=\"1024\" height=\"731\" src=\"https:\/\/emilfreyclassics.webmodus-dev.ch\/wp-content\/uploads\/2019\/11\/19-193-EFC_Webbilder_Ausstellungen_3000x2134px1-1-1024x731.jpg\" class=\"attachment-large size-large\" alt=\"\" loading=\"lazy\" srcset=\"https:\/\/emilfreyclassics.webmodus-dev.ch\/wp-content\/uploads\/2019\/11\/19-193-EFC_Webbilder_Ausstellungen_3000x2134px1-1-1024x731.jpg 1024w, https:\/\/emilfreyclassics.webmodus-dev.ch\/wp-content\/uploads\/2019\/11\/19-193-EFC_Webbilder_Ausstellungen_3000x2134px1-1-600x429.jpg 600w, https:\/\/emilfreyclassics.webmodus-dev.ch\/wp-content\/uploads\/2019\/11\/19-193-EFC_Webbilder_Ausstellungen_3000x2134px1-1-300x214.jpg 300w, https:\/\/emilfreyclassics.webmodus-dev.ch\/wp-content\/uploads\/2019\/11\/19-193-EFC_Webbilder_Ausstellungen_3000x2134px1-1-768x549.jpg 768w, https:\/\/emilfreyclassics.webmodus-dev.ch\/wp-content\/uploads\/2019\/11\/19-193-EFC_Webbilder_Ausstellungen_3000x2134px1-1.jpg 1600w\" sizes=\"auto, (max-width: 1024px) 100vw, 1024px\" \/><\/div><\/div><div class=\"w-separator size_medium\"><\/div><div class=\"g-cols wpb_row via_flex valign_top type_default stacking_default\"><div class=\"vc_col-sm-4 wpb_column vc_column_container\"><div class=\"vc_column-inner\"><div class=\"wpb_wrapper\"><h2 class=\"w-text\"><span class=\"w-text-h\"><span class=\"w-text-value\">90 ans de Jaguar<\/span><\/span><\/h2><\/div><\/div><\/div><div class=\"vc_col-sm-8 wpb_column vc_column_container\"><div class=\"vc_column-inner\"><div class=\"wpb_wrapper\"><div class=\"wpb_text_column\"><div class=\"wpb_wrapper\"><div class=\"col-sm-6\">\n<div class=\"vc_column-inner\">\n<div class=\"wpb_wrapper\">\n<div class=\"wpb_text_column wpb_content_element\">\n<div class=\"wpb_wrapper\">\n<p>La premi\u00e8re exposition sp\u00e9ciale au Classic Center Suisse remporte un grand succ\u00e8s.<\/p>\n<p>Du 23\u00a0septembre au 23\u00a0novembre\u00a02016 se tient l\u2019exposition sp\u00e9ciale THE 90 YEARS CELEBRATION EXHIBITION au Classic Center Suisse. L\u2019exposition unique est une r\u00e9trospective comptant plus de 70\u00a0pi\u00e8ces d\u2019exposition de 1926 \u00e0 2016, du premier side-car \u00e0 la nouvelle Jaguar F-PACE. Pour la premi\u00e8re fois a lieu une exposition aussi vaste et compl\u00e8te de toutes les lignes de produits de l\u2019histoire de Jaguar. L\u2019un des points forts constitue sans doute le prototype de la S.S.\u00a090, pr\u00e9sent\u00e9 au printemps 1935, consid\u00e9r\u00e9e comme la premi\u00e8re voiture de sport construite par le fondateur de Jaguar, William Lyons.<\/p>\n<p>L\u2019exposition s\u2019\u00e9tend sur les trois \u00e9tages du Classic Car Museum et dans une tente suppl\u00e9mentaire. Afin que les visiteurs puissent mieux s\u2019orienter, les v\u00e9hicules expos\u00e9s sont divis\u00e9s en six lignes de produits Jaguar et marqu\u00e9s de par diff\u00e9rentes couleurs\u00a0: la naissance, les voitures de sport, les berlines, les berlines sportives, les berlines Daimler et l\u2019avenir. \u00c0 l\u2019exception de deux v\u00e9hicules venus de l\u2019usine, tous sont des pr\u00eats de propri\u00e9taires suisses. Cela refl\u00e8te l\u2019importance de Jaguar en Suisse.<\/p>\n<p>Emil Frey doit sans aucun doute une partie de son succ\u00e8s \u00e0 la marque Jaguar. La Suisse a apr\u00e8s tout, depuis des d\u00e9cennies, la plus grande densit\u00e9 de Jaguar au monde. Succ\u00e8s oblige. En tant qu\u2019importateur de Jaguar, le Groupe Emil Frey ne poursuit pas seulement une importante tradition de produit. Au Classic Center Suisse, il entretient \u00e9galement l\u2019h\u00e9ritage historique de l\u2019entreprise Jaguar en Suisse.<\/p>\n<p>Le comit\u00e9 d\u2019organisation de \u00ab\u00a0THE 90 YEARS CELEBRATION EXHIBITION\u00a0\u00bb tire un bilan positif\u00a0: la premi\u00e8re exposition sp\u00e9ciale du Classic Car Museum a attir\u00e9 pr\u00e8s de 4000 visiteurs.<\/p>\n<\/div>\n<\/div>\n<\/div>\n<\/div>\n<\/div>\n<\/div><\/div><\/div><\/div><\/div><\/div><div class=\"w-separator size_medium\"><\/div><\/div><\/div><\/div><\/div><\/div><\/section><section class=\"l-section wpb_row height_medium\"><div class=\"l-section-h i-cf\"><div class=\"g-cols vc_row via_flex valign_top type_default stacking_default\"><div class=\"vc_col-sm-12 wpb_column vc_column_container\"><div class=\"vc_column-inner\"><div class=\"wpb_wrapper\"><div class=\"w-grid us_post_list type_grid layout_18682 cols_1 preload_style_spinner\" id=\"us_post_list_ab7c\" style=\"--columns:1;--gap:1.5rem;\"><style>.layout_18682 .w-grid-item-h{}.layout_18682 .usg_post_custom_field_1{text-align:center!important;margin-top:10px!important}.layout_18682 .usg_post_custom_field_2{text-align:center!important;width:150px!important}.layout_18682 .usg_btn_2{text-align:center!important}.layout_18682 .usg_btn_3{text-align:center!important}<\/style><div class=\"w-grid-list\">\t<article class=\"w-grid-item size_1x1 post-847 team type-team status-publish hentry\" data-id=\"847\">\r\n\t\t<div class=\"w-grid-item-h\">\r\n\t\t\t\t\t\t<h2 class=\"w-post-elm post_title usg_post_title_1 align_center entry-title color_link_inherit\">Simon Bundi<\/h2><div class=\"w-post-elm post_custom_field usg_post_custom_field_1 type_text team_position color_link_inherit\"><span class=\"w-post-elm-value\">Responsable du mus\u00e9e et des archives<\/span><\/div><div class=\"w-post-elm post_custom_field usg_post_custom_field_2 avatarbild-team type_image team_avatar color_link_inherit has_ratio\"><div style=\"padding-bottom:100%\"><\/div><img loading=\"lazy\" decoding=\"async\" width=\"1024\" height=\"683\" src=\"https:\/\/emilfreyclassics.webmodus-dev.ch\/wp-content\/uploads\/2019\/10\/Portrait_Emil_Frey_Simo_Bundi-1024x683.jpg\" class=\"attachment-large size-large\" alt=\"\" srcset=\"https:\/\/emilfreyclassics.webmodus-dev.ch\/wp-content\/uploads\/2019\/10\/Portrait_Emil_Frey_Simo_Bundi-1024x683.jpg 1024w, https:\/\/emilfreyclassics.webmodus-dev.ch\/wp-content\/uploads\/2019\/10\/Portrait_Emil_Frey_Simo_Bundi-300x200.jpg 300w, https:\/\/emilfreyclassics.webmodus-dev.ch\/wp-content\/uploads\/2019\/10\/Portrait_Emil_Frey_Simo_Bundi-768x512.jpg 768w, https:\/\/emilfreyclassics.webmodus-dev.ch\/wp-content\/uploads\/2019\/10\/Portrait_Emil_Frey_Simo_Bundi-e1570455023641.jpg 500w\" sizes=\"auto, (max-width: 1024px) 100vw, 1024px\" \/><\/div><div class=\"w-hwrapper usg_hwrapper_2 align_center valign_top\"><a class=\"w-btn us-btn-style_4 usg_btn_3 icon_atleft\" href=\"tel:+41 62 788 79 45\"><i class=\"fas fa-phone-alt\"><\/i><span class=\"w-btn-label\">+41 62 788 79 45<\/span><\/a><a class=\"w-btn us-btn-style_4 usg_btn_2 icon_atleft text_none\" aria-label=\"Button\" href=\"mailto:simon.bundi@emilfreyclassics.ch\"><i class=\"fas fa-envelope\"><\/i><\/a><\/div>\t\t<\/div>\r\n\t\t\t<\/article>\r\n<\/div><div class=\"g-loadmore hidden\"><div class=\"g-preloader type_1\"><div><\/div><\/div><\/div><div class=\"w-grid-list-json hidden\" onclick='return {&quot;max_num_pages&quot;:0,&quot;paginationBase&quot;:&quot;page&quot;,&quot;pagination&quot;:&quot;none&quot;,&quot;paged&quot;:1,&quot;ajaxData&quot;:{&quot;action&quot;:&quot;us_ajax_post_list&quot;,&quot;meta_type&quot;:&quot;post&quot;,&quot;object_id&quot;:0,&quot;template_vars&quot;:{&quot;shortcode_base&quot;:&quot;us_post_list&quot;,&quot;paged&quot;:1,&quot;max_num_pages&quot;:0,&quot;no_results&quot;:false,&quot;us_post_content_design_css&quot;:[],&quot;found_posts&quot;:0,&quot;items_count&quot;:1,&quot;source&quot;:&quot;post__in&quot;,&quot;custom_field_name&quot;:&quot;&quot;,&quot;ids&quot;:&quot;848&quot;,&quot;post_type&quot;:&quot;team&quot;,&quot;attachment_ids&quot;:null,&quot;include_post_thumbnail&quot;:0,&quot;post_author&quot;:&quot;any&quot;,&quot;post_author_ids&quot;:&quot;&quot;,&quot;apply_url_params&quot;:0,&quot;ignore_sticky_posts&quot;:1,&quot;exclude_children&quot;:0,&quot;exclude_current_post&quot;:&quot;0&quot;,&quot;exclude_prev_posts&quot;:0,&quot;exclude_past_events&quot;:0,&quot;enable_items_offset&quot;:0,&quot;items_offset&quot;:&quot;1&quot;,&quot;tax_query_relation&quot;:&quot;none&quot;,&quot;tax_query&quot;:[{&quot;operator&quot;:&quot;IN&quot;,&quot;taxonomy&quot;:&quot;category&quot;,&quot;terms&quot;:&quot;&quot;,&quot;include_children&quot;:0}],&quot;meta_query_relation&quot;:&quot;none&quot;,&quot;meta_query&quot;:[{&quot;key&quot;:&quot;custom_field_name&quot;,&quot;compare&quot;:&quot;=&quot;,&quot;value&quot;:&quot;&quot;}],&quot;orderby&quot;:&quot;menu_order&quot;,&quot;orderby_custom_field&quot;:&quot;&quot;,&quot;orderby_custom_type&quot;:0,&quot;order_invert&quot;:0,&quot;show_all&quot;:0,&quot;quantity&quot;:&quot;1&quot;,&quot;posts_per_archive_page&quot;:0,&quot;no_items_action&quot;:&quot;hide_grid&quot;,&quot;no_items_message&quot;:&quot;Aucun r\\u00e9sultat.&quot;,&quot;no_items_page_block&quot;:&quot;&quot;,&quot;pagination&quot;:&quot;none&quot;,&quot;pagination_style&quot;:&quot;&quot;,&quot;pagination_btn_text&quot;:&quot;Charger plus&quot;,&quot;pagination_btn_size&quot;:&quot;&quot;,&quot;pagination_btn_style&quot;:&quot;1&quot;,&quot;pagination_btn_fullwidth&quot;:0,&quot;items_layout&quot;:&quot;18682&quot;,&quot;type&quot;:&quot;grid&quot;,&quot;items_valign&quot;:0,&quot;ignore_items_size&quot;:0,&quot;columns&quot;:&quot;1&quot;,&quot;items_gap&quot;:&quot;1.5rem&quot;,&quot;load_animation&quot;:&quot;none&quot;,&quot;items_preload_style&quot;:&quot;spinner&quot;,&quot;img_size&quot;:&quot;default&quot;,&quot;title_size&quot;:&quot;&quot;,&quot;items_ratio&quot;:&quot;default&quot;,&quot;items_ratio_width&quot;:&quot;21&quot;,&quot;items_ratio_height&quot;:&quot;9&quot;,&quot;overriding_link&quot;:&quot;%7B%22url%22%3A%22%22%7D&quot;,&quot;popup_page_template&quot;:&quot;0&quot;,&quot;popup_width&quot;:&quot;&quot;,&quot;popup_arrows&quot;:1,&quot;breakpoint_1_width&quot;:&quot;1381px&quot;,&quot;breakpoint_1_cols&quot;:&quot;default&quot;,&quot;breakpoint_1_quantity&quot;:&quot;&quot;,&quot;breakpoint_1_gap&quot;:&quot;&quot;,&quot;breakpoint_2_width&quot;:&quot;1025px&quot;,&quot;breakpoint_2_cols&quot;:&quot;1&quot;,&quot;breakpoint_2_quantity&quot;:&quot;&quot;,&quot;breakpoint_2_gap&quot;:&quot;&quot;,&quot;breakpoint_3_width&quot;:&quot;601px&quot;,&quot;breakpoint_3_cols&quot;:&quot;1&quot;,&quot;breakpoint_3_quantity&quot;:&quot;&quot;,&quot;breakpoint_3_gap&quot;:&quot;&quot;,&quot;conditions_operator&quot;:&quot;always&quot;,&quot;conditions&quot;:[],&quot;css&quot;:null,&quot;el_class&quot;:&quot;&quot;,&quot;el_id&quot;:&quot;&quot;,&quot;enable_custom_html_atts&quot;:0,&quot;custom_html_atts&quot;:null,&quot;hide_on_states&quot;:&quot;&quot;,&quot;hide_for_sticky&quot;:0,&quot;hide_for_not_sticky&quot;:0,&quot;hide_below&quot;:&quot;0px&quot;,&quot;hide_above&quot;:&quot;0px&quot;,&quot;classes&quot;:&quot;&quot;}},&quot;facetedFilter&quot;:[]}'><\/div><\/div><\/div><\/div><\/div><\/div><\/div><\/section>\n","protected":false},"template":"","meta":{"_acf_changed":false},"class_list":["post-21354","sonderausstellung","type-sonderausstellung","status-publish","hentry"],"acf":[],"yoast_head":"<!-- This site is optimized with the Yoast SEO plugin v24.6 - https:\/\/yoast.com\/wordpress\/plugins\/seo\/ -->\n<title>Exposition sp\u00e9ciale Jaguar : Emil Frey Classics AG<\/title>\n<meta name=\"robots\" content=\"noindex, follow, max-snippet:-1, max-image-preview:large, max-video-preview:-1\" \/>\n<meta property=\"og:locale\" content=\"fr_FR\" \/>\n<meta property=\"og:type\" content=\"article\" \/>\n<meta property=\"og:title\" content=\"Exposition sp\u00e9ciale Jaguar : Emil Frey Classics AG\" \/>\n<meta property=\"og:url\" content=\"https:\/\/emilfreyclassics.webmodus-dev.ch\/sonderausstellung\/90-jahre-jaguar\/\" \/>\n<meta property=\"og:site_name\" content=\"Emil Frey Classics AG\" \/>\n<meta property=\"article:publisher\" content=\"https:\/\/www.facebook.com\/emilfreyclassics\/\" \/>\n<meta property=\"article:modified_time\" content=\"2026-03-04T08:38:51+00:00\" \/>\n<meta name=\"twitter:card\" content=\"summary_large_image\" \/>\n<meta name=\"twitter:label1\" content=\"Dur\u00e9e de lecture estim\u00e9e\" \/>\n\t<meta name=\"twitter:data1\" content=\"2 minutes\" \/>\n<script type=\"application\/ld+json\" class=\"yoast-schema-graph\">{\"@context\":\"https:\/\/schema.org\",\"@graph\":[{\"@type\":\"WebPage\",\"@id\":\"https:\/\/emilfreyclassics.webmodus-dev.ch\/sonderausstellung\/90-jahre-jaguar\/\",\"url\":\"https:\/\/emilfreyclassics.webmodus-dev.ch\/sonderausstellung\/90-jahre-jaguar\/\",\"name\":\"Exposition sp\u00e9ciale Jaguar : Emil Frey Classics AG\",\"isPartOf\":{\"@id\":\"https:\/\/emilfreyclassics.webmodus-dev.ch\/#website\"},\"datePublished\":\"2026-01-15T10:37:20+00:00\",\"dateModified\":\"2026-03-04T08:38:51+00:00\",\"breadcrumb\":{\"@id\":\"https:\/\/emilfreyclassics.webmodus-dev.ch\/sonderausstellung\/90-jahre-jaguar\/#breadcrumb\"},\"inLanguage\":\"fr-FR\",\"potentialAction\":[{\"@type\":\"ReadAction\",\"target\":[\"https:\/\/emilfreyclassics.webmodus-dev.ch\/sonderausstellung\/90-jahre-jaguar\/\"]}]},{\"@type\":\"BreadcrumbList\",\"@id\":\"https:\/\/emilfreyclassics.webmodus-dev.ch\/sonderausstellung\/90-jahre-jaguar\/#breadcrumb\",\"itemListElement\":[{\"@type\":\"ListItem\",\"position\":1,\"name\":\"Home\",\"item\":\"https:\/\/emilfreyclassics.webmodus-dev.ch\/fr\/\"},{\"@type\":\"ListItem\",\"position\":2,\"name\":\"Exposition sp\u00e9ciale Jaguar\"}]},{\"@type\":\"WebSite\",\"@id\":\"https:\/\/emilfreyclassics.webmodus-dev.ch\/#website\",\"url\":\"https:\/\/emilfreyclassics.webmodus-dev.ch\/\",\"name\":\"Emil Frey Classics AG\",\"description\":\"\",\"potentialAction\":[{\"@type\":\"SearchAction\",\"target\":{\"@type\":\"EntryPoint\",\"urlTemplate\":\"https:\/\/emilfreyclassics.webmodus-dev.ch\/?s={search_term_string}\"},\"query-input\":{\"@type\":\"PropertyValueSpecification\",\"valueRequired\":true,\"valueName\":\"search_term_string\"}}],\"inLanguage\":\"fr-FR\"}]}<\/script>\n<!-- \/ Yoast SEO plugin. -->","yoast_head_json":{"title":"Exposition sp\u00e9ciale Jaguar : Emil Frey Classics AG","robots":{"index":"noindex","follow":"follow","max-snippet":"max-snippet:-1","max-image-preview":"max-image-preview:large","max-video-preview":"max-video-preview:-1"},"og_locale":"fr_FR","og_type":"article","og_title":"Exposition sp\u00e9ciale Jaguar : Emil Frey Classics AG","og_url":"https:\/\/emilfreyclassics.webmodus-dev.ch\/sonderausstellung\/90-jahre-jaguar\/","og_site_name":"Emil Frey Classics AG","article_publisher":"https:\/\/www.facebook.com\/emilfreyclassics\/","article_modified_time":"2026-03-04T08:38:51+00:00","twitter_card":"summary_large_image","twitter_misc":{"Dur\u00e9e de lecture estim\u00e9e":"2 minutes"},"schema":{"@context":"https:\/\/schema.org","@graph":[{"@type":"WebPage","@id":"https:\/\/emilfreyclassics.webmodus-dev.ch\/sonderausstellung\/90-jahre-jaguar\/","url":"https:\/\/emilfreyclassics.webmodus-dev.ch\/sonderausstellung\/90-jahre-jaguar\/","name":"Exposition sp\u00e9ciale Jaguar : Emil Frey Classics AG","isPartOf":{"@id":"https:\/\/emilfreyclassics.webmodus-dev.ch\/#website"},"datePublished":"2026-01-15T10:37:20+00:00","dateModified":"2026-03-04T08:38:51+00:00","breadcrumb":{"@id":"https:\/\/emilfreyclassics.webmodus-dev.ch\/sonderausstellung\/90-jahre-jaguar\/#breadcrumb"},"inLanguage":"fr-FR","potentialAction":[{"@type":"ReadAction","target":["https:\/\/emilfreyclassics.webmodus-dev.ch\/sonderausstellung\/90-jahre-jaguar\/"]}]},{"@type":"BreadcrumbList","@id":"https:\/\/emilfreyclassics.webmodus-dev.ch\/sonderausstellung\/90-jahre-jaguar\/#breadcrumb","itemListElement":[{"@type":"ListItem","position":1,"name":"Home","item":"https:\/\/emilfreyclassics.webmodus-dev.ch\/fr\/"},{"@type":"ListItem","position":2,"name":"Exposition sp\u00e9ciale Jaguar"}]},{"@type":"WebSite","@id":"https:\/\/emilfreyclassics.webmodus-dev.ch\/#website","url":"https:\/\/emilfreyclassics.webmodus-dev.ch\/","name":"Emil Frey Classics AG","description":"","potentialAction":[{"@type":"SearchAction","target":{"@type":"EntryPoint","urlTemplate":"https:\/\/emilfreyclassics.webmodus-dev.ch\/?s={search_term_string}"},"query-input":{"@type":"PropertyValueSpecification","valueRequired":true,"valueName":"search_term_string"}}],"inLanguage":"fr-FR"}]}},"_links":{"self":[{"href":"https:\/\/emilfreyclassics.webmodus-dev.ch\/fr\/wp-json\/wp\/v2\/sonderausstellung\/21354","targetHints":{"allow":["GET"]}}],"collection":[{"href":"https:\/\/emilfreyclassics.webmodus-dev.ch\/fr\/wp-json\/wp\/v2\/sonderausstellung"}],"about":[{"href":"https:\/\/emilfreyclassics.webmodus-dev.ch\/fr\/wp-json\/wp\/v2\/types\/sonderausstellung"}],"wp:attachment":[{"href":"https:\/\/emilfreyclassics.webmodus-dev.ch\/fr\/wp-json\/wp\/v2\/media?parent=21354"}],"curies":[{"name":"wp","href":"https:\/\/api.w.org\/{rel}","templated":true}]}}