{"id":755,"date":"2019-10-01T13:55:59","date_gmt":"2019-10-01T13:55:59","guid":{"rendered":"https:\/\/2019.emilfreyclassics.ch\/?page_id=755"},"modified":"2026-03-10T10:32:38","modified_gmt":"2026-03-10T10:32:38","slug":"home","status":"publish","type":"page","link":"https:\/\/emilfreyclassics.webmodus-dev.ch\/fr\/","title":{"rendered":"Home"},"content":{"rendered":"<section class=\"l-section wpb_row us_custom_887a049b hide_on_tablets hide_on_mobiles height_medium width_full\"><div class=\"l-section-h i-cf\"><div class=\"g-cols vc_row via_flex valign_top type_default stacking_default\"><div class=\"vc_col-sm-12 wpb_column vc_column_container\"><div class=\"vc_column-inner\"><div class=\"wpb_wrapper\">\n\t\t\t\t<p class=\"rs-p-wp-fix\"><\/p>\n\t\t\t\t<sr7-module data-alias=\"startseite-slider\" data-id=\"1\" id=\"SR7_1_1\" class=\"rs-ov-hidden\" data-version=\"6.7.40\">\n\t\t\t\t\t<sr7-adjuster><\/sr7-adjuster>\n\t\t\t\t\t<sr7-content>\n\t\t\t\t\t\t<sr7-slide id=\"SR7_1_1-1STR1\" data-key=\"1STR1\">\n\t\t\t\t\t\t\t<sr7-txt id=\"SR7_1_1-1STR1-4\" class=\"sr7-layer\"><div class=\"ef-fullwidth-slider-description\"><br \/>\n<h2>Vente aux ench\u00e8res en ligne le 14 mars<\/h2><br \/>\n<\/div><\/sr7-txt>\n\t\t\t\t\t\t\t<a id=\"SR7_1_1-1STR1-5\" class=\"sr7-layer\" href=\"https:\/\/www.classicauctions.ch\/de\" target=\"_self\">Ench\u00e9rir maintenant<\/a>\n\t\t\t\t\t\t<\/sr7-slide>\n\t\t\t\t\t\t<sr7-slide id=\"SR7_1_1-1STR2\" data-key=\"1STR2\">\n\t\t\t\t\t\t\t<sr7-txt id=\"SR7_1_1-1STR2-4\" class=\"sr7-layer\"><h2>Louer une voiture classique<\/h2><\/sr7-txt>\n\t\t\t\t\t\t\t<a id=\"SR7_1_1-1STR2-5\" class=\"sr7-layer\" href=\"https:\/\/emilfreyclassics.webmodus-dev.ch\/fr\/classic-cars-fr\/location-de-vehicules-individuels\/\" target=\"_self\">D\u00e9couvrez-le d\u00e8s maintenant !<\/a>\n\t\t\t\t\t\t<\/sr7-slide>\n\t\t\t\t\t\t<sr7-slide id=\"SR7_1_1-1STR3\" data-key=\"1STR3\">\n\t\t\t\t\t\t\t<sr7-txt id=\"SR7_1_1-1STR3-4\" class=\"sr7-layer\">Nos archives sont en ligne<br \/>\n<h2>Des centaines de milliers d'objets num\u00e9ris\u00e9s attendent d'\u00eatre d\u00e9couverts.<\/h2><\/sr7-txt>\n\t\t\t\t\t\t\t<a id=\"SR7_1_1-1STR3-5\" class=\"sr7-layer\" href=\"https:\/\/www.emilfreyclassics-archiv.ch\/home\/#\/\" target=\"_self\">Parcourir maintenant<\/a>\n\t\t\t\t\t\t<\/sr7-slide>\n\t\t\t\t\t\t<sr7-slide id=\"SR7_1_1-1STR4\" data-key=\"1STR4\">\n\t\t\t\t\t\t\t<sr7-txt id=\"SR7_1_1-1STR4-4\" class=\"sr7-layer\">Nous nous r\u00e9jouissons de votre visite<br \/>\n<h2>Venez visiter nos showrooms \u00e0 Safenwil et Zurich !<\/h2><\/sr7-txt>\n\t\t\t\t\t\t\t<a id=\"SR7_1_1-1STR4-5\" class=\"sr7-layer\" href=\"https:\/\/www.emilfreyclassics.ch\/classic-cars\/showroom-utoquai-55\/\" target=\"_self\">En savoir plus<\/a>\n\t\t\t\t\t\t<\/sr7-slide>\n\t\t\t\t\t\t<sr7-slide id=\"SR7_1_1-1STR5\" data-key=\"1STR5\">\n\t\t\t\t\t\t\t<sr7-txt id=\"SR7_1_1-1STR5-4\" class=\"sr7-layer\"><h2>La boutique du mus\u00e9e comblera les petits et grands amateurs de voitures. Vous y trouverez tout ce que vous d\u00e9sirez, des mod\u00e8les r\u00e9duits aux livres en passant par des v\u00eatements exclusifs.<\/h2><\/sr7-txt>\n\t\t\t\t\t\t\t<a id=\"SR7_1_1-1STR5-5\" class=\"sr7-layer\" href=\"\" target=\"_self\"><\/a>\n\t\t\t\t\t\t<\/sr7-slide>\n\t\t\t\t\t\t<sr7-slide id=\"SR7_1_1-1STR6\" data-key=\"1STR6\">\n\t\t\t\t\t\t\t<sr7-txt id=\"SR7_1_1-1STR6-4\" class=\"sr7-layer\"><h2 style=\"font-size: 2.5rem;\">Le Classic Caf\u00e9 vous invite \u00e0 venir vous d\u00e9tendre et vous r\u00e9galer du lundi au samedi.<\/h2><\/sr7-txt>\n\t\t\t\t\t\t\t<a id=\"SR7_1_1-1STR6-5\" class=\"sr7-layer\" href=\"\" target=\"_self\"><\/a>\n\t\t\t\t\t\t<\/sr7-slide>\n\t\t\t\t\t\t<sr7-slide id=\"SR7_1_1-2\" data-key=\"2\">\n\t\t\t\t\t\t<\/sr7-slide>\n\t\t\t\t\t<\/sr7-content>\n\t\t\t\t\t<image_lists style=\"display:none\">\n\t\t\t\t\t\t<img data-src=\"\/\/emilfreyclassics.webmodus-dev.ch\/wp-content\/uploads\/2026\/02\/EFC_Classic-Auctions_Webheader.jpg\" width=\"0\" height=\"0\" data-dbsrc=\"Ly9lbWlsZnJleWNsYXNzaWNzLndlYm1vZHVzLWRldi5jaC93cC1jb250ZW50L3VwbG9hZHMvMjAyNi8wMi9FRkNfQ2xhc3NpYy1BdWN0aW9uc19XZWJoZWFkZXIuanBn\"\/>\n\t\t\t\t\t\t<img data-src=\"\/\/emilfreyclassics.webmodus-dev.ch\/wp-content\/uploads\/2026\/01\/Bild-ohne-Logo-2.jpg\" width=\"0\" height=\"0\" data-dbsrc=\"Ly9lbWlsZnJleWNsYXNzaWNzLndlYm1vZHVzLWRldi5jaC93cC1jb250ZW50L3VwbG9hZHMvMjAyNi8wMS9CaWxkLW9obmUtTG9nby0yLmpwZw==\"\/>\n\t\t\t\t\t\t<img data-src=\"\/\/emilfreyclassics.webmodus-dev.ch\/wp-content\/uploads\/2026\/03\/Banner-Archiv.jpg\" width=\"0\" height=\"0\" data-dbsrc=\"Ly9lbWlsZnJleWNsYXNzaWNzLndlYm1vZHVzLWRldi5jaC93cC1jb250ZW50L3VwbG9hZHMvMjAyNi8wMy9CYW5uZXItQXJjaGl2LmpwZw==\"\/>\n\t\t\t\t\t\t<img data-src=\"\/\/emilfreyclassics.webmodus-dev.ch\/wp-content\/uploads\/2026\/01\/EFCC_Showroom_Utoquai__B1I1733-1.jpg\" width=\"0\" height=\"0\" data-dbsrc=\"Ly9lbWlsZnJleWNsYXNzaWNzLndlYm1vZHVzLWRldi5jaC93cC1jb250ZW50L3VwbG9hZHMvMjAyNi8wMS9FRkNDX1Nob3dyb29tX1V0b3F1YWlfX0IxSTE3MzMtMS5qcGc=\"\/>\n\t\t\t\t\t\t<img data-src=\"\/\/emilfreyclassics.webmodus-dev.ch\/wp-content\/uploads\/2026\/01\/AFG3224-Bearbeitet-scaled-1-1.jpg\" width=\"0\" height=\"0\" data-dbsrc=\"Ly9lbWlsZnJleWNsYXNzaWNzLndlYm1vZHVzLWRldi5jaC93cC1jb250ZW50L3VwbG9hZHMvMjAyNi8wMS9BRkczMjI0LUJlYXJiZWl0ZXQtc2NhbGVkLTEtMS5qcGc=\"\/>\n\t\t\t\t\t\t<img data-src=\"\/\/emilfreyclassics.webmodus-dev.ch\/wp-content\/uploads\/2026\/01\/EF_Classics_Imagebrochure-69-scaled-1-1.jpg\" width=\"0\" height=\"0\" data-dbsrc=\"Ly9lbWlsZnJleWNsYXNzaWNzLndlYm1vZHVzLWRldi5jaC93cC1jb250ZW50L3VwbG9hZHMvMjAyNi8wMS9FRl9DbGFzc2ljc19JbWFnZWJyb2NodXJlLTY5LXNjYWxlZC0xLTEuanBn\"\/>\n\t\t\t\t\t<\/image_lists>\n\t\t\t\t<\/sr7-module>\n\t\t\t\t<script>\n\t\t\t\t\tSR7.PMH ??={}; SR7.PMH[\"SR7_1_1\"] = {cn:100,state:false,fn: function() { if (_tpt!==undefined && _tpt.prepareModuleHeight !== undefined) {  _tpt.prepareModuleHeight({id:\"SR7_1_1\",el:[600,600,768,960,400],type:'standard',shdw:'0',gh:[600,600,600,500,400],gw:[1240,1240,1024,778,480],vpt:['-100px&#039;,&#039;-100px&#039;,&#039;-100px&#039;,&#039;-100px&#039;,&#039;-100px'],size:{fullWidth:false, fullHeight:false},mh:'0',onh:0,onw:0,bg:{color:'{\"orig\":\"transparent\",\"type\":\"solid\",\"string\":\"transparent\"}'},plType:'2',plColor:'#ebeef2'});   SR7.PMH[\"SR7_1_1\"].state=true;} else if(SR7.PMH[\"SR7_1_1\"].cn-->0)\tsetTimeout( SR7.PMH[\"SR7_1_1\"].fn,19);}};SR7.PMH[\"SR7_1_1\" ].fn();\n\t\t\t\t<\/script>\n<\/div><\/div><\/div><\/div><\/div><\/section><section class=\"l-section wpb_row us_custom_e846fb14 hide_on_default hide_on_laptops height_medium width_full\"><div class=\"l-section-h i-cf\"><div class=\"g-cols vc_row via_flex valign_top type_default stacking_default\"><div class=\"vc_col-sm-12 wpb_column vc_column_container\"><div class=\"vc_column-inner\"><div class=\"wpb_wrapper\"><div class=\"w-grid us_post_carousel type_carousel layout_19964 preload_style_spinner\" id=\"us_post_list_r105\" style=\"--gap:0rem;\"><style>.layout_19964 .w-grid-item-h{}.layout_19964 .usg_vwrapper_1{background:#ffffff!important}.layout_19964 .usg_post_custom_field_1{color:#000000!important}.layout_19964 .usg_post_custom_field_3{color:#000000!important}@media (min-width:601px) and (max-width:1024px){.layout_19964 .usg_vwrapper_1{padding:2.5rem!important}}@media (max-width:600px){.layout_19964 .usg_vwrapper_1{padding:1.5rem!important}}<\/style><div class=\"w-grid-list owl-carousel valign_stretch dotstyle_circle navstyle_circle arrows-ver-pos_middle arrows-hor-pos_on_sides_inside arrows-disabled_hide owl-responsive-2000 autoheight with_arrows\" style=\"--transition-duration:350ms;--arrows-size:1.5rem;--arrows-gap:10px;\">\t<article class=\"w-grid-item size_1x1 post-21664 startseiteslider type-startseiteslider status-publish has-post-thumbnail hentry\" data-id=\"21664\">\r\n\t\t<div class=\"w-grid-item-h\">\r\n\t\t\t\t\t\t<div class=\"w-post-elm post_image usg_post_image_1 has_ratio\"><img loading=\"lazy\" decoding=\"async\" width=\"1024\" height=\"440\" src=\"https:\/\/emilfreyclassics.webmodus-dev.ch\/wp-content\/uploads\/2026\/02\/EFC_Classic-Auctions_Webheader-1024x440.jpg\" class=\"attachment-large size-large wp-post-image\" alt=\"\" \/><div style=\"padding-bottom:56.25%\"><\/div><\/div><div class=\"w-vwrapper usg_vwrapper_1 align_none valign_top has-link\"><div class=\"w-post-elm post_custom_field usg_post_custom_field_1 slider-text-mobile has_text_color type_text inhalt_slide_startseite color_link_inherit\"><div class=\"ef-fullwidth-slider-description\">\n<h2>Vente aux ench\u00e8res en ligne le 14 mars<\/h2>\n<\/div>\n<\/div><div class=\"w-post-elm post_custom_field usg_post_custom_field_3 w-btn us-btn-style_1 usg_btn_1 startseite-slider-button-mobile has_text_color type_text button_text_slide_startseite color_link_inherit\"><a href=\"https:\/\/www.classicauctions.ch\/de\"><span class=\"w-post-elm-value\">Ench\u00e9rir maintenant<\/span><\/a><\/div><a href=\"https:\/\/www.classicauctions.ch\/de\" class=\"w-vwrapper-link smooth-scroll\" aria-label=\"Lien\"><\/a><\/div>\t\t<\/div>\r\n\t\t\t<\/article>\r\n\t<article class=\"w-grid-item size_1x1 post-21695 startseiteslider type-startseiteslider status-publish has-post-thumbnail hentry\" data-id=\"21695\">\r\n\t\t<div class=\"w-grid-item-h\">\r\n\t\t\t\t\t\t<div class=\"w-post-elm post_image usg_post_image_1 has_ratio\"><img loading=\"lazy\" decoding=\"async\" width=\"1024\" height=\"400\" src=\"https:\/\/emilfreyclassics.webmodus-dev.ch\/wp-content\/uploads\/2026\/01\/Bild-ohne-Logo-2-1024x400.jpg\" class=\"attachment-large size-large wp-post-image\" alt=\"\" \/><div style=\"padding-bottom:56.25%\"><\/div><\/div><div class=\"w-vwrapper usg_vwrapper_1 align_none valign_top has-link\"><div class=\"w-post-elm post_custom_field usg_post_custom_field_1 slider-text-mobile has_text_color type_text inhalt_slide_startseite color_link_inherit\"><span class=\"w-post-elm-value\"><h2>Louer une voiture classique<\/h2>\n<\/span><\/div><div class=\"w-post-elm post_custom_field usg_post_custom_field_3 w-btn us-btn-style_1 usg_btn_1 startseite-slider-button-mobile has_text_color type_text button_text_slide_startseite color_link_inherit\"><a href=\"https:\/\/emilfreyclassics.webmodus-dev.ch\/fr\/classic-cars-fr\/location-de-vehicules-individuels\/\"><span class=\"w-post-elm-value\">D\u00e9couvrez-le d\u00e8s maintenant !<\/span><\/a><\/div><a href=\"https:\/\/emilfreyclassics.webmodus-dev.ch\/fr\/classic-cars-fr\/location-de-vehicules-individuels\/\" class=\"w-vwrapper-link smooth-scroll\" aria-label=\"Lien\"><\/a><\/div>\t\t<\/div>\r\n\t\t\t<\/article>\r\n\t<article class=\"w-grid-item size_1x1 post-21726 startseiteslider type-startseiteslider status-publish has-post-thumbnail hentry\" data-id=\"21726\">\r\n\t\t<div class=\"w-grid-item-h\">\r\n\t\t\t\t\t\t<div class=\"w-post-elm post_image usg_post_image_1 has_ratio\"><img loading=\"lazy\" decoding=\"async\" width=\"1024\" height=\"455\" src=\"https:\/\/emilfreyclassics.webmodus-dev.ch\/wp-content\/uploads\/2026\/03\/Banner-Archiv-1024x455.jpg\" class=\"attachment-large size-large wp-post-image\" alt=\"\" \/><div style=\"padding-bottom:56.25%\"><\/div><\/div><div class=\"w-vwrapper usg_vwrapper_1 align_none valign_top has-link\"><div class=\"w-post-elm post_custom_field usg_post_custom_field_1 slider-text-mobile has_text_color type_text inhalt_slide_startseite color_link_inherit\"><p>Nos archives sont en ligne<\/p>\n<h2>Des centaines de milliers d&rsquo;objets num\u00e9ris\u00e9s attendent d&rsquo;\u00eatre d\u00e9couverts.<\/h2>\n<\/div><div class=\"w-post-elm post_custom_field usg_post_custom_field_3 w-btn us-btn-style_1 usg_btn_1 startseite-slider-button-mobile has_text_color type_text button_text_slide_startseite color_link_inherit\"><a href=\"https:\/\/www.emilfreyclassics-archiv.ch\/home\/#\/\"><span class=\"w-post-elm-value\">Parcourir maintenant<\/span><\/a><\/div><a href=\"https:\/\/www.emilfreyclassics-archiv.ch\/home\/#\/\" class=\"w-vwrapper-link smooth-scroll\" aria-label=\"Lien\"><\/a><\/div>\t\t<\/div>\r\n\t\t\t<\/article>\r\n\t<article class=\"w-grid-item size_1x1 post-21733 startseiteslider type-startseiteslider status-publish has-post-thumbnail hentry\" data-id=\"21733\">\r\n\t\t<div class=\"w-grid-item-h\">\r\n\t\t\t\t\t\t<div class=\"w-post-elm post_image usg_post_image_1 has_ratio\"><img loading=\"lazy\" decoding=\"async\" width=\"1024\" height=\"683\" src=\"https:\/\/emilfreyclassics.webmodus-dev.ch\/wp-content\/uploads\/2026\/01\/EFCC_Showroom_Utoquai__B1I1733-1-1024x683.jpg\" class=\"attachment-large size-large wp-post-image\" alt=\"\" \/><div style=\"padding-bottom:56.25%\"><\/div><\/div><div class=\"w-vwrapper usg_vwrapper_1 align_none valign_top has-link\"><div class=\"w-post-elm post_custom_field usg_post_custom_field_1 slider-text-mobile has_text_color type_text inhalt_slide_startseite color_link_inherit\"><p>Nous nous r\u00e9jouissons de votre visite<\/p>\n<h2>Venez visiter nos showrooms \u00e0 Safenwil et Zurich !<\/h2>\n<\/div><div class=\"w-post-elm post_custom_field usg_post_custom_field_3 w-btn us-btn-style_1 usg_btn_1 startseite-slider-button-mobile has_text_color type_text button_text_slide_startseite color_link_inherit\"><a href=\"https:\/\/www.emilfreyclassics.ch\/classic-cars\/showroom-utoquai-55\/\"><span class=\"w-post-elm-value\">En savoir plus<\/span><\/a><\/div><a href=\"https:\/\/www.emilfreyclassics.ch\/classic-cars\/showroom-utoquai-55\/\" class=\"w-vwrapper-link smooth-scroll\" aria-label=\"Lien\"><\/a><\/div>\t\t<\/div>\r\n\t\t\t<\/article>\r\n\t<article class=\"w-grid-item size_1x1 post-21738 startseiteslider type-startseiteslider status-publish has-post-thumbnail hentry\" data-id=\"21738\">\r\n\t\t<div class=\"w-grid-item-h\">\r\n\t\t\t\t\t\t<div class=\"w-post-elm post_image usg_post_image_1 has_ratio\"><img loading=\"lazy\" decoding=\"async\" width=\"1024\" height=\"682\" src=\"https:\/\/emilfreyclassics.webmodus-dev.ch\/wp-content\/uploads\/2026\/01\/AFG3224-Bearbeitet-scaled-1-1-1024x682.jpg\" class=\"attachment-large size-large wp-post-image\" alt=\"\" \/><div style=\"padding-bottom:56.25%\"><\/div><\/div><div class=\"w-vwrapper usg_vwrapper_1 align_none valign_top\"><div class=\"w-post-elm post_custom_field usg_post_custom_field_1 slider-text-mobile has_text_color type_text inhalt_slide_startseite color_link_inherit\"><span class=\"w-post-elm-value\"><h2>La boutique du mus\u00e9e comblera les petits et grands amateurs de voitures. Vous y trouverez tout ce que vous d\u00e9sirez, des mod\u00e8les r\u00e9duits aux livres en passant par des v\u00eatements exclusifs.<\/h2>\n<\/span><\/div><\/div>\t\t<\/div>\r\n\t\t\t<\/article>\r\n\t<article class=\"w-grid-item size_1x1 post-21729 startseiteslider type-startseiteslider status-publish has-post-thumbnail hentry\" data-id=\"21729\">\r\n\t\t<div class=\"w-grid-item-h\">\r\n\t\t\t\t\t\t<div class=\"w-post-elm post_image usg_post_image_1 has_ratio\"><img loading=\"lazy\" decoding=\"async\" width=\"1024\" height=\"683\" src=\"https:\/\/emilfreyclassics.webmodus-dev.ch\/wp-content\/uploads\/2026\/01\/EF_Classics_Imagebrochure-69-scaled-1-1-1024x683.jpg\" class=\"attachment-large size-large wp-post-image\" alt=\"\" \/><div style=\"padding-bottom:56.25%\"><\/div><\/div><div class=\"w-vwrapper usg_vwrapper_1 align_none valign_top\"><div class=\"w-post-elm post_custom_field usg_post_custom_field_1 slider-text-mobile has_text_color type_text inhalt_slide_startseite color_link_inherit\"><span class=\"w-post-elm-value\"><h2 style=\"font-size: 2.5rem;\">Le Classic Caf\u00e9 vous invite \u00e0 venir vous d\u00e9tendre et vous r\u00e9galer du lundi au samedi.<\/h2>\n<\/span><\/div><\/div>\t\t<\/div>\r\n\t\t\t<\/article>\r\n<\/div><div class=\"w-grid-carousel-json hidden\" onclick='return {&quot;carousel_settings&quot;:{&quot;aria_labels&quot;:{&quot;prev&quot;:&quot;Pr\\u00e9c\\u00e9dent&quot;,&quot;next&quot;:&quot;Suivant&quot;},&quot;autoplayContinual&quot;:false,&quot;autoplayHoverPause&quot;:false,&quot;autoplayTimeout&quot;:7000,&quot;autoWidth&quot;:false,&quot;smartSpeed&quot;:350,&quot;margin&quot;:0,&quot;mouseDrag&quot;:true,&quot;rtl&quot;:false,&quot;slideBy&quot;:&quot;1&quot;,&quot;touchDrag&quot;:true,&quot;slideTransition&quot;:&quot;&quot;,&quot;animateIn&quot;:&quot;fadeIn&quot;,&quot;animateOut&quot;:&quot;fadeOut&quot;,&quot;responsive&quot;:{&quot;0&quot;:{&quot;autoHeight&quot;:true,&quot;autoplay&quot;:true,&quot;autoWidth&quot;:false,&quot;center&quot;:false,&quot;dots&quot;:false,&quot;items&quot;:1,&quot;loop&quot;:true,&quot;nav&quot;:true,&quot;stagePadding&quot;:0,&quot;slideBy&quot;:&quot;1&quot;},&quot;601&quot;:{&quot;autoHeight&quot;:true,&quot;autoplay&quot;:true,&quot;autoWidth&quot;:false,&quot;center&quot;:false,&quot;dots&quot;:false,&quot;items&quot;:1,&quot;loop&quot;:true,&quot;nav&quot;:true,&quot;stagePadding&quot;:0,&quot;slideBy&quot;:&quot;1&quot;},&quot;1025&quot;:{&quot;autoHeight&quot;:true,&quot;autoplay&quot;:true,&quot;autoWidth&quot;:false,&quot;center&quot;:false,&quot;dots&quot;:false,&quot;items&quot;:1,&quot;loop&quot;:true,&quot;nav&quot;:true,&quot;stagePadding&quot;:0,&quot;slideBy&quot;:&quot;1&quot;},&quot;1381&quot;:{&quot;items&quot;:1,&quot;autoplay&quot;:true,&quot;center&quot;:false,&quot;dots&quot;:false,&quot;nav&quot;:true,&quot;autoHeight&quot;:true,&quot;autoWidth&quot;:false,&quot;loop&quot;:true,&quot;stagePadding&quot;:0}}}}'><\/div><\/div><\/div><\/div><\/div><\/div><\/div><\/section><section class=\"l-section wpb_row us_custom_278d8c57 height_medium\"><div class=\"l-section-h i-cf\"><div class=\"g-cols vc_row via_flex valign_top type_default stacking_default\"><div class=\"vc_col-sm-12 wpb_column vc_column_container\"><div class=\"vc_column-inner\"><div class=\"wpb_wrapper\">[vc_custom_heading text=\u00a0\u00bbNos \u00e9v\u00e9nements actuels \u2013 vivez des moments exceptionnels avec nous\u00a0\u00bb use_theme_fonts=\u00a0\u00bbyes\u00a0\u00bb]<\/div><\/div><\/div><\/div><\/div><\/section><section class=\"l-section wpb_row height_medium\"><div class=\"l-section-h i-cf\"><div class=\"g-cols vc_row via_flex valign_top type_default stacking_default\"><div class=\"vc_col-sm-12 wpb_column vc_column_container\"><div class=\"vc_column-inner\"><div class=\"wpb_wrapper\"><div class=\"w-grid us_post_list type_grid layout_18488 hidden cols_2 preload_style_spinner\" id=\"us_post_list_q4c6\" style=\"--columns:2;--gap:1.5rem;\"><style>@media (max-width:600px){#us_post_list_q4c6{--columns:1!important}}.layout_18488 .w-grid-item-h{}.layout_18488 .usg_post_title_1{margin-top:20px!important}.layout_18488 .usg_post_custom_field_2{margin-top:10px!important}.layout_18488 .usg_btn_1{margin-top:20px!important}.layout_18488 .usg_post_custom_field_3{margin-top:20px!important}<\/style><div class=\"w-grid-list\"><\/div><div class=\"g-loadmore hidden\"><div class=\"g-preloader type_1\"><div><\/div><\/div><\/div><div class=\"w-grid-list-json hidden\" onclick='return {&quot;max_num_pages&quot;:0,&quot;paginationBase&quot;:&quot;page&quot;,&quot;pagination&quot;:&quot;none&quot;,&quot;paged&quot;:1,&quot;ajaxData&quot;:{&quot;action&quot;:&quot;us_ajax_post_list&quot;,&quot;meta_type&quot;:&quot;post&quot;,&quot;object_id&quot;:0,&quot;template_vars&quot;:{&quot;shortcode_base&quot;:&quot;us_post_list&quot;,&quot;paged&quot;:1,&quot;max_num_pages&quot;:0,&quot;no_results&quot;:true,&quot;us_post_content_design_css&quot;:[],&quot;found_posts&quot;:0,&quot;items_count&quot;:0,&quot;source&quot;:&quot;all&quot;,&quot;custom_field_name&quot;:&quot;&quot;,&quot;ids&quot;:&quot;&quot;,&quot;post_type&quot;:&quot;event&quot;,&quot;attachment_ids&quot;:null,&quot;include_post_thumbnail&quot;:0,&quot;post_author&quot;:&quot;any&quot;,&quot;post_author_ids&quot;:&quot;&quot;,&quot;apply_url_params&quot;:0,&quot;ignore_sticky_posts&quot;:1,&quot;exclude_children&quot;:0,&quot;exclude_current_post&quot;:&quot;0&quot;,&quot;exclude_prev_posts&quot;:0,&quot;exclude_past_events&quot;:0,&quot;enable_items_offset&quot;:0,&quot;items_offset&quot;:&quot;1&quot;,&quot;tax_query_relation&quot;:&quot;AND&quot;,&quot;tax_query&quot;:&quot;%5B%7B%22operator%22%3A%22IN%22%2C%22taxonomy%22%3A%22category%22%2C%22terms%22%3A%222284%22%2C%22include_children%22%3A%220%22%7D%5D&quot;,&quot;meta_query_relation&quot;:&quot;none&quot;,&quot;meta_query&quot;:[{&quot;key&quot;:&quot;custom_field_name&quot;,&quot;compare&quot;:&quot;=&quot;,&quot;value&quot;:&quot;&quot;}],&quot;orderby&quot;:&quot;menu_order&quot;,&quot;orderby_custom_field&quot;:&quot;&quot;,&quot;orderby_custom_type&quot;:0,&quot;order_invert&quot;:0,&quot;show_all&quot;:0,&quot;quantity&quot;:&quot;2&quot;,&quot;posts_per_archive_page&quot;:0,&quot;no_items_action&quot;:&quot;hide_grid&quot;,&quot;no_items_message&quot;:&quot;Aucun r\\u00e9sultat.&quot;,&quot;no_items_page_block&quot;:&quot;&quot;,&quot;pagination&quot;:&quot;none&quot;,&quot;pagination_style&quot;:&quot;&quot;,&quot;pagination_btn_text&quot;:&quot;Charger plus&quot;,&quot;pagination_btn_size&quot;:&quot;&quot;,&quot;pagination_btn_style&quot;:&quot;1&quot;,&quot;pagination_btn_fullwidth&quot;:0,&quot;items_layout&quot;:&quot;18488&quot;,&quot;type&quot;:&quot;grid&quot;,&quot;items_valign&quot;:0,&quot;ignore_items_size&quot;:0,&quot;columns&quot;:&quot;2&quot;,&quot;items_gap&quot;:&quot;1.5rem&quot;,&quot;load_animation&quot;:&quot;none&quot;,&quot;items_preload_style&quot;:&quot;spinner&quot;,&quot;img_size&quot;:&quot;default&quot;,&quot;title_size&quot;:&quot;&quot;,&quot;items_ratio&quot;:&quot;default&quot;,&quot;items_ratio_width&quot;:&quot;21&quot;,&quot;items_ratio_height&quot;:&quot;9&quot;,&quot;overriding_link&quot;:&quot;%7B%22url%22%3A%22%22%7D&quot;,&quot;popup_page_template&quot;:&quot;0&quot;,&quot;popup_width&quot;:&quot;&quot;,&quot;popup_arrows&quot;:1,&quot;breakpoint_1_width&quot;:&quot;1381px&quot;,&quot;breakpoint_1_cols&quot;:&quot;default&quot;,&quot;breakpoint_1_quantity&quot;:&quot;&quot;,&quot;breakpoint_1_gap&quot;:&quot;&quot;,&quot;breakpoint_2_width&quot;:&quot;1025px&quot;,&quot;breakpoint_2_cols&quot;:&quot;2&quot;,&quot;breakpoint_2_quantity&quot;:&quot;&quot;,&quot;breakpoint_2_gap&quot;:&quot;&quot;,&quot;breakpoint_3_width&quot;:&quot;601px&quot;,&quot;breakpoint_3_cols&quot;:&quot;1&quot;,&quot;breakpoint_3_quantity&quot;:&quot;&quot;,&quot;breakpoint_3_gap&quot;:&quot;&quot;,&quot;conditions_operator&quot;:&quot;always&quot;,&quot;conditions&quot;:[],&quot;css&quot;:null,&quot;el_class&quot;:&quot;&quot;,&quot;el_id&quot;:&quot;&quot;,&quot;enable_custom_html_atts&quot;:0,&quot;custom_html_atts&quot;:null,&quot;hide_on_states&quot;:&quot;&quot;,&quot;hide_for_sticky&quot;:0,&quot;hide_for_not_sticky&quot;:0,&quot;hide_below&quot;:&quot;0px&quot;,&quot;hide_above&quot;:&quot;0px&quot;,&quot;classes&quot;:&quot;&quot;}},&quot;facetedFilter&quot;:[]}'><\/div><\/div><\/div><\/div><\/div><\/div><\/div><\/section><section class=\"l-section wpb_row height_medium\"><div class=\"l-section-h i-cf\"><div class=\"g-cols vc_row via_flex valign_top type_default stacking_default\"><div class=\"vc_col-sm-6 wpb_column vc_column_container\"><div class=\"vc_column-inner\"><div class=\"wpb_wrapper\"><div class=\"wpb_text_column ef-uppercase\"><div class=\"wpb_wrapper\"><p>Experts for your Passion<\/p>\n<\/div><\/div>[vc_custom_heading text=\u00a0\u00bbLe Classic Center Suisse se consid\u00e8re comme un lieu de rencontre \u00e9l\u00e9gant pour les amateurs et les collectionneurs de v\u00e9hicules historiques et classiques.\u00a0\u00bb font_container=\u00a0\u00bbtag:h1|font_size:2rem|text_align:right|color:%23FFFFFF\u00a0\u00bb use_theme_fonts=\u00a0\u00bbyes\u00a0\u00bb css=\u00a0\u00bb%7B%22default%22%3A%7B%22text-align%22%3A%22left%22%7D%7D\u00a0\u00bb]<div class=\"wpb_text_column\"><div class=\"wpb_wrapper\"><p><span>Les voitures classiques fascinent toutes les g\u00e9n\u00e9rations et suscitent syst\u00e9matiquement des regards admiratifs. Partageant cette passion, Emil Frey SA a donc fond\u00e9 Emil Frey Classics SA \u00e0 Safenwil, la plaque tournante logistique de l\u2019entreprise. La filiale exploite le Classic Center Suisse, install\u00e9 dans une ancienne usine textile r\u00e9nov\u00e9e avec soin et compl\u00e9t\u00e9e par un nouveau b\u00e2timent du m\u00eame style architectural.<\/span><\/p>\n<\/div><\/div><div class=\"w-separator size_small\"><\/div><div class=\"w-btn-wrapper align_left\"><a class=\"w-btn us-btn-style_1\" href=\"https:\/\/www.emilfreyclassics.ch\/fr\/a-propos-de-nous-2-2\/histoire\/\"><span class=\"w-btn-label\">Histoire<\/span><\/a><\/div><\/div><\/div><\/div><div class=\"vc_col-sm-6 wpb_column vc_column_container\"><div class=\"vc_column-inner\"><div class=\"wpb_wrapper\"><div class=\"w-image align_none\"><div class=\"w-image-h\"><img decoding=\"async\" width=\"1024\" height=\"622\" src=\"https:\/\/emilfreyclassics.webmodus-dev.ch\/wp-content\/uploads\/2019\/11\/webpreview_small-1024x622.jpg\" class=\"attachment-large size-large\" alt=\"\" loading=\"lazy\" srcset=\"https:\/\/emilfreyclassics.webmodus-dev.ch\/wp-content\/uploads\/2019\/11\/webpreview_small-1024x622.jpg 1024w, https:\/\/emilfreyclassics.webmodus-dev.ch\/wp-content\/uploads\/2019\/11\/webpreview_small-600x364.jpg 600w, https:\/\/emilfreyclassics.webmodus-dev.ch\/wp-content\/uploads\/2019\/11\/webpreview_small-300x182.jpg 300w, https:\/\/emilfreyclassics.webmodus-dev.ch\/wp-content\/uploads\/2019\/11\/webpreview_small-768x466.jpg 768w, https:\/\/emilfreyclassics.webmodus-dev.ch\/wp-content\/uploads\/2019\/11\/webpreview_small.jpg 1500w\" sizes=\"auto, (max-width: 1024px) 100vw, 1024px\" \/><\/div><\/div><\/div><\/div><\/div><\/div><\/div><\/section><section class=\"l-section wpb_row height_medium\"><div class=\"l-section-h i-cf\"><div class=\"g-cols vc_row via_flex valign_top type_default reversed stacking_default\"><div class=\"vc_col-sm-6 wpb_column vc_column_container\"><div class=\"vc_column-inner\"><div class=\"wpb_wrapper\"><div class=\"w-image align_none\"><div class=\"w-image-h\"><img decoding=\"async\" width=\"567\" height=\"425\" src=\"https:\/\/emilfreyclassics.webmodus-dev.ch\/wp-content\/uploads\/2019\/08\/Bitmap-3.png\" class=\"attachment-large size-large\" alt=\"\" loading=\"lazy\" srcset=\"https:\/\/emilfreyclassics.webmodus-dev.ch\/wp-content\/uploads\/2019\/08\/Bitmap-3.png 567w, https:\/\/emilfreyclassics.webmodus-dev.ch\/wp-content\/uploads\/2019\/08\/Bitmap-3-300x225.png 300w\" sizes=\"auto, (max-width: 567px) 100vw, 567px\" \/><\/div><\/div><\/div><\/div><\/div><div class=\"vc_col-sm-6 wpb_column vc_column_container\"><div class=\"vc_column-inner\"><div class=\"wpb_wrapper\"><div class=\"wpb_text_column ef-uppercase\"><div class=\"wpb_wrapper\"><p><span>L\u2019histoire de l\u2019automobile sur trois \u00e9tages<\/span><\/p>\n<\/div><\/div>[vc_custom_heading text=\u00a0\u00bbLes passionn\u00e9s de voitures d&rsquo;Emil Frey Ltd collectionnent des v\u00e9hicules historiquement int\u00e9ressants depuis de nombreuses d\u00e9cennies.\u00a0\u00bb font_container=\u00a0\u00bbtag:h2|text_align:left|color:%23FFFFFF\u00a0\u00bb use_theme_fonts=\u00a0\u00bbyes\u00a0\u00bb]<div class=\"wpb_text_column\"><div class=\"wpb_wrapper\"><p><span>L\u2019exposition se concentre principalement sur les v\u00e9hicules de collection de l\u2019apr\u00e8s-guerre aux ann\u00e9es 80, principalement d\u2019origine anglaise et japonaise. Vous pouvez admirer des ic\u00f4nes du design telles que la Jaguar E-Type, la Toyota 2000 GT et l\u2019Aston Martin DB4 Vantage. Le Classic Car Museum est une destination enrichissante pour tous ceux qui veulent d\u00e9couvrir l\u2019histoire de l\u2019automobile de pr\u00e8s.<\/span><\/p>\n<\/div><\/div><div class=\"w-separator size_small\"><\/div><div class=\"w-btn-wrapper align_left\"><a class=\"w-btn us-btn-style_1\" href=\"https:\/\/www.emilfreyclassics.ch\/fr\/musee\/\"><span class=\"w-btn-label\">Mus\u00e9e de la voiture classique<\/span><\/a><\/div><\/div><\/div><\/div><\/div><\/div><\/section><section class=\"l-section wpb_row height_medium\"><div class=\"l-section-h i-cf\"><div class=\"g-cols vc_row via_flex valign_top type_default stacking_default\"><div class=\"vc_col-sm-6 wpb_column vc_column_container\"><div class=\"vc_column-inner\"><div class=\"wpb_wrapper\"><div class=\"wpb_text_column ef-uppercase\"><div class=\"wpb_wrapper\"><p><span>Nous proposons des services \u00e9v\u00e9nementiels pour garantir le bon d\u00e9roulement.<\/span><\/p>\n<\/div><\/div>[vc_custom_heading text=\u00a0\u00bbL&rsquo;Event Center: de l&rsquo;espace pour les id\u00e9es\u00a0\u00bb font_container=\u00a0\u00bbtag:h2|text_align:right|color:%23FFFFFF\u00a0\u00bb use_theme_fonts=\u00a0\u00bbyes\u00a0\u00bb css=\u00a0\u00bb%7B%22default%22%3A%7B%22text-align%22%3A%22left%22%7D%7D\u00a0\u00bb]<div class=\"wpb_text_column\"><div class=\"wpb_wrapper\"><p><span>L\u2019Event Center propose des locaux multifonctionnels \u00e9quip\u00e9s des derni\u00e8res technologies, pouvant \u00eatre utilis\u00e9s pour des \u00e9v\u00e9nements de toutes sortes et accueillir de 5 \u00e0 550 personnes. Vous pourrez offrir \u00e0 vos invit\u00e9s une exp\u00e9rience exceptionnelle qu\u2019ils n\u2019oublieront pas de sit\u00f4t.<\/span><\/p>\n<\/div><\/div><div class=\"w-separator size_small\"><\/div><div class=\"w-btn-wrapper align_left\"><a class=\"w-btn us-btn-style_1\" href=\"https:\/\/www.emilfreyclassics.ch\/fr\/event-center\/\"><span class=\"w-btn-label\">L&rsquo;Event Center<\/span><\/a><\/div><\/div><\/div><\/div><div class=\"vc_col-sm-6 wpb_column vc_column_container\"><div class=\"vc_column-inner\"><div class=\"wpb_wrapper\"><div class=\"w-image align_none\"><div class=\"w-image-h\"><img decoding=\"async\" width=\"1024\" height=\"768\" src=\"https:\/\/emilfreyclassics.webmodus-dev.ch\/wp-content\/uploads\/2019\/10\/Brunch-1024x768.jpg\" class=\"attachment-large size-large\" alt=\"\" loading=\"lazy\" srcset=\"https:\/\/emilfreyclassics.webmodus-dev.ch\/wp-content\/uploads\/2019\/10\/Brunch-1024x768.jpg 1024w, https:\/\/emilfreyclassics.webmodus-dev.ch\/wp-content\/uploads\/2019\/10\/Brunch-600x450.jpg 600w, https:\/\/emilfreyclassics.webmodus-dev.ch\/wp-content\/uploads\/2019\/10\/Brunch-300x225.jpg 300w, https:\/\/emilfreyclassics.webmodus-dev.ch\/wp-content\/uploads\/2019\/10\/Brunch-768x576.jpg 768w, https:\/\/emilfreyclassics.webmodus-dev.ch\/wp-content\/uploads\/2019\/10\/Brunch.jpg 1600w\" sizes=\"auto, (max-width: 1024px) 100vw, 1024px\" \/><\/div><\/div><\/div><\/div><\/div><\/div><\/div><\/section><section class=\"l-section wpb_row us_custom_19737bc8 ef-background-container ef-black-font ef-full-md-background height_medium width_full_with_indents\"><div class=\"l-section-h i-cf\"><div class=\"g-cols vc_row via_flex valign_top type_default stacking_default\"><div class=\"vc_col-sm-12 wpb_column vc_column_container has_text_color has_bg_color\"><div class=\"vc_column-inner us_custom_0bc6de0b\"><div class=\"wpb_wrapper\">[vc_custom_heading text=\u00a0\u00bbLa passion devra \u00eatre prise en charge\u00a0\u00bb font_container=\u00a0\u00bbtag:h2|text_align:center|color:%23000000&Prime; use_theme_fonts=\u00a0\u00bbyes\u00a0\u00bb]<div class=\"wpb_text_column us_custom_5ba4b24e ef-font-18\"><div class=\"wpb_wrapper\"><p><span>Notre devise: \u00abtop qualit\u00e9 \u2013 une main\u00bb. Nos voitures classiques sont prises en charge par nos sp\u00e9cialistes hautement qualifi\u00e8s dans nos propres ateliers de voitures classiques. Ils ont tous une affinit\u00e9 \u00e9troite avec les \u00abclassiques\u00bb des marques britanniques traditionnelles<\/span><\/p>\n<\/div><\/div><div class=\"w-separator size_medium\"><\/div><div class=\"w-hwrapper container-logos-home valign_middle align_center\"><div class=\"w-image align_none\"><div class=\"w-image-h\"><img decoding=\"async\" width=\"946\" height=\"946\" src=\"https:\/\/emilfreyclassics.webmodus-dev.ch\/wp-content\/uploads\/2019\/11\/Aston-Martin_Heritage_Parts_logo.png\" class=\"attachment-large size-large\" alt=\"\" loading=\"lazy\" srcset=\"https:\/\/emilfreyclassics.webmodus-dev.ch\/wp-content\/uploads\/2019\/11\/Aston-Martin_Heritage_Parts_logo.png 946w, https:\/\/emilfreyclassics.webmodus-dev.ch\/wp-content\/uploads\/2019\/11\/Aston-Martin_Heritage_Parts_logo-300x300.png 300w, https:\/\/emilfreyclassics.webmodus-dev.ch\/wp-content\/uploads\/2019\/11\/Aston-Martin_Heritage_Parts_logo-150x150.png 150w, https:\/\/emilfreyclassics.webmodus-dev.ch\/wp-content\/uploads\/2019\/11\/Aston-Martin_Heritage_Parts_logo-600x600.png 600w, https:\/\/emilfreyclassics.webmodus-dev.ch\/wp-content\/uploads\/2019\/11\/Aston-Martin_Heritage_Parts_logo-768x768.png 768w\" sizes=\"auto, (max-width: 946px) 100vw, 946px\" \/><\/div><\/div><div class=\"w-image align_none\"><div class=\"w-image-h\"><img decoding=\"async\" width=\"720\" height=\"438\" src=\"https:\/\/emilfreyclassics.webmodus-dev.ch\/wp-content\/uploads\/2019\/12\/EFC_maincolor_web_.png\" class=\"attachment-large size-large\" alt=\"\" loading=\"lazy\" srcset=\"https:\/\/emilfreyclassics.webmodus-dev.ch\/wp-content\/uploads\/2019\/12\/EFC_maincolor_web_.png 720w, https:\/\/emilfreyclassics.webmodus-dev.ch\/wp-content\/uploads\/2019\/12\/EFC_maincolor_web_-600x365.png 600w, https:\/\/emilfreyclassics.webmodus-dev.ch\/wp-content\/uploads\/2019\/12\/EFC_maincolor_web_-300x183.png 300w\" sizes=\"auto, (max-width: 720px) 100vw, 720px\" \/><\/div><\/div><\/div><div class=\"w-separator size_medium\"><\/div><div class=\"g-cols wpb_row via_flex valign_top type_default stacking_default\"><div class=\"vc_col-sm-4 wpb_column vc_column_container\"><div class=\"vc_column-inner\"><div class=\"wpb_wrapper\"><div class=\"w-image align_none\"><div class=\"w-image-h\"><img decoding=\"async\" width=\"1024\" height=\"683\" src=\"https:\/\/emilfreyclassics.webmodus-dev.ch\/wp-content\/uploads\/2019\/11\/044-1024x683.jpg\" class=\"attachment-large size-large\" alt=\"\" loading=\"lazy\" srcset=\"https:\/\/emilfreyclassics.webmodus-dev.ch\/wp-content\/uploads\/2019\/11\/044-1024x683.jpg 1024w, https:\/\/emilfreyclassics.webmodus-dev.ch\/wp-content\/uploads\/2019\/11\/044-600x400.jpg 600w, https:\/\/emilfreyclassics.webmodus-dev.ch\/wp-content\/uploads\/2019\/11\/044-300x200.jpg 300w, https:\/\/emilfreyclassics.webmodus-dev.ch\/wp-content\/uploads\/2019\/11\/044-768x512.jpg 768w, https:\/\/emilfreyclassics.webmodus-dev.ch\/wp-content\/uploads\/2019\/11\/044-1536x1024.jpg 1536w, https:\/\/emilfreyclassics.webmodus-dev.ch\/wp-content\/uploads\/2019\/11\/044.jpg 1920w\" sizes=\"auto, (max-width: 1024px) 100vw, 1024px\" \/><\/div><\/div><div class=\"w-separator size_small\"><\/div><h3 class=\"w-text us_custom_ccd53f7d has_text_color\"><span class=\"w-text-h\"><span class=\"w-text-value\">Atelier et pi\u00e8ces d\u00e9tach\u00e9es<\/span><\/span><\/h3><div class=\"wpb_text_column\"><div class=\"wpb_wrapper\"><p><span>Les voitures classiques entretenues dans leur \u00e9tat d\u2019origine garantissent un plaisir de conduite exceptionnel. Lorsqu\u2019il est question du maintien de la valeur de votre v\u00e9hicule d\u2019amateur, vous pouvez compter sur notre expertise et notre soutien.<\/span><\/p>\n<\/div><\/div><div class=\"w-separator hide_on_default hide_on_laptops size_medium\"><\/div><\/div><\/div><\/div><div class=\"vc_col-sm-4 wpb_column vc_column_container\"><div class=\"vc_column-inner\"><div class=\"wpb_wrapper\"><div class=\"w-image align_none\"><div class=\"w-image-h\"><img decoding=\"async\" width=\"1024\" height=\"683\" src=\"https:\/\/emilfreyclassics.webmodus-dev.ch\/wp-content\/uploads\/2019\/11\/037-1024x683.jpg\" class=\"attachment-large size-large\" alt=\"\" loading=\"lazy\" srcset=\"https:\/\/emilfreyclassics.webmodus-dev.ch\/wp-content\/uploads\/2019\/11\/037-1024x683.jpg 1024w, https:\/\/emilfreyclassics.webmodus-dev.ch\/wp-content\/uploads\/2019\/11\/037-600x400.jpg 600w, https:\/\/emilfreyclassics.webmodus-dev.ch\/wp-content\/uploads\/2019\/11\/037-300x200.jpg 300w, https:\/\/emilfreyclassics.webmodus-dev.ch\/wp-content\/uploads\/2019\/11\/037-768x512.jpg 768w, https:\/\/emilfreyclassics.webmodus-dev.ch\/wp-content\/uploads\/2019\/11\/037-1536x1024.jpg 1536w, https:\/\/emilfreyclassics.webmodus-dev.ch\/wp-content\/uploads\/2019\/11\/037.jpg 1920w\" sizes=\"auto, (max-width: 1024px) 100vw, 1024px\" \/><\/div><\/div><div class=\"w-separator size_small\"><\/div><h3 class=\"w-text us_custom_ccd53f7d has_text_color\"><span class=\"w-text-h\"><span class=\"w-text-value\">Restoration<\/span><\/span><\/h3><div class=\"wpb_text_column\"><div class=\"wpb_wrapper\"><p><span>La restauration de voitures classiques demande un regard avis\u00e9, une longue exp\u00e9rience et beaucoup de dext\u00e9rit\u00e9. Tout au long du processus, nous avons \u00e0 c\u0153ur d\u2019utiliser le plus de pi\u00e8ces d\u2019origine possible, afin que les v\u00e9hicules classiques conservent leur patine \u00e9l\u00e9gante acquise au fil des ans.<\/span><\/p>\n<\/div><\/div><div class=\"w-separator hide_on_default hide_on_laptops size_medium\"><\/div><\/div><\/div><\/div><div class=\"vc_col-sm-4 wpb_column vc_column_container\"><div class=\"vc_column-inner\"><div class=\"wpb_wrapper\"><div class=\"w-image align_none\"><div class=\"w-image-h\"><img decoding=\"async\" width=\"1024\" height=\"683\" src=\"https:\/\/emilfreyclassics.webmodus-dev.ch\/wp-content\/uploads\/2019\/11\/053-1024x683.jpg\" class=\"attachment-large size-large\" alt=\"\" loading=\"lazy\" srcset=\"https:\/\/emilfreyclassics.webmodus-dev.ch\/wp-content\/uploads\/2019\/11\/053-1024x683.jpg 1024w, https:\/\/emilfreyclassics.webmodus-dev.ch\/wp-content\/uploads\/2019\/11\/053-600x400.jpg 600w, https:\/\/emilfreyclassics.webmodus-dev.ch\/wp-content\/uploads\/2019\/11\/053-300x200.jpg 300w, https:\/\/emilfreyclassics.webmodus-dev.ch\/wp-content\/uploads\/2019\/11\/053-768x512.jpg 768w, https:\/\/emilfreyclassics.webmodus-dev.ch\/wp-content\/uploads\/2019\/11\/053-1536x1024.jpg 1536w, https:\/\/emilfreyclassics.webmodus-dev.ch\/wp-content\/uploads\/2019\/11\/053.jpg 1920w\" sizes=\"auto, (max-width: 1024px) 100vw, 1024px\" \/><\/div><\/div><div class=\"w-separator size_small\"><\/div><h3 class=\"w-text us_custom_ccd53f7d has_text_color\"><span class=\"w-text-h\"><span class=\"w-text-value\">Service et maintenance<\/span><\/span><\/h3><div class=\"wpb_text_column\"><div class=\"wpb_wrapper\"><p><span>Unis par leur passion pour les voitures classiques, nos sp\u00e9cialistes font preuve de grande exp\u00e9rience et de savoir-faire. Ils ont bien entendu un vaste choix d\u2019outils sp\u00e9cialis\u00e9s \u00e0 leur disposition. Ils rel\u00e8vent tous les d\u00e9fis avec enthousiasme.<\/span><\/p>\n<\/div><\/div><\/div><\/div><\/div><\/div><\/div><\/div><\/div><\/div><\/div><\/section><section class=\"l-section wpb_row height_medium\"><div class=\"l-section-h i-cf\"><div class=\"g-cols vc_row via_flex valign_top type_default stacking_default\"><div class=\"vc_col-sm-12 wpb_column vc_column_container\"><div class=\"vc_column-inner\"><div class=\"wpb_wrapper\"><div class=\"w-separator hide_on_default hide_on_laptops hide_on_tablets size_medium\"><\/div><div class=\"wpb_text_column ef-uppercase\"><div class=\"wpb_wrapper\"><p style=\"text-align: center;\"><span>ACHAT ET VENTE D\u2019AUTOMOBILES CLASSIQUES<\/span><\/p>\n<\/div><\/div>[vc_custom_heading text=\u00a0\u00bbConstamment \u00e0 l\u2019aff\u00fbt de voitures classiques, essentiellement britanniques, susceptibles de s\u2019int\u00e9grer \u00e0 notre portefeuille, nous sommes \u00e9galement un interlocuteur id\u00e9al pour les vendeurs.\u00a0\u00bb font_container=\u00a0\u00bbtag:h2|font_size:2.25rem|text_align:center|color:%23ffffff\u00a0\u00bb google_fonts=\u00a0\u00bbfont_family:Bree%20Serif%3Aregular|font_style:400%20regular%3A400%3Anormal\u00a0\u00bb css=\u00a0\u00bb%7B%22default%22%3A%7B%22max-width%22%3A%22800px%22%7D%7D\u00a0\u00bb el_class=\u00a0\u00bbbottom-text\u00a0\u00bb][vc_custom_heading text=\u00a0\u00bb\u201eVous ne pouvez pas traiter une voiture comme un \u00eatre humain \u2013 une voiture a besoin d\u2019amour.\u201c<br \/>\nWalter R\u00f6hrl\u00a0\u00bb font_container=\u00a0\u00bbtag:h2|font_size:2.25rem|text_align:center|color:%23ffffff\u00a0\u00bb google_fonts=\u00a0\u00bbfont_family:Bree%20Serif%3Aregular|font_style:400%20regular%3A400%3Anormal\u00a0\u00bb css=\u00a0\u00bb%7B%22default%22%3A%7B%22max-width%22%3A%22800px%22%7D%7D\u00a0\u00bb el_class=\u00a0\u00bbbottom-text\u00a0\u00bb]<div class=\"w-separator hide_on_default hide_on_laptops hide_on_tablets size_medium\"><\/div><\/div><\/div><\/div><\/div><\/div><\/section>\n","protected":false},"excerpt":{"rendered":"","protected":false},"author":16,"featured_media":0,"parent":0,"menu_order":123,"comment_status":"closed","ping_status":"closed","template":"","meta":{"_acf_changed":false,"footnotes":""},"class_list":["post-755","page","type-page","status-publish","hentry"],"acf":[],"yoast_head":"<!-- This site is optimized with the Yoast SEO plugin v24.6 - https:\/\/yoast.com\/wordpress\/plugins\/seo\/ -->\n<title>Emil Frey Classics AG: Home<\/title>\n<meta name=\"description\" content=\"Emil Frey Classics AG in Safenwil: Tel 062 788 79 20, ein International ausgerichtetes Oldtimer-Kompetenzzentrum, Handel mit klassischen Fahrzeugen\" \/>\n<meta name=\"robots\" content=\"noindex, follow, max-snippet:-1, max-image-preview:large, max-video-preview:-1\" \/>\n<meta property=\"og:locale\" content=\"fr_FR\" \/>\n<meta property=\"og:type\" content=\"article\" \/>\n<meta property=\"og:title\" content=\"Emil Frey Classics AG: Home\" \/>\n<meta property=\"og:description\" content=\"Emil Frey Classics AG in Safenwil: Tel 062 788 79 20, ein International ausgerichtetes Oldtimer-Kompetenzzentrum, Handel mit klassischen Fahrzeugen\" \/>\n<meta property=\"og:url\" content=\"https:\/\/emilfreyclassics.webmodus-dev.ch\/fr\/\" \/>\n<meta property=\"og:site_name\" content=\"Emil Frey Classics AG\" \/>\n<meta property=\"article:publisher\" content=\"https:\/\/www.facebook.com\/emilfreyclassics\/\" \/>\n<meta property=\"article:modified_time\" content=\"2026-03-10T10:32:38+00:00\" \/>\n<meta name=\"twitter:card\" content=\"summary_large_image\" \/>\n<meta name=\"twitter:label1\" content=\"Dur\u00e9e de lecture estim\u00e9e\" \/>\n\t<meta name=\"twitter:data1\" content=\"4 minutes\" \/>\n<script type=\"application\/ld+json\" class=\"yoast-schema-graph\">{\"@context\":\"https:\/\/schema.org\",\"@graph\":[{\"@type\":\"WebPage\",\"@id\":\"https:\/\/emilfreyclassics.webmodus-dev.ch\/fr\/\",\"url\":\"https:\/\/emilfreyclassics.webmodus-dev.ch\/fr\/\",\"name\":\"Emil Frey Classics AG: Home\",\"isPartOf\":{\"@id\":\"https:\/\/emilfreyclassics.webmodus-dev.ch\/#website\"},\"datePublished\":\"2019-10-01T13:55:59+00:00\",\"dateModified\":\"2026-03-10T10:32:38+00:00\",\"description\":\"Emil Frey Classics AG in Safenwil: Tel 062 788 79 20, ein International ausgerichtetes Oldtimer-Kompetenzzentrum, Handel mit klassischen Fahrzeugen\",\"breadcrumb\":{\"@id\":\"https:\/\/emilfreyclassics.webmodus-dev.ch\/fr\/#breadcrumb\"},\"inLanguage\":\"fr-FR\",\"potentialAction\":[{\"@type\":\"ReadAction\",\"target\":[\"https:\/\/emilfreyclassics.webmodus-dev.ch\/fr\/\"]}]},{\"@type\":\"BreadcrumbList\",\"@id\":\"https:\/\/emilfreyclassics.webmodus-dev.ch\/fr\/#breadcrumb\",\"itemListElement\":[{\"@type\":\"ListItem\",\"position\":1,\"name\":\"Home\",\"item\":\"https:\/\/emilfreyclassics.webmodus-dev.ch\/fr\/\"},{\"@type\":\"ListItem\",\"position\":2,\"name\":\"Home\"}]},{\"@type\":\"WebSite\",\"@id\":\"https:\/\/emilfreyclassics.webmodus-dev.ch\/#website\",\"url\":\"https:\/\/emilfreyclassics.webmodus-dev.ch\/\",\"name\":\"Emil Frey Classics AG\",\"description\":\"\",\"potentialAction\":[{\"@type\":\"SearchAction\",\"target\":{\"@type\":\"EntryPoint\",\"urlTemplate\":\"https:\/\/emilfreyclassics.webmodus-dev.ch\/?s={search_term_string}\"},\"query-input\":{\"@type\":\"PropertyValueSpecification\",\"valueRequired\":true,\"valueName\":\"search_term_string\"}}],\"inLanguage\":\"fr-FR\"}]}<\/script>\n<!-- \/ Yoast SEO plugin. -->","yoast_head_json":{"title":"Emil Frey Classics AG: Home","description":"Emil Frey Classics AG in Safenwil: Tel 062 788 79 20, ein International ausgerichtetes Oldtimer-Kompetenzzentrum, Handel mit klassischen Fahrzeugen","robots":{"index":"noindex","follow":"follow","max-snippet":"max-snippet:-1","max-image-preview":"max-image-preview:large","max-video-preview":"max-video-preview:-1"},"og_locale":"fr_FR","og_type":"article","og_title":"Emil Frey Classics AG: Home","og_description":"Emil Frey Classics AG in Safenwil: Tel 062 788 79 20, ein International ausgerichtetes Oldtimer-Kompetenzzentrum, Handel mit klassischen Fahrzeugen","og_url":"https:\/\/emilfreyclassics.webmodus-dev.ch\/fr\/","og_site_name":"Emil Frey Classics AG","article_publisher":"https:\/\/www.facebook.com\/emilfreyclassics\/","article_modified_time":"2026-03-10T10:32:38+00:00","twitter_card":"summary_large_image","twitter_misc":{"Dur\u00e9e de lecture estim\u00e9e":"4 minutes"},"schema":{"@context":"https:\/\/schema.org","@graph":[{"@type":"WebPage","@id":"https:\/\/emilfreyclassics.webmodus-dev.ch\/fr\/","url":"https:\/\/emilfreyclassics.webmodus-dev.ch\/fr\/","name":"Emil Frey Classics AG: Home","isPartOf":{"@id":"https:\/\/emilfreyclassics.webmodus-dev.ch\/#website"},"datePublished":"2019-10-01T13:55:59+00:00","dateModified":"2026-03-10T10:32:38+00:00","description":"Emil Frey Classics AG in Safenwil: Tel 062 788 79 20, ein International ausgerichtetes Oldtimer-Kompetenzzentrum, Handel mit klassischen Fahrzeugen","breadcrumb":{"@id":"https:\/\/emilfreyclassics.webmodus-dev.ch\/fr\/#breadcrumb"},"inLanguage":"fr-FR","potentialAction":[{"@type":"ReadAction","target":["https:\/\/emilfreyclassics.webmodus-dev.ch\/fr\/"]}]},{"@type":"BreadcrumbList","@id":"https:\/\/emilfreyclassics.webmodus-dev.ch\/fr\/#breadcrumb","itemListElement":[{"@type":"ListItem","position":1,"name":"Home","item":"https:\/\/emilfreyclassics.webmodus-dev.ch\/fr\/"},{"@type":"ListItem","position":2,"name":"Home"}]},{"@type":"WebSite","@id":"https:\/\/emilfreyclassics.webmodus-dev.ch\/#website","url":"https:\/\/emilfreyclassics.webmodus-dev.ch\/","name":"Emil Frey Classics AG","description":"","potentialAction":[{"@type":"SearchAction","target":{"@type":"EntryPoint","urlTemplate":"https:\/\/emilfreyclassics.webmodus-dev.ch\/?s={search_term_string}"},"query-input":{"@type":"PropertyValueSpecification","valueRequired":true,"valueName":"search_term_string"}}],"inLanguage":"fr-FR"}]}},"_links":{"self":[{"href":"https:\/\/emilfreyclassics.webmodus-dev.ch\/fr\/wp-json\/wp\/v2\/pages\/755","targetHints":{"allow":["GET"]}}],"collection":[{"href":"https:\/\/emilfreyclassics.webmodus-dev.ch\/fr\/wp-json\/wp\/v2\/pages"}],"about":[{"href":"https:\/\/emilfreyclassics.webmodus-dev.ch\/fr\/wp-json\/wp\/v2\/types\/page"}],"author":[{"embeddable":true,"href":"https:\/\/emilfreyclassics.webmodus-dev.ch\/fr\/wp-json\/wp\/v2\/users\/16"}],"replies":[{"embeddable":true,"href":"https:\/\/emilfreyclassics.webmodus-dev.ch\/fr\/wp-json\/wp\/v2\/comments?post=755"}],"version-history":[{"count":215,"href":"https:\/\/emilfreyclassics.webmodus-dev.ch\/fr\/wp-json\/wp\/v2\/pages\/755\/revisions"}],"predecessor-version":[{"id":21508,"href":"https:\/\/emilfreyclassics.webmodus-dev.ch\/fr\/wp-json\/wp\/v2\/pages\/755\/revisions\/21508"}],"wp:attachment":[{"href":"https:\/\/emilfreyclassics.webmodus-dev.ch\/fr\/wp-json\/wp\/v2\/media?parent=755"}],"curies":[{"name":"wp","href":"https:\/\/api.w.org\/{rel}","templated":true}]}}