{"id":20585,"date":"2024-07-12T13:04:08","date_gmt":"2024-07-12T13:04:08","guid":{"rendered":"https:\/\/emilfreyclassics.webmodus-dev.ch\/ueber-uns-2\/unsere-firmenwerte\/"},"modified":"2026-03-12T10:12:49","modified_gmt":"2026-03-12T10:12:49","slug":"les-valeurs-de-notre-entreprise","status":"publish","type":"page","link":"https:\/\/emilfreyclassics.webmodus-dev.ch\/fr\/a-propos-de-nous\/les-valeurs-de-notre-entreprise\/","title":{"rendered":"Les valeurs de notre entreprise"},"content":{"rendered":"<section class=\"l-section wpb_row us_custom_278d8c57 height_medium width_full\"><div class=\"l-section-h i-cf\"><div class=\"g-cols vc_row via_flex valign_top type_default stacking_default\"><div class=\"vc_col-sm-12 wpb_column vc_column_container\"><div class=\"vc_column-inner\"><div class=\"wpb_wrapper\"><section class=\"l-section wpb_row us_custom_1bb80f88 height_medium width_full parallax_ver\"><div class=\"l-section-h i-cf\"><div class=\"g-cols vc_row via_flex valign_top type_default stacking_default\"><div class=\"vc_col-sm-12 wpb_column vc_column_container\"><div class=\"vc_column-inner\"><div class=\"wpb_wrapper\"><\/div><\/div><\/div><\/div><\/div><\/section>\n<\/div><\/div><\/div><\/div><\/div><\/section><section class=\"l-section wpb_row height_medium\"><div class=\"l-section-h i-cf\"><div class=\"g-cols vc_row via_flex valign_top type_default stacking_default\"><div class=\"vc_col-sm-12 wpb_column vc_column_container\"><div class=\"vc_column-inner\"><div class=\"wpb_wrapper\">[vc_custom_heading text=\u00a0\u00bbUn engagement envers les clients\u00a0\u00bb font_container=\u00a0\u00bbtag:h2|text_align:left|color:%23FFFFFF\u00a0\u00bb use_theme_fonts=\u00a0\u00bbyes\u00a0\u00bb]<div class=\"wpb_text_column\"><div class=\"wpb_wrapper\"><p><span>Emil Frey n\u2019a jamais perdu de vue \u00e0 qui il devait son succ\u00e8s : \u00e0 ses clients fid\u00e8les et satisfaits ainsi qu\u2019\u00e0 ses collaborateurs sp\u00e9cialis\u00e9s et engag\u00e9s. Cette fa\u00e7on de penser, qui place le client et ses besoins au centre des pr\u00e9occupations, caract\u00e9rise encore aujourd\u2019hui la culture d\u2019entreprise et constitue le principal facteur de r\u00e9ussite.<\/span><\/p>\n<\/div><\/div><\/div><\/div><\/div><\/div><\/div><\/section><section class=\"l-section wpb_row height_medium\"><div class=\"l-section-h i-cf\"><div class=\"g-cols vc_row via_flex valign_top type_default stacking_default\"><div class=\"vc_col-sm-6 wpb_column vc_column_container\"><div class=\"vc_column-inner\"><div class=\"wpb_wrapper\"><div class=\"w-image align_none\"><div class=\"w-image-h\"><img decoding=\"async\" width=\"492\" height=\"675\" src=\"https:\/\/emilfreyclassics.webmodus-dev.ch\/wp-content\/uploads\/2024\/07\/Kundenbrief.jpg\" class=\"attachment-large size-large\" alt=\"\" loading=\"lazy\" srcset=\"https:\/\/emilfreyclassics.webmodus-dev.ch\/wp-content\/uploads\/2024\/07\/Kundenbrief.jpg 492w, https:\/\/emilfreyclassics.webmodus-dev.ch\/wp-content\/uploads\/2024\/07\/Kundenbrief-219x300.jpg 219w\" sizes=\"auto, (max-width: 492px) 100vw, 492px\" \/><\/div><\/div><\/div><\/div><\/div><div class=\"vc_col-sm-6 wpb_column vc_column_container\"><div class=\"vc_column-inner\"><div class=\"wpb_wrapper\">[vc_custom_heading text=\u00a0\u00bbLa \u00ab\u00a0lettre aux clients\u00ab\u00a0 de 1935&Prime; font_container=\u00a0\u00bbtag:h2|text_align:left|color:%23FFFFFF\u00a0\u00bb use_theme_fonts=\u00a0\u00bbyes\u00a0\u00bb]<div class=\"wpb_text_column\"><div class=\"wpb_wrapper\"><p><span>Avec ses services li\u00e9s \u00e0 l\u2019automobile, Emil Frey pose de nouveaux jalons. Dans une lettre de 1935 intitul\u00e9e \u00ab\u00a0An meine geehrte Kundschaft\u00a0\u00bb (\u00e0 ma ch\u00e8re client\u00e8le), le pionnier de l\u2019automobile exposait les principes de son entreprise. Il y promettait de \u00ab\u00a0ne vendre que de la vraie marchandise de qualit\u00e9 \u00e0 des prix corrects\u00a0\u00bb ainsi qu\u2019un service \u00ab\u00a0rapide et consciencieux\u00a0\u00bb assur\u00e9 par son \u00ab\u00a0personnel sp\u00e9cialis\u00e9\u00a0\u00bb. La \u00ab\u00a0lettre aux clients\u00a0\u00bb est la constitution du Groupe Emil Frey encore en vigueur aujourd\u2019hui.<\/span><\/p>\n<\/div><\/div><div class=\"w-separator size_small\"><\/div><\/div><\/div><\/div><\/div><\/div><\/section><section class=\"l-section wpb_row height_medium\"><div class=\"l-section-h i-cf\"><div class=\"g-cols vc_row via_flex valign_top type_default stacking_default\"><div class=\"vc_col-sm-12 wpb_column vc_column_container\"><div class=\"vc_column-inner\"><div class=\"wpb_wrapper\">[vc_custom_heading text=\u00a0\u00bbLes valeurs de notre entreprise\u00a0\u00bb font_container=\u00a0\u00bbtag:h2|text_align:left|color:%23FFFFFF\u00a0\u00bb use_theme_fonts=\u00a0\u00bbyes\u00a0\u00bb]<\/div><\/div><\/div><\/div><\/div><\/section><section class=\"l-section wpb_row height_medium\"><div class=\"l-section-h i-cf\"><div class=\"g-cols vc_row via_flex valign_top type_default stacking_default\"><div class=\"vc_col-sm-6 wpb_column vc_column_container\"><div class=\"vc_column-inner\"><div class=\"wpb_wrapper\"><div class=\"wpb_text_column\"><div class=\"wpb_wrapper\"><p><strong>La constance dans le changement<\/strong><br \/>\n<span>Technique de propulsion alternative, num\u00e9risation, conduite autonome : Le Groupe Emil Frey fait face au changement, se d\u00e9veloppe en permanence \u2013 toujours sur la base des valeurs traditionnelles qui ont fait la grandeur de l\u2019entreprise. Ce n\u2019est pas pour rien que nous pouvons \u00eatre fiers de notre histoire bient\u00f4t centenaire. C\u2019est \u00e0 l\u2019aune de ces valeurs, qui d\u00e9terminent notre action au quotidien, que nous voulons \u00eatre jug\u00e9s.<\/span><\/p>\n<\/div><\/div><\/div><\/div><\/div><div class=\"vc_col-sm-6 wpb_column vc_column_container\"><div class=\"vc_column-inner\"><div class=\"wpb_wrapper\"><div class=\"wpb_text_column\"><div class=\"wpb_wrapper\"><p><strong>Professionnel<\/strong><br \/>\n<span>\u00ab\u00a0Une entreprise ne vaut que ce que valent ses collaborateurs\u00a0\u00bb \u2013 le fondateur de l\u2019entreprise Emil Frey le savait d\u00e9j\u00e0. Il ajoutait \u00e0 chaque fois : \u00ab\u00a0Seuls des collaborateurs satisfaits sont des collaborateurs fiables et loyaux\u00a0\u00bb. Nous le savons : La mise en \u0153uvre cons\u00e9quente de l\u2019id\u00e9e de qualit\u00e9 exige une infrastructure moderne et un personnel au top de sa formation, qui se perfectionne en permanence pour rester \u00e0 la pointe de la technologie.<\/span><\/p>\n<\/div><\/div><\/div><\/div><\/div><\/div><\/div><\/section><section class=\"l-section wpb_row height_medium\"><div class=\"l-section-h i-cf\"><div class=\"g-cols vc_row via_flex valign_top type_default stacking_default\"><div class=\"vc_col-sm-6 wpb_column vc_column_container\"><div class=\"vc_column-inner\"><div class=\"wpb_wrapper\"><div class=\"wpb_text_column\"><div class=\"wpb_wrapper\"><p><strong>Soucieux de la qualit\u00e9<\/strong><br \/>\n<span>Fournir de la qualit\u00e9 \u2013 tant en ce qui concerne nos services que nos produits \u2013 est toujours la base de notre action.<\/span><\/p>\n<\/div><\/div><\/div><\/div><\/div><div class=\"vc_col-sm-6 wpb_column vc_column_container\"><div class=\"vc_column-inner\"><div class=\"wpb_wrapper\"><div class=\"wpb_text_column\"><div class=\"wpb_wrapper\"><p><strong>Orient\u00e9 vers le client<\/strong><br \/>\n<span>Nous sommes fiers de notre travail et nos clients savent que nous mettons tout en \u0153uvre pour r\u00e9pondre consciencieusement et au mieux \u00e0 leurs souhaits et besoins, ainsi que pour d\u00e9passer leurs attentes. La satisfaction du client est notre priorit\u00e9 absolue.<\/span><\/p>\n<\/div><\/div><\/div><\/div><\/div><\/div><\/div><\/section><section class=\"l-section wpb_row height_medium\"><div class=\"l-section-h i-cf\"><div class=\"g-cols vc_row via_flex valign_top type_default stacking_default\"><div class=\"vc_col-sm-6 wpb_column vc_column_container\"><div class=\"vc_column-inner\"><div class=\"wpb_wrapper\"><div class=\"wpb_text_column\"><div class=\"wpb_wrapper\"><p><strong>Conscient du prix<\/strong><br \/>\n<span>Chez nous, non seulement la performance et la qualit\u00e9 sont au rendez-vous, mais aussi le prix. Nous attachons une grande importance \u00e0 une tarification juste, honn\u00eate et compr\u00e9hensible pour le client.<\/span><\/p>\n<\/div><\/div><\/div><\/div><\/div><div class=\"vc_col-sm-6 wpb_column vc_column_container\"><div class=\"vc_column-inner\"><div class=\"wpb_wrapper\"><div class=\"wpb_text_column\"><div class=\"wpb_wrapper\"><p><strong>Cr\u00e9dible<\/strong><br \/>\n<span>Notre nom est synonyme d\u2019informations cr\u00e9dibles. Nous sommes convaincus que les relations \u00e0 long terme avec les clients sont bas\u00e9es sur l\u2019int\u00e9grit\u00e9 et la confiance.<\/span><\/p>\n<\/div><\/div><\/div><\/div><\/div><\/div><\/div><\/section><section class=\"l-section wpb_row height_medium\"><div class=\"l-section-h i-cf\"><div class=\"g-cols vc_row via_flex valign_top type_default stacking_default\"><div class=\"vc_col-sm-6 wpb_column vc_column_container\"><div class=\"vc_column-inner\"><div class=\"wpb_wrapper\"><div class=\"wpb_text_column\"><div class=\"wpb_wrapper\"><p><strong>Aimable<\/strong><br \/>\n<span>Nous \u2013 nos collaboratrices et collaborateurs qualifi\u00e9s \u2013 accueillons nos clients avec le sourire et prenons le temps de les \u00e9couter, eux et leurs pr\u00e9occupations.<\/span><\/p>\n<\/div><\/div><\/div><\/div><\/div><div class=\"vc_col-sm-6 wpb_column vc_column_container\"><div class=\"vc_column-inner\"><div class=\"wpb_wrapper\"><div class=\"wpb_text_column\"><div class=\"wpb_wrapper\"><p><strong>Durable<\/strong><br \/>\n<span>Pour nous, le d\u00e9veloppement durable n\u2019est pas seulement une d\u00e9claration du bout des l\u00e8vres. Nous agissons donc de mani\u00e8re engag\u00e9e, consciente et responsable dans tous les domaines.<\/span><\/p>\n<\/div><\/div><div class=\"w-separator hide_on_default hide_on_laptops size_medium\"><\/div><\/div><\/div><\/div><\/div><\/div><\/section>\n","protected":false},"excerpt":{"rendered":"[vc_custom_heading text=\"Un engagement envers les clients\" font_container=\"tag:h2|text_align:left|color:%23FFFFFF\" use_theme_fonts=\"yes\"]Emil Frey n\u2019a jamais perdu de vue \u00e0 qui il devait son succ\u00e8s : \u00e0 ses clients fid\u00e8les et satisfaits ainsi qu\u2019\u00e0 ses collaborateurs sp\u00e9cialis\u00e9s et engag\u00e9s. Cette fa\u00e7on de penser, qui place le client et ses besoins au centre des pr\u00e9occupations, caract\u00e9rise encore aujourd\u2019hui la culture d\u2019entreprise...","protected":false},"author":12,"featured_media":0,"parent":20573,"menu_order":163,"comment_status":"closed","ping_status":"closed","template":"","meta":{"_acf_changed":false,"footnotes":""},"class_list":["post-20585","page","type-page","status-publish","hentry"],"acf":[],"yoast_head":"<!-- This site is optimized with the Yoast SEO plugin v24.6 - https:\/\/yoast.com\/wordpress\/plugins\/seo\/ -->\n<title>Emil Frey Classics AG: Les valeurs de notre entreprise<\/title>\n<meta name=\"description\" content=\"%\" \/>\n<meta name=\"robots\" content=\"noindex, follow, max-snippet:-1, max-image-preview:large, max-video-preview:-1\" \/>\n<meta property=\"og:locale\" content=\"fr_FR\" \/>\n<meta property=\"og:type\" content=\"article\" \/>\n<meta property=\"og:title\" content=\"Emil Frey Classics AG: Les valeurs de notre entreprise\" \/>\n<meta property=\"og:description\" content=\"%\" \/>\n<meta property=\"og:url\" content=\"https:\/\/emilfreyclassics.webmodus-dev.ch\/fr\/a-propos-de-nous\/les-valeurs-de-notre-entreprise\/\" \/>\n<meta property=\"og:site_name\" content=\"Emil Frey Classics AG\" \/>\n<meta property=\"article:publisher\" content=\"https:\/\/www.facebook.com\/emilfreyclassics\/\" \/>\n<meta property=\"article:modified_time\" content=\"2026-03-12T10:12:49+00:00\" \/>\n<meta name=\"twitter:card\" content=\"summary_large_image\" \/>\n<meta name=\"twitter:label1\" content=\"Dur\u00e9e de lecture estim\u00e9e\" \/>\n\t<meta name=\"twitter:data1\" content=\"3 minutes\" \/>\n<script type=\"application\/ld+json\" class=\"yoast-schema-graph\">{\"@context\":\"https:\/\/schema.org\",\"@graph\":[{\"@type\":\"WebPage\",\"@id\":\"https:\/\/emilfreyclassics.webmodus-dev.ch\/fr\/a-propos-de-nous\/les-valeurs-de-notre-entreprise\/\",\"url\":\"https:\/\/emilfreyclassics.webmodus-dev.ch\/fr\/a-propos-de-nous\/les-valeurs-de-notre-entreprise\/\",\"name\":\"Emil Frey Classics AG: Les valeurs de notre entreprise\",\"isPartOf\":{\"@id\":\"https:\/\/emilfreyclassics.webmodus-dev.ch\/#website\"},\"datePublished\":\"2024-07-12T13:04:08+00:00\",\"dateModified\":\"2026-03-12T10:12:49+00:00\",\"description\":\"%\",\"breadcrumb\":{\"@id\":\"https:\/\/emilfreyclassics.webmodus-dev.ch\/fr\/a-propos-de-nous\/les-valeurs-de-notre-entreprise\/#breadcrumb\"},\"inLanguage\":\"fr-FR\",\"potentialAction\":[{\"@type\":\"ReadAction\",\"target\":[\"https:\/\/emilfreyclassics.webmodus-dev.ch\/fr\/a-propos-de-nous\/les-valeurs-de-notre-entreprise\/\"]}]},{\"@type\":\"BreadcrumbList\",\"@id\":\"https:\/\/emilfreyclassics.webmodus-dev.ch\/fr\/a-propos-de-nous\/les-valeurs-de-notre-entreprise\/#breadcrumb\",\"itemListElement\":[{\"@type\":\"ListItem\",\"position\":1,\"name\":\"Home\",\"item\":\"https:\/\/emilfreyclassics.webmodus-dev.ch\/fr\/\"},{\"@type\":\"ListItem\",\"position\":2,\"name\":\"\u00c0 Propos de nous\",\"item\":\"https:\/\/emilfreyclassics.webmodus-dev.ch\/fr\/a-propos-de-nous\/\"},{\"@type\":\"ListItem\",\"position\":3,\"name\":\"Les valeurs de notre entreprise\"}]},{\"@type\":\"WebSite\",\"@id\":\"https:\/\/emilfreyclassics.webmodus-dev.ch\/#website\",\"url\":\"https:\/\/emilfreyclassics.webmodus-dev.ch\/\",\"name\":\"Emil Frey Classics AG\",\"description\":\"\",\"potentialAction\":[{\"@type\":\"SearchAction\",\"target\":{\"@type\":\"EntryPoint\",\"urlTemplate\":\"https:\/\/emilfreyclassics.webmodus-dev.ch\/?s={search_term_string}\"},\"query-input\":{\"@type\":\"PropertyValueSpecification\",\"valueRequired\":true,\"valueName\":\"search_term_string\"}}],\"inLanguage\":\"fr-FR\"}]}<\/script>\n<!-- \/ Yoast SEO plugin. -->","yoast_head_json":{"title":"Emil Frey Classics AG: Les valeurs de notre entreprise","description":"%","robots":{"index":"noindex","follow":"follow","max-snippet":"max-snippet:-1","max-image-preview":"max-image-preview:large","max-video-preview":"max-video-preview:-1"},"og_locale":"fr_FR","og_type":"article","og_title":"Emil Frey Classics AG: Les valeurs de notre entreprise","og_description":"%","og_url":"https:\/\/emilfreyclassics.webmodus-dev.ch\/fr\/a-propos-de-nous\/les-valeurs-de-notre-entreprise\/","og_site_name":"Emil Frey Classics AG","article_publisher":"https:\/\/www.facebook.com\/emilfreyclassics\/","article_modified_time":"2026-03-12T10:12:49+00:00","twitter_card":"summary_large_image","twitter_misc":{"Dur\u00e9e de lecture estim\u00e9e":"3 minutes"},"schema":{"@context":"https:\/\/schema.org","@graph":[{"@type":"WebPage","@id":"https:\/\/emilfreyclassics.webmodus-dev.ch\/fr\/a-propos-de-nous\/les-valeurs-de-notre-entreprise\/","url":"https:\/\/emilfreyclassics.webmodus-dev.ch\/fr\/a-propos-de-nous\/les-valeurs-de-notre-entreprise\/","name":"Emil Frey Classics AG: Les valeurs de notre entreprise","isPartOf":{"@id":"https:\/\/emilfreyclassics.webmodus-dev.ch\/#website"},"datePublished":"2024-07-12T13:04:08+00:00","dateModified":"2026-03-12T10:12:49+00:00","description":"%","breadcrumb":{"@id":"https:\/\/emilfreyclassics.webmodus-dev.ch\/fr\/a-propos-de-nous\/les-valeurs-de-notre-entreprise\/#breadcrumb"},"inLanguage":"fr-FR","potentialAction":[{"@type":"ReadAction","target":["https:\/\/emilfreyclassics.webmodus-dev.ch\/fr\/a-propos-de-nous\/les-valeurs-de-notre-entreprise\/"]}]},{"@type":"BreadcrumbList","@id":"https:\/\/emilfreyclassics.webmodus-dev.ch\/fr\/a-propos-de-nous\/les-valeurs-de-notre-entreprise\/#breadcrumb","itemListElement":[{"@type":"ListItem","position":1,"name":"Home","item":"https:\/\/emilfreyclassics.webmodus-dev.ch\/fr\/"},{"@type":"ListItem","position":2,"name":"\u00c0 Propos de nous","item":"https:\/\/emilfreyclassics.webmodus-dev.ch\/fr\/a-propos-de-nous\/"},{"@type":"ListItem","position":3,"name":"Les valeurs de notre entreprise"}]},{"@type":"WebSite","@id":"https:\/\/emilfreyclassics.webmodus-dev.ch\/#website","url":"https:\/\/emilfreyclassics.webmodus-dev.ch\/","name":"Emil Frey Classics AG","description":"","potentialAction":[{"@type":"SearchAction","target":{"@type":"EntryPoint","urlTemplate":"https:\/\/emilfreyclassics.webmodus-dev.ch\/?s={search_term_string}"},"query-input":{"@type":"PropertyValueSpecification","valueRequired":true,"valueName":"search_term_string"}}],"inLanguage":"fr-FR"}]}},"_links":{"self":[{"href":"https:\/\/emilfreyclassics.webmodus-dev.ch\/fr\/wp-json\/wp\/v2\/pages\/20585","targetHints":{"allow":["GET"]}}],"collection":[{"href":"https:\/\/emilfreyclassics.webmodus-dev.ch\/fr\/wp-json\/wp\/v2\/pages"}],"about":[{"href":"https:\/\/emilfreyclassics.webmodus-dev.ch\/fr\/wp-json\/wp\/v2\/types\/page"}],"author":[{"embeddable":true,"href":"https:\/\/emilfreyclassics.webmodus-dev.ch\/fr\/wp-json\/wp\/v2\/users\/12"}],"replies":[{"embeddable":true,"href":"https:\/\/emilfreyclassics.webmodus-dev.ch\/fr\/wp-json\/wp\/v2\/comments?post=20585"}],"version-history":[{"count":4,"href":"https:\/\/emilfreyclassics.webmodus-dev.ch\/fr\/wp-json\/wp\/v2\/pages\/20585\/revisions"}],"predecessor-version":[{"id":21710,"href":"https:\/\/emilfreyclassics.webmodus-dev.ch\/fr\/wp-json\/wp\/v2\/pages\/20585\/revisions\/21710"}],"up":[{"embeddable":true,"href":"https:\/\/emilfreyclassics.webmodus-dev.ch\/fr\/wp-json\/wp\/v2\/pages\/20573"}],"wp:attachment":[{"href":"https:\/\/emilfreyclassics.webmodus-dev.ch\/fr\/wp-json\/wp\/v2\/media?parent=20585"}],"curies":[{"name":"wp","href":"https:\/\/api.w.org\/{rel}","templated":true}]}}