{"id":20581,"date":"2020-01-03T12:13:58","date_gmt":"2020-01-03T12:13:58","guid":{"rendered":"https:\/\/emilfreyclassics.webmodus-dev.ch\/ueber-uns-2\/geschichte\/"},"modified":"2026-03-04T09:52:31","modified_gmt":"2026-03-04T09:52:31","slug":"histoire","status":"publish","type":"page","link":"https:\/\/emilfreyclassics.webmodus-dev.ch\/fr\/a-propos-de-nous\/histoire\/","title":{"rendered":"Histoire"},"content":{"rendered":"<section class=\"l-section wpb_row us_custom_278d8c57 height_medium width_full\"><div class=\"l-section-h i-cf\"><div class=\"g-cols vc_row via_flex valign_top type_default stacking_default\"><div class=\"vc_col-sm-12 wpb_column vc_column_container\"><div class=\"vc_column-inner\"><div class=\"wpb_wrapper\"><section class=\"l-section wpb_row us_custom_1bb80f88 height_medium width_full parallax_ver\"><div class=\"l-section-h i-cf\"><div class=\"g-cols vc_row via_flex valign_top type_default stacking_default\"><div class=\"vc_col-sm-12 wpb_column vc_column_container\"><div class=\"vc_column-inner\"><div class=\"wpb_wrapper\"><\/div><\/div><\/div><\/div><\/div><\/section>\n<\/div><\/div><\/div><\/div><\/div><\/section><section class=\"l-section wpb_row height_medium\"><div class=\"l-section-h i-cf\"><div class=\"g-cols vc_row via_flex valign_top type_default stacking_default\"><div class=\"vc_col-sm-12 wpb_column vc_column_container\"><div class=\"vc_column-inner\"><div class=\"wpb_wrapper\">[vc_custom_heading text=\u00a0\u00bbHistoire\u00a0\u00bb font_container=\u00a0\u00bbtag:h1|text_align:left|color:%23FFFFFF\u00a0\u00bb use_theme_fonts=\u00a0\u00bbyes\u00a0\u00bb]<div class=\"wpb_text_column\"><div class=\"wpb_wrapper\"><p>Les vieilles voitures fascinent. C\u2019est pourquoi\u00a0 le groupe Emil Frey a ouvert \u00e0 Safenwil dans les b\u00e2timents d\u2019une ancienne usine textile le centre de comp\u00e9tences vintage Emil Frey Classics.<\/p>\n<p>Vous trouverez ici les \u00e9tapes les plus importantes du d\u00e9veloppement d\u2019Emil Frey Classics AG.<\/p>\n<\/div><\/div><div class=\"w-separator size_medium\"><\/div><div class=\"w-video align_none ratio_16x9 has_iframe\"><div class=\"w-video-h\"><iframe title=\"Youtube video player\" src=\"\/\/www.youtube.com\/embed\/g19s5x8-sVU?autoplay=0&controls=1&origin=https:\/\/emilfreyclassics.webmodus-dev.ch\/fr\/&loop=0&mute=0\" allowfullscreen=\"1\" loading=\"lazy\"><\/iframe><\/div><\/div><\/div><\/div><\/div><\/div><\/div><\/section><section class=\"l-section wpb_row us_custom_e62294a9 height_medium\"><div class=\"l-section-h i-cf\"><div class=\"g-cols vc_row via_flex valign_top type_default stacking_default\"><div class=\"vc_col-sm-12 wpb_column vc_column_container\"><div class=\"vc_column-inner\"><div class=\"wpb_wrapper\"><div class=\"w-tabs webmodus-firmengeschichte-tabs layout_hor style_timeline2 switch_click has_scrolling\" style=\"--sections-title-size:1em\" data-accordion-at-width=\"1350\"><div class=\"w-tabs-list items_10 align_justify\"><div class=\"w-tabs-list-h\"><button class=\"w-tabs-item active\" aria-controls=\"content-bc32\" aria-expanded=\"false\"><span class=\"w-tabs-item-title\">2015<\/span><\/button><button class=\"w-tabs-item\" aria-controls=\"content-hc1f\" aria-expanded=\"false\"><span class=\"w-tabs-item-title\">2013<\/span><\/button><button class=\"w-tabs-item\" aria-controls=\"content-n272\" aria-expanded=\"false\"><span class=\"w-tabs-item-title\">2009<\/span><\/button><button class=\"w-tabs-item\" aria-controls=\"content-v7fd\" aria-expanded=\"false\"><span class=\"w-tabs-item-title\">1980<\/span><\/button><button class=\"w-tabs-item\" aria-controls=\"content-ub22\" aria-expanded=\"false\"><span class=\"w-tabs-item-title\">1970<\/span><\/button><button class=\"w-tabs-item\" aria-controls=\"content-h08b\" aria-expanded=\"false\"><span class=\"w-tabs-item-title\">1955<\/span><\/button><button class=\"w-tabs-item\" aria-controls=\"content-n9ff\" aria-expanded=\"false\"><span class=\"w-tabs-item-title\">1945<\/span><\/button><button class=\"w-tabs-item\" aria-controls=\"content-xf08\" aria-expanded=\"false\"><span class=\"w-tabs-item-title\">1920<\/span><\/button><button class=\"w-tabs-item\" aria-controls=\"content-n464\" aria-expanded=\"false\"><span class=\"w-tabs-item-title\">1917<\/span><\/button><button class=\"w-tabs-item\" aria-controls=\"content-c9b4\" aria-expanded=\"false\"><span class=\"w-tabs-item-title\">1916<\/span><\/button><\/div><\/div><div class=\"w-tabs-sections titles-align_none icon_chevron cpos_right\"><div class=\"w-tabs-section active\" id=\"bc32\"><button class=\"w-tabs-section-header active\" aria-controls=\"content-bc32\" aria-expanded=\"true\"><div class=\"w-tabs-section-title\">2015<\/div><div class=\"w-tabs-section-control\"><\/div><\/button><div  class=\"w-tabs-section-content\" id=\"content-bc32\"><div class=\"w-tabs-section-content-h i-cf\"><div class=\"g-cols wpb_row via_flex valign_top type_default stacking_default\"><div class=\"vc_col-sm-6 wpb_column vc_column_container\"><div class=\"vc_column-inner\"><div class=\"wpb_wrapper\"><div class=\"w-image align_none\"><div class=\"w-image-h\"><img decoding=\"async\" width=\"500\" height=\"375\" src=\"https:\/\/emilfreyclassics.webmodus-dev.ch\/wp-content\/uploads\/2019\/11\/csm_2015_01_395dbc8e5f.jpg\" class=\"attachment-large size-large\" alt=\"\" loading=\"lazy\" srcset=\"https:\/\/emilfreyclassics.webmodus-dev.ch\/wp-content\/uploads\/2019\/11\/csm_2015_01_395dbc8e5f.jpg 500w, https:\/\/emilfreyclassics.webmodus-dev.ch\/wp-content\/uploads\/2019\/11\/csm_2015_01_395dbc8e5f-300x225.jpg 300w\" sizes=\"auto, (max-width: 500px) 100vw, 500px\" \/><\/div><\/div><\/div><\/div><\/div><div class=\"vc_col-sm-6 wpb_column vc_column_container\"><div class=\"vc_column-inner\"><div class=\"wpb_wrapper\"><div class=\"wpb_text_column\"><div class=\"wpb_wrapper\"><p><span>L\u2019ancien site de l\u2019usine brille d\u2019une nouvelle splendeur depuis 2015 et le mus\u00e9e, la salle d\u2019exposition pour le commerce de voitures anciennes et la spacieuse salle d\u2019\u00e9v\u00e9nements sont d\u00e9sormais ouverts au public.<\/span><\/p>\n<\/div><\/div><\/div><\/div><\/div><\/div><\/div><\/div><\/div><div class=\"w-tabs-section\" id=\"hc1f\"><button class=\"w-tabs-section-header\" aria-controls=\"content-hc1f\" aria-expanded=\"false\"><div class=\"w-tabs-section-title\">2013<\/div><div class=\"w-tabs-section-control\"><\/div><\/button><div  class=\"w-tabs-section-content\" id=\"content-hc1f\"><div class=\"w-tabs-section-content-h i-cf\"><div class=\"g-cols wpb_row via_flex valign_top type_default stacking_default\"><div class=\"vc_col-sm-6 wpb_column vc_column_container\"><div class=\"vc_column-inner\"><div class=\"wpb_wrapper\"><div class=\"w-image align_none\"><div class=\"w-image-h\"><img decoding=\"async\" width=\"500\" height=\"375\" src=\"https:\/\/emilfreyclassics.webmodus-dev.ch\/wp-content\/uploads\/2019\/11\/csm_2013_02_80d24106cd.jpg\" class=\"attachment-large size-large\" alt=\"\" loading=\"lazy\" srcset=\"https:\/\/emilfreyclassics.webmodus-dev.ch\/wp-content\/uploads\/2019\/11\/csm_2013_02_80d24106cd.jpg 500w, https:\/\/emilfreyclassics.webmodus-dev.ch\/wp-content\/uploads\/2019\/11\/csm_2013_02_80d24106cd-300x225.jpg 300w\" sizes=\"auto, (max-width: 500px) 100vw, 500px\" \/><\/div><\/div><\/div><\/div><\/div><div class=\"vc_col-sm-6 wpb_column vc_column_container\"><div class=\"vc_column-inner\"><div class=\"wpb_wrapper\"><div class=\"wpb_text_column\"><div class=\"wpb_wrapper\"><p><span>Mi-2013, la c\u00e9r\u00e9monie d\u2019inauguration pour la d\u00e9molition du hall annexe ainsi que pour la reconstruction et la r\u00e9novation du quartier \u2026<\/span><\/p>\n<\/div><\/div><\/div><\/div><\/div><\/div><div class=\"w-separator size_custom\" style=\"height:4rem\"><\/div><div class=\"g-cols wpb_row via_flex valign_top type_default stacking_default\"><div class=\"vc_col-sm-6 wpb_column vc_column_container\"><div class=\"vc_column-inner\"><div class=\"wpb_wrapper\"><div class=\"wpb_text_column\"><div class=\"wpb_wrapper\"><p><span>\u2026 qui offrira un jour un cadre digne des activit\u00e9s d\u2019Emil Frey Classics.<\/span><\/p>\n<\/div><\/div><\/div><\/div><\/div><div class=\"vc_col-sm-6 wpb_column vc_column_container\"><div class=\"vc_column-inner\"><div class=\"wpb_wrapper\"><div class=\"w-image align_none\"><div class=\"w-image-h\"><img decoding=\"async\" width=\"500\" height=\"375\" src=\"https:\/\/emilfreyclassics.webmodus-dev.ch\/wp-content\/uploads\/2019\/11\/csm_2013_01_62f9567079.jpg\" class=\"attachment-large size-large\" alt=\"\" loading=\"lazy\" srcset=\"https:\/\/emilfreyclassics.webmodus-dev.ch\/wp-content\/uploads\/2019\/11\/csm_2013_01_62f9567079.jpg 500w, https:\/\/emilfreyclassics.webmodus-dev.ch\/wp-content\/uploads\/2019\/11\/csm_2013_01_62f9567079-300x225.jpg 300w\" sizes=\"auto, (max-width: 500px) 100vw, 500px\" \/><\/div><\/div><\/div><\/div><\/div><\/div><\/div><\/div><\/div><div class=\"w-tabs-section\" id=\"n272\"><button class=\"w-tabs-section-header\" aria-controls=\"content-n272\" aria-expanded=\"false\"><div class=\"w-tabs-section-title\">2009<\/div><div class=\"w-tabs-section-control\"><\/div><\/button><div  class=\"w-tabs-section-content\" id=\"content-n272\"><div class=\"w-tabs-section-content-h i-cf\"><div class=\"g-cols wpb_row via_flex valign_top type_default stacking_default\"><div class=\"vc_col-sm-6 wpb_column vc_column_container\"><div class=\"vc_column-inner\"><div class=\"wpb_wrapper\"><div class=\"w-image align_none\"><div class=\"w-image-h\"><img decoding=\"async\" width=\"500\" height=\"375\" src=\"https:\/\/emilfreyclassics.webmodus-dev.ch\/wp-content\/uploads\/2019\/11\/csm_2009_01_e5cb9df45d.jpg\" class=\"attachment-large size-large\" alt=\"\" loading=\"lazy\" srcset=\"https:\/\/emilfreyclassics.webmodus-dev.ch\/wp-content\/uploads\/2019\/11\/csm_2009_01_e5cb9df45d.jpg 500w, https:\/\/emilfreyclassics.webmodus-dev.ch\/wp-content\/uploads\/2019\/11\/csm_2009_01_e5cb9df45d-300x225.jpg 300w\" sizes=\"auto, (max-width: 500px) 100vw, 500px\" \/><\/div><\/div><\/div><\/div><\/div><div class=\"vc_col-sm-6 wpb_column vc_column_container\"><div class=\"vc_column-inner\"><div class=\"wpb_wrapper\"><div class=\"wpb_text_column\"><div class=\"wpb_wrapper\"><div class=\"content-details\">\n<p><span>En 2009, Emil Frey AG a acquis la propri\u00e9t\u00e9 de Robert Hochuli, qu\u2019elle avait pr\u00e9c\u00e9demment lou\u00e9e pendant plusieurs ann\u00e9es.<\/span><\/p>\n<\/div>\n<\/div><\/div><\/div><\/div><\/div><\/div><\/div><\/div><\/div><div class=\"w-tabs-section\" id=\"v7fd\"><button class=\"w-tabs-section-header\" aria-controls=\"content-v7fd\" aria-expanded=\"false\"><div class=\"w-tabs-section-title\">1980<\/div><div class=\"w-tabs-section-control\"><\/div><\/button><div  class=\"w-tabs-section-content\" id=\"content-v7fd\"><div class=\"w-tabs-section-content-h i-cf\"><div class=\"g-cols wpb_row via_flex valign_top type_default stacking_default\"><div class=\"vc_col-sm-6 wpb_column vc_column_container\"><div class=\"vc_column-inner\"><div class=\"wpb_wrapper\"><div class=\"w-image align_none\"><div class=\"w-image-h\"><img decoding=\"async\" width=\"500\" height=\"334\" src=\"https:\/\/emilfreyclassics.webmodus-dev.ch\/wp-content\/uploads\/2019\/11\/csm_1980_01_6ecb7194da.jpg\" class=\"attachment-large size-large\" alt=\"\" loading=\"lazy\" srcset=\"https:\/\/emilfreyclassics.webmodus-dev.ch\/wp-content\/uploads\/2019\/11\/csm_1980_01_6ecb7194da.jpg 500w, https:\/\/emilfreyclassics.webmodus-dev.ch\/wp-content\/uploads\/2019\/11\/csm_1980_01_6ecb7194da-300x200.jpg 300w\" sizes=\"auto, (max-width: 500px) 100vw, 500px\" \/><\/div><\/div><\/div><\/div><\/div><div class=\"vc_col-sm-6 wpb_column vc_column_container\"><div class=\"vc_column-inner\"><div class=\"wpb_wrapper\"><div class=\"wpb_text_column\"><div class=\"wpb_wrapper\"><p><span>Robert Hochuli, repr\u00e9sentant de la quatri\u00e8me g\u00e9n\u00e9ration, a repris la direction en 1980. En 1989, le HoCoSa a \u00e9t\u00e9 vendu \u00e0 la soci\u00e9t\u00e9 Sawaco et la production du site de Safenwil a \u00e9t\u00e9 progressivement arr\u00eat\u00e9e jusqu\u2019en 1992. La propri\u00e9t\u00e9 voisine est vendue et en 1993 le centre Safenwil est construit.<\/span><\/p>\n<\/div><\/div><\/div><\/div><\/div><\/div><\/div><\/div><\/div><div class=\"w-tabs-section\" id=\"ub22\"><button class=\"w-tabs-section-header\" aria-controls=\"content-ub22\" aria-expanded=\"false\"><div class=\"w-tabs-section-title\">1970<\/div><div class=\"w-tabs-section-control\"><\/div><\/button><div  class=\"w-tabs-section-content\" id=\"content-ub22\"><div class=\"w-tabs-section-content-h i-cf\"><div class=\"g-cols wpb_row via_flex valign_top type_default stacking_default\"><div class=\"vc_col-sm-6 wpb_column vc_column_container\"><div class=\"vc_column-inner\"><div class=\"wpb_wrapper\"><div class=\"w-image align_none\"><div class=\"w-image-h\"><img decoding=\"async\" width=\"500\" height=\"375\" src=\"https:\/\/emilfreyclassics.webmodus-dev.ch\/wp-content\/uploads\/2019\/11\/csm_1970_01_65ac498c33.jpg\" class=\"attachment-large size-large\" alt=\"\" loading=\"lazy\" srcset=\"https:\/\/emilfreyclassics.webmodus-dev.ch\/wp-content\/uploads\/2019\/11\/csm_1970_01_65ac498c33.jpg 500w, https:\/\/emilfreyclassics.webmodus-dev.ch\/wp-content\/uploads\/2019\/11\/csm_1970_01_65ac498c33-300x225.jpg 300w\" sizes=\"auto, (max-width: 500px) 100vw, 500px\" \/><\/div><\/div><\/div><\/div><\/div><div class=\"vc_col-sm-6 wpb_column vc_column_container\"><div class=\"vc_column-inner\"><div class=\"wpb_wrapper\"><div class=\"wpb_text_column\"><div class=\"wpb_wrapper\"><p><span>Au d\u00e9but des ann\u00e9es 1970, la salle des horaires, qui n\u2019existe plus aujourd\u2019hui, a \u00e9t\u00e9 modernis\u00e9e une derni\u00e8re fois et adapt\u00e9e aux besoins de l\u2019\u00e9poque.<\/span><\/p>\n<\/div><\/div><\/div><\/div><\/div><\/div><div class=\"w-separator size_custom\" style=\"height:4rem\"><\/div><div class=\"g-cols wpb_row via_flex valign_top type_default stacking_default\"><div class=\"vc_col-sm-6 wpb_column vc_column_container\"><div class=\"vc_column-inner\"><div class=\"wpb_wrapper\"><div class=\"wpb_text_column\"><div class=\"wpb_wrapper\"><p><span>Au d\u00e9but des ann\u00e9es 1970, la salle des horaires, qui n\u2019existe plus aujourd\u2019hui, a \u00e9t\u00e9 modernis\u00e9e une derni\u00e8re fois et adapt\u00e9e aux besoins de l\u2019\u00e9poque.<\/span><\/p>\n<\/div><\/div><\/div><\/div><\/div><div class=\"vc_col-sm-6 wpb_column vc_column_container\"><div class=\"vc_column-inner\"><div class=\"wpb_wrapper\"><div class=\"w-image align_none\"><div class=\"w-image-h\"><img decoding=\"async\" width=\"500\" height=\"338\" src=\"https:\/\/emilfreyclassics.webmodus-dev.ch\/wp-content\/uploads\/2019\/11\/csm_1970_04_e999061ae0.jpg\" class=\"attachment-large size-large\" alt=\"\" loading=\"lazy\" srcset=\"https:\/\/emilfreyclassics.webmodus-dev.ch\/wp-content\/uploads\/2019\/11\/csm_1970_04_e999061ae0.jpg 500w, https:\/\/emilfreyclassics.webmodus-dev.ch\/wp-content\/uploads\/2019\/11\/csm_1970_04_e999061ae0-300x203.jpg 300w\" sizes=\"auto, (max-width: 500px) 100vw, 500px\" \/><\/div><\/div><\/div><\/div><\/div><\/div><div class=\"w-separator size_custom\" style=\"height:4rem\"><\/div><div class=\"g-cols wpb_row via_flex valign_top type_default stacking_default\"><div class=\"vc_col-sm-6 wpb_column vc_column_container\"><div class=\"vc_column-inner\"><div class=\"wpb_wrapper\"><div class=\"w-image align_none\"><div class=\"w-image-h\"><img decoding=\"async\" width=\"500\" height=\"338\" src=\"https:\/\/emilfreyclassics.webmodus-dev.ch\/wp-content\/uploads\/2019\/11\/csm_1970_02_b7880324c7.jpg\" class=\"attachment-large size-large\" alt=\"\" loading=\"lazy\" srcset=\"https:\/\/emilfreyclassics.webmodus-dev.ch\/wp-content\/uploads\/2019\/11\/csm_1970_02_b7880324c7.jpg 500w, https:\/\/emilfreyclassics.webmodus-dev.ch\/wp-content\/uploads\/2019\/11\/csm_1970_02_b7880324c7-300x203.jpg 300w\" sizes=\"auto, (max-width: 500px) 100vw, 500px\" \/><\/div><\/div><\/div><\/div><\/div><div class=\"vc_col-sm-6 wpb_column vc_column_container\"><div class=\"vc_column-inner\"><div class=\"wpb_wrapper\"><div class=\"wpb_text_column\"><div class=\"wpb_wrapper\"><p><span>Machines \u00e0 tricoter circulaires modernis\u00e9es au 2\u00e8me \u00e9tage du b\u00e2timent de l\u2019usine qui existe encore aujourd\u2019hui.<\/span><\/p>\n<\/div><\/div><\/div><\/div><\/div><\/div><\/div><\/div><\/div><div class=\"w-tabs-section\" id=\"h08b\"><button class=\"w-tabs-section-header\" aria-controls=\"content-h08b\" aria-expanded=\"false\"><div class=\"w-tabs-section-title\">1955<\/div><div class=\"w-tabs-section-control\"><\/div><\/button><div  class=\"w-tabs-section-content\" id=\"content-h08b\"><div class=\"w-tabs-section-content-h i-cf\"><div class=\"g-cols wpb_row via_flex valign_top type_default stacking_default\"><div class=\"vc_col-sm-6 wpb_column vc_column_container\"><div class=\"vc_column-inner\"><div class=\"wpb_wrapper\"><div class=\"w-image align_none\"><div class=\"w-image-h\"><img decoding=\"async\" width=\"500\" height=\"348\" src=\"https:\/\/emilfreyclassics.webmodus-dev.ch\/wp-content\/uploads\/2019\/11\/csm_1955_01_9f9b3d2d18.jpg\" class=\"attachment-large size-large\" alt=\"\" loading=\"lazy\" srcset=\"https:\/\/emilfreyclassics.webmodus-dev.ch\/wp-content\/uploads\/2019\/11\/csm_1955_01_9f9b3d2d18.jpg 500w, https:\/\/emilfreyclassics.webmodus-dev.ch\/wp-content\/uploads\/2019\/11\/csm_1955_01_9f9b3d2d18-300x209.jpg 300w\" sizes=\"auto, (max-width: 500px) 100vw, 500px\" \/><\/div><\/div><\/div><\/div><\/div><div class=\"vc_col-sm-6 wpb_column vc_column_container\"><div class=\"vc_column-inner\"><div class=\"wpb_wrapper\"><div class=\"wpb_text_column\"><div class=\"wpb_wrapper\"><div class=\"content-details\">\n<p><span>L\u2019usine a connu une nouvelle expansion dans les ann\u00e9es 1950 lorsqu\u2019un b\u00e2timent de bureaux et d\u2019administration de deux \u00e9tages a \u00e9t\u00e9 construit sur le c\u00f4t\u00e9 sud de la Schedhalle.<\/span><\/p>\n<\/div>\n<\/div><\/div><\/div><\/div><\/div><\/div><\/div><\/div><\/div><div class=\"w-tabs-section\" id=\"n9ff\"><button class=\"w-tabs-section-header\" aria-controls=\"content-n9ff\" aria-expanded=\"false\"><div class=\"w-tabs-section-title\">1945<\/div><div class=\"w-tabs-section-control\"><\/div><\/button><div  class=\"w-tabs-section-content\" id=\"content-n9ff\"><div class=\"w-tabs-section-content-h i-cf\"><div class=\"g-cols wpb_row via_flex valign_top type_default stacking_default\"><div class=\"vc_col-sm-6 wpb_column vc_column_container\"><div class=\"vc_column-inner\"><div class=\"wpb_wrapper\"><div class=\"w-image align_none\"><div class=\"w-image-h\"><img decoding=\"async\" width=\"500\" height=\"375\" src=\"https:\/\/emilfreyclassics.webmodus-dev.ch\/wp-content\/uploads\/2019\/12\/csm_1945_04_cf759509e4.jpg\" class=\"attachment-large size-large\" alt=\"\" loading=\"lazy\" srcset=\"https:\/\/emilfreyclassics.webmodus-dev.ch\/wp-content\/uploads\/2019\/12\/csm_1945_04_cf759509e4.jpg 500w, https:\/\/emilfreyclassics.webmodus-dev.ch\/wp-content\/uploads\/2019\/12\/csm_1945_04_cf759509e4-300x225.jpg 300w\" sizes=\"auto, (max-width: 500px) 100vw, 500px\" \/><\/div><\/div><\/div><\/div><\/div><div class=\"vc_col-sm-6 wpb_column vc_column_container\"><div class=\"vc_column-inner\"><div class=\"wpb_wrapper\"><div class=\"wpb_text_column\"><div class=\"wpb_wrapper\"><p><span>\u00c0 son apog\u00e9e, HoCoSa emploie environ 100 personnes.<\/span><\/p>\n<\/div><\/div><\/div><\/div><\/div><\/div><div class=\"w-separator size_custom\" style=\"height:4rem\"><\/div><div class=\"g-cols wpb_row via_flex valign_top type_default stacking_default\"><div class=\"vc_col-sm-6 wpb_column vc_column_container\"><div class=\"vc_column-inner\"><div class=\"wpb_wrapper\"><div class=\"wpb_text_column\"><div class=\"wpb_wrapper\"><p><span>Vue de la salle des machines \u00e0 tricoter circulaire alors tr\u00e8s moderne au 2\u00e8me \u00e9tage du b\u00e2timent de l\u2019usine.<\/span><\/p>\n<\/div><\/div><\/div><\/div><\/div><div class=\"vc_col-sm-6 wpb_column vc_column_container\"><div class=\"vc_column-inner\"><div class=\"wpb_wrapper\"><div class=\"w-image align_none\"><div class=\"w-image-h\"><img decoding=\"async\" width=\"500\" height=\"318\" src=\"https:\/\/emilfreyclassics.webmodus-dev.ch\/wp-content\/uploads\/2019\/11\/csm_1945_03_cb72890386.jpg\" class=\"attachment-large size-large\" alt=\"\" loading=\"lazy\" srcset=\"https:\/\/emilfreyclassics.webmodus-dev.ch\/wp-content\/uploads\/2019\/11\/csm_1945_03_cb72890386.jpg 500w, https:\/\/emilfreyclassics.webmodus-dev.ch\/wp-content\/uploads\/2019\/11\/csm_1945_03_cb72890386-300x191.jpg 300w\" sizes=\"auto, (max-width: 500px) 100vw, 500px\" \/><\/div><\/div><\/div><\/div><\/div><\/div><div class=\"w-separator size_custom\" style=\"height:4rem\"><\/div><div class=\"g-cols wpb_row via_flex valign_top type_default stacking_default\"><div class=\"vc_col-sm-6 wpb_column vc_column_container\"><div class=\"vc_column-inner\"><div class=\"wpb_wrapper\"><div class=\"w-image align_none\"><div class=\"w-image-h\"><img decoding=\"async\" width=\"500\" height=\"316\" src=\"https:\/\/emilfreyclassics.webmodus-dev.ch\/wp-content\/uploads\/2019\/11\/csm_1945_02_eeb3bf38f6.jpg\" class=\"attachment-large size-large\" alt=\"\" loading=\"lazy\" srcset=\"https:\/\/emilfreyclassics.webmodus-dev.ch\/wp-content\/uploads\/2019\/11\/csm_1945_02_eeb3bf38f6.jpg 500w, https:\/\/emilfreyclassics.webmodus-dev.ch\/wp-content\/uploads\/2019\/11\/csm_1945_02_eeb3bf38f6-300x190.jpg 300w\" sizes=\"auto, (max-width: 500px) 100vw, 500px\" \/><\/div><\/div><\/div><\/div><\/div><div class=\"vc_col-sm-6 wpb_column vc_column_container\"><div class=\"vc_column-inner\"><div class=\"wpb_wrapper\"><div class=\"wpb_text_column\"><div class=\"wpb_wrapper\"><p><span>Au bord de la grande salle des machines, les couturi\u00e8res transforment les pi\u00e8ces tricot\u00e9es coup\u00e9es en produits finis.<\/span><\/p>\n<\/div><\/div><\/div><\/div><\/div><\/div><div class=\"w-separator size_custom\" style=\"height:4rem\"><\/div><div class=\"g-cols wpb_row via_flex valign_top type_default stacking_default\"><div class=\"vc_col-sm-6 wpb_column vc_column_container\"><div class=\"vc_column-inner\"><div class=\"wpb_wrapper\"><div class=\"wpb_text_column\"><div class=\"wpb_wrapper\"><p><span>HoCoSa produit des tissus en jersey de haute qualit\u00e9, des sous-v\u00eatements, des chemises de nuit et des camisoles.<\/span><\/p>\n<\/div><\/div><\/div><\/div><\/div><div class=\"vc_col-sm-6 wpb_column vc_column_container\"><div class=\"vc_column-inner\"><div class=\"wpb_wrapper\"><div class=\"w-image align_none\"><div class=\"w-image-h\"><img decoding=\"async\" width=\"500\" height=\"317\" src=\"https:\/\/emilfreyclassics.webmodus-dev.ch\/wp-content\/uploads\/2019\/11\/csm_1945_01_1f54b226ea.jpg\" class=\"attachment-large size-large\" alt=\"\" loading=\"lazy\" srcset=\"https:\/\/emilfreyclassics.webmodus-dev.ch\/wp-content\/uploads\/2019\/11\/csm_1945_01_1f54b226ea.jpg 500w, https:\/\/emilfreyclassics.webmodus-dev.ch\/wp-content\/uploads\/2019\/11\/csm_1945_01_1f54b226ea-300x190.jpg 300w\" sizes=\"auto, (max-width: 500px) 100vw, 500px\" \/><\/div><\/div><\/div><\/div><\/div><\/div><\/div><\/div><\/div><div class=\"w-tabs-section\" id=\"xf08\"><button class=\"w-tabs-section-header\" aria-controls=\"content-xf08\" aria-expanded=\"false\"><div class=\"w-tabs-section-title\">1920<\/div><div class=\"w-tabs-section-control\"><\/div><\/button><div  class=\"w-tabs-section-content\" id=\"content-xf08\"><div class=\"w-tabs-section-content-h i-cf\"><div class=\"g-cols wpb_row via_flex valign_top type_default stacking_default\"><div class=\"vc_col-sm-6 wpb_column vc_column_container\"><div class=\"vc_column-inner\"><div class=\"wpb_wrapper\"><div class=\"w-image align_none\"><div class=\"w-image-h\"><img decoding=\"async\" width=\"500\" height=\"338\" src=\"https:\/\/emilfreyclassics.webmodus-dev.ch\/wp-content\/uploads\/2019\/11\/csm_1920_01_7993522368.jpg\" class=\"attachment-large size-large\" alt=\"\" loading=\"lazy\" srcset=\"https:\/\/emilfreyclassics.webmodus-dev.ch\/wp-content\/uploads\/2019\/11\/csm_1920_01_7993522368.jpg 500w, https:\/\/emilfreyclassics.webmodus-dev.ch\/wp-content\/uploads\/2019\/11\/csm_1920_01_7993522368-300x203.jpg 300w\" sizes=\"auto, (max-width: 500px) 100vw, 500px\" \/><\/div><\/div><\/div><\/div><\/div><div class=\"vc_col-sm-6 wpb_column vc_column_container\"><div class=\"vc_column-inner\"><div class=\"wpb_wrapper\"><div class=\"wpb_text_column\"><div class=\"wpb_wrapper\"><p><span>Du c\u00f4t\u00e9 est, la zone est agrandie par un b\u00e2timent de trois \u00e9tages. Ce b\u00e2timent saisissant, qui existe toujours aujourd\u2019hui, est l\u2019\u0153uvre du c\u00e9l\u00e8bre architecte et homme politique Armin Meili de Zurich. Meili \u00e9tait \u00e9galement directrice de l\u2019exposition nationale suisse, le Landi \u00e0 Zurich, en 1939.<\/span><\/p>\n<\/div><\/div><\/div><\/div><\/div><\/div><\/div><\/div><\/div><div class=\"w-tabs-section\" id=\"n464\"><button class=\"w-tabs-section-header\" aria-controls=\"content-n464\" aria-expanded=\"false\"><div class=\"w-tabs-section-title\">1917<\/div><div class=\"w-tabs-section-control\"><\/div><\/button><div  class=\"w-tabs-section-content\" id=\"content-n464\"><div class=\"w-tabs-section-content-h i-cf\"><div class=\"g-cols wpb_row via_flex valign_top type_default stacking_default\"><div class=\"vc_col-sm-6 wpb_column vc_column_container\"><div class=\"vc_column-inner\"><div class=\"wpb_wrapper\"><div class=\"w-image align_none\"><div class=\"w-image-h\"><img decoding=\"async\" width=\"500\" height=\"364\" src=\"https:\/\/emilfreyclassics.webmodus-dev.ch\/wp-content\/uploads\/2019\/11\/csm_1917_01_18f2994dc9.jpg\" class=\"attachment-large size-large\" alt=\"\" loading=\"lazy\" srcset=\"https:\/\/emilfreyclassics.webmodus-dev.ch\/wp-content\/uploads\/2019\/11\/csm_1917_01_18f2994dc9.jpg 500w, https:\/\/emilfreyclassics.webmodus-dev.ch\/wp-content\/uploads\/2019\/11\/csm_1917_01_18f2994dc9-300x218.jpg 300w\" sizes=\"auto, (max-width: 500px) 100vw, 500px\" \/><\/div><\/div><\/div><\/div><\/div><div class=\"vc_col-sm-6 wpb_column vc_column_container\"><div class=\"vc_column-inner\"><div class=\"wpb_wrapper\"><div class=\"wpb_text_column\"><div class=\"wpb_wrapper\"><p><span>En 1917, l\u2019usine a \u00e9t\u00e9 consid\u00e9rablement agrandie pour la premi\u00e8re fois. Une nouvelle salle de programmation est construite sur les fondations de l\u2019usine d\u2019origine, qui abrite entre autres les nouvelles machines \u00e0 tricoter longitudinales<\/span><\/p>\n<\/div><\/div><\/div><\/div><\/div><\/div><\/div><\/div><\/div><div class=\"w-tabs-section\" id=\"c9b4\"><button class=\"w-tabs-section-header\" aria-controls=\"content-c9b4\" aria-expanded=\"false\"><div class=\"w-tabs-section-title\">1916<\/div><div class=\"w-tabs-section-control\"><\/div><\/button><div  class=\"w-tabs-section-content\" id=\"content-c9b4\"><div class=\"w-tabs-section-content-h i-cf\"><div class=\"g-cols wpb_row via_flex valign_top type_default stacking_default\"><div class=\"vc_col-sm-6 wpb_column vc_column_container\"><div class=\"vc_column-inner\"><div class=\"wpb_wrapper\"><div class=\"w-image align_none\"><div class=\"w-image-h\"><img decoding=\"async\" width=\"500\" height=\"311\" src=\"https:\/\/emilfreyclassics.webmodus-dev.ch\/wp-content\/uploads\/2019\/12\/csm_1897_01_051b4b9499.jpg\" class=\"attachment-large size-large\" alt=\"\" loading=\"lazy\" srcset=\"https:\/\/emilfreyclassics.webmodus-dev.ch\/wp-content\/uploads\/2019\/12\/csm_1897_01_051b4b9499.jpg 500w, https:\/\/emilfreyclassics.webmodus-dev.ch\/wp-content\/uploads\/2019\/12\/csm_1897_01_051b4b9499-300x187.jpg 300w\" sizes=\"auto, (max-width: 500px) 100vw, 500px\" \/><\/div><\/div><\/div><\/div><\/div><div class=\"vc_col-sm-6 wpb_column vc_column_container\"><div class=\"vc_column-inner\"><div class=\"wpb_wrapper\"><div class=\"wpb_text_column\"><div class=\"wpb_wrapper\"><p><span>Hochuli &amp; Co Safenwil (HoCoSa) a \u00e9t\u00e9 fond\u00e9e en 1897 par Fritz Hochuli en tant qu\u2019usine de tricotage fin et de coton. La photo montre le premier b\u00e2timent de l\u2019usine (la gare de Safenwil est visible \u00e0 droite).<\/span><\/p>\n<\/div><\/div><\/div><\/div><\/div><\/div><\/div><\/div><\/div><\/div><\/div><\/div><\/div><\/div><\/div><\/div><\/section>\n","protected":false},"excerpt":{"rendered":"[vc_custom_heading text=\"Histoire\" font_container=\"tag:h1|text_align:left|color:%23FFFFFF\" use_theme_fonts=\"yes\"]Les vieilles voitures fascinent. C\u2019est pourquoi\u00a0 le groupe Emil Frey a ouvert \u00e0 Safenwil dans les b\u00e2timents d\u2019une ancienne usine textile le centre de comp\u00e9tences vintage Emil Frey Classics. Vous trouverez ici les \u00e9tapes les plus importantes du d\u00e9veloppement d\u2019Emil Frey Classics AG. 20152013200919801970195519451920191719162015L\u2019ancien site de l\u2019usine brille d\u2019une nouvelle splendeur depuis...","protected":false},"author":5,"featured_media":0,"parent":20573,"menu_order":108,"comment_status":"closed","ping_status":"closed","template":"","meta":{"_acf_changed":false,"footnotes":""},"class_list":["post-20581","page","type-page","status-publish","hentry"],"acf":[],"yoast_head":"<!-- This site is optimized with the Yoast SEO plugin v24.6 - https:\/\/yoast.com\/wordpress\/plugins\/seo\/ -->\n<title>Emil Frey Classics AG: Histoire<\/title>\n<meta name=\"description\" content=\"%\" \/>\n<meta name=\"robots\" content=\"noindex, follow, max-snippet:-1, max-image-preview:large, max-video-preview:-1\" \/>\n<meta property=\"og:locale\" content=\"fr_FR\" \/>\n<meta property=\"og:type\" content=\"article\" \/>\n<meta property=\"og:title\" content=\"Emil Frey Classics AG: Histoire\" \/>\n<meta property=\"og:description\" content=\"%\" \/>\n<meta property=\"og:url\" content=\"https:\/\/emilfreyclassics.webmodus-dev.ch\/fr\/a-propos-de-nous\/histoire\/\" \/>\n<meta property=\"og:site_name\" content=\"Emil Frey Classics AG\" \/>\n<meta property=\"article:publisher\" content=\"https:\/\/www.facebook.com\/emilfreyclassics\/\" \/>\n<meta property=\"article:modified_time\" content=\"2026-03-04T09:52:31+00:00\" \/>\n<meta name=\"twitter:card\" content=\"summary_large_image\" \/>\n<meta name=\"twitter:label1\" content=\"Dur\u00e9e de lecture estim\u00e9e\" \/>\n\t<meta name=\"twitter:data1\" content=\"4 minutes\" \/>\n<script type=\"application\/ld+json\" class=\"yoast-schema-graph\">{\"@context\":\"https:\/\/schema.org\",\"@graph\":[{\"@type\":\"WebPage\",\"@id\":\"https:\/\/emilfreyclassics.webmodus-dev.ch\/fr\/a-propos-de-nous\/histoire\/\",\"url\":\"https:\/\/emilfreyclassics.webmodus-dev.ch\/fr\/a-propos-de-nous\/histoire\/\",\"name\":\"Emil Frey Classics AG: Histoire\",\"isPartOf\":{\"@id\":\"https:\/\/emilfreyclassics.webmodus-dev.ch\/#website\"},\"datePublished\":\"2020-01-03T12:13:58+00:00\",\"dateModified\":\"2026-03-04T09:52:31+00:00\",\"description\":\"%\",\"breadcrumb\":{\"@id\":\"https:\/\/emilfreyclassics.webmodus-dev.ch\/fr\/a-propos-de-nous\/histoire\/#breadcrumb\"},\"inLanguage\":\"fr-FR\",\"potentialAction\":[{\"@type\":\"ReadAction\",\"target\":[\"https:\/\/emilfreyclassics.webmodus-dev.ch\/fr\/a-propos-de-nous\/histoire\/\"]}]},{\"@type\":\"BreadcrumbList\",\"@id\":\"https:\/\/emilfreyclassics.webmodus-dev.ch\/fr\/a-propos-de-nous\/histoire\/#breadcrumb\",\"itemListElement\":[{\"@type\":\"ListItem\",\"position\":1,\"name\":\"Home\",\"item\":\"https:\/\/emilfreyclassics.webmodus-dev.ch\/fr\/\"},{\"@type\":\"ListItem\",\"position\":2,\"name\":\"\u00c0 Propos de nous\",\"item\":\"https:\/\/emilfreyclassics.webmodus-dev.ch\/fr\/a-propos-de-nous\/\"},{\"@type\":\"ListItem\",\"position\":3,\"name\":\"Histoire\"}]},{\"@type\":\"WebSite\",\"@id\":\"https:\/\/emilfreyclassics.webmodus-dev.ch\/#website\",\"url\":\"https:\/\/emilfreyclassics.webmodus-dev.ch\/\",\"name\":\"Emil Frey Classics AG\",\"description\":\"\",\"potentialAction\":[{\"@type\":\"SearchAction\",\"target\":{\"@type\":\"EntryPoint\",\"urlTemplate\":\"https:\/\/emilfreyclassics.webmodus-dev.ch\/?s={search_term_string}\"},\"query-input\":{\"@type\":\"PropertyValueSpecification\",\"valueRequired\":true,\"valueName\":\"search_term_string\"}}],\"inLanguage\":\"fr-FR\"}]}<\/script>\n<!-- \/ Yoast SEO plugin. -->","yoast_head_json":{"title":"Emil Frey Classics AG: Histoire","description":"%","robots":{"index":"noindex","follow":"follow","max-snippet":"max-snippet:-1","max-image-preview":"max-image-preview:large","max-video-preview":"max-video-preview:-1"},"og_locale":"fr_FR","og_type":"article","og_title":"Emil Frey Classics AG: Histoire","og_description":"%","og_url":"https:\/\/emilfreyclassics.webmodus-dev.ch\/fr\/a-propos-de-nous\/histoire\/","og_site_name":"Emil Frey Classics AG","article_publisher":"https:\/\/www.facebook.com\/emilfreyclassics\/","article_modified_time":"2026-03-04T09:52:31+00:00","twitter_card":"summary_large_image","twitter_misc":{"Dur\u00e9e de lecture estim\u00e9e":"4 minutes"},"schema":{"@context":"https:\/\/schema.org","@graph":[{"@type":"WebPage","@id":"https:\/\/emilfreyclassics.webmodus-dev.ch\/fr\/a-propos-de-nous\/histoire\/","url":"https:\/\/emilfreyclassics.webmodus-dev.ch\/fr\/a-propos-de-nous\/histoire\/","name":"Emil Frey Classics AG: Histoire","isPartOf":{"@id":"https:\/\/emilfreyclassics.webmodus-dev.ch\/#website"},"datePublished":"2020-01-03T12:13:58+00:00","dateModified":"2026-03-04T09:52:31+00:00","description":"%","breadcrumb":{"@id":"https:\/\/emilfreyclassics.webmodus-dev.ch\/fr\/a-propos-de-nous\/histoire\/#breadcrumb"},"inLanguage":"fr-FR","potentialAction":[{"@type":"ReadAction","target":["https:\/\/emilfreyclassics.webmodus-dev.ch\/fr\/a-propos-de-nous\/histoire\/"]}]},{"@type":"BreadcrumbList","@id":"https:\/\/emilfreyclassics.webmodus-dev.ch\/fr\/a-propos-de-nous\/histoire\/#breadcrumb","itemListElement":[{"@type":"ListItem","position":1,"name":"Home","item":"https:\/\/emilfreyclassics.webmodus-dev.ch\/fr\/"},{"@type":"ListItem","position":2,"name":"\u00c0 Propos de nous","item":"https:\/\/emilfreyclassics.webmodus-dev.ch\/fr\/a-propos-de-nous\/"},{"@type":"ListItem","position":3,"name":"Histoire"}]},{"@type":"WebSite","@id":"https:\/\/emilfreyclassics.webmodus-dev.ch\/#website","url":"https:\/\/emilfreyclassics.webmodus-dev.ch\/","name":"Emil Frey Classics AG","description":"","potentialAction":[{"@type":"SearchAction","target":{"@type":"EntryPoint","urlTemplate":"https:\/\/emilfreyclassics.webmodus-dev.ch\/?s={search_term_string}"},"query-input":{"@type":"PropertyValueSpecification","valueRequired":true,"valueName":"search_term_string"}}],"inLanguage":"fr-FR"}]}},"_links":{"self":[{"href":"https:\/\/emilfreyclassics.webmodus-dev.ch\/fr\/wp-json\/wp\/v2\/pages\/20581","targetHints":{"allow":["GET"]}}],"collection":[{"href":"https:\/\/emilfreyclassics.webmodus-dev.ch\/fr\/wp-json\/wp\/v2\/pages"}],"about":[{"href":"https:\/\/emilfreyclassics.webmodus-dev.ch\/fr\/wp-json\/wp\/v2\/types\/page"}],"author":[{"embeddable":true,"href":"https:\/\/emilfreyclassics.webmodus-dev.ch\/fr\/wp-json\/wp\/v2\/users\/5"}],"replies":[{"embeddable":true,"href":"https:\/\/emilfreyclassics.webmodus-dev.ch\/fr\/wp-json\/wp\/v2\/comments?post=20581"}],"version-history":[{"count":4,"href":"https:\/\/emilfreyclassics.webmodus-dev.ch\/fr\/wp-json\/wp\/v2\/pages\/20581\/revisions"}],"predecessor-version":[{"id":21406,"href":"https:\/\/emilfreyclassics.webmodus-dev.ch\/fr\/wp-json\/wp\/v2\/pages\/20581\/revisions\/21406"}],"up":[{"embeddable":true,"href":"https:\/\/emilfreyclassics.webmodus-dev.ch\/fr\/wp-json\/wp\/v2\/pages\/20573"}],"wp:attachment":[{"href":"https:\/\/emilfreyclassics.webmodus-dev.ch\/fr\/wp-json\/wp\/v2\/media?parent=20581"}],"curies":[{"name":"wp","href":"https:\/\/api.w.org\/{rel}","templated":true}]}}