{"id":20573,"date":"2020-01-03T11:57:51","date_gmt":"2020-01-03T11:57:51","guid":{"rendered":"https:\/\/emilfreyclassics.webmodus-dev.ch\/ueber-uns\/"},"modified":"2026-03-05T08:26:18","modified_gmt":"2026-03-05T08:26:18","slug":"a-propos-de-nous","status":"publish","type":"page","link":"https:\/\/emilfreyclassics.webmodus-dev.ch\/fr\/a-propos-de-nous\/","title":{"rendered":"\u00c0 Propos de nous"},"content":{"rendered":"<section class=\"l-section wpb_row us_custom_278d8c57 height_medium width_full\"><div class=\"l-section-h i-cf\"><div class=\"g-cols vc_row via_flex valign_top type_default stacking_default\"><div class=\"vc_col-sm-12 wpb_column vc_column_container\"><div class=\"vc_column-inner\"><div class=\"wpb_wrapper\"><section class=\"l-section wpb_row us_custom_3f155a9c height_medium width_full parallax_ver\"><div class=\"l-section-h i-cf\"><div class=\"g-cols vc_row via_flex valign_top type_default stacking_default\"><div class=\"vc_col-sm-12 wpb_column vc_column_container\"><div class=\"vc_column-inner\"><div class=\"wpb_wrapper\"><\/div><\/div><\/div><\/div><\/div><\/section><section class=\"l-section wpb_row us_custom_ac0ca196 webmodus-haupt-titel-container height_medium width_full\"><div class=\"l-section-h i-cf\"><div class=\"g-cols vc_row via_flex valign_top type_default stacking_default\"><div class=\"vc_col-sm-12 wpb_column vc_column_container\"><div class=\"vc_column-inner\"><div class=\"wpb_wrapper\"><h1 class=\"w-post-elm post_custom_field us_custom_4076faf9 webmodus-haupt-titel has_text_color type_text beschriftung_weisser_balken color_link_inherit\"><span class=\"w-post-elm-value\">\u00c0 propos de nous<\/span><\/h1><\/div><\/div><\/div><\/div><\/div><\/section>\n<\/div><\/div><\/div><\/div><\/div><\/section><section class=\"l-section wpb_row height_medium\"><div class=\"l-section-h i-cf\"><div class=\"g-cols vc_row via_flex valign_top type_default stacking_default\"><div class=\"vc_col-sm-12 wpb_column vc_column_container\"><div class=\"vc_column-inner\"><div class=\"wpb_wrapper\">[vc_custom_heading text=\u00a0\u00bbClassic Cars \u2013 Un monde de fascination et de passion\u00a0\u00bb font_container=\u00a0\u00bbtag:h2|text_align:left|color:%23FFFFFF\u00a0\u00bb use_theme_fonts=\u00a0\u00bbyes\u00a0\u00bb]<div class=\"wpb_text_column\"><div class=\"wpb_wrapper\"><p><span>Les voitures classiques fascinent toutes les g\u00e9n\u00e9rations et suscitent syst\u00e9matiquement des regards admiratifs. Partageant cette passion, Emil Frey SA a donc fond\u00e9 Emil Frey Classics SA \u00e0 Safenwil, la plaque tournante logistique de l\u2019entreprise. La filiale exploite le Classic Center Suisse, install\u00e9 dans une ancienne usine textile r\u00e9nov\u00e9e avec soin et compl\u00e9t\u00e9e par un nouveau b\u00e2timent du m\u00eame style architectural. Le Classic Center Suisse se veut un \u00e9l\u00e9gant lieu de rencontre pour les amateurs et les collectionneurs de v\u00e9hicules historiques et classiques. En tant que centre de comp\u00e9tences d\u2019envergure internationale, il offre sous un m\u00eame toit l\u2019ensemble des prestations relatives aux voitures de collection.<\/span><\/p>\n<\/div><\/div><\/div><\/div><\/div><\/div><\/div><\/section><section class=\"l-section wpb_row us_custom_19737bc8 ef-background-container ef-black-font ef-full-md-background height_medium width_full_with_indents\"><div class=\"l-section-h i-cf\"><div class=\"g-cols vc_row via_flex valign_top type_default stacking_default\"><div class=\"vc_col-sm-12 wpb_column vc_column_container has_text_color has_bg_color\"><div class=\"vc_column-inner us_custom_0bc6de0b\"><div class=\"wpb_wrapper\">[vc_custom_heading text=\u00a0\u00bbFascination et Passion\u00a0\u00bb font_container=\u00a0\u00bbtag:h2|font_size:3rem|text_align:center\u00a0\u00bb use_theme_fonts=\u00a0\u00bbyes\u00a0\u00bb]<div class=\"wpb_text_column ef-font-18\"><div class=\"wpb_wrapper\"><p style=\"text-align: center;\"><strong>Le Classic Center Suisse se consid\u00e8re comme un lieu de rencontre \u00e9l\u00e9gant pour les amateurs et les collectionneurs de v\u00e9hicules historiques et classiques. En tant que centre d\u2019excellence \u00e0 vocation internationale, il offre tous les services li\u00e9s aux voitures anciennes sous un m\u00eame toit.<\/strong><\/p>\n<\/div><\/div><div class=\"w-separator size_medium\"><\/div><div class=\"g-cols wpb_row via_flex valign_top type_default stacking_default\"><div class=\"vc_col-sm-4 wpb_column vc_column_container\"><div class=\"vc_column-inner\"><div class=\"wpb_wrapper\"><div class=\"w-image align_none\"><div class=\"w-image-h\"><img decoding=\"async\" width=\"1024\" height=\"683\" src=\"https:\/\/emilfreyclassics.webmodus-dev.ch\/wp-content\/uploads\/2019\/10\/045-1024x683.jpg\" class=\"attachment-large size-large\" alt=\"\" loading=\"lazy\" srcset=\"https:\/\/emilfreyclassics.webmodus-dev.ch\/wp-content\/uploads\/2019\/10\/045-1024x683.jpg 1024w, https:\/\/emilfreyclassics.webmodus-dev.ch\/wp-content\/uploads\/2019\/10\/045-600x400.jpg 600w, https:\/\/emilfreyclassics.webmodus-dev.ch\/wp-content\/uploads\/2019\/10\/045-300x200.jpg 300w, https:\/\/emilfreyclassics.webmodus-dev.ch\/wp-content\/uploads\/2019\/10\/045-768x512.jpg 768w, https:\/\/emilfreyclassics.webmodus-dev.ch\/wp-content\/uploads\/2019\/10\/045.jpg 1600w\" sizes=\"auto, (max-width: 1024px) 100vw, 1024px\" \/><\/div><\/div><div class=\"w-separator size_small\"><\/div><h2 class=\"w-text\"><span class=\"w-text-h\"><span class=\"w-text-value\">Technologie et pi\u00e8ces<\/span><\/span><\/h2><div class=\"wpb_text_column\"><div class=\"wpb_wrapper\"><p class=\"vc_custom_heading vc_do_custom_heading\"><span>Des voitures classiques bien entretenues dans leur \u00e9tat d\u2019origine garantissent le plaisir de conduire. Vous pouvez compter sur notre expertise et notre soutien pour maintenir la valeur de votre v\u00e9hicule de collection. Notre devise est: tout d\u2019une seule source et de la plus haute qualit\u00e9!<\/span><\/p>\n<\/div><\/div><div class=\"w-separator size_small\"><\/div><div class=\"w-btn-wrapper align_none\"><a class=\"w-btn us-btn-style_1\" href=\"https:\/\/emilfreyclassics.webmodus-dev.ch\/fr\/atelier-et-pieces-detachees\/\"><span class=\"w-btn-label\">Plus d&rsquo;information<\/span><\/a><\/div><div class=\"w-separator hide_on_default hide_on_laptops size_medium\"><\/div><\/div><\/div><\/div><div class=\"vc_col-sm-4 wpb_column vc_column_container\"><div class=\"vc_column-inner\"><div class=\"wpb_wrapper\"><div class=\"w-image align_none\"><div class=\"w-image-h\"><img decoding=\"async\" width=\"1024\" height=\"684\" src=\"https:\/\/emilfreyclassics.webmodus-dev.ch\/wp-content\/uploads\/2019\/10\/Event-GT-06-1024x684.jpg\" class=\"attachment-large size-large\" alt=\"Event Center Rooms for ideas\" loading=\"lazy\" srcset=\"https:\/\/emilfreyclassics.webmodus-dev.ch\/wp-content\/uploads\/2019\/10\/Event-GT-06-1024x684.jpg 1024w, https:\/\/emilfreyclassics.webmodus-dev.ch\/wp-content\/uploads\/2019\/10\/Event-GT-06-600x401.jpg 600w, https:\/\/emilfreyclassics.webmodus-dev.ch\/wp-content\/uploads\/2019\/10\/Event-GT-06-300x200.jpg 300w, https:\/\/emilfreyclassics.webmodus-dev.ch\/wp-content\/uploads\/2019\/10\/Event-GT-06-768x513.jpg 768w, https:\/\/emilfreyclassics.webmodus-dev.ch\/wp-content\/uploads\/2019\/10\/Event-GT-06.jpg 1600w\" sizes=\"auto, (max-width: 1024px) 100vw, 1024px\" \/><\/div><\/div><div class=\"w-separator size_small\"><\/div><h2 class=\"w-text\"><span class=\"w-text-h\"><span class=\"w-text-value\">L&rsquo;Event Center<\/span><\/span><\/h2><div class=\"wpb_text_column\"><div class=\"wpb_wrapper\"><p><span>L\u2019Event Center propose des locaux multifonctionnels \u00e9quip\u00e9s des derni\u00e8res technologies, pouvant \u00eatre utilis\u00e9s pour des \u00e9v\u00e9nements de toutes sortes et accueillir de 5 \u00e0 700 personnes. Vous pourrez offrir \u00e0 vos invit\u00e9s une exp\u00e9rience inoubliable qu\u2019ils n\u2019oublieront pas de sit\u00f4t.<\/span><\/p>\n<\/div><\/div><div class=\"w-separator size_small\"><\/div><div class=\"w-btn-wrapper align_none\"><a class=\"w-btn us-btn-style_1\" href=\"https:\/\/emilfreyclassics.webmodus-dev.ch\/fr\/event-center\/\"><span class=\"w-btn-label\">Plus d&rsquo;information<\/span><\/a><\/div><div class=\"w-separator hide_on_default hide_on_laptops size_medium\"><\/div><\/div><\/div><\/div><div class=\"vc_col-sm-4 wpb_column vc_column_container\"><div class=\"vc_column-inner\"><div class=\"wpb_wrapper\"><div class=\"w-image align_none\"><div class=\"w-image-h\"><img decoding=\"async\" width=\"1024\" height=\"682\" src=\"https:\/\/emilfreyclassics.webmodus-dev.ch\/wp-content\/uploads\/2019\/10\/01-1-1024x682.jpg\" class=\"attachment-large size-large\" alt=\"\" loading=\"lazy\" srcset=\"https:\/\/emilfreyclassics.webmodus-dev.ch\/wp-content\/uploads\/2019\/10\/01-1-1024x682.jpg 1024w, https:\/\/emilfreyclassics.webmodus-dev.ch\/wp-content\/uploads\/2019\/10\/01-1-600x399.jpg 600w, https:\/\/emilfreyclassics.webmodus-dev.ch\/wp-content\/uploads\/2019\/10\/01-1-300x200.jpg 300w, https:\/\/emilfreyclassics.webmodus-dev.ch\/wp-content\/uploads\/2019\/10\/01-1-768x511.jpg 768w, https:\/\/emilfreyclassics.webmodus-dev.ch\/wp-content\/uploads\/2019\/10\/01-1.jpg 1600w\" sizes=\"auto, (max-width: 1024px) 100vw, 1024px\" \/><\/div><\/div><div class=\"w-separator size_small\"><\/div><h2 class=\"w-text\"><span class=\"w-text-h\"><span class=\"w-text-value\">Mus\u00e9e de la voiture classique<\/span><\/span><\/h2><div class=\"wpb_text_column\"><div class=\"wpb_wrapper\"><p><span>Dans l\u2019atmosph\u00e8re authentique du b\u00e2timent restaur\u00e9 de l\u2019ancienne usine textile, entre 50 et 60 joyaux automobiles sont expos\u00e9s en permanence sur trois \u00e9tages.<\/span><\/p>\n<\/div><\/div><div class=\"w-separator size_small\"><\/div><div class=\"w-btn-wrapper align_none\"><a class=\"w-btn us-btn-style_1\" href=\"https:\/\/emilfreyclassics.webmodus-dev.ch\/fr\/musee-archives\/\"><span class=\"w-btn-label\">Plus d&rsquo;information<\/span><\/a><\/div><\/div><\/div><\/div><\/div><div class=\"w-separator size_medium\"><\/div><div class=\"g-cols wpb_row via_flex valign_top type_default stacking_default\"><div class=\"vc_col-sm-4 wpb_column vc_column_container\"><div class=\"vc_column-inner\"><div class=\"wpb_wrapper\"><div class=\"w-image align_none\"><div class=\"w-image-h\"><img decoding=\"async\" width=\"1024\" height=\"682\" src=\"https:\/\/emilfreyclassics.webmodus-dev.ch\/wp-content\/uploads\/2019\/10\/AFG2856-HDR-Bearbeitet-1024x682.jpg\" class=\"attachment-large size-large\" alt=\"\" loading=\"lazy\" srcset=\"https:\/\/emilfreyclassics.webmodus-dev.ch\/wp-content\/uploads\/2019\/10\/AFG2856-HDR-Bearbeitet-1024x682.jpg 1024w, https:\/\/emilfreyclassics.webmodus-dev.ch\/wp-content\/uploads\/2019\/10\/AFG2856-HDR-Bearbeitet-600x399.jpg 600w, https:\/\/emilfreyclassics.webmodus-dev.ch\/wp-content\/uploads\/2019\/10\/AFG2856-HDR-Bearbeitet-300x200.jpg 300w, https:\/\/emilfreyclassics.webmodus-dev.ch\/wp-content\/uploads\/2019\/10\/AFG2856-HDR-Bearbeitet-768x511.jpg 768w, https:\/\/emilfreyclassics.webmodus-dev.ch\/wp-content\/uploads\/2019\/10\/AFG2856-HDR-Bearbeitet.jpg 1600w\" sizes=\"auto, (max-width: 1024px) 100vw, 1024px\" \/><\/div><\/div><div class=\"w-separator size_small\"><\/div><h2 class=\"w-text\"><span class=\"w-text-h\"><span class=\"w-text-value\">Salle d&rsquo;exposition<\/span><\/span><\/h2><div class=\"wpb_text_column\"><div class=\"wpb_wrapper\"><p><span>Saisissez l\u2019opportunit\u00e9 de rechercher une voiture classique bien entretenue dans notre salle d\u2019exposition. Nos sp\u00e9cialistes exp\u00e9riment\u00e9s avec des connexions internationales vous conseilleront sur l\u2019achat et la vente de vos v\u00e9hicules classiques.<\/span><\/p>\n<\/div><\/div><div class=\"w-separator size_small\"><\/div><div class=\"w-btn-wrapper align_none\"><a class=\"w-btn us-btn-style_1\" href=\"https:\/\/emilfreyclassics.webmodus-dev.ch\/fr\/classic-cars-fr\/offre-de-vehicules\/\"><span class=\"w-btn-label\">Plus d&rsquo;information<\/span><\/a><\/div><div class=\"w-separator hide_on_default hide_on_laptops size_medium\"><\/div><\/div><\/div><\/div><div class=\"vc_col-sm-4 wpb_column vc_column_container\"><div class=\"vc_column-inner\"><div class=\"wpb_wrapper\"><div class=\"w-image align_none\"><div class=\"w-image-h\"><img decoding=\"async\" width=\"1024\" height=\"682\" src=\"https:\/\/emilfreyclassics.webmodus-dev.ch\/wp-content\/uploads\/2019\/10\/AFG3224-Bearbeitet-1-scaled-1-1024x682.jpg\" class=\"attachment-large size-large\" alt=\"\" loading=\"lazy\" srcset=\"https:\/\/emilfreyclassics.webmodus-dev.ch\/wp-content\/uploads\/2019\/10\/AFG3224-Bearbeitet-1-scaled-1-1024x682.jpg 1024w, https:\/\/emilfreyclassics.webmodus-dev.ch\/wp-content\/uploads\/2019\/10\/AFG3224-Bearbeitet-1-scaled-1-600x399.jpg 600w, https:\/\/emilfreyclassics.webmodus-dev.ch\/wp-content\/uploads\/2019\/10\/AFG3224-Bearbeitet-1-scaled-1-300x200.jpg 300w, https:\/\/emilfreyclassics.webmodus-dev.ch\/wp-content\/uploads\/2019\/10\/AFG3224-Bearbeitet-1-scaled-1-768x511.jpg 768w, https:\/\/emilfreyclassics.webmodus-dev.ch\/wp-content\/uploads\/2019\/10\/AFG3224-Bearbeitet-1-scaled-1-1536x1022.jpg 1536w, https:\/\/emilfreyclassics.webmodus-dev.ch\/wp-content\/uploads\/2019\/10\/AFG3224-Bearbeitet-1-scaled-1-2048x1363.jpg 2048w, https:\/\/emilfreyclassics.webmodus-dev.ch\/wp-content\/uploads\/2019\/10\/AFG3224-Bearbeitet-1-scaled-1.jpg 1600w\" sizes=\"auto, (max-width: 1024px) 100vw, 1024px\" \/><\/div><\/div><div class=\"w-separator size_small\"><\/div><h2 class=\"w-text\"><span class=\"w-text-h\"><span class=\"w-text-value\">Boutique du mus\u00e9e<\/span><\/span><\/h2><div class=\"wpb_text_column\"><div class=\"wpb_wrapper\"><p><span>Petits et grands amateurs de voitures en auront pour leur argent \u00e0 la boutique du mus\u00e9e. Vous y trouverez tout ce que votre c\u0153ur d\u00e9sire, des voitures miniatures, des livres sur les voitures et des v\u00eatements exclusifs du label \u00abGrand Prix Originals\u00bb.<\/span><\/p>\n<\/div><\/div><div class=\"w-separator size_small\"><\/div><div class=\"w-btn-wrapper align_none\"><a class=\"w-btn us-btn-style_1\" href=\"https:\/\/emilfreyclassics.webmodus-dev.ch\/fr\/musee-archives\/boutique-du-musee\/\"><span class=\"w-btn-label\">Plus d&rsquo;information<\/span><\/a><\/div><div class=\"w-separator hide_on_default hide_on_laptops size_medium\"><\/div><\/div><\/div><\/div><div class=\"vc_col-sm-4 wpb_column vc_column_container\"><div class=\"vc_column-inner\"><div class=\"wpb_wrapper\"><div class=\"w-image align_none\"><div class=\"w-image-h\"><img decoding=\"async\" width=\"1024\" height=\"683\" src=\"https:\/\/emilfreyclassics.webmodus-dev.ch\/wp-content\/uploads\/2019\/10\/EF_Classics_Imagebrochure-69-1024x683.jpg\" class=\"attachment-large size-large\" alt=\"Caf\u00e9 Bar\" loading=\"lazy\" srcset=\"https:\/\/emilfreyclassics.webmodus-dev.ch\/wp-content\/uploads\/2019\/10\/EF_Classics_Imagebrochure-69-1024x683.jpg 1024w, https:\/\/emilfreyclassics.webmodus-dev.ch\/wp-content\/uploads\/2019\/10\/EF_Classics_Imagebrochure-69-600x400.jpg 600w, https:\/\/emilfreyclassics.webmodus-dev.ch\/wp-content\/uploads\/2019\/10\/EF_Classics_Imagebrochure-69-300x200.jpg 300w, https:\/\/emilfreyclassics.webmodus-dev.ch\/wp-content\/uploads\/2019\/10\/EF_Classics_Imagebrochure-69-768x512.jpg 768w, https:\/\/emilfreyclassics.webmodus-dev.ch\/wp-content\/uploads\/2019\/10\/EF_Classics_Imagebrochure-69.jpg 1600w\" sizes=\"auto, (max-width: 1024px) 100vw, 1024px\" \/><\/div><\/div><div class=\"w-separator size_small\"><\/div><h2 class=\"w-text\"><span class=\"w-text-h\"><span class=\"w-text-value\">Classic Caf\u00e9<\/span><\/span><\/h2><div class=\"wpb_text_column\"><div class=\"wpb_wrapper\"><p><span>Le classic-caf\u00e9 du foyer vous invite \u00e0 une pause gourmande du lundi au samedi. De d\u00e9licieuses collations sont disponibles \u00e0 l\u2019heure du d\u00e9jeuner pour satisfaire les petites faims. Pour les groupes visitant le mus\u00e9e de la voiture classique, nous serons heureux d\u2019organiser si vous le souhaitez un ap\u00e9ritif ou un repas.<\/span><\/p>\n<\/div><\/div><div class=\"w-separator size_small\"><\/div><div class=\"w-btn-wrapper align_none\"><a class=\"w-btn us-btn-style_1\" href=\"https:\/\/emilfreyclassics.webmodus-dev.ch\/fr\/event-center\/cafe-bar\/\"><span class=\"w-btn-label\">Plus d&rsquo;information<\/span><\/a><\/div><\/div><\/div><\/div><\/div><\/div><\/div><\/div><\/div><\/div><\/section><section class=\"l-section wpb_row us_custom_b7383e5c height_medium\"><div class=\"l-section-h i-cf\"><div class=\"g-cols vc_row via_flex valign_top type_default stacking_default\"><div class=\"vc_col-sm-2 wpb_column vc_column_container\"><div class=\"vc_column-inner\"><div class=\"wpb_wrapper\"><\/div><\/div><\/div><div class=\"vc_col-sm-8 wpb_column vc_column_container\"><div class=\"vc_column-inner\"><div class=\"wpb_wrapper\"><div class=\"wpb_text_column\"><div class=\"wpb_wrapper\"><blockquote>\n<h2 style=\"text-align: center;\">Experts for your Passion<\/h2>\n<p style=\"text-align: center;\"><\/blockquote>\n<\/div><\/div><\/div><\/div><\/div><div class=\"vc_col-sm-2 wpb_column vc_column_container\"><div class=\"vc_column-inner\"><div class=\"wpb_wrapper\"><\/div><\/div><\/div><\/div><\/div><\/section>\n","protected":false},"excerpt":{"rendered":"\u00c0 propos de nous [vc_custom_heading text=\"Classic Cars \u2013 Un monde de fascination et de passion\" font_container=\"tag:h2|text_align:left|color:%23FFFFFF\" use_theme_fonts=\"yes\"]Les voitures classiques fascinent toutes les g\u00e9n\u00e9rations et suscitent syst\u00e9matiquement des regards admiratifs. Partageant cette passion, Emil Frey SA a donc fond\u00e9 Emil Frey Classics SA \u00e0 Safenwil, la plaque tournante logistique de l\u2019entreprise. La filiale exploite le Classic...","protected":false},"author":5,"featured_media":0,"parent":0,"menu_order":18,"comment_status":"closed","ping_status":"closed","template":"","meta":{"_acf_changed":false,"footnotes":""},"class_list":["post-20573","page","type-page","status-publish","hentry"],"acf":[],"yoast_head":"<!-- This site is optimized with the Yoast SEO plugin v24.6 - https:\/\/yoast.com\/wordpress\/plugins\/seo\/ -->\n<title>Emil Frey Classics AG: \u00c0 Propos de nous<\/title>\n<meta name=\"description\" content=\"%\" \/>\n<meta name=\"robots\" content=\"noindex, follow, max-snippet:-1, max-image-preview:large, max-video-preview:-1\" \/>\n<meta property=\"og:locale\" content=\"fr_FR\" \/>\n<meta property=\"og:type\" content=\"article\" \/>\n<meta property=\"og:title\" content=\"Emil Frey Classics AG: \u00c0 Propos de nous\" \/>\n<meta property=\"og:description\" content=\"%\" \/>\n<meta property=\"og:url\" content=\"https:\/\/emilfreyclassics.webmodus-dev.ch\/fr\/a-propos-de-nous\/\" \/>\n<meta property=\"og:site_name\" content=\"Emil Frey Classics AG\" \/>\n<meta property=\"article:publisher\" content=\"https:\/\/www.facebook.com\/emilfreyclassics\/\" \/>\n<meta property=\"article:modified_time\" content=\"2026-03-05T08:26:18+00:00\" \/>\n<meta name=\"twitter:card\" content=\"summary_large_image\" \/>\n<meta name=\"twitter:label1\" content=\"Dur\u00e9e de lecture estim\u00e9e\" \/>\n\t<meta name=\"twitter:data1\" content=\"3 minutes\" \/>\n<script type=\"application\/ld+json\" class=\"yoast-schema-graph\">{\"@context\":\"https:\/\/schema.org\",\"@graph\":[{\"@type\":\"WebPage\",\"@id\":\"https:\/\/emilfreyclassics.webmodus-dev.ch\/fr\/a-propos-de-nous\/\",\"url\":\"https:\/\/emilfreyclassics.webmodus-dev.ch\/fr\/a-propos-de-nous\/\",\"name\":\"Emil Frey Classics AG: \u00c0 Propos de nous\",\"isPartOf\":{\"@id\":\"https:\/\/emilfreyclassics.webmodus-dev.ch\/#website\"},\"datePublished\":\"2020-01-03T11:57:51+00:00\",\"dateModified\":\"2026-03-05T08:26:18+00:00\",\"description\":\"%\",\"breadcrumb\":{\"@id\":\"https:\/\/emilfreyclassics.webmodus-dev.ch\/fr\/a-propos-de-nous\/#breadcrumb\"},\"inLanguage\":\"fr-FR\",\"potentialAction\":[{\"@type\":\"ReadAction\",\"target\":[\"https:\/\/emilfreyclassics.webmodus-dev.ch\/fr\/a-propos-de-nous\/\"]}]},{\"@type\":\"BreadcrumbList\",\"@id\":\"https:\/\/emilfreyclassics.webmodus-dev.ch\/fr\/a-propos-de-nous\/#breadcrumb\",\"itemListElement\":[{\"@type\":\"ListItem\",\"position\":1,\"name\":\"Home\",\"item\":\"https:\/\/emilfreyclassics.webmodus-dev.ch\/fr\/\"},{\"@type\":\"ListItem\",\"position\":2,\"name\":\"\u00c0 Propos de nous\"}]},{\"@type\":\"WebSite\",\"@id\":\"https:\/\/emilfreyclassics.webmodus-dev.ch\/#website\",\"url\":\"https:\/\/emilfreyclassics.webmodus-dev.ch\/\",\"name\":\"Emil Frey Classics AG\",\"description\":\"\",\"potentialAction\":[{\"@type\":\"SearchAction\",\"target\":{\"@type\":\"EntryPoint\",\"urlTemplate\":\"https:\/\/emilfreyclassics.webmodus-dev.ch\/?s={search_term_string}\"},\"query-input\":{\"@type\":\"PropertyValueSpecification\",\"valueRequired\":true,\"valueName\":\"search_term_string\"}}],\"inLanguage\":\"fr-FR\"}]}<\/script>\n<!-- \/ Yoast SEO plugin. -->","yoast_head_json":{"title":"Emil Frey Classics AG: \u00c0 Propos de nous","description":"%","robots":{"index":"noindex","follow":"follow","max-snippet":"max-snippet:-1","max-image-preview":"max-image-preview:large","max-video-preview":"max-video-preview:-1"},"og_locale":"fr_FR","og_type":"article","og_title":"Emil Frey Classics AG: \u00c0 Propos de nous","og_description":"%","og_url":"https:\/\/emilfreyclassics.webmodus-dev.ch\/fr\/a-propos-de-nous\/","og_site_name":"Emil Frey Classics AG","article_publisher":"https:\/\/www.facebook.com\/emilfreyclassics\/","article_modified_time":"2026-03-05T08:26:18+00:00","twitter_card":"summary_large_image","twitter_misc":{"Dur\u00e9e de lecture estim\u00e9e":"3 minutes"},"schema":{"@context":"https:\/\/schema.org","@graph":[{"@type":"WebPage","@id":"https:\/\/emilfreyclassics.webmodus-dev.ch\/fr\/a-propos-de-nous\/","url":"https:\/\/emilfreyclassics.webmodus-dev.ch\/fr\/a-propos-de-nous\/","name":"Emil Frey Classics AG: \u00c0 Propos de nous","isPartOf":{"@id":"https:\/\/emilfreyclassics.webmodus-dev.ch\/#website"},"datePublished":"2020-01-03T11:57:51+00:00","dateModified":"2026-03-05T08:26:18+00:00","description":"%","breadcrumb":{"@id":"https:\/\/emilfreyclassics.webmodus-dev.ch\/fr\/a-propos-de-nous\/#breadcrumb"},"inLanguage":"fr-FR","potentialAction":[{"@type":"ReadAction","target":["https:\/\/emilfreyclassics.webmodus-dev.ch\/fr\/a-propos-de-nous\/"]}]},{"@type":"BreadcrumbList","@id":"https:\/\/emilfreyclassics.webmodus-dev.ch\/fr\/a-propos-de-nous\/#breadcrumb","itemListElement":[{"@type":"ListItem","position":1,"name":"Home","item":"https:\/\/emilfreyclassics.webmodus-dev.ch\/fr\/"},{"@type":"ListItem","position":2,"name":"\u00c0 Propos de nous"}]},{"@type":"WebSite","@id":"https:\/\/emilfreyclassics.webmodus-dev.ch\/#website","url":"https:\/\/emilfreyclassics.webmodus-dev.ch\/","name":"Emil Frey Classics AG","description":"","potentialAction":[{"@type":"SearchAction","target":{"@type":"EntryPoint","urlTemplate":"https:\/\/emilfreyclassics.webmodus-dev.ch\/?s={search_term_string}"},"query-input":{"@type":"PropertyValueSpecification","valueRequired":true,"valueName":"search_term_string"}}],"inLanguage":"fr-FR"}]}},"_links":{"self":[{"href":"https:\/\/emilfreyclassics.webmodus-dev.ch\/fr\/wp-json\/wp\/v2\/pages\/20573","targetHints":{"allow":["GET"]}}],"collection":[{"href":"https:\/\/emilfreyclassics.webmodus-dev.ch\/fr\/wp-json\/wp\/v2\/pages"}],"about":[{"href":"https:\/\/emilfreyclassics.webmodus-dev.ch\/fr\/wp-json\/wp\/v2\/types\/page"}],"author":[{"embeddable":true,"href":"https:\/\/emilfreyclassics.webmodus-dev.ch\/fr\/wp-json\/wp\/v2\/users\/5"}],"replies":[{"embeddable":true,"href":"https:\/\/emilfreyclassics.webmodus-dev.ch\/fr\/wp-json\/wp\/v2\/comments?post=20573"}],"version-history":[{"count":5,"href":"https:\/\/emilfreyclassics.webmodus-dev.ch\/fr\/wp-json\/wp\/v2\/pages\/20573\/revisions"}],"predecessor-version":[{"id":21422,"href":"https:\/\/emilfreyclassics.webmodus-dev.ch\/fr\/wp-json\/wp\/v2\/pages\/20573\/revisions\/21422"}],"wp:attachment":[{"href":"https:\/\/emilfreyclassics.webmodus-dev.ch\/fr\/wp-json\/wp\/v2\/media?parent=20573"}],"curies":[{"name":"wp","href":"https:\/\/api.w.org\/{rel}","templated":true}]}}