{"id":20566,"date":"2020-01-03T10:41:42","date_gmt":"2020-01-03T10:41:42","guid":{"rendered":"https:\/\/emilfreyclassics.webmodus-dev.ch\/musee\/cafe-bar\/"},"modified":"2026-03-11T14:48:22","modified_gmt":"2026-03-11T14:48:22","slug":"cafe-bar","status":"publish","type":"page","link":"https:\/\/emilfreyclassics.webmodus-dev.ch\/fr\/event-center\/cafe-bar\/","title":{"rendered":"Classic Caf\u00e9"},"content":{"rendered":"<section class=\"l-section wpb_row us_custom_278d8c57 height_medium width_full\"><div class=\"l-section-h i-cf\"><div class=\"g-cols vc_row via_flex valign_top type_default stacking_default\"><div class=\"vc_col-sm-12 wpb_column vc_column_container\"><div class=\"vc_column-inner\"><div class=\"wpb_wrapper\"><section class=\"l-section wpb_row us_custom_1bb80f88 height_medium width_full parallax_ver\"><div class=\"l-section-h i-cf\"><div class=\"g-cols vc_row via_flex valign_top type_default stacking_default\"><div class=\"vc_col-sm-12 wpb_column vc_column_container\"><div class=\"vc_column-inner\"><div class=\"wpb_wrapper\"><\/div><\/div><\/div><\/div><\/div><\/section>\n<\/div><\/div><\/div><\/div><\/div><\/section><section class=\"l-section wpb_row height_medium\"><div class=\"l-section-h i-cf\"><div class=\"g-cols vc_row via_flex valign_top type_default stacking_default\"><div class=\"vc_col-sm-12 wpb_column vc_column_container\"><div class=\"vc_column-inner\"><div class=\"wpb_wrapper\">[vc_custom_heading text=\u00a0\u00bbClassic Caf\u00e9\u00a0\u00bb font_container=\u00a0\u00bbtag:h1|text_align:left|color:%23FFFFFF\u00a0\u00bb use_theme_fonts=\u00a0\u00bbyes\u00a0\u00bb]<\/div><\/div><\/div><\/div><\/div><\/section><section class=\"l-section wpb_row height_medium\"><div class=\"l-section-h i-cf\"><div class=\"g-cols vc_row via_flex valign_top type_default stacking_default\"><div class=\"vc_col-sm-6 wpb_column vc_column_container\"><div class=\"vc_column-inner\"><div class=\"wpb_wrapper\">[vc_custom_heading text=\u00a0\u00bbVenez d\u00e9guster nos plats au caf\u00e9 (du 9 au 13 Mars)\u00a0\u00bb font_container=\u00a0\u00bbtag:h2|text_align:left|color:%23FFFFFF\u00a0\u00bb use_theme_fonts=\u00a0\u00bbyes\u00a0\u00bb]<div class=\"wpb_text_column\"><div class=\"wpb_wrapper\"><p>Venez savourer votre d\u00e9jeuner chez nous, au Classic Caf\u00e9. Tous les menus sont aussi disponibles \u00e0 emporter.<br \/>\nNous sommes ravis de vous proposer nos plats d&rsquo;automne\/hiver.<\/p>\n<p>Vous voulez \u00eatre s\u00fbr d&rsquo;avoir une place ? Alors, n&rsquo;h\u00e9sitez pas \u00e0 r\u00e9server. Nous prenons volontiers vos r\u00e9servations par t\u00e9l\u00e9phone ou vos r\u00e9servations de table pour les jours suivants au <strong>062 788 79 20<\/strong>. Pour les petits creux spontan\u00e9s, tous les jours dans la limite des stocks disponibles.<\/p>\n<p>Vous pouvez vous r\u00e9jouir de nos d\u00e9licieux menus du midi.<\/p>\n<p><strong>Lundi: <\/strong>Tilapia gebraten an einer Honig Balsamico Sauce, Kartoffelw\u00fcrfel und Blattspinat<\/p>\n<p><strong>Mardi:<\/strong> Spinatsuppe<\/p>\n<p><strong>Mercredi: <\/strong>Spaghetti mit Vegi-Bolognese<\/p>\n<p><strong>Jeudi:<\/strong> Pinsa<\/p>\n<p><strong>Vendredi: <\/strong>S\u00fcessi und salzigi W\u00e4hen, Handy-Toast<\/p>\n<p>Du lundi au jeudi, vous pouvez bien s\u00fbr choisir parmi notre buffet de salades fra\u00eeches et d&rsquo;autres plats de notre <a href=\"https:\/\/www.emilfreyclassics.ch\/wp-content\/uploads\/2025\/11\/Website-Menuekarte.pdf\">carte<\/a>.<\/p>\n<p><strong>Veuillez noter nos horaires d&rsquo;ouverture :<\/strong><br \/>\nDu lundi au vendredi : de 7h30 \u00e0 17h<br \/>\nSamedi : de 7h30 \u00e0 16h<br \/>\nLe mus\u00e9e est \u00e9galement ouvert les dimanches suivants :<br \/>\nde 10h \u00e0 17h (29\/03\/26, 26\/04\/26, 31\/05\/26, 28\/06\/26, 26\/07\/26, 30\/08\/26, 27\/09\/26, 25\/10\/26, 29\/11\/26)<\/p>\n<\/div><\/div><\/div><\/div><\/div><div class=\"vc_col-sm-6 wpb_column vc_column_container\"><div class=\"vc_column-inner\"><div class=\"wpb_wrapper\"><div class=\"w-image align_none\"><div class=\"w-image-h\"><img decoding=\"async\" width=\"793\" height=\"1024\" src=\"https:\/\/emilfreyclassics.webmodus-dev.ch\/wp-content\/uploads\/2026\/01\/EFC-Menuekarte_A5-zugeschnitten-793x1024.jpg\" class=\"attachment-large size-large\" alt=\"\" loading=\"lazy\" srcset=\"https:\/\/emilfreyclassics.webmodus-dev.ch\/wp-content\/uploads\/2026\/01\/EFC-Menuekarte_A5-zugeschnitten-793x1024.jpg 793w, https:\/\/emilfreyclassics.webmodus-dev.ch\/wp-content\/uploads\/2026\/01\/EFC-Menuekarte_A5-zugeschnitten-600x775.jpg 600w, https:\/\/emilfreyclassics.webmodus-dev.ch\/wp-content\/uploads\/2026\/01\/EFC-Menuekarte_A5-zugeschnitten-232x300.jpg 232w, https:\/\/emilfreyclassics.webmodus-dev.ch\/wp-content\/uploads\/2026\/01\/EFC-Menuekarte_A5-zugeschnitten.jpg 835w\" sizes=\"auto, (max-width: 793px) 100vw, 793px\" \/><\/div><\/div><\/div><\/div><\/div><\/div><\/div><\/section><section class=\"l-section wpb_row height_medium\"><div class=\"l-section-h i-cf\"><div class=\"g-cols vc_row via_flex valign_top type_default stacking_default\"><div class=\"vc_col-sm-6 wpb_column vc_column_container\"><div class=\"vc_column-inner\"><div class=\"wpb_wrapper\">[vc_custom_heading text=\u00a0\u00bbPauses gourmandes au Classic Caf\u00e9\u00a0\u00bb font_container=\u00a0\u00bbtag:h2|text_align:left|color:%23FFFFFF\u00a0\u00bb use_theme_fonts=\u00a0\u00bbyes\u00a0\u00bb]<div class=\"wpb_text_column\"><div class=\"wpb_wrapper\"><p>Le Classic Caf\u00e9, situ\u00e9 dans le foyer, vous invite \u00e0 faire une pause gourmande du lundi au samedi. \u00c0 midi, il propose des d\u00e9lices culinaires pour les petites faims. Nous organisons volontiers le service traiteur pour un ap\u00e9ritif ou servons un repas selon vos souhaits pour les petits groupes qui visitent le Classic Car Museum.<\/p>\n<\/div><\/div><\/div><\/div><\/div><div class=\"vc_col-sm-6 wpb_column vc_column_container\"><div class=\"vc_column-inner\"><div class=\"wpb_wrapper\"><div class=\"w-image align_none\"><div class=\"w-image-h\"><img decoding=\"async\" width=\"1024\" height=\"683\" src=\"https:\/\/emilfreyclassics.webmodus-dev.ch\/wp-content\/uploads\/2019\/10\/EF_Classics_Imagebrochure-2-1024x683.jpg\" class=\"attachment-large size-large\" alt=\"\" loading=\"lazy\" srcset=\"https:\/\/emilfreyclassics.webmodus-dev.ch\/wp-content\/uploads\/2019\/10\/EF_Classics_Imagebrochure-2-1024x683.jpg 1024w, https:\/\/emilfreyclassics.webmodus-dev.ch\/wp-content\/uploads\/2019\/10\/EF_Classics_Imagebrochure-2-600x400.jpg 600w, https:\/\/emilfreyclassics.webmodus-dev.ch\/wp-content\/uploads\/2019\/10\/EF_Classics_Imagebrochure-2-300x200.jpg 300w, https:\/\/emilfreyclassics.webmodus-dev.ch\/wp-content\/uploads\/2019\/10\/EF_Classics_Imagebrochure-2-768x512.jpg 768w, https:\/\/emilfreyclassics.webmodus-dev.ch\/wp-content\/uploads\/2019\/10\/EF_Classics_Imagebrochure-2.jpg 1600w\" sizes=\"auto, (max-width: 1024px) 100vw, 1024px\" \/><\/div><\/div><\/div><\/div><\/div><\/div><\/div><\/section><section class=\"l-section wpb_row height_medium\"><div class=\"l-section-h i-cf\"><div class=\"g-cols vc_row via_flex valign_top type_default stacking_default\"><div class=\"vc_col-sm-12 wpb_column vc_column_container\"><div class=\"vc_column-inner\"><div class=\"wpb_wrapper\">[vc_raw_html]JTVCb2VmZm51bmdzemVpdGVuX21vZHVsJTIwaWQlM0QlMjIyMTIxOCUyMiU1RA==[\/vc_raw_html]<\/div><\/div><\/div><\/div><\/div><\/section><section class=\"l-section wpb_row height_medium\"><div class=\"l-section-h i-cf\"><div class=\"g-cols vc_row via_flex valign_top type_default stacking_default\"><div class=\"vc_col-sm-12 wpb_column vc_column_container\"><div class=\"vc_column-inner\"><div class=\"wpb_wrapper\"><div class=\"w-grid us_post_list type_grid layout_18682 cols_2 preload_style_spinner\" id=\"us_post_list_obdb\" style=\"--columns:2;--gap:1.5rem;\"><style>@media (max-width:600px){#us_post_list_obdb{--columns:1!important}}.layout_18682 .w-grid-item-h{}.layout_18682 .usg_post_custom_field_1{text-align:center!important;margin-top:10px!important}.layout_18682 .usg_post_custom_field_2{text-align:center!important;width:150px!important}.layout_18682 .usg_btn_2{text-align:center!important}.layout_18682 .usg_btn_3{text-align:center!important}<\/style><div class=\"w-grid-list\">\t<article class=\"w-grid-item size_1x1 post-21172 team type-team status-publish hentry\" data-id=\"21172\">\r\n\t\t<div class=\"w-grid-item-h\">\r\n\t\t\t\t\t\t<h2 class=\"w-post-elm post_title usg_post_title_1 align_center entry-title color_link_inherit\">Manuela Mondelli<\/h2><div class=\"w-post-elm post_custom_field usg_post_custom_field_1 type_text team_position color_link_inherit\"><span class=\"w-post-elm-value\">Responsable marketing et communication et \u00e9v\u00e9nements<\/span><\/div><div class=\"w-post-elm post_custom_field usg_post_custom_field_2 avatarbild-team type_image team_avatar color_link_inherit has_ratio\"><div style=\"padding-bottom:100%\"><\/div><img loading=\"lazy\" decoding=\"async\" width=\"1024\" height=\"683\" src=\"https:\/\/emilfreyclassics.webmodus-dev.ch\/wp-content\/uploads\/2019\/10\/Mitarbeiter_EFClassics_14-Manuela-Mondelli-1024x683.jpg\" class=\"attachment-large size-large\" alt=\"\" srcset=\"https:\/\/emilfreyclassics.webmodus-dev.ch\/wp-content\/uploads\/2019\/10\/Mitarbeiter_EFClassics_14-Manuela-Mondelli-1024x683.jpg 1024w, https:\/\/emilfreyclassics.webmodus-dev.ch\/wp-content\/uploads\/2019\/10\/Mitarbeiter_EFClassics_14-Manuela-Mondelli-600x400.jpg 600w, https:\/\/emilfreyclassics.webmodus-dev.ch\/wp-content\/uploads\/2019\/10\/Mitarbeiter_EFClassics_14-Manuela-Mondelli-300x200.jpg 300w, https:\/\/emilfreyclassics.webmodus-dev.ch\/wp-content\/uploads\/2019\/10\/Mitarbeiter_EFClassics_14-Manuela-Mondelli-768x512.jpg 768w, https:\/\/emilfreyclassics.webmodus-dev.ch\/wp-content\/uploads\/2019\/10\/Mitarbeiter_EFClassics_14-Manuela-Mondelli.jpg 1600w\" sizes=\"auto, (max-width: 1024px) 100vw, 1024px\" \/><\/div><div class=\"w-hwrapper usg_hwrapper_2 align_center valign_top\"><a class=\"w-btn us-btn-style_4 usg_btn_3 icon_atleft\" href=\"tel:+41 62 788 79 37\"><i class=\"fas fa-phone-alt\"><\/i><span class=\"w-btn-label\">+41 62 788 79 37<\/span><\/a><a class=\"w-btn us-btn-style_4 usg_btn_2 icon_atleft text_none\" aria-label=\"Button\" href=\"mailto:manuela.mondelli@emilfreyclassics.ch\"><i class=\"fas fa-envelope\"><\/i><\/a><\/div>\t\t<\/div>\r\n\t\t\t<\/article>\r\n\t<article class=\"w-grid-item size_1x1 post-843 team type-team status-publish hentry\" data-id=\"843\">\r\n\t\t<div class=\"w-grid-item-h\">\r\n\t\t\t\t\t\t<h2 class=\"w-post-elm post_title usg_post_title_1 align_center entry-title color_link_inherit\">Adrian Senn<\/h2><div class=\"w-post-elm post_custom_field usg_post_custom_field_1 type_text team_position color_link_inherit\"><span class=\"w-post-elm-value\">\u00c9quipe \u00e9v\u00e9nementielle<\/span><\/div><div class=\"w-post-elm post_custom_field usg_post_custom_field_2 avatarbild-team type_image team_avatar color_link_inherit has_ratio\"><div style=\"padding-bottom:100%\"><\/div><img loading=\"lazy\" decoding=\"async\" width=\"1024\" height=\"683\" src=\"https:\/\/emilfreyclassics.webmodus-dev.ch\/wp-content\/uploads\/2019\/10\/MYC_8999-1024x683.jpg\" class=\"attachment-large size-large\" alt=\"\" srcset=\"https:\/\/emilfreyclassics.webmodus-dev.ch\/wp-content\/uploads\/2019\/10\/MYC_8999-1024x683.jpg 1024w, https:\/\/emilfreyclassics.webmodus-dev.ch\/wp-content\/uploads\/2019\/10\/MYC_8999-300x200.jpg 300w, https:\/\/emilfreyclassics.webmodus-dev.ch\/wp-content\/uploads\/2019\/10\/MYC_8999-768x512.jpg 768w, https:\/\/emilfreyclassics.webmodus-dev.ch\/wp-content\/uploads\/2019\/10\/MYC_8999-e1570448912714.jpg 180w\" sizes=\"auto, (max-width: 1024px) 100vw, 1024px\" \/><\/div><div class=\"w-hwrapper usg_hwrapper_2 align_center valign_top\"><a class=\"w-btn us-btn-style_4 usg_btn_3 icon_atleft\" href=\"tel:+41 62 788 79 32\"><i class=\"fas fa-phone-alt\"><\/i><span class=\"w-btn-label\">+41 62 788 79 32<\/span><\/a><a class=\"w-btn us-btn-style_4 usg_btn_2 icon_atleft text_none\" aria-label=\"Button\" href=\"mailto:adrian.senn@emilfreyclassics.ch\"><i class=\"fas fa-envelope\"><\/i><\/a><\/div>\t\t<\/div>\r\n\t\t\t<\/article>\r\n<\/div><div class=\"g-loadmore hidden\"><div class=\"g-preloader type_1\"><div><\/div><\/div><\/div><div class=\"w-grid-list-json hidden\" onclick='return {&quot;max_num_pages&quot;:0,&quot;paginationBase&quot;:&quot;page&quot;,&quot;pagination&quot;:&quot;none&quot;,&quot;paged&quot;:1,&quot;ajaxData&quot;:{&quot;action&quot;:&quot;us_ajax_post_list&quot;,&quot;meta_type&quot;:&quot;post&quot;,&quot;object_id&quot;:0,&quot;template_vars&quot;:{&quot;shortcode_base&quot;:&quot;us_post_list&quot;,&quot;paged&quot;:1,&quot;max_num_pages&quot;:0,&quot;no_results&quot;:false,&quot;us_post_content_design_css&quot;:[],&quot;found_posts&quot;:0,&quot;items_count&quot;:2,&quot;source&quot;:&quot;post__in&quot;,&quot;custom_field_name&quot;:&quot;&quot;,&quot;ids&quot;:&quot;21172,806&quot;,&quot;post_type&quot;:&quot;team&quot;,&quot;attachment_ids&quot;:null,&quot;include_post_thumbnail&quot;:0,&quot;post_author&quot;:&quot;any&quot;,&quot;post_author_ids&quot;:&quot;&quot;,&quot;apply_url_params&quot;:0,&quot;ignore_sticky_posts&quot;:1,&quot;exclude_children&quot;:0,&quot;exclude_current_post&quot;:&quot;0&quot;,&quot;exclude_prev_posts&quot;:0,&quot;exclude_past_events&quot;:0,&quot;enable_items_offset&quot;:0,&quot;items_offset&quot;:&quot;1&quot;,&quot;tax_query_relation&quot;:&quot;none&quot;,&quot;tax_query&quot;:[{&quot;operator&quot;:&quot;IN&quot;,&quot;taxonomy&quot;:&quot;category&quot;,&quot;terms&quot;:&quot;&quot;,&quot;include_children&quot;:0}],&quot;meta_query_relation&quot;:&quot;none&quot;,&quot;meta_query&quot;:[{&quot;key&quot;:&quot;custom_field_name&quot;,&quot;compare&quot;:&quot;=&quot;,&quot;value&quot;:&quot;&quot;}],&quot;orderby&quot;:&quot;menu_order&quot;,&quot;orderby_custom_field&quot;:&quot;&quot;,&quot;orderby_custom_type&quot;:0,&quot;order_invert&quot;:0,&quot;show_all&quot;:0,&quot;quantity&quot;:&quot;2&quot;,&quot;posts_per_archive_page&quot;:0,&quot;no_items_action&quot;:&quot;hide_grid&quot;,&quot;no_items_message&quot;:&quot;Aucun r\\u00e9sultat.&quot;,&quot;no_items_page_block&quot;:&quot;&quot;,&quot;pagination&quot;:&quot;none&quot;,&quot;pagination_style&quot;:&quot;&quot;,&quot;pagination_btn_text&quot;:&quot;Charger plus&quot;,&quot;pagination_btn_size&quot;:&quot;&quot;,&quot;pagination_btn_style&quot;:&quot;1&quot;,&quot;pagination_btn_fullwidth&quot;:0,&quot;items_layout&quot;:&quot;18682&quot;,&quot;type&quot;:&quot;grid&quot;,&quot;items_valign&quot;:0,&quot;ignore_items_size&quot;:0,&quot;columns&quot;:&quot;2&quot;,&quot;items_gap&quot;:&quot;1.5rem&quot;,&quot;load_animation&quot;:&quot;none&quot;,&quot;items_preload_style&quot;:&quot;spinner&quot;,&quot;img_size&quot;:&quot;default&quot;,&quot;title_size&quot;:&quot;&quot;,&quot;items_ratio&quot;:&quot;default&quot;,&quot;items_ratio_width&quot;:&quot;21&quot;,&quot;items_ratio_height&quot;:&quot;9&quot;,&quot;overriding_link&quot;:&quot;%7B%22url%22%3A%22%22%7D&quot;,&quot;popup_page_template&quot;:&quot;0&quot;,&quot;popup_width&quot;:&quot;&quot;,&quot;popup_arrows&quot;:1,&quot;breakpoint_1_width&quot;:&quot;1381px&quot;,&quot;breakpoint_1_cols&quot;:&quot;default&quot;,&quot;breakpoint_1_quantity&quot;:&quot;&quot;,&quot;breakpoint_1_gap&quot;:&quot;&quot;,&quot;breakpoint_2_width&quot;:&quot;1025px&quot;,&quot;breakpoint_2_cols&quot;:&quot;2&quot;,&quot;breakpoint_2_quantity&quot;:&quot;&quot;,&quot;breakpoint_2_gap&quot;:&quot;&quot;,&quot;breakpoint_3_width&quot;:&quot;601px&quot;,&quot;breakpoint_3_cols&quot;:&quot;1&quot;,&quot;breakpoint_3_quantity&quot;:&quot;&quot;,&quot;breakpoint_3_gap&quot;:&quot;&quot;,&quot;conditions_operator&quot;:&quot;always&quot;,&quot;conditions&quot;:[],&quot;css&quot;:null,&quot;el_class&quot;:&quot;&quot;,&quot;el_id&quot;:&quot;&quot;,&quot;enable_custom_html_atts&quot;:0,&quot;custom_html_atts&quot;:null,&quot;hide_on_states&quot;:&quot;&quot;,&quot;hide_for_sticky&quot;:0,&quot;hide_for_not_sticky&quot;:0,&quot;hide_below&quot;:&quot;0px&quot;,&quot;hide_above&quot;:&quot;0px&quot;,&quot;classes&quot;:&quot;&quot;}},&quot;facetedFilter&quot;:[]}'><\/div><\/div><div class=\"w-separator size_medium\"><\/div><\/div><\/div><\/div><\/div><\/div><\/section>\n","protected":false},"excerpt":{"rendered":"","protected":false},"author":5,"featured_media":0,"parent":20549,"menu_order":37,"comment_status":"closed","ping_status":"closed","template":"","meta":{"_acf_changed":false,"footnotes":""},"class_list":["post-20566","page","type-page","status-publish","hentry"],"acf":[],"yoast_head":"<!-- This site is optimized with the Yoast SEO plugin v24.6 - https:\/\/yoast.com\/wordpress\/plugins\/seo\/ -->\n<title>Emil Frey Classics AG: Classic Caf\u00e9<\/title>\n<meta name=\"description\" content=\"%\" \/>\n<meta name=\"robots\" content=\"noindex, follow, max-snippet:-1, max-image-preview:large, max-video-preview:-1\" \/>\n<meta property=\"og:locale\" content=\"fr_FR\" \/>\n<meta property=\"og:type\" content=\"article\" \/>\n<meta property=\"og:title\" content=\"Emil Frey Classics AG: Classic Caf\u00e9\" \/>\n<meta property=\"og:description\" content=\"%\" \/>\n<meta property=\"og:url\" content=\"https:\/\/emilfreyclassics.webmodus-dev.ch\/fr\/event-center\/cafe-bar\/\" \/>\n<meta property=\"og:site_name\" content=\"Emil Frey Classics AG\" \/>\n<meta property=\"article:publisher\" content=\"https:\/\/www.facebook.com\/emilfreyclassics\/\" \/>\n<meta property=\"article:modified_time\" content=\"2026-03-11T14:48:22+00:00\" \/>\n<meta name=\"twitter:card\" content=\"summary_large_image\" \/>\n<meta name=\"twitter:label1\" content=\"Dur\u00e9e de lecture estim\u00e9e\" \/>\n\t<meta name=\"twitter:data1\" content=\"2 minutes\" \/>\n<script type=\"application\/ld+json\" class=\"yoast-schema-graph\">{\"@context\":\"https:\/\/schema.org\",\"@graph\":[{\"@type\":\"WebPage\",\"@id\":\"https:\/\/emilfreyclassics.webmodus-dev.ch\/fr\/event-center\/cafe-bar\/\",\"url\":\"https:\/\/emilfreyclassics.webmodus-dev.ch\/fr\/event-center\/cafe-bar\/\",\"name\":\"Emil Frey Classics AG: Classic Caf\u00e9\",\"isPartOf\":{\"@id\":\"https:\/\/emilfreyclassics.webmodus-dev.ch\/#website\"},\"datePublished\":\"2020-01-03T10:41:42+00:00\",\"dateModified\":\"2026-03-11T14:48:22+00:00\",\"description\":\"%\",\"breadcrumb\":{\"@id\":\"https:\/\/emilfreyclassics.webmodus-dev.ch\/fr\/event-center\/cafe-bar\/#breadcrumb\"},\"inLanguage\":\"fr-FR\",\"potentialAction\":[{\"@type\":\"ReadAction\",\"target\":[\"https:\/\/emilfreyclassics.webmodus-dev.ch\/fr\/event-center\/cafe-bar\/\"]}]},{\"@type\":\"BreadcrumbList\",\"@id\":\"https:\/\/emilfreyclassics.webmodus-dev.ch\/fr\/event-center\/cafe-bar\/#breadcrumb\",\"itemListElement\":[{\"@type\":\"ListItem\",\"position\":1,\"name\":\"Home\",\"item\":\"https:\/\/emilfreyclassics.webmodus-dev.ch\/fr\/\"},{\"@type\":\"ListItem\",\"position\":2,\"name\":\"Event Center\",\"item\":\"https:\/\/emilfreyclassics.webmodus-dev.ch\/fr\/event-center\/\"},{\"@type\":\"ListItem\",\"position\":3,\"name\":\"Classic Caf\u00e9\"}]},{\"@type\":\"WebSite\",\"@id\":\"https:\/\/emilfreyclassics.webmodus-dev.ch\/#website\",\"url\":\"https:\/\/emilfreyclassics.webmodus-dev.ch\/\",\"name\":\"Emil Frey Classics AG\",\"description\":\"\",\"potentialAction\":[{\"@type\":\"SearchAction\",\"target\":{\"@type\":\"EntryPoint\",\"urlTemplate\":\"https:\/\/emilfreyclassics.webmodus-dev.ch\/?s={search_term_string}\"},\"query-input\":{\"@type\":\"PropertyValueSpecification\",\"valueRequired\":true,\"valueName\":\"search_term_string\"}}],\"inLanguage\":\"fr-FR\"}]}<\/script>\n<!-- \/ Yoast SEO plugin. -->","yoast_head_json":{"title":"Emil Frey Classics AG: Classic Caf\u00e9","description":"%","robots":{"index":"noindex","follow":"follow","max-snippet":"max-snippet:-1","max-image-preview":"max-image-preview:large","max-video-preview":"max-video-preview:-1"},"og_locale":"fr_FR","og_type":"article","og_title":"Emil Frey Classics AG: Classic Caf\u00e9","og_description":"%","og_url":"https:\/\/emilfreyclassics.webmodus-dev.ch\/fr\/event-center\/cafe-bar\/","og_site_name":"Emil Frey Classics AG","article_publisher":"https:\/\/www.facebook.com\/emilfreyclassics\/","article_modified_time":"2026-03-11T14:48:22+00:00","twitter_card":"summary_large_image","twitter_misc":{"Dur\u00e9e de lecture estim\u00e9e":"2 minutes"},"schema":{"@context":"https:\/\/schema.org","@graph":[{"@type":"WebPage","@id":"https:\/\/emilfreyclassics.webmodus-dev.ch\/fr\/event-center\/cafe-bar\/","url":"https:\/\/emilfreyclassics.webmodus-dev.ch\/fr\/event-center\/cafe-bar\/","name":"Emil Frey Classics AG: Classic Caf\u00e9","isPartOf":{"@id":"https:\/\/emilfreyclassics.webmodus-dev.ch\/#website"},"datePublished":"2020-01-03T10:41:42+00:00","dateModified":"2026-03-11T14:48:22+00:00","description":"%","breadcrumb":{"@id":"https:\/\/emilfreyclassics.webmodus-dev.ch\/fr\/event-center\/cafe-bar\/#breadcrumb"},"inLanguage":"fr-FR","potentialAction":[{"@type":"ReadAction","target":["https:\/\/emilfreyclassics.webmodus-dev.ch\/fr\/event-center\/cafe-bar\/"]}]},{"@type":"BreadcrumbList","@id":"https:\/\/emilfreyclassics.webmodus-dev.ch\/fr\/event-center\/cafe-bar\/#breadcrumb","itemListElement":[{"@type":"ListItem","position":1,"name":"Home","item":"https:\/\/emilfreyclassics.webmodus-dev.ch\/fr\/"},{"@type":"ListItem","position":2,"name":"Event Center","item":"https:\/\/emilfreyclassics.webmodus-dev.ch\/fr\/event-center\/"},{"@type":"ListItem","position":3,"name":"Classic Caf\u00e9"}]},{"@type":"WebSite","@id":"https:\/\/emilfreyclassics.webmodus-dev.ch\/#website","url":"https:\/\/emilfreyclassics.webmodus-dev.ch\/","name":"Emil Frey Classics AG","description":"","potentialAction":[{"@type":"SearchAction","target":{"@type":"EntryPoint","urlTemplate":"https:\/\/emilfreyclassics.webmodus-dev.ch\/?s={search_term_string}"},"query-input":{"@type":"PropertyValueSpecification","valueRequired":true,"valueName":"search_term_string"}}],"inLanguage":"fr-FR"}]}},"_links":{"self":[{"href":"https:\/\/emilfreyclassics.webmodus-dev.ch\/fr\/wp-json\/wp\/v2\/pages\/20566","targetHints":{"allow":["GET"]}}],"collection":[{"href":"https:\/\/emilfreyclassics.webmodus-dev.ch\/fr\/wp-json\/wp\/v2\/pages"}],"about":[{"href":"https:\/\/emilfreyclassics.webmodus-dev.ch\/fr\/wp-json\/wp\/v2\/types\/page"}],"author":[{"embeddable":true,"href":"https:\/\/emilfreyclassics.webmodus-dev.ch\/fr\/wp-json\/wp\/v2\/users\/5"}],"replies":[{"embeddable":true,"href":"https:\/\/emilfreyclassics.webmodus-dev.ch\/fr\/wp-json\/wp\/v2\/comments?post=20566"}],"version-history":[{"count":6,"href":"https:\/\/emilfreyclassics.webmodus-dev.ch\/fr\/wp-json\/wp\/v2\/pages\/20566\/revisions"}],"predecessor-version":[{"id":21649,"href":"https:\/\/emilfreyclassics.webmodus-dev.ch\/fr\/wp-json\/wp\/v2\/pages\/20566\/revisions\/21649"}],"up":[{"embeddable":true,"href":"https:\/\/emilfreyclassics.webmodus-dev.ch\/fr\/wp-json\/wp\/v2\/pages\/20549"}],"wp:attachment":[{"href":"https:\/\/emilfreyclassics.webmodus-dev.ch\/fr\/wp-json\/wp\/v2\/media?parent=20566"}],"curies":[{"name":"wp","href":"https:\/\/api.w.org\/{rel}","templated":true}]}}