{"id":20537,"date":"2020-01-03T09:50:05","date_gmt":"2020-01-03T09:50:05","guid":{"rendered":"https:\/\/emilfreyclassics.webmodus-dev.ch\/musee\/sonderausstellungen\/"},"modified":"2026-02-23T13:23:22","modified_gmt":"2026-02-23T13:23:22","slug":"expositions-speciales","status":"publish","type":"page","link":"https:\/\/emilfreyclassics.webmodus-dev.ch\/fr\/musee-archives\/expositions-speciales\/","title":{"rendered":"Expositions sp\u00e9ciales"},"content":{"rendered":"<section class=\"l-section wpb_row us_custom_278d8c57 height_medium width_full\"><div class=\"l-section-h i-cf\"><div class=\"g-cols vc_row via_flex valign_top type_default stacking_default\"><div class=\"vc_col-sm-12 wpb_column vc_column_container\"><div class=\"vc_column-inner\"><div class=\"wpb_wrapper\"><section class=\"l-section wpb_row us_custom_1bb80f88 height_medium width_full parallax_ver\"><div class=\"l-section-h i-cf\"><div class=\"g-cols vc_row via_flex valign_top type_default stacking_default\"><div class=\"vc_col-sm-12 wpb_column vc_column_container\"><div class=\"vc_column-inner\"><div class=\"wpb_wrapper\"><\/div><\/div><\/div><\/div><\/div><\/section>\n<\/div><\/div><\/div><\/div><\/div><\/section><section class=\"l-section wpb_row height_medium\"><div class=\"l-section-h i-cf\"><div class=\"g-cols vc_row via_flex valign_top type_default stacking_default\"><div class=\"vc_col-sm-12 wpb_column vc_column_container\"><div class=\"vc_column-inner\"><div class=\"wpb_wrapper\"><h1 class=\"w-text\"><span class=\"w-text-h\"><span class=\"w-text-value\">Expositions sp\u00e9ciales<\/span><\/span><\/h1><div class=\"wpb_text_column\"><div class=\"wpb_wrapper\"><p style=\"text-align: left;\"><span>Avec nos expositions sp\u00e9ciales, nous voulons donner plus d\u2019espace \u00e0 des sujets importants de l\u2019histoire de l\u2019automobile.<\/span><\/p>\n<\/div><\/div><\/div><\/div><\/div><\/div><\/div><\/section><section class=\"l-section wpb_row height_medium\"><div class=\"l-section-h i-cf\"><div class=\"g-cols vc_row via_flex valign_top type_default stacking_default\"><div class=\"vc_col-sm-12 wpb_column vc_column_container\"><div class=\"vc_column-inner\"><div class=\"wpb_wrapper\"><div class=\"w-grid us_post_list type_grid layout_19004 cols_2 preload_style_spinner\" id=\"us_post_list_d3f3\" style=\"--columns:2;--gap:1.5rem;\"><style>@media (max-width:1024px){#us_post_list_d3f3{--columns:1!important}}@media (max-width:600px){#us_post_list_d3f3{--columns:1!important}}.layout_19004 .w-grid-item-h{}.layout_19004 .usg_post_title_1{color:#000000!important;margin-top:20px!important}.layout_19004 .usg_btn_1{margin-top:20px!important}.layout_19004 .usg_post_custom_field_3{color:#000000!important;margin-top:20px!important}.layout_19004 .usg_vwrapper_1{min-height:375px!important;padding:20px!important;background:#ebeef2!important}@media (min-width:1025px) and (max-width:1380px){.layout_19004 .usg_vwrapper_1{min-height:375px!important}}@media (min-width:601px) and (max-width:1024px){.layout_19004 .usg_vwrapper_1{min-height:0!important}}@media (max-width:600px){.layout_19004 .usg_vwrapper_1{min-height:0!important}}<\/style><div class=\"w-grid-list\">\t<article class=\"w-grid-item size_1x1 post-21374 sonderausstellung type-sonderausstellung status-publish hentry\" data-id=\"21374\">\r\n\t\t<div class=\"w-grid-item-h\">\r\n\t\t\t\t\t\t<div class=\"w-post-elm post_custom_field usg_post_custom_field_1 type_image hauptbild_sonderausstellungen color_link_inherit has_ratio\"><div style=\"padding-bottom:56.25%\"><\/div><img loading=\"lazy\" decoding=\"async\" width=\"758\" height=\"360\" src=\"https:\/\/emilfreyclassics.webmodus-dev.ch\/wp-content\/uploads\/2024\/12\/Sonderausstellung-1.jpg\" class=\"attachment-large size-large\" alt=\"\" srcset=\"https:\/\/emilfreyclassics.webmodus-dev.ch\/wp-content\/uploads\/2024\/12\/Sonderausstellung-1.jpg 758w, https:\/\/emilfreyclassics.webmodus-dev.ch\/wp-content\/uploads\/2024\/12\/Sonderausstellung-1-600x285.jpg 600w, https:\/\/emilfreyclassics.webmodus-dev.ch\/wp-content\/uploads\/2024\/12\/Sonderausstellung-1-300x142.jpg 300w\" sizes=\"auto, (max-width: 758px) 100vw, 758px\" \/><\/div><div class=\"w-vwrapper usg_vwrapper_1 align_none valign_top\"><h3 class=\"w-post-elm post_title usg_post_title_1 has_text_color align_left entry-title color_link_inherit\">Le si\u00e8cle de l&rsquo;automobile<\/h3><div class=\"w-post-elm post_custom_field usg_post_custom_field_3 has_text_color type_text textauszug_sonderausstellungen color_link_inherit\"><p><span>Ce fut un voyage impressionnant \u00e0 travers des images et des v\u00e9hicules, au plus pr\u00e8s des gens et de leur machine personnelle : l\u2019automobile.<\/span><\/p>\n<\/div><a class=\"w-btn us-btn-style_1 usg_btn_1\" target=\"_blank\" href=\"https:\/\/emilfreyclassics.webmodus-dev.ch\/fr\/sonderausstellung\/le-siecle-de-lautomobile\/\"><span class=\"w-btn-label\">En savoir plus sur l&rsquo;esposition<\/span><\/a><\/div>\t\t<\/div>\r\n\t\t\t<\/article>\r\n\t<article class=\"w-grid-item size_1x1 post-21371 sonderausstellung type-sonderausstellung status-publish hentry\" data-id=\"21371\">\r\n\t\t<div class=\"w-grid-item-h\">\r\n\t\t\t\t\t\t<div class=\"w-post-elm post_custom_field usg_post_custom_field_1 type_image hauptbild_sonderausstellungen color_link_inherit has_ratio\"><div style=\"padding-bottom:56.25%\"><\/div><img loading=\"lazy\" decoding=\"async\" width=\"837\" height=\"486\" src=\"https:\/\/emilfreyclassics.webmodus-dev.ch\/wp-content\/uploads\/2023\/06\/2023-06-28-13_47_20-Window-e1688459624685.jpg\" class=\"attachment-large size-large\" alt=\"\" srcset=\"https:\/\/emilfreyclassics.webmodus-dev.ch\/wp-content\/uploads\/2023\/06\/2023-06-28-13_47_20-Window-e1688459624685.jpg 837w, https:\/\/emilfreyclassics.webmodus-dev.ch\/wp-content\/uploads\/2023\/06\/2023-06-28-13_47_20-Window-e1688459624685-600x348.jpg 600w, https:\/\/emilfreyclassics.webmodus-dev.ch\/wp-content\/uploads\/2023\/06\/2023-06-28-13_47_20-Window-e1688459624685-300x174.jpg 300w, https:\/\/emilfreyclassics.webmodus-dev.ch\/wp-content\/uploads\/2023\/06\/2023-06-28-13_47_20-Window-e1688459624685-768x446.jpg 768w\" sizes=\"auto, (max-width: 837px) 100vw, 837px\" \/><\/div><div class=\"w-vwrapper usg_vwrapper_1 align_none valign_top\"><h3 class=\"w-post-elm post_title usg_post_title_1 has_text_color align_left entry-title color_link_inherit\">COULEURS !<\/h3><div class=\"w-post-elm post_custom_field usg_post_custom_field_3 has_text_color type_text textauszug_sonderausstellungen color_link_inherit\"><p><span>D\u2019ao\u00fbt \u00e0 d\u00e9cembre 2023, l\u2019exposition sp\u00e9ciale \u00ab\u00a0COULEURS !\u00a0\u00bb a eu lieu au Classic Center Schweiz. Un voyage en couleur, de Duesenberg \u00e0 DeLorean, de Matra \u00e0 MG.<\/span><\/p>\n<\/div><a class=\"w-btn us-btn-style_1 usg_btn_1\" target=\"_blank\" href=\"https:\/\/emilfreyclassics.webmodus-dev.ch\/fr\/sonderausstellung\/couleurs\/\"><span class=\"w-btn-label\">En savoir plus sur l&rsquo;esposition<\/span><\/a><\/div>\t\t<\/div>\r\n\t\t\t<\/article>\r\n\t<article class=\"w-grid-item size_1x1 post-21368 sonderausstellung type-sonderausstellung status-publish hentry\" data-id=\"21368\">\r\n\t\t<div class=\"w-grid-item-h\">\r\n\t\t\t\t\t\t<div class=\"w-post-elm post_custom_field usg_post_custom_field_1 type_image hauptbild_sonderausstellungen color_link_inherit has_ratio\"><div style=\"padding-bottom:56.25%\"><\/div><img loading=\"lazy\" decoding=\"async\" width=\"1024\" height=\"455\" src=\"https:\/\/emilfreyclassics.webmodus-dev.ch\/wp-content\/uploads\/2022\/07\/Banner-Website-1-1024x455.jpg\" class=\"attachment-large size-large\" alt=\"\" srcset=\"https:\/\/emilfreyclassics.webmodus-dev.ch\/wp-content\/uploads\/2022\/07\/Banner-Website-1-1024x455.jpg 1024w, https:\/\/emilfreyclassics.webmodus-dev.ch\/wp-content\/uploads\/2022\/07\/Banner-Website-1-600x267.jpg 600w, https:\/\/emilfreyclassics.webmodus-dev.ch\/wp-content\/uploads\/2022\/07\/Banner-Website-1-300x133.jpg 300w, https:\/\/emilfreyclassics.webmodus-dev.ch\/wp-content\/uploads\/2022\/07\/Banner-Website-1-768x341.jpg 768w, https:\/\/emilfreyclassics.webmodus-dev.ch\/wp-content\/uploads\/2022\/07\/Banner-Website-1-1536x683.jpg 1536w, https:\/\/emilfreyclassics.webmodus-dev.ch\/wp-content\/uploads\/2022\/07\/Banner-Website-1.jpg 1600w\" sizes=\"auto, (max-width: 1024px) 100vw, 1024px\" \/><\/div><div class=\"w-vwrapper usg_vwrapper_1 align_none valign_top\"><h3 class=\"w-post-elm post_title usg_post_title_1 has_text_color align_left entry-title color_link_inherit\">James Bond, la Suisse et l&rsquo;envie de voiture des ann\u00e9es 60<\/h3><div class=\"w-post-elm post_custom_field usg_post_custom_field_3 has_text_color type_text textauszug_sonderausstellungen color_link_inherit\"><p><span>De juillet \u00e0 novembre 2022, le Classic Center Schweiz a fait un voyage dans les ann\u00e9es 60. Avec l\u2019exposition sp\u00e9ciale \u00ab\u00a0James Bond, la Suisse et l\u2019envie de voiture des ann\u00e9es 60\u00a0\u00bb, les cin\u00e9philes comme les fans de voitures y ont trouv\u00e9 leur compte.<\/span><\/p>\n<\/div><a class=\"w-btn us-btn-style_1 usg_btn_1\" target=\"_blank\" href=\"https:\/\/emilfreyclassics.webmodus-dev.ch\/fr\/sonderausstellung\/james-bond-la-suisse-et-lenvie-de-voiture-des-annees-60\/\"><span class=\"w-btn-label\">En savoir plus sur l&rsquo;esposition<\/span><\/a><\/div>\t\t<\/div>\r\n\t\t\t<\/article>\r\n\t<article class=\"w-grid-item size_1x1 post-21365 sonderausstellung type-sonderausstellung status-publish hentry\" data-id=\"21365\">\r\n\t\t<div class=\"w-grid-item-h\">\r\n\t\t\t\t\t\t<div class=\"w-post-elm post_custom_field usg_post_custom_field_1 type_image hauptbild_sonderausstellungen color_link_inherit has_ratio\"><div style=\"padding-bottom:56.25%\"><\/div><img loading=\"lazy\" decoding=\"async\" width=\"1024\" height=\"724\" src=\"https:\/\/emilfreyclassics.webmodus-dev.ch\/wp-content\/uploads\/2019\/10\/Bild_01_Winter_Russi-1-2-1024x724.jpg\" class=\"attachment-large size-large\" alt=\"\" srcset=\"https:\/\/emilfreyclassics.webmodus-dev.ch\/wp-content\/uploads\/2019\/10\/Bild_01_Winter_Russi-1-2-1024x724.jpg 1024w, https:\/\/emilfreyclassics.webmodus-dev.ch\/wp-content\/uploads\/2019\/10\/Bild_01_Winter_Russi-1-2-600x424.jpg 600w, https:\/\/emilfreyclassics.webmodus-dev.ch\/wp-content\/uploads\/2019\/10\/Bild_01_Winter_Russi-1-2-300x212.jpg 300w, https:\/\/emilfreyclassics.webmodus-dev.ch\/wp-content\/uploads\/2019\/10\/Bild_01_Winter_Russi-1-2-768x543.jpg 768w, https:\/\/emilfreyclassics.webmodus-dev.ch\/wp-content\/uploads\/2019\/10\/Bild_01_Winter_Russi-1-2.jpg 1600w\" sizes=\"auto, (max-width: 1024px) 100vw, 1024px\" \/><\/div><div class=\"w-vwrapper usg_vwrapper_1 align_none valign_top\"><h3 class=\"w-post-elm post_title usg_post_title_1 has_text_color align_left entry-title color_link_inherit\">40 ans de Subaru<\/h3><div class=\"w-post-elm post_custom_field usg_post_custom_field_3 has_text_color type_text textauszug_sonderausstellungen color_link_inherit\"><p><span>Subaru \u00e0 la conqu\u00eate de la Suisse:\u00a0Il y a 40 ans, la Subaru 1600 4WD appara\u00eet sur le march\u00e9 suisse. Le break \u00e0 traction int\u00e9grale, objet de moqueries \u00e0 ses d\u00e9buts, prend le pays d\u2019assaut. Une exposition au Classic Car Museum de Safenwil retrace l\u2019histoire du succ\u00e8s de Subaru.<\/span><\/p>\n<\/div><a class=\"w-btn us-btn-style_1 usg_btn_1\" target=\"_blank\" href=\"https:\/\/emilfreyclassics.webmodus-dev.ch\/fr\/sonderausstellung\/40-ans-de-subaru\/\"><span class=\"w-btn-label\">En savoir plus sur l&rsquo;esposition<\/span><\/a><\/div>\t\t<\/div>\r\n\t\t\t<\/article>\r\n\t<article class=\"w-grid-item size_1x1 post-21361 sonderausstellung type-sonderausstellung status-publish hentry\" data-id=\"21361\">\r\n\t\t<div class=\"w-grid-item-h\">\r\n\t\t\t\t\t\t<div class=\"w-post-elm post_custom_field usg_post_custom_field_1 type_image hauptbild_sonderausstellungen color_link_inherit has_ratio\"><div style=\"padding-bottom:56.25%\"><\/div><img loading=\"lazy\" decoding=\"async\" width=\"1024\" height=\"683\" src=\"https:\/\/emilfreyclassics.webmodus-dev.ch\/wp-content\/uploads\/2019\/07\/classic_car_leihgaben_05-1024x683.jpg\" class=\"attachment-large size-large\" alt=\"\" srcset=\"https:\/\/emilfreyclassics.webmodus-dev.ch\/wp-content\/uploads\/2019\/07\/classic_car_leihgaben_05-1024x683.jpg 1024w, https:\/\/emilfreyclassics.webmodus-dev.ch\/wp-content\/uploads\/2019\/07\/classic_car_leihgaben_05-600x400.jpg 600w, https:\/\/emilfreyclassics.webmodus-dev.ch\/wp-content\/uploads\/2019\/07\/classic_car_leihgaben_05-300x200.jpg 300w, https:\/\/emilfreyclassics.webmodus-dev.ch\/wp-content\/uploads\/2019\/07\/classic_car_leihgaben_05-768x512.jpg 768w, https:\/\/emilfreyclassics.webmodus-dev.ch\/wp-content\/uploads\/2019\/07\/classic_car_leihgaben_05.jpg 1600w\" sizes=\"auto, (max-width: 1024px) 100vw, 1024px\" \/><\/div><div class=\"w-vwrapper usg_vwrapper_1 align_none valign_top\"><h3 class=\"w-post-elm post_title usg_post_title_1 has_text_color align_left entry-title color_link_inherit\">Voitures et architecture<\/h3><div class=\"w-post-elm post_custom_field usg_post_custom_field_3 has_text_color type_text textauszug_sonderausstellungen color_link_inherit\"><p><span>Aucune autre invention n\u2019a chang\u00e9 le visage de la Suisse comme l\u2019a fait l\u2019automobile. La nouvelle mobilit\u00e9 du si\u00e8cle dernier a non seulement fait na\u00eetre des rues et des agglom\u00e9rations, mais de nombreuses constructions enti\u00e8rement consacr\u00e9es \u00e0 l\u2019automobile sont aussi apparues.<\/span><\/p>\n<\/div><a class=\"w-btn us-btn-style_1 usg_btn_1\" target=\"_blank\" href=\"https:\/\/emilfreyclassics.webmodus-dev.ch\/fr\/sonderausstellung\/voitures-et-architecture\/\"><span class=\"w-btn-label\">En savoir plus sur l&rsquo;esposition<\/span><\/a><\/div>\t\t<\/div>\r\n\t\t\t<\/article>\r\n\t<article class=\"w-grid-item size_1x1 post-21358 sonderausstellung type-sonderausstellung status-publish hentry\" data-id=\"21358\">\r\n\t\t<div class=\"w-grid-item-h\">\r\n\t\t\t\t\t\t<div class=\"w-post-elm post_custom_field usg_post_custom_field_1 type_image hauptbild_sonderausstellungen color_link_inherit has_ratio\"><div style=\"padding-bottom:56.25%\"><\/div><img loading=\"lazy\" decoding=\"async\" width=\"1024\" height=\"683\" src=\"https:\/\/emilfreyclassics.webmodus-dev.ch\/wp-content\/uploads\/2019\/07\/DSC_5116-1024x683.jpg\" class=\"attachment-large size-large\" alt=\"\" srcset=\"https:\/\/emilfreyclassics.webmodus-dev.ch\/wp-content\/uploads\/2019\/07\/DSC_5116-1024x683.jpg 1024w, https:\/\/emilfreyclassics.webmodus-dev.ch\/wp-content\/uploads\/2019\/07\/DSC_5116-600x401.jpg 600w, https:\/\/emilfreyclassics.webmodus-dev.ch\/wp-content\/uploads\/2019\/07\/DSC_5116-300x200.jpg 300w, https:\/\/emilfreyclassics.webmodus-dev.ch\/wp-content\/uploads\/2019\/07\/DSC_5116-768x513.jpg 768w, https:\/\/emilfreyclassics.webmodus-dev.ch\/wp-content\/uploads\/2019\/07\/DSC_5116.jpg 1600w\" sizes=\"auto, (max-width: 1024px) 100vw, 1024px\" \/><\/div><div class=\"w-vwrapper usg_vwrapper_1 align_none valign_top\"><h3 class=\"w-post-elm post_title usg_post_title_1 has_text_color align_left entry-title color_link_inherit\">Exposition sp\u00e9ciale Toyota<\/h3><div class=\"w-post-elm post_custom_field usg_post_custom_field_3 has_text_color type_text textauszug_sonderausstellungen color_link_inherit\"><p><span>Une incroyable success story pour une marque. Emil Frey \u00e9tait par cons\u00e9quent le repr\u00e9sentant exclusif des voitures et chariots \u00e9l\u00e9vateurs Toyota pour la Suisse et la Principaut\u00e9 du Liechtenstein. En f\u00e9vrier 1967, Toyota AG, nouvellement fond\u00e9e \u00e0 Adliswil, a pr\u00e9sent\u00e9 la premi\u00e8re Corona et Corolla \u00e0 la presse.<\/span><\/p>\n<\/div><a class=\"w-btn us-btn-style_1 usg_btn_1\" target=\"_blank\" href=\"https:\/\/emilfreyclassics.webmodus-dev.ch\/fr\/sonderausstellung\/exposition-speciale-toyota\/\"><span class=\"w-btn-label\">En savoir plus sur l&rsquo;esposition<\/span><\/a><\/div>\t\t<\/div>\r\n\t\t\t<\/article>\r\n\t<article class=\"w-grid-item size_1x1 post-21354 sonderausstellung type-sonderausstellung status-publish hentry\" data-id=\"21354\">\r\n\t\t<div class=\"w-grid-item-h\">\r\n\t\t\t\t\t\t<div class=\"w-post-elm post_custom_field usg_post_custom_field_1 type_image hauptbild_sonderausstellungen color_link_inherit has_ratio\"><div style=\"padding-bottom:56.25%\"><\/div><img loading=\"lazy\" decoding=\"async\" width=\"1024\" height=\"682\" src=\"https:\/\/emilfreyclassics.webmodus-dev.ch\/wp-content\/uploads\/2019\/07\/MYC_0642-1024x682.jpg\" class=\"attachment-large size-large\" alt=\"\" srcset=\"https:\/\/emilfreyclassics.webmodus-dev.ch\/wp-content\/uploads\/2019\/07\/MYC_0642-1024x682.jpg 1024w, https:\/\/emilfreyclassics.webmodus-dev.ch\/wp-content\/uploads\/2019\/07\/MYC_0642-600x399.jpg 600w, https:\/\/emilfreyclassics.webmodus-dev.ch\/wp-content\/uploads\/2019\/07\/MYC_0642-300x200.jpg 300w, https:\/\/emilfreyclassics.webmodus-dev.ch\/wp-content\/uploads\/2019\/07\/MYC_0642-768x511.jpg 768w, https:\/\/emilfreyclassics.webmodus-dev.ch\/wp-content\/uploads\/2019\/07\/MYC_0642.jpg 1600w\" sizes=\"auto, (max-width: 1024px) 100vw, 1024px\" \/><\/div><div class=\"w-vwrapper usg_vwrapper_1 align_none valign_top\"><h3 class=\"w-post-elm post_title usg_post_title_1 has_text_color align_left entry-title color_link_inherit\">Exposition sp\u00e9ciale Jaguar<\/h3><div class=\"w-post-elm post_custom_field usg_post_custom_field_3 has_text_color type_text textauszug_sonderausstellungen color_link_inherit\"><p><span>90 ans de Jaguar \u2013 un anniversaire unique: La premi\u00e8re exposition sp\u00e9ciale au Classic Center Suisse remporte un grand succ\u00e8s. Du 23 septembre au 23 novembre 2016 se tient l\u2019exposition sp\u00e9ciale.<\/span><\/p>\n<\/div><a class=\"w-btn us-btn-style_1 usg_btn_1\" target=\"_blank\" href=\"https:\/\/emilfreyclassics.webmodus-dev.ch\/fr\/sonderausstellung\/exposition-speciale-jaguar\/\"><span class=\"w-btn-label\">En savoir plus sur l&rsquo;esposition<\/span><\/a><\/div>\t\t<\/div>\r\n\t\t\t<\/article>\r\n<\/div><div class=\"g-loadmore hidden\"><div class=\"g-preloader type_1\"><div><\/div><\/div><\/div><div class=\"w-grid-list-json hidden\" onclick='return {&quot;max_num_pages&quot;:0,&quot;paginationBase&quot;:&quot;page&quot;,&quot;pagination&quot;:&quot;none&quot;,&quot;paged&quot;:1,&quot;ajaxData&quot;:{&quot;action&quot;:&quot;us_ajax_post_list&quot;,&quot;meta_type&quot;:&quot;post&quot;,&quot;object_id&quot;:0,&quot;template_vars&quot;:{&quot;shortcode_base&quot;:&quot;us_post_list&quot;,&quot;paged&quot;:1,&quot;max_num_pages&quot;:0,&quot;no_results&quot;:false,&quot;us_post_content_design_css&quot;:[],&quot;found_posts&quot;:0,&quot;items_count&quot;:7,&quot;source&quot;:&quot;all&quot;,&quot;custom_field_name&quot;:&quot;&quot;,&quot;ids&quot;:&quot;&quot;,&quot;post_type&quot;:&quot;sonderausstellung&quot;,&quot;attachment_ids&quot;:null,&quot;include_post_thumbnail&quot;:0,&quot;post_author&quot;:&quot;any&quot;,&quot;post_author_ids&quot;:&quot;&quot;,&quot;apply_url_params&quot;:0,&quot;ignore_sticky_posts&quot;:1,&quot;exclude_children&quot;:0,&quot;exclude_current_post&quot;:&quot;0&quot;,&quot;exclude_prev_posts&quot;:0,&quot;exclude_past_events&quot;:0,&quot;enable_items_offset&quot;:0,&quot;items_offset&quot;:&quot;1&quot;,&quot;tax_query_relation&quot;:&quot;none&quot;,&quot;tax_query&quot;:[{&quot;operator&quot;:&quot;IN&quot;,&quot;taxonomy&quot;:&quot;category&quot;,&quot;terms&quot;:&quot;&quot;,&quot;include_children&quot;:0}],&quot;meta_query_relation&quot;:&quot;none&quot;,&quot;meta_query&quot;:[{&quot;key&quot;:&quot;custom_field_name&quot;,&quot;compare&quot;:&quot;=&quot;,&quot;value&quot;:&quot;&quot;}],&quot;orderby&quot;:&quot;date&quot;,&quot;orderby_custom_field&quot;:&quot;&quot;,&quot;orderby_custom_type&quot;:0,&quot;order_invert&quot;:0,&quot;show_all&quot;:&quot;1&quot;,&quot;quantity&quot;:&quot;12&quot;,&quot;posts_per_archive_page&quot;:0,&quot;no_items_action&quot;:&quot;hide_grid&quot;,&quot;no_items_message&quot;:&quot;Aucun r\\u00e9sultat.&quot;,&quot;no_items_page_block&quot;:&quot;&quot;,&quot;pagination&quot;:&quot;none&quot;,&quot;pagination_style&quot;:&quot;&quot;,&quot;pagination_btn_text&quot;:&quot;Charger plus&quot;,&quot;pagination_btn_size&quot;:&quot;&quot;,&quot;pagination_btn_style&quot;:&quot;1&quot;,&quot;pagination_btn_fullwidth&quot;:0,&quot;items_layout&quot;:&quot;19004&quot;,&quot;type&quot;:&quot;grid&quot;,&quot;items_valign&quot;:0,&quot;ignore_items_size&quot;:0,&quot;columns&quot;:&quot;2&quot;,&quot;items_gap&quot;:&quot;1.5rem&quot;,&quot;load_animation&quot;:&quot;none&quot;,&quot;items_preload_style&quot;:&quot;spinner&quot;,&quot;img_size&quot;:&quot;default&quot;,&quot;title_size&quot;:&quot;&quot;,&quot;items_ratio&quot;:&quot;default&quot;,&quot;items_ratio_width&quot;:&quot;21&quot;,&quot;items_ratio_height&quot;:&quot;9&quot;,&quot;overriding_link&quot;:&quot;%7B%22url%22%3A%22%22%7D&quot;,&quot;popup_page_template&quot;:&quot;0&quot;,&quot;popup_width&quot;:&quot;&quot;,&quot;popup_arrows&quot;:1,&quot;breakpoint_1_width&quot;:&quot;1381px&quot;,&quot;breakpoint_1_cols&quot;:&quot;default&quot;,&quot;breakpoint_1_quantity&quot;:&quot;&quot;,&quot;breakpoint_1_gap&quot;:&quot;&quot;,&quot;breakpoint_2_width&quot;:&quot;1025px&quot;,&quot;breakpoint_2_cols&quot;:&quot;1&quot;,&quot;breakpoint_2_quantity&quot;:&quot;&quot;,&quot;breakpoint_2_gap&quot;:&quot;&quot;,&quot;breakpoint_3_width&quot;:&quot;601px&quot;,&quot;breakpoint_3_cols&quot;:&quot;1&quot;,&quot;breakpoint_3_quantity&quot;:&quot;&quot;,&quot;breakpoint_3_gap&quot;:&quot;&quot;,&quot;conditions_operator&quot;:&quot;always&quot;,&quot;conditions&quot;:[],&quot;css&quot;:null,&quot;el_class&quot;:&quot;&quot;,&quot;el_id&quot;:&quot;&quot;,&quot;enable_custom_html_atts&quot;:0,&quot;custom_html_atts&quot;:null,&quot;hide_on_states&quot;:&quot;&quot;,&quot;hide_for_sticky&quot;:0,&quot;hide_for_not_sticky&quot;:0,&quot;hide_below&quot;:&quot;0px&quot;,&quot;hide_above&quot;:&quot;0px&quot;,&quot;classes&quot;:&quot;&quot;}},&quot;facetedFilter&quot;:[]}'><\/div><\/div><div class=\"w-separator size_medium\"><\/div><\/div><\/div><\/div><\/div><\/div><\/section>\n","protected":false},"excerpt":{"rendered":"Zur\u00fcck90 ans de Jaguar La premi\u00e8re exposition sp\u00e9ciale au Classic Center Suisse remporte un grand succ\u00e8s. Du 23\u00a0septembre au 23\u00a0novembre\u00a02016 se tient l\u2019exposition sp\u00e9ciale THE 90 YEARS CELEBRATION EXHIBITION au Classic Center Suisse. L\u2019exposition unique est une r\u00e9trospective comptant plus de 70\u00a0pi\u00e8ces d\u2019exposition de 1926 \u00e0 2016, du premier side-car \u00e0 la nouvelle Jaguar F-PACE....","protected":false},"author":5,"featured_media":0,"parent":20531,"menu_order":154,"comment_status":"closed","ping_status":"closed","template":"","meta":{"_acf_changed":false,"footnotes":""},"class_list":["post-20537","page","type-page","status-publish","hentry"],"acf":[],"yoast_head":"<!-- This site is optimized with the Yoast SEO plugin v24.6 - https:\/\/yoast.com\/wordpress\/plugins\/seo\/ -->\n<title>Emil Frey Classics AG: Expositions sp\u00e9ciales<\/title>\n<meta name=\"description\" content=\"%\" \/>\n<meta name=\"robots\" content=\"noindex, follow, max-snippet:-1, max-image-preview:large, max-video-preview:-1\" \/>\n<meta property=\"og:locale\" content=\"fr_FR\" \/>\n<meta property=\"og:type\" content=\"article\" \/>\n<meta property=\"og:title\" content=\"Emil Frey Classics AG: Expositions sp\u00e9ciales\" \/>\n<meta property=\"og:description\" content=\"%\" \/>\n<meta property=\"og:url\" content=\"https:\/\/emilfreyclassics.webmodus-dev.ch\/fr\/musee-archives\/expositions-speciales\/\" \/>\n<meta property=\"og:site_name\" content=\"Emil Frey Classics AG\" \/>\n<meta property=\"article:publisher\" content=\"https:\/\/www.facebook.com\/emilfreyclassics\/\" \/>\n<meta property=\"article:modified_time\" content=\"2026-02-23T13:23:22+00:00\" \/>\n<meta name=\"twitter:card\" content=\"summary_large_image\" \/>\n<meta name=\"twitter:label1\" content=\"Dur\u00e9e de lecture estim\u00e9e\" \/>\n\t<meta name=\"twitter:data1\" content=\"1 minute\" \/>\n<script type=\"application\/ld+json\" class=\"yoast-schema-graph\">{\"@context\":\"https:\/\/schema.org\",\"@graph\":[{\"@type\":\"WebPage\",\"@id\":\"https:\/\/emilfreyclassics.webmodus-dev.ch\/fr\/musee-archives\/expositions-speciales\/\",\"url\":\"https:\/\/emilfreyclassics.webmodus-dev.ch\/fr\/musee-archives\/expositions-speciales\/\",\"name\":\"Emil Frey Classics AG: Expositions sp\u00e9ciales\",\"isPartOf\":{\"@id\":\"https:\/\/emilfreyclassics.webmodus-dev.ch\/#website\"},\"datePublished\":\"2020-01-03T09:50:05+00:00\",\"dateModified\":\"2026-02-23T13:23:22+00:00\",\"description\":\"%\",\"breadcrumb\":{\"@id\":\"https:\/\/emilfreyclassics.webmodus-dev.ch\/fr\/musee-archives\/expositions-speciales\/#breadcrumb\"},\"inLanguage\":\"fr-FR\",\"potentialAction\":[{\"@type\":\"ReadAction\",\"target\":[\"https:\/\/emilfreyclassics.webmodus-dev.ch\/fr\/musee-archives\/expositions-speciales\/\"]}]},{\"@type\":\"BreadcrumbList\",\"@id\":\"https:\/\/emilfreyclassics.webmodus-dev.ch\/fr\/musee-archives\/expositions-speciales\/#breadcrumb\",\"itemListElement\":[{\"@type\":\"ListItem\",\"position\":1,\"name\":\"Home\",\"item\":\"https:\/\/emilfreyclassics.webmodus-dev.ch\/fr\/\"},{\"@type\":\"ListItem\",\"position\":2,\"name\":\"Mus\u00e9e &#038; Archives\",\"item\":\"https:\/\/emilfreyclassics.webmodus-dev.ch\/fr\/musee-archives\/\"},{\"@type\":\"ListItem\",\"position\":3,\"name\":\"Expositions sp\u00e9ciales\"}]},{\"@type\":\"WebSite\",\"@id\":\"https:\/\/emilfreyclassics.webmodus-dev.ch\/#website\",\"url\":\"https:\/\/emilfreyclassics.webmodus-dev.ch\/\",\"name\":\"Emil Frey Classics AG\",\"description\":\"\",\"potentialAction\":[{\"@type\":\"SearchAction\",\"target\":{\"@type\":\"EntryPoint\",\"urlTemplate\":\"https:\/\/emilfreyclassics.webmodus-dev.ch\/?s={search_term_string}\"},\"query-input\":{\"@type\":\"PropertyValueSpecification\",\"valueRequired\":true,\"valueName\":\"search_term_string\"}}],\"inLanguage\":\"fr-FR\"}]}<\/script>\n<!-- \/ Yoast SEO plugin. -->","yoast_head_json":{"title":"Emil Frey Classics AG: Expositions sp\u00e9ciales","description":"%","robots":{"index":"noindex","follow":"follow","max-snippet":"max-snippet:-1","max-image-preview":"max-image-preview:large","max-video-preview":"max-video-preview:-1"},"og_locale":"fr_FR","og_type":"article","og_title":"Emil Frey Classics AG: Expositions sp\u00e9ciales","og_description":"%","og_url":"https:\/\/emilfreyclassics.webmodus-dev.ch\/fr\/musee-archives\/expositions-speciales\/","og_site_name":"Emil Frey Classics AG","article_publisher":"https:\/\/www.facebook.com\/emilfreyclassics\/","article_modified_time":"2026-02-23T13:23:22+00:00","twitter_card":"summary_large_image","twitter_misc":{"Dur\u00e9e de lecture estim\u00e9e":"1 minute"},"schema":{"@context":"https:\/\/schema.org","@graph":[{"@type":"WebPage","@id":"https:\/\/emilfreyclassics.webmodus-dev.ch\/fr\/musee-archives\/expositions-speciales\/","url":"https:\/\/emilfreyclassics.webmodus-dev.ch\/fr\/musee-archives\/expositions-speciales\/","name":"Emil Frey Classics AG: Expositions sp\u00e9ciales","isPartOf":{"@id":"https:\/\/emilfreyclassics.webmodus-dev.ch\/#website"},"datePublished":"2020-01-03T09:50:05+00:00","dateModified":"2026-02-23T13:23:22+00:00","description":"%","breadcrumb":{"@id":"https:\/\/emilfreyclassics.webmodus-dev.ch\/fr\/musee-archives\/expositions-speciales\/#breadcrumb"},"inLanguage":"fr-FR","potentialAction":[{"@type":"ReadAction","target":["https:\/\/emilfreyclassics.webmodus-dev.ch\/fr\/musee-archives\/expositions-speciales\/"]}]},{"@type":"BreadcrumbList","@id":"https:\/\/emilfreyclassics.webmodus-dev.ch\/fr\/musee-archives\/expositions-speciales\/#breadcrumb","itemListElement":[{"@type":"ListItem","position":1,"name":"Home","item":"https:\/\/emilfreyclassics.webmodus-dev.ch\/fr\/"},{"@type":"ListItem","position":2,"name":"Mus\u00e9e &#038; Archives","item":"https:\/\/emilfreyclassics.webmodus-dev.ch\/fr\/musee-archives\/"},{"@type":"ListItem","position":3,"name":"Expositions sp\u00e9ciales"}]},{"@type":"WebSite","@id":"https:\/\/emilfreyclassics.webmodus-dev.ch\/#website","url":"https:\/\/emilfreyclassics.webmodus-dev.ch\/","name":"Emil Frey Classics AG","description":"","potentialAction":[{"@type":"SearchAction","target":{"@type":"EntryPoint","urlTemplate":"https:\/\/emilfreyclassics.webmodus-dev.ch\/?s={search_term_string}"},"query-input":{"@type":"PropertyValueSpecification","valueRequired":true,"valueName":"search_term_string"}}],"inLanguage":"fr-FR"}]}},"_links":{"self":[{"href":"https:\/\/emilfreyclassics.webmodus-dev.ch\/fr\/wp-json\/wp\/v2\/pages\/20537","targetHints":{"allow":["GET"]}}],"collection":[{"href":"https:\/\/emilfreyclassics.webmodus-dev.ch\/fr\/wp-json\/wp\/v2\/pages"}],"about":[{"href":"https:\/\/emilfreyclassics.webmodus-dev.ch\/fr\/wp-json\/wp\/v2\/types\/page"}],"author":[{"embeddable":true,"href":"https:\/\/emilfreyclassics.webmodus-dev.ch\/fr\/wp-json\/wp\/v2\/users\/5"}],"replies":[{"embeddable":true,"href":"https:\/\/emilfreyclassics.webmodus-dev.ch\/fr\/wp-json\/wp\/v2\/comments?post=20537"}],"version-history":[{"count":3,"href":"https:\/\/emilfreyclassics.webmodus-dev.ch\/fr\/wp-json\/wp\/v2\/pages\/20537\/revisions"}],"predecessor-version":[{"id":21159,"href":"https:\/\/emilfreyclassics.webmodus-dev.ch\/fr\/wp-json\/wp\/v2\/pages\/20537\/revisions\/21159"}],"up":[{"embeddable":true,"href":"https:\/\/emilfreyclassics.webmodus-dev.ch\/fr\/wp-json\/wp\/v2\/pages\/20531"}],"wp:attachment":[{"href":"https:\/\/emilfreyclassics.webmodus-dev.ch\/fr\/wp-json\/wp\/v2\/media?parent=20537"}],"curies":[{"name":"wp","href":"https:\/\/api.w.org\/{rel}","templated":true}]}}