{"id":20523,"date":"2024-04-23T13:55:13","date_gmt":"2024-04-23T13:55:13","guid":{"rendered":"https:\/\/emilfreyclassics.webmodus-dev.ch\/atelier-et-pieces-detachees\/jaguar-xj220\/"},"modified":"2026-02-23T13:05:08","modified_gmt":"2026-02-23T13:05:08","slug":"jaguar-xj220","status":"publish","type":"page","link":"https:\/\/emilfreyclassics.webmodus-dev.ch\/fr\/atelier-et-pieces-detachees\/jaguar-xj220\/","title":{"rendered":"Jaguar XJ220"},"content":{"rendered":"<section class=\"l-section wpb_row us_custom_278d8c57 height_medium width_full\"><div class=\"l-section-h i-cf\"><div class=\"g-cols vc_row via_flex valign_top type_default stacking_default\"><div class=\"vc_col-sm-12 wpb_column vc_column_container\"><div class=\"vc_column-inner\"><div class=\"wpb_wrapper\"><section class=\"l-section wpb_row us_custom_1bb80f88 height_medium width_full parallax_ver\"><div class=\"l-section-h i-cf\"><div class=\"g-cols vc_row via_flex valign_top type_default stacking_default\"><div class=\"vc_col-sm-12 wpb_column vc_column_container\"><div class=\"vc_column-inner\"><div class=\"wpb_wrapper\"><\/div><\/div><\/div><\/div><\/div><\/section>\n<\/div><\/div><\/div><\/div><\/div><\/section><section class=\"l-section wpb_row us_custom_18025467 height_medium\"><div class=\"l-section-h i-cf\"><div class=\"g-cols vc_row via_flex valign_top type_default stacking_default\"><div class=\"vc_col-sm-12 wpb_column vc_column_container\"><div class=\"vc_column-inner\"><div class=\"wpb_wrapper\">[vc_custom_heading text=\u00a0\u00bbJaguar XJ220 : un projet de loisirs\u00a0\u00bb font_container=\u00a0\u00bbtag:h2|text_align:left|color:%23FFFFFF\u00a0\u00bb use_theme_fonts=\u00a0\u00bbyes\u00a0\u00bb css_animation=\u00a0\u00bbbounceInDown\u00a0\u00bb]<div class=\"wpb_text_column\"><div class=\"wpb_wrapper\"><p>\u00c0 l\u2019origine se trouve un groupe d\u2019ing\u00e9nieurs et designers de chez Jaguar qui d\u00e9cid\u00e8rent de cr\u00e9er une supercar pendant leurs loisirs. Le r\u00e9sultat en est pr\u00e9sent\u00e9 au public au British Motor Show de Birmingham, en 1988 : un long fuseau tout en rondeurs, aux antipodes de la Ferrari F40, voiture tr\u00e8s en vogue \u00e0 l\u2019\u00e9poque. Derri\u00e8re le cockpit du prototype baptis\u00e9 XJ220 rongeait son frein un moteur V12 entra\u00eenant les quatre roues. Le patron de Jaguar, John Egan, annon\u00e7a une petite s\u00e9rie de 350 exemplaires. L\u2019int\u00e9r\u00eat fut consid\u00e9rable et de nombreux clients potentiels se manifest\u00e8rent, flairant un placement financier attractif. Ferrari et Porsche avaient donn\u00e9 l\u2019exemple en commercialisant en s\u00e9ries confidentielles des purs-sangs comme la 288 GTO, la F40 ou la 959, qui devinrent imm\u00e9diatement des classiques en vertu de leur immense succ\u00e8s dans les m\u00e9dias sp\u00e9cialis\u00e9s. Pour la XJ220, on enregistra 1200 commandes\u00a0; l\u2019acompte imp\u00e9rieux s\u2019\u00e9levait pourtant d\u00e9j\u00e0 \u00e0 50\u00a0000 livres. Un acheteur potentiel genevois a m\u00eame envoy\u00e9 son ch\u00e8que en taxi \u00e0 Safenwil pour \u00eatre s\u00fbr de r\u00e9server sa voiture \u00e0 temps.<\/p>\n<p><strong>Visite de l\u2019usine<\/strong><\/p>\n<p>Jaguar confia la production \u00e0 Tom Walkinshaw, qui venait alors de remporter \u00e0 deux reprises pour Jaguar le championnat du monde des voitures de sport. Pour la version de s\u00e9rie, les ing\u00e9nieurs ont modifi\u00e9 le c\u0153ur du prototype : un V6 biturbo a remplac\u00e9 le tonitruant moteur V12 et une propulsion conventionnelle aux roues arri\u00e8re a supplant\u00e9 la traction int\u00e9grale, avec, en prime, un gain de poids consid\u00e9rable. Durant l\u2019\u00e9t\u00e9 1991, le Jaguar Driver\u2019s Club Switzerland est all\u00e9 visiter les ateliers de production de Bloxham, en Angleterre. Ils ont pu y admirer l\u2019ultral\u00e9ger ch\u00e2ssis autoporteur de la XJ220, compos\u00e9 de deux grands longerons reli\u00e9s par le plancher de la cabine de pilotage avec la paroi arri\u00e8re du cockpit et une traverse massive \u00e0 l\u2019avant. La carrosserie visible consistait en panneaux d\u2019aluminium. Les membres du club ont r\u00e9ussi \u00e0 obtenir de nombreuses photos du processus de production, photos vite publi\u00e9es dans le magazine du club \u2013 au grand dam des dirigeants de Jaguar.<\/p>\n<p><strong>Une voiture de course pour la route<\/strong><\/p>\n<p>Quand le pilote d\u2019essai Andy Wallace testait la version de pr\u00e9s\u00e9rie en 1991, elle flirtait ais\u00e9ment avec les 350 km\/h, soit les 220 miles\/heure ayant donn\u00e9 \u00e0 la voiture son nom de bapt\u00eame. Un record mondial \u00e0 cette \u00e9poque ! M\u00eame lors des freinages en catastrophe \u00e0 plus de 320 km\/h, la XJ220 affichait encore une tenue de cap imperturbable, stabilit\u00e9 directionnelle qu\u2019offrent, selon Wallace, exclusivement les voitures de course. Un an apr\u00e8s la visite du club Jaguar suisse en Angleterre, les livraisons d\u00e9butent. Son prix a alors enregistr\u00e9 une hausse exponentielle et fr\u00f4le le million de francs suisses. En contrepartie, le client se voit remettre une voiture de course de 543 ch pour la route, une auto rare, incroyablement rapide et fabriqu\u00e9e \u00e0 la main avec une minutie stup\u00e9fiante. En fin de compte, 281 exemplaires seulement sortiront des cha\u00eenes de l\u2019usine de Bloxham, en Angleterre. Entre-temps, en effet, l\u2019\u00e9conomie prit un s\u00e9rieux coup de froid et bon nombre des clients potentiels initiaux durent faire une croix sur le projet d\u2019achat.<\/p>\n<p><strong>Transmettre un savoir-faire sp\u00e9cifique<\/strong><\/p>\n<p>Sur les quelque 80 candidats suisses \u00e0 l\u2019achat d\u2019une XJ220, 21 ont \u00e9t\u00e9 retenus. Un chiffre plut\u00f4t flatteur quand on sait que Jaguar n\u2019a livr\u00e9 que 34 v\u00e9hicules en Allemagne et trois seulement en Autriche. Le ch\u00e2ssis n\u00b0 035 est entr\u00e9 dans la collection d\u2019Emil Frey en tant que voiture neuve. Apr\u00e8s quelques ann\u00e9es d\u2019immobilisation, les deux comp\u00e8res Michel Tinguely et Guido Steigmeyer la soumettent maintenant \u00e0 une s\u00e9rieuse r\u00e9vision technique. Gr\u00e2ce \u00e0 leur longue activit\u00e9 chez Jaguar, au sein du Groupe Emil Frey, ils poss\u00e8dent les connaissances sp\u00e9cifiques indispensables pour entretenir cette voiture de course pour la route. Des comp\u00e9tences professionnelles qu\u2019ils transmettent d\u00e9sormais \u00e0 nos m\u00e9caniciens de l\u2019atelier Emil Frey Classics.<\/p>\n<\/div><\/div><\/div><\/div><\/div><\/div><\/div><\/section><section class=\"l-section wpb_row height_medium\"><div class=\"l-section-h i-cf\"><div class=\"g-cols vc_row via_flex valign_top type_default stacking_default\"><div class=\"vc_col-sm-12 wpb_column vc_column_container\"><div class=\"vc_column-inner\"><div class=\"wpb_wrapper\"><div class=\"w-html\">\n    <div class=\"webmodus-gallery w-gallery fit_cover type_grid action_popup_image\">\n        <div class=\"w-gallery-list\">\n\n                            <div class=\"w-gallery-item\">\n                    <div class=\"w-gallery-item-img\">\n                        <img width=\"1024\" height=\"663\" src=\"https:\/\/emilfreyclassics.webmodus-dev.ch\/wp-content\/uploads\/2024\/04\/Bild6-1024x663.jpg\" class=\"attachment-large size-large\" alt=\"\" loading=\"lazy\" decoding=\"async\" srcset=\"https:\/\/emilfreyclassics.webmodus-dev.ch\/wp-content\/uploads\/2024\/04\/Bild6-1024x663.jpg 1024w, https:\/\/emilfreyclassics.webmodus-dev.ch\/wp-content\/uploads\/2024\/04\/Bild6-600x389.jpg 600w, https:\/\/emilfreyclassics.webmodus-dev.ch\/wp-content\/uploads\/2024\/04\/Bild6-300x194.jpg 300w, https:\/\/emilfreyclassics.webmodus-dev.ch\/wp-content\/uploads\/2024\/04\/Bild6-768x498.jpg 768w, https:\/\/emilfreyclassics.webmodus-dev.ch\/wp-content\/uploads\/2024\/04\/Bild6.jpg 1380w\" sizes=\"auto, (max-width: 1024px) 100vw, 1024px\" \/>                    <\/div>\n                    <a class=\"w-gallery-item-link\"\n                       href=\"https:\/\/emilfreyclassics.webmodus-dev.ch\/wp-content\/uploads\/2024\/04\/Bild6.jpg\"\n                       data-rel=\"lightbox-gallery-bGlnaHRib3gtZ2FsbGVyeS0xNDY2OQ==\" data-rl_title=\"\" data-rl_caption=\"\"\n                       data-rl_title=\"\"\n                       data-rl_caption=\"\"\n                       title=\"\"><\/a>\n                <\/div>\n                            <div class=\"w-gallery-item\">\n                    <div class=\"w-gallery-item-img\">\n                        <img width=\"1024\" height=\"631\" src=\"https:\/\/emilfreyclassics.webmodus-dev.ch\/wp-content\/uploads\/2024\/04\/2024-04-24-09_18_30-5_321_02-002.tif-Windows-Fotoanzeige-1024x631.jpg\" class=\"attachment-large size-large\" alt=\"\" loading=\"lazy\" decoding=\"async\" srcset=\"https:\/\/emilfreyclassics.webmodus-dev.ch\/wp-content\/uploads\/2024\/04\/2024-04-24-09_18_30-5_321_02-002.tif-Windows-Fotoanzeige-1024x631.jpg 1024w, https:\/\/emilfreyclassics.webmodus-dev.ch\/wp-content\/uploads\/2024\/04\/2024-04-24-09_18_30-5_321_02-002.tif-Windows-Fotoanzeige-600x370.jpg 600w, https:\/\/emilfreyclassics.webmodus-dev.ch\/wp-content\/uploads\/2024\/04\/2024-04-24-09_18_30-5_321_02-002.tif-Windows-Fotoanzeige-300x185.jpg 300w, https:\/\/emilfreyclassics.webmodus-dev.ch\/wp-content\/uploads\/2024\/04\/2024-04-24-09_18_30-5_321_02-002.tif-Windows-Fotoanzeige-768x473.jpg 768w, https:\/\/emilfreyclassics.webmodus-dev.ch\/wp-content\/uploads\/2024\/04\/2024-04-24-09_18_30-5_321_02-002.tif-Windows-Fotoanzeige.jpg 1436w\" sizes=\"auto, (max-width: 1024px) 100vw, 1024px\" \/>                    <\/div>\n                    <a class=\"w-gallery-item-link\"\n                       href=\"https:\/\/emilfreyclassics.webmodus-dev.ch\/wp-content\/uploads\/2024\/04\/2024-04-24-09_18_30-5_321_02-002.tif-Windows-Fotoanzeige.jpg\"\n                       data-rel=\"lightbox-gallery-bGlnaHRib3gtZ2FsbGVyeS0xNDY2OQ==\" data-rl_title=\"\" data-rl_caption=\"\"\n                       data-rl_title=\"\"\n                       data-rl_caption=\"\"\n                       title=\"\"><\/a>\n                <\/div>\n                            <div class=\"w-gallery-item\">\n                    <div class=\"w-gallery-item-img\">\n                        <img width=\"1024\" height=\"631\" src=\"https:\/\/emilfreyclassics.webmodus-dev.ch\/wp-content\/uploads\/2024\/04\/2024-04-24-09_17_49-5_321_01-002.tif-Windows-Fotoanzeige-1024x631.jpg\" class=\"attachment-large size-large\" alt=\"\" loading=\"lazy\" decoding=\"async\" srcset=\"https:\/\/emilfreyclassics.webmodus-dev.ch\/wp-content\/uploads\/2024\/04\/2024-04-24-09_17_49-5_321_01-002.tif-Windows-Fotoanzeige-1024x631.jpg 1024w, https:\/\/emilfreyclassics.webmodus-dev.ch\/wp-content\/uploads\/2024\/04\/2024-04-24-09_17_49-5_321_01-002.tif-Windows-Fotoanzeige-600x370.jpg 600w, https:\/\/emilfreyclassics.webmodus-dev.ch\/wp-content\/uploads\/2024\/04\/2024-04-24-09_17_49-5_321_01-002.tif-Windows-Fotoanzeige-300x185.jpg 300w, https:\/\/emilfreyclassics.webmodus-dev.ch\/wp-content\/uploads\/2024\/04\/2024-04-24-09_17_49-5_321_01-002.tif-Windows-Fotoanzeige-768x473.jpg 768w, https:\/\/emilfreyclassics.webmodus-dev.ch\/wp-content\/uploads\/2024\/04\/2024-04-24-09_17_49-5_321_01-002.tif-Windows-Fotoanzeige.jpg 1417w\" sizes=\"auto, (max-width: 1024px) 100vw, 1024px\" \/>                    <\/div>\n                    <a class=\"w-gallery-item-link\"\n                       href=\"https:\/\/emilfreyclassics.webmodus-dev.ch\/wp-content\/uploads\/2024\/04\/2024-04-24-09_17_49-5_321_01-002.tif-Windows-Fotoanzeige.jpg\"\n                       data-rel=\"lightbox-gallery-bGlnaHRib3gtZ2FsbGVyeS0xNDY2OQ==\" data-rl_title=\"\" data-rl_caption=\"\"\n                       data-rl_title=\"\"\n                       data-rl_caption=\"\"\n                       title=\"\"><\/a>\n                <\/div>\n                            <div class=\"w-gallery-item\">\n                    <div class=\"w-gallery-item-img\">\n                        <img width=\"1024\" height=\"678\" src=\"https:\/\/emilfreyclassics.webmodus-dev.ch\/wp-content\/uploads\/2024\/04\/2024-04-24-09_18_48-5_389-002.tif-Windows-Fotoanzeige-1024x678.jpg\" class=\"attachment-large size-large\" alt=\"\" loading=\"lazy\" decoding=\"async\" srcset=\"https:\/\/emilfreyclassics.webmodus-dev.ch\/wp-content\/uploads\/2024\/04\/2024-04-24-09_18_48-5_389-002.tif-Windows-Fotoanzeige-1024x678.jpg 1024w, https:\/\/emilfreyclassics.webmodus-dev.ch\/wp-content\/uploads\/2024\/04\/2024-04-24-09_18_48-5_389-002.tif-Windows-Fotoanzeige-600x397.jpg 600w, https:\/\/emilfreyclassics.webmodus-dev.ch\/wp-content\/uploads\/2024\/04\/2024-04-24-09_18_48-5_389-002.tif-Windows-Fotoanzeige-300x199.jpg 300w, https:\/\/emilfreyclassics.webmodus-dev.ch\/wp-content\/uploads\/2024\/04\/2024-04-24-09_18_48-5_389-002.tif-Windows-Fotoanzeige-768x509.jpg 768w, https:\/\/emilfreyclassics.webmodus-dev.ch\/wp-content\/uploads\/2024\/04\/2024-04-24-09_18_48-5_389-002.tif-Windows-Fotoanzeige.jpg 1365w\" sizes=\"auto, (max-width: 1024px) 100vw, 1024px\" \/>                    <\/div>\n                    <a class=\"w-gallery-item-link\"\n                       href=\"https:\/\/emilfreyclassics.webmodus-dev.ch\/wp-content\/uploads\/2024\/04\/2024-04-24-09_18_48-5_389-002.tif-Windows-Fotoanzeige.jpg\"\n                       data-rel=\"lightbox-gallery-bGlnaHRib3gtZ2FsbGVyeS0xNDY2OQ==\" data-rl_title=\"\" data-rl_caption=\"\"\n                       data-rl_title=\"\"\n                       data-rl_caption=\"\"\n                       title=\"\"><\/a>\n                <\/div>\n            \n        <\/div>\n    <\/div>\n\n    <\/div><div class=\"w-separator size_medium\"><\/div><div class=\"wpb_text_column\"><div class=\"wpb_wrapper\"><p><small><span>Images : Emil Frey Classics Archiv<\/span><\/small><\/p>\n<\/div><\/div><\/div><\/div><\/div><\/div><\/div><\/section><section class=\"l-section wpb_row us_custom_42c5d807 height_medium\"><div class=\"l-section-h i-cf\"><div class=\"g-cols vc_row via_flex valign_top type_default stacking_default\"><div class=\"vc_col-sm-12 wpb_column vc_column_container\"><div class=\"vc_column-inner\"><div class=\"wpb_wrapper\">[vc_custom_heading text=\u00a0\u00bbQu&rsquo;en pensent nos sp\u00e9cialistes ? &#8211; Une interview avec Michel Tinguely et Guido Steigmeyer\u00a0\u00bb font_container=\u00a0\u00bbtag:h2|text_align:left|color:%23FFFFFF\u00a0\u00bb use_theme_fonts=\u00a0\u00bbyes\u00a0\u00bb css_animation=\u00a0\u00bbbounceInDown\u00a0\u00bb]<div class=\"wpb_text_column\"><div class=\"wpb_wrapper\"><p><em>Guido Steigmeyer et Michel Tinguely, collaborateurs \u00e0 la retraite de Jaguar Land Rover, ont suivi, il y a 32 ans chez Jaguar Sport, en Angleterre, la formation technique sur la Jaguar XJ220. Aujourd\u2019hui, ils r\u00e9visent la XJ220 de la collection Emil Frey et veillent \u00e0 ce que ce pr\u00e9cieux savoir soit conserv\u00e9 dans l\u2019atelier Emil Frey Classics.<\/em><\/p>\n<\/div><\/div><div class=\"w-separator size_medium\"><\/div><div class=\"w-image align_none\"><div class=\"w-image-h\"><img decoding=\"async\" width=\"1024\" height=\"577\" src=\"https:\/\/emilfreyclassics.webmodus-dev.ch\/wp-content\/uploads\/2024\/04\/DSC02901-1024x577.jpg\" class=\"attachment-large size-large\" alt=\"\" loading=\"lazy\" srcset=\"https:\/\/emilfreyclassics.webmodus-dev.ch\/wp-content\/uploads\/2024\/04\/DSC02901-1024x577.jpg 1024w, https:\/\/emilfreyclassics.webmodus-dev.ch\/wp-content\/uploads\/2024\/04\/DSC02901-600x338.jpg 600w, https:\/\/emilfreyclassics.webmodus-dev.ch\/wp-content\/uploads\/2024\/04\/DSC02901-300x169.jpg 300w, https:\/\/emilfreyclassics.webmodus-dev.ch\/wp-content\/uploads\/2024\/04\/DSC02901-768x433.jpg 768w, https:\/\/emilfreyclassics.webmodus-dev.ch\/wp-content\/uploads\/2024\/04\/DSC02901-1536x866.jpg 1536w, https:\/\/emilfreyclassics.webmodus-dev.ch\/wp-content\/uploads\/2024\/04\/DSC02901.jpg 1600w\" sizes=\"auto, (max-width: 1024px) 100vw, 1024px\" \/><\/div><\/div><div class=\"w-separator size_small\"><\/div><div class=\"wpb_text_column\"><div class=\"wpb_wrapper\"><p><span>Les experts : Michel Tinguely, Manuel de Gregorio et Guido Steigmeyer (de g. \u00e0 dr.)<\/span><\/p>\n<\/div><\/div><\/div><\/div><\/div><\/div><\/div><\/section><section class=\"l-section wpb_row us_custom_887a049b height_medium\"><div class=\"l-section-h i-cf\"><div class=\"g-cols vc_row via_flex valign_top type_default stacking_default\"><div class=\"vc_col-sm-4 wpb_column vc_column_container\"><div class=\"vc_column-inner\"><div class=\"wpb_wrapper\"><div class=\"wpb_text_column\"><div class=\"wpb_wrapper\"><p><strong>Comment se d\u00e9roulait la formation \u00e0 l\u2019\u00e9poque ?<\/strong><\/p>\n<p><em>Guido Steigmeyer<\/em><span>\u00a0<\/span>: nous pouvions \u00e9tudier les pi\u00e8ces directement en marge de la production, nous disposions donc du meilleur mat\u00e9riel visuel et nous prenions des photos et des notes. Les manuels d\u2019atelier fournis par la suite s\u2019av\u00e9rant plut\u00f4t rudimentaires, l\u2019exp\u00e9rience personnelle \u00e9tait donc d\u2019autant plus importante. Travailler \u00e0 nouveau sur cette voiture, aujourd\u2019hui, est pour nous un d\u00e9fi aussi int\u00e9ressant qu\u2019amusant.<\/p>\n<\/div><\/div><\/div><\/div><\/div><div class=\"vc_col-sm-4 wpb_column vc_column_container\"><div class=\"vc_column-inner\"><div class=\"wpb_wrapper\"><div class=\"wpb_text_column\"><div class=\"wpb_wrapper\"><p><strong>Quelle est la particularit\u00e9 de l\u2019entretien d\u2019une Jaguar XJ220 ?<\/strong><\/p>\n<p><em>Guido Steigmeyer<\/em><span>\u00a0<\/span>: il faut \u00e9norm\u00e9ment de temps pour d\u00e9monter l\u2019ensemble du groupe motopropulseur. Cela para\u00eet plus simple que \u00e7a ne l\u2019est en r\u00e9alit\u00e9. Le changement de la courroie de distribution constitue un v\u00e9ritable d\u00e9fi. Quand une voiture n\u2019a pas roul\u00e9 depuis longtemps, un tel service est toujours un exercice d\u2019\u00e9quilibre : que changer, que ne pas changer ? Et, bien s\u00fbr, le risque est toujours que des composants anciens ne fonctionnent plus apr\u00e8s le remontage.<\/p>\n<p><em>Michel Tinguely<\/em><span>\u00a0<\/span>: au bout de six ans, il faut remplacer pour la premi\u00e8re fois le r\u00e9servoir en plastique avec ses onze inserts en mousse de caoutchouc\u00a0; sinon, ils se dissolvent. Mais le premier d\u00e9fi a \u00e9t\u00e9 de trouver un ordinateur utilisable pour le programme de test sur disquette. Heureusement, Guido avait encore un vieil ordinateur portable avec les connexions n\u00e9cessaires pour le calculateur. Il va maintenant falloir sauvegarder ce logiciel et ce mat\u00e9riel pour l\u2019avenir.<\/p>\n<\/div><\/div><\/div><\/div><\/div><div class=\"vc_col-sm-4 wpb_column vc_column_container\"><div class=\"vc_column-inner\"><div class=\"wpb_wrapper\"><div class=\"wpb_text_column\"><div class=\"wpb_wrapper\"><p><strong>Comment est l\u2019approvisionnement en pi\u00e8ces de rechange pour la XJ220 ?<\/strong><\/p>\n<p><em>Guido Steigmeyer<\/em><span>\u00a0<\/span>: en principe, l\u2019approvisionnement en pi\u00e8ces de rechange est bon, certains composants comme le r\u00e9servoir sont m\u00eame refabriqu\u00e9s. Par chance, les pneus Bridgestone correspondants sont \u00e0 nouveau disponibles. Mais le d\u00e9lai de livraison est parfois long.<\/p>\n<p><strong>Que fait Emil Frey Classics pour que l\u2019entretien et la r\u00e9paration de cette supercar soient garantis \u00e0 l\u2019avenir ?<\/strong><\/p>\n<p><em>Michel Tinguely<\/em><span>\u00a0<\/span>: nous allons maintenant encore nous consacrer \u00e0 quelques voitures de clients. L\u2019objectif est que les m\u00e9caniciens d\u2019Emil Frey Classics acqui\u00e8rent, gr\u00e2ce \u00e0 nous, les connaissances sp\u00e9cifiques. Des m\u00e9caniciens que nous jugeons tr\u00e8s motiv\u00e9s. En m\u00eame temps, nous documentons m\u00e9ticuleusement toutes les \u00e9tapes de travail de fa\u00e7on \u00e0 pr\u00e9server \u00e0 long terme ce savoir-faire.<\/p>\n<\/div><\/div><div class=\"w-separator hide_on_default hide_on_laptops size_medium\"><\/div><\/div><\/div><\/div><\/div><\/div><\/section>\n","protected":false},"excerpt":{"rendered":"[vc_custom_heading text=\"Jaguar XJ220 : un projet de loisirs\" font_container=\"tag:h2|text_align:left|color:%23FFFFFF\" use_theme_fonts=\"yes\" css_animation=\"bounceInDown\"]\u00c0 l\u2019origine se trouve un groupe d\u2019ing\u00e9nieurs et designers de chez Jaguar qui d\u00e9cid\u00e8rent de cr\u00e9er une supercar pendant leurs loisirs. Le r\u00e9sultat en est pr\u00e9sent\u00e9 au public au British Motor Show de Birmingham, en 1988 : un long fuseau tout en rondeurs, aux antipodes...","protected":false},"author":12,"featured_media":0,"parent":20495,"menu_order":150,"comment_status":"closed","ping_status":"closed","template":"","meta":{"_acf_changed":false,"footnotes":""},"class_list":["post-20523","page","type-page","status-publish","hentry"],"acf":[],"yoast_head":"<!-- This site is optimized with the Yoast SEO plugin v24.6 - https:\/\/yoast.com\/wordpress\/plugins\/seo\/ -->\n<title>Emil Frey Classics AG: Jaguar XJ220<\/title>\n<meta name=\"description\" content=\"%\" \/>\n<meta name=\"robots\" content=\"noindex, follow, max-snippet:-1, max-image-preview:large, max-video-preview:-1\" \/>\n<meta property=\"og:locale\" content=\"fr_FR\" \/>\n<meta property=\"og:type\" content=\"article\" \/>\n<meta property=\"og:title\" content=\"Emil Frey Classics AG: Jaguar XJ220\" \/>\n<meta property=\"og:description\" content=\"%\" \/>\n<meta property=\"og:url\" content=\"https:\/\/emilfreyclassics.webmodus-dev.ch\/fr\/atelier-et-pieces-detachees\/jaguar-xj220\/\" \/>\n<meta property=\"og:site_name\" content=\"Emil Frey Classics AG\" \/>\n<meta property=\"article:publisher\" content=\"https:\/\/www.facebook.com\/emilfreyclassics\/\" \/>\n<meta property=\"article:modified_time\" content=\"2026-02-23T13:05:08+00:00\" \/>\n<meta name=\"twitter:card\" content=\"summary_large_image\" \/>\n<meta name=\"twitter:label1\" content=\"Dur\u00e9e de lecture estim\u00e9e\" \/>\n\t<meta name=\"twitter:data1\" content=\"7 minutes\" \/>\n<script type=\"application\/ld+json\" class=\"yoast-schema-graph\">{\"@context\":\"https:\/\/schema.org\",\"@graph\":[{\"@type\":\"WebPage\",\"@id\":\"https:\/\/emilfreyclassics.webmodus-dev.ch\/fr\/atelier-et-pieces-detachees\/jaguar-xj220\/\",\"url\":\"https:\/\/emilfreyclassics.webmodus-dev.ch\/fr\/atelier-et-pieces-detachees\/jaguar-xj220\/\",\"name\":\"Emil Frey Classics AG: Jaguar XJ220\",\"isPartOf\":{\"@id\":\"https:\/\/emilfreyclassics.webmodus-dev.ch\/#website\"},\"datePublished\":\"2024-04-23T13:55:13+00:00\",\"dateModified\":\"2026-02-23T13:05:08+00:00\",\"description\":\"%\",\"breadcrumb\":{\"@id\":\"https:\/\/emilfreyclassics.webmodus-dev.ch\/fr\/atelier-et-pieces-detachees\/jaguar-xj220\/#breadcrumb\"},\"inLanguage\":\"fr-FR\",\"potentialAction\":[{\"@type\":\"ReadAction\",\"target\":[\"https:\/\/emilfreyclassics.webmodus-dev.ch\/fr\/atelier-et-pieces-detachees\/jaguar-xj220\/\"]}]},{\"@type\":\"BreadcrumbList\",\"@id\":\"https:\/\/emilfreyclassics.webmodus-dev.ch\/fr\/atelier-et-pieces-detachees\/jaguar-xj220\/#breadcrumb\",\"itemListElement\":[{\"@type\":\"ListItem\",\"position\":1,\"name\":\"Home\",\"item\":\"https:\/\/emilfreyclassics.webmodus-dev.ch\/fr\/\"},{\"@type\":\"ListItem\",\"position\":2,\"name\":\"Atelier et pi\u00e8ces d\u00e9tach\u00e9es\",\"item\":\"https:\/\/emilfreyclassics.webmodus-dev.ch\/fr\/atelier-et-pieces-detachees\/\"},{\"@type\":\"ListItem\",\"position\":3,\"name\":\"Jaguar XJ220\"}]},{\"@type\":\"WebSite\",\"@id\":\"https:\/\/emilfreyclassics.webmodus-dev.ch\/#website\",\"url\":\"https:\/\/emilfreyclassics.webmodus-dev.ch\/\",\"name\":\"Emil Frey Classics AG\",\"description\":\"\",\"potentialAction\":[{\"@type\":\"SearchAction\",\"target\":{\"@type\":\"EntryPoint\",\"urlTemplate\":\"https:\/\/emilfreyclassics.webmodus-dev.ch\/?s={search_term_string}\"},\"query-input\":{\"@type\":\"PropertyValueSpecification\",\"valueRequired\":true,\"valueName\":\"search_term_string\"}}],\"inLanguage\":\"fr-FR\"}]}<\/script>\n<!-- \/ Yoast SEO plugin. -->","yoast_head_json":{"title":"Emil Frey Classics AG: Jaguar XJ220","description":"%","robots":{"index":"noindex","follow":"follow","max-snippet":"max-snippet:-1","max-image-preview":"max-image-preview:large","max-video-preview":"max-video-preview:-1"},"og_locale":"fr_FR","og_type":"article","og_title":"Emil Frey Classics AG: Jaguar XJ220","og_description":"%","og_url":"https:\/\/emilfreyclassics.webmodus-dev.ch\/fr\/atelier-et-pieces-detachees\/jaguar-xj220\/","og_site_name":"Emil Frey Classics AG","article_publisher":"https:\/\/www.facebook.com\/emilfreyclassics\/","article_modified_time":"2026-02-23T13:05:08+00:00","twitter_card":"summary_large_image","twitter_misc":{"Dur\u00e9e de lecture estim\u00e9e":"7 minutes"},"schema":{"@context":"https:\/\/schema.org","@graph":[{"@type":"WebPage","@id":"https:\/\/emilfreyclassics.webmodus-dev.ch\/fr\/atelier-et-pieces-detachees\/jaguar-xj220\/","url":"https:\/\/emilfreyclassics.webmodus-dev.ch\/fr\/atelier-et-pieces-detachees\/jaguar-xj220\/","name":"Emil Frey Classics AG: Jaguar XJ220","isPartOf":{"@id":"https:\/\/emilfreyclassics.webmodus-dev.ch\/#website"},"datePublished":"2024-04-23T13:55:13+00:00","dateModified":"2026-02-23T13:05:08+00:00","description":"%","breadcrumb":{"@id":"https:\/\/emilfreyclassics.webmodus-dev.ch\/fr\/atelier-et-pieces-detachees\/jaguar-xj220\/#breadcrumb"},"inLanguage":"fr-FR","potentialAction":[{"@type":"ReadAction","target":["https:\/\/emilfreyclassics.webmodus-dev.ch\/fr\/atelier-et-pieces-detachees\/jaguar-xj220\/"]}]},{"@type":"BreadcrumbList","@id":"https:\/\/emilfreyclassics.webmodus-dev.ch\/fr\/atelier-et-pieces-detachees\/jaguar-xj220\/#breadcrumb","itemListElement":[{"@type":"ListItem","position":1,"name":"Home","item":"https:\/\/emilfreyclassics.webmodus-dev.ch\/fr\/"},{"@type":"ListItem","position":2,"name":"Atelier et pi\u00e8ces d\u00e9tach\u00e9es","item":"https:\/\/emilfreyclassics.webmodus-dev.ch\/fr\/atelier-et-pieces-detachees\/"},{"@type":"ListItem","position":3,"name":"Jaguar XJ220"}]},{"@type":"WebSite","@id":"https:\/\/emilfreyclassics.webmodus-dev.ch\/#website","url":"https:\/\/emilfreyclassics.webmodus-dev.ch\/","name":"Emil Frey Classics AG","description":"","potentialAction":[{"@type":"SearchAction","target":{"@type":"EntryPoint","urlTemplate":"https:\/\/emilfreyclassics.webmodus-dev.ch\/?s={search_term_string}"},"query-input":{"@type":"PropertyValueSpecification","valueRequired":true,"valueName":"search_term_string"}}],"inLanguage":"fr-FR"}]}},"_links":{"self":[{"href":"https:\/\/emilfreyclassics.webmodus-dev.ch\/fr\/wp-json\/wp\/v2\/pages\/20523","targetHints":{"allow":["GET"]}}],"collection":[{"href":"https:\/\/emilfreyclassics.webmodus-dev.ch\/fr\/wp-json\/wp\/v2\/pages"}],"about":[{"href":"https:\/\/emilfreyclassics.webmodus-dev.ch\/fr\/wp-json\/wp\/v2\/types\/page"}],"author":[{"embeddable":true,"href":"https:\/\/emilfreyclassics.webmodus-dev.ch\/fr\/wp-json\/wp\/v2\/users\/12"}],"replies":[{"embeddable":true,"href":"https:\/\/emilfreyclassics.webmodus-dev.ch\/fr\/wp-json\/wp\/v2\/comments?post=20523"}],"version-history":[{"count":3,"href":"https:\/\/emilfreyclassics.webmodus-dev.ch\/fr\/wp-json\/wp\/v2\/pages\/20523\/revisions"}],"predecessor-version":[{"id":21149,"href":"https:\/\/emilfreyclassics.webmodus-dev.ch\/fr\/wp-json\/wp\/v2\/pages\/20523\/revisions\/21149"}],"up":[{"embeddable":true,"href":"https:\/\/emilfreyclassics.webmodus-dev.ch\/fr\/wp-json\/wp\/v2\/pages\/20495"}],"wp:attachment":[{"href":"https:\/\/emilfreyclassics.webmodus-dev.ch\/fr\/wp-json\/wp\/v2\/media?parent=20523"}],"curies":[{"name":"wp","href":"https:\/\/api.w.org\/{rel}","templated":true}]}}