{"id":20519,"date":"2020-11-17T11:58:15","date_gmt":"2020-11-17T11:58:15","guid":{"rendered":"https:\/\/emilfreyclassics.webmodus-dev.ch\/dab-radio\/"},"modified":"2026-02-23T13:01:54","modified_gmt":"2026-02-23T13:01:54","slug":"autoradio-dab","status":"publish","type":"page","link":"https:\/\/emilfreyclassics.webmodus-dev.ch\/fr\/atelier-et-pieces-detachees\/autoradio-dab\/","title":{"rendered":"Autoradio DAB+"},"content":{"rendered":"<section class=\"l-section wpb_row us_custom_278d8c57 height_medium width_full\"><div class=\"l-section-h i-cf\"><div class=\"g-cols vc_row via_flex valign_top type_default stacking_default\"><div class=\"vc_col-sm-12 wpb_column vc_column_container\"><div class=\"vc_column-inner\"><div class=\"wpb_wrapper\"><section class=\"l-section wpb_row us_custom_1bb80f88 height_medium width_full parallax_ver\"><div class=\"l-section-h i-cf\"><div class=\"g-cols vc_row via_flex valign_top type_default stacking_default\"><div class=\"vc_col-sm-12 wpb_column vc_column_container\"><div class=\"vc_column-inner\"><div class=\"wpb_wrapper\"><\/div><\/div><\/div><\/div><\/div><\/section>\n<\/div><\/div><\/div><\/div><\/div><\/section><section class=\"l-section wpb_row us_custom_187e3a94 height_medium\"><div class=\"l-section-h i-cf\"><div class=\"g-cols vc_row via_flex valign_top type_default stacking_default\"><div class=\"vc_col-sm-12 wpb_column vc_column_container\"><div class=\"vc_column-inner\"><div class=\"wpb_wrapper\">[vc_custom_heading text=\u00a0\u00bbR\u00e9ception DAB dans une voiture ancienne ? Pas de probl\u00e8me !\u00a0\u00bb font_container=\u00a0\u00bbtag:h2|text_align:left|color:%23FFFFFF\u00a0\u00bb use_theme_fonts=\u00a0\u00bbyes\u00a0\u00bb]<div class=\"wpb_text_column\"><div class=\"wpb_wrapper\"><p>Entre le d\u00e9but de 2025 et la fin de 2026, les stations de radio de Suisse vont progressivement mettre un terme \u00e0 l\u2019exploitation de la radio analogique \u00e0 ondes ultracourtes (OUC\/FM), ce qui aura pour cons\u00e9quence, \u00e0 l\u2019avenir, que la r\u00e9ception de la radio s\u2019effectuera exclusivement via le Digital Audio Broadcasting (DAB+). Mais que doit-on faire lorsque sa voiture classique n\u2019est pas encore \u00e9quip\u00e9e d\u2019une radio compatible DAB ? Ne vous inqui\u00e9tez pas \u2013 nous vous pr\u00e9sentons des solutions sur mesure adapt\u00e9es aux classiques et youngtimers.<\/p>\n<p><strong>Mise \u00e0 niveau de la radio d\u2019origine<br \/>\n<\/strong>Il existe une variante gr\u00e2ce \u00e0 laquelle il est possible de remplacer et d\u2019adapter la totalit\u00e9 des composants techniques dans la radio d\u2019origine, avec l\u2019avantage de conserver son aspect ext\u00e9rieur et son authenticit\u00e9. La technique est mise \u00e0 niveau avec des composants de grande qualit\u00e9 et inclut la mise en \u0153uvre de fonctions telles que le DAB+, une prise USB, une entr\u00e9e AUX et le streaming audio Bluetooth ainsi qu\u2019un dispositif mains libres pour les appels t\u00e9l\u00e9phoniques.<\/p>\n<p><strong>Un nouvel autoradio DAB+ au look classique<br \/>\n<\/strong>Une autre variante consiste \u00e0 installer un nouvel autoradio DAB+ moderne au design classique. Cet appareil vous permet de conserver le charme nostalgique d\u2019un autoradio traditionnel sans pour autant devoir renoncer aux fonctions num\u00e9riques modernes. Cette variante offre, entre autres, le DAB+, le kit mains libres Bluetooth, des connexions USB et AUX-in, le streaming audio et des possibilit\u00e9s de contr\u00f4le mobiles.<\/p>\n<p><strong>R\u00e9cepteur DAB+<br \/>\n<\/strong>La variante la plus avantageuse consiste en ce que votre autoradio d\u2019origine poss\u00e8de d\u00e9j\u00e0 une prise AUX-In. Dans ce cas, via cette prise, il est possible de connecter un r\u00e9cepteur DAB externe \u00e0 l\u2019autoradio pr\u00e9existant. Le volume et la balance sont toujours contr\u00f4l\u00e9s via l\u2019autoradio d\u2019origine, tandis que la s\u00e9lection des stations pour le DAB+ se fait via le nouveau r\u00e9cepteur.<\/p>\n<p><strong>Antenne DAB+ adapt\u00e9e pour une r\u00e9ception optimale<br \/>\n<\/strong>L\u2019antenne doit elle aussi \u00eatre adapt\u00e9e. La r\u00e9ception DAB+ pr\u00e9suppose une antenne diff\u00e9rente de celle qui est utilis\u00e9e pour la r\u00e9ception FM. Il est possible de compl\u00e9ter l\u2019antenne d\u2019origine en y ajoutant un s\u00e9parateur d\u2019antenne int\u00e9gr\u00e9 invisible, tant et si bien que le DAB+ peut aussi \u00eatre capt\u00e9 avec l\u2019antenne b\u00e2ton existante.<\/p>\n<p><strong>L\u2019autoradio culte \u00ab\u00a0Blaupunkt Bremen SQR 46 DAB\u00a0\u00bb<br \/>\n<\/strong>Le l\u00e9gendaire Blaupunkt \u00ab\u00a0Bremen SQR 46\u00a0\u00bb de 1986, en tant que radio DAB+ \u2013 une r\u00e9interpr\u00e9tation de la radio culte. Le c\u00e9l\u00e8bre autoradio DIN allie le design et les USP de l\u2019original \u00e0 des technologies modernes. \u00c0 l\u2019\u00e9poque, sa popularit\u00e9 avait son origine dans sa facilit\u00e9 d\u2019utilisation, la puret\u00e9 de son design et la limpidit\u00e9 de sa r\u00e9ception. La nouvelle \u00e9dition conserve le style d\u2019origine, mais elle s\u2019est enrichie d\u2019un moderne \u00e9clairage Variocolor pour les touches et l\u2019\u00e9cran. Gr\u00e2ce au tuner FM RDS Codem et au tuner num\u00e9rique Blaupunkt DAB+, la r\u00e9ception reste de tout premi\u00e8re classe. Au chapitre des nouveaut\u00e9s figurent des interfaces additionnelles telles que deux ports USB, une prise AUX, un slot SDHC et le streaming audio Bluetooth.<\/p>\n<p><strong>Conversion radio DAB+<br \/>\n<\/strong>Il est recommand\u00e9 de faire effectuer par un professionnel la conversion au DAB+ d\u2019une classique ou d\u2019un youngtimer. Le co\u00fbt de la radio, installation comprise (dur\u00e9e d\u2019installation d\u2019environ 1 \u00e0 3 heures en fonction du v\u00e9hicule et du mod\u00e8le), varie selon le type de v\u00e9hicule et le mod\u00e8le. Nous nous ferons un plaisir de vous conseiller et de vous soumettre une offre personnalis\u00e9e qui r\u00e9ponde \u00e0 vos besoins.<\/p>\n<p><span>N\u2019h\u00e9sitez pas \u00e0 nous contacter. Nous sommes \u00e0 votre disposition.<\/span><\/p>\n<\/div><\/div><\/div><\/div><\/div><\/div><\/div><\/section><section class=\"l-section wpb_row height_medium\"><div class=\"l-section-h i-cf\"><div class=\"g-cols vc_row via_flex valign_top type_default stacking_default\"><div class=\"vc_col-sm-12 wpb_column vc_column_container\"><div class=\"vc_column-inner\"><div class=\"wpb_wrapper\"><div class=\"w-grid us_post_list type_grid layout_18682 cols_1 preload_style_spinner\" id=\"us_post_list_w966\" style=\"--columns:1;--gap:1.5rem;\"><style>.layout_18682 .w-grid-item-h{}.layout_18682 .usg_post_custom_field_1{text-align:center!important;margin-top:10px!important}.layout_18682 .usg_post_custom_field_2{text-align:center!important;width:150px!important}.layout_18682 .usg_btn_2{text-align:center!important}.layout_18682 .usg_btn_3{text-align:center!important}<\/style><div class=\"w-grid-list\">\t<article class=\"w-grid-item size_1x1 post-9407 team type-team status-publish hentry\" data-id=\"9407\">\r\n\t\t<div class=\"w-grid-item-h\">\r\n\t\t\t\t\t\t<h2 class=\"w-post-elm post_title usg_post_title_1 align_center entry-title color_link_inherit\">Andrea Trigili<\/h2><div class=\"w-post-elm post_custom_field usg_post_custom_field_1 type_text team_position color_link_inherit\"><span class=\"w-post-elm-value\">Responsable de l'atelier<\/span><\/div><div class=\"w-post-elm post_custom_field usg_post_custom_field_2 avatarbild-team type_image team_avatar color_link_inherit has_ratio\"><div style=\"padding-bottom:100%\"><\/div><img loading=\"lazy\" decoding=\"async\" width=\"180\" height=\"180\" src=\"https:\/\/emilfreyclassics.webmodus-dev.ch\/wp-content\/uploads\/2021\/04\/Andrea_180px.png\" class=\"attachment-large size-large\" alt=\"\" srcset=\"https:\/\/emilfreyclassics.webmodus-dev.ch\/wp-content\/uploads\/2021\/04\/Andrea_180px.png 180w, https:\/\/emilfreyclassics.webmodus-dev.ch\/wp-content\/uploads\/2021\/04\/Andrea_180px-150x150.png 150w\" sizes=\"auto, (max-width: 180px) 100vw, 180px\" \/><\/div><div class=\"w-hwrapper usg_hwrapper_2 align_center valign_top\"><a class=\"w-btn us-btn-style_4 usg_btn_3 icon_atleft\" href=\"tel:+41 62 788 79 09\"><i class=\"fas fa-phone-alt\"><\/i><span class=\"w-btn-label\">+41 62 788 79 09<\/span><\/a><a class=\"w-btn us-btn-style_4 usg_btn_2 icon_atleft text_none\" aria-label=\"Button\" href=\"mailto:Andrea.trigili@emilfreyclassics.ch\"><i class=\"fas fa-envelope\"><\/i><\/a><\/div>\t\t<\/div>\r\n\t\t\t<\/article>\r\n<\/div><div class=\"g-loadmore hidden\"><div class=\"g-preloader type_1\"><div><\/div><\/div><\/div><div class=\"w-grid-list-json hidden\" onclick='return {&quot;max_num_pages&quot;:0,&quot;paginationBase&quot;:&quot;page&quot;,&quot;pagination&quot;:&quot;none&quot;,&quot;paged&quot;:1,&quot;ajaxData&quot;:{&quot;action&quot;:&quot;us_ajax_post_list&quot;,&quot;meta_type&quot;:&quot;post&quot;,&quot;object_id&quot;:0,&quot;template_vars&quot;:{&quot;shortcode_base&quot;:&quot;us_post_list&quot;,&quot;paged&quot;:1,&quot;max_num_pages&quot;:0,&quot;no_results&quot;:false,&quot;us_post_content_design_css&quot;:[],&quot;found_posts&quot;:0,&quot;items_count&quot;:1,&quot;source&quot;:&quot;post__in&quot;,&quot;custom_field_name&quot;:&quot;&quot;,&quot;ids&quot;:&quot;9364&quot;,&quot;post_type&quot;:&quot;team&quot;,&quot;attachment_ids&quot;:null,&quot;include_post_thumbnail&quot;:0,&quot;post_author&quot;:&quot;any&quot;,&quot;post_author_ids&quot;:&quot;&quot;,&quot;apply_url_params&quot;:0,&quot;ignore_sticky_posts&quot;:1,&quot;exclude_children&quot;:0,&quot;exclude_current_post&quot;:&quot;0&quot;,&quot;exclude_prev_posts&quot;:0,&quot;exclude_past_events&quot;:0,&quot;enable_items_offset&quot;:0,&quot;items_offset&quot;:&quot;1&quot;,&quot;tax_query_relation&quot;:&quot;none&quot;,&quot;tax_query&quot;:[{&quot;operator&quot;:&quot;IN&quot;,&quot;taxonomy&quot;:&quot;category&quot;,&quot;terms&quot;:&quot;&quot;,&quot;include_children&quot;:0}],&quot;meta_query_relation&quot;:&quot;none&quot;,&quot;meta_query&quot;:[{&quot;key&quot;:&quot;custom_field_name&quot;,&quot;compare&quot;:&quot;=&quot;,&quot;value&quot;:&quot;&quot;}],&quot;orderby&quot;:&quot;menu_order&quot;,&quot;orderby_custom_field&quot;:&quot;&quot;,&quot;orderby_custom_type&quot;:0,&quot;order_invert&quot;:0,&quot;show_all&quot;:0,&quot;quantity&quot;:&quot;1&quot;,&quot;posts_per_archive_page&quot;:0,&quot;no_items_action&quot;:&quot;hide_grid&quot;,&quot;no_items_message&quot;:&quot;Aucun r\\u00e9sultat.&quot;,&quot;no_items_page_block&quot;:&quot;&quot;,&quot;pagination&quot;:&quot;none&quot;,&quot;pagination_style&quot;:&quot;&quot;,&quot;pagination_btn_text&quot;:&quot;Charger plus&quot;,&quot;pagination_btn_size&quot;:&quot;&quot;,&quot;pagination_btn_style&quot;:&quot;1&quot;,&quot;pagination_btn_fullwidth&quot;:0,&quot;items_layout&quot;:&quot;18682&quot;,&quot;type&quot;:&quot;grid&quot;,&quot;items_valign&quot;:0,&quot;ignore_items_size&quot;:0,&quot;columns&quot;:&quot;1&quot;,&quot;items_gap&quot;:&quot;1.5rem&quot;,&quot;load_animation&quot;:&quot;none&quot;,&quot;items_preload_style&quot;:&quot;spinner&quot;,&quot;img_size&quot;:&quot;default&quot;,&quot;title_size&quot;:&quot;&quot;,&quot;items_ratio&quot;:&quot;default&quot;,&quot;items_ratio_width&quot;:&quot;21&quot;,&quot;items_ratio_height&quot;:&quot;9&quot;,&quot;overriding_link&quot;:&quot;%7B%22url%22%3A%22%22%7D&quot;,&quot;popup_page_template&quot;:&quot;0&quot;,&quot;popup_width&quot;:&quot;&quot;,&quot;popup_arrows&quot;:1,&quot;breakpoint_1_width&quot;:&quot;1381px&quot;,&quot;breakpoint_1_cols&quot;:&quot;default&quot;,&quot;breakpoint_1_quantity&quot;:&quot;&quot;,&quot;breakpoint_1_gap&quot;:&quot;&quot;,&quot;breakpoint_2_width&quot;:&quot;1025px&quot;,&quot;breakpoint_2_cols&quot;:&quot;1&quot;,&quot;breakpoint_2_quantity&quot;:&quot;&quot;,&quot;breakpoint_2_gap&quot;:&quot;&quot;,&quot;breakpoint_3_width&quot;:&quot;601px&quot;,&quot;breakpoint_3_cols&quot;:&quot;1&quot;,&quot;breakpoint_3_quantity&quot;:&quot;&quot;,&quot;breakpoint_3_gap&quot;:&quot;&quot;,&quot;conditions_operator&quot;:&quot;always&quot;,&quot;conditions&quot;:[],&quot;css&quot;:null,&quot;el_class&quot;:&quot;&quot;,&quot;el_id&quot;:&quot;&quot;,&quot;enable_custom_html_atts&quot;:0,&quot;custom_html_atts&quot;:null,&quot;hide_on_states&quot;:&quot;&quot;,&quot;hide_for_sticky&quot;:0,&quot;hide_for_not_sticky&quot;:0,&quot;hide_below&quot;:&quot;0px&quot;,&quot;hide_above&quot;:&quot;0px&quot;,&quot;classes&quot;:&quot;&quot;}},&quot;facetedFilter&quot;:[]}'><\/div><\/div><div class=\"w-separator size_medium\"><\/div><\/div><\/div><\/div><\/div><\/div><\/section>\n","protected":false},"excerpt":{"rendered":"","protected":false},"author":5,"featured_media":0,"parent":20495,"menu_order":87,"comment_status":"closed","ping_status":"closed","template":"","meta":{"_acf_changed":false,"footnotes":""},"class_list":["post-20519","page","type-page","status-publish","hentry"],"acf":[],"yoast_head":"<!-- This site is optimized with the Yoast SEO plugin v24.6 - https:\/\/yoast.com\/wordpress\/plugins\/seo\/ -->\n<title>Emil Frey Classics AG: Autoradio DAB+<\/title>\n<meta name=\"description\" content=\"%\" \/>\n<meta name=\"robots\" content=\"noindex, follow, max-snippet:-1, max-image-preview:large, max-video-preview:-1\" \/>\n<meta property=\"og:locale\" content=\"fr_FR\" \/>\n<meta property=\"og:type\" content=\"article\" \/>\n<meta property=\"og:title\" content=\"Emil Frey Classics AG: Autoradio DAB+\" \/>\n<meta property=\"og:description\" content=\"%\" \/>\n<meta property=\"og:url\" content=\"https:\/\/emilfreyclassics.webmodus-dev.ch\/fr\/atelier-et-pieces-detachees\/autoradio-dab\/\" \/>\n<meta property=\"og:site_name\" content=\"Emil Frey Classics AG\" \/>\n<meta property=\"article:publisher\" content=\"https:\/\/www.facebook.com\/emilfreyclassics\/\" \/>\n<meta property=\"article:modified_time\" content=\"2026-02-23T13:01:54+00:00\" \/>\n<meta name=\"twitter:card\" content=\"summary_large_image\" \/>\n<meta name=\"twitter:label1\" content=\"Dur\u00e9e de lecture estim\u00e9e\" \/>\n\t<meta name=\"twitter:data1\" content=\"4 minutes\" \/>\n<script type=\"application\/ld+json\" class=\"yoast-schema-graph\">{\"@context\":\"https:\/\/schema.org\",\"@graph\":[{\"@type\":\"WebPage\",\"@id\":\"https:\/\/emilfreyclassics.webmodus-dev.ch\/fr\/atelier-et-pieces-detachees\/autoradio-dab\/\",\"url\":\"https:\/\/emilfreyclassics.webmodus-dev.ch\/fr\/atelier-et-pieces-detachees\/autoradio-dab\/\",\"name\":\"Emil Frey Classics AG: Autoradio DAB+\",\"isPartOf\":{\"@id\":\"https:\/\/emilfreyclassics.webmodus-dev.ch\/#website\"},\"datePublished\":\"2020-11-17T11:58:15+00:00\",\"dateModified\":\"2026-02-23T13:01:54+00:00\",\"description\":\"%\",\"breadcrumb\":{\"@id\":\"https:\/\/emilfreyclassics.webmodus-dev.ch\/fr\/atelier-et-pieces-detachees\/autoradio-dab\/#breadcrumb\"},\"inLanguage\":\"fr-FR\",\"potentialAction\":[{\"@type\":\"ReadAction\",\"target\":[\"https:\/\/emilfreyclassics.webmodus-dev.ch\/fr\/atelier-et-pieces-detachees\/autoradio-dab\/\"]}]},{\"@type\":\"BreadcrumbList\",\"@id\":\"https:\/\/emilfreyclassics.webmodus-dev.ch\/fr\/atelier-et-pieces-detachees\/autoradio-dab\/#breadcrumb\",\"itemListElement\":[{\"@type\":\"ListItem\",\"position\":1,\"name\":\"Home\",\"item\":\"https:\/\/emilfreyclassics.webmodus-dev.ch\/fr\/\"},{\"@type\":\"ListItem\",\"position\":2,\"name\":\"Atelier et pi\u00e8ces d\u00e9tach\u00e9es\",\"item\":\"https:\/\/emilfreyclassics.webmodus-dev.ch\/fr\/atelier-et-pieces-detachees\/\"},{\"@type\":\"ListItem\",\"position\":3,\"name\":\"Autoradio DAB+\"}]},{\"@type\":\"WebSite\",\"@id\":\"https:\/\/emilfreyclassics.webmodus-dev.ch\/#website\",\"url\":\"https:\/\/emilfreyclassics.webmodus-dev.ch\/\",\"name\":\"Emil Frey Classics AG\",\"description\":\"\",\"potentialAction\":[{\"@type\":\"SearchAction\",\"target\":{\"@type\":\"EntryPoint\",\"urlTemplate\":\"https:\/\/emilfreyclassics.webmodus-dev.ch\/?s={search_term_string}\"},\"query-input\":{\"@type\":\"PropertyValueSpecification\",\"valueRequired\":true,\"valueName\":\"search_term_string\"}}],\"inLanguage\":\"fr-FR\"}]}<\/script>\n<!-- \/ Yoast SEO plugin. -->","yoast_head_json":{"title":"Emil Frey Classics AG: Autoradio DAB+","description":"%","robots":{"index":"noindex","follow":"follow","max-snippet":"max-snippet:-1","max-image-preview":"max-image-preview:large","max-video-preview":"max-video-preview:-1"},"og_locale":"fr_FR","og_type":"article","og_title":"Emil Frey Classics AG: Autoradio DAB+","og_description":"%","og_url":"https:\/\/emilfreyclassics.webmodus-dev.ch\/fr\/atelier-et-pieces-detachees\/autoradio-dab\/","og_site_name":"Emil Frey Classics AG","article_publisher":"https:\/\/www.facebook.com\/emilfreyclassics\/","article_modified_time":"2026-02-23T13:01:54+00:00","twitter_card":"summary_large_image","twitter_misc":{"Dur\u00e9e de lecture estim\u00e9e":"4 minutes"},"schema":{"@context":"https:\/\/schema.org","@graph":[{"@type":"WebPage","@id":"https:\/\/emilfreyclassics.webmodus-dev.ch\/fr\/atelier-et-pieces-detachees\/autoradio-dab\/","url":"https:\/\/emilfreyclassics.webmodus-dev.ch\/fr\/atelier-et-pieces-detachees\/autoradio-dab\/","name":"Emil Frey Classics AG: Autoradio DAB+","isPartOf":{"@id":"https:\/\/emilfreyclassics.webmodus-dev.ch\/#website"},"datePublished":"2020-11-17T11:58:15+00:00","dateModified":"2026-02-23T13:01:54+00:00","description":"%","breadcrumb":{"@id":"https:\/\/emilfreyclassics.webmodus-dev.ch\/fr\/atelier-et-pieces-detachees\/autoradio-dab\/#breadcrumb"},"inLanguage":"fr-FR","potentialAction":[{"@type":"ReadAction","target":["https:\/\/emilfreyclassics.webmodus-dev.ch\/fr\/atelier-et-pieces-detachees\/autoradio-dab\/"]}]},{"@type":"BreadcrumbList","@id":"https:\/\/emilfreyclassics.webmodus-dev.ch\/fr\/atelier-et-pieces-detachees\/autoradio-dab\/#breadcrumb","itemListElement":[{"@type":"ListItem","position":1,"name":"Home","item":"https:\/\/emilfreyclassics.webmodus-dev.ch\/fr\/"},{"@type":"ListItem","position":2,"name":"Atelier et pi\u00e8ces d\u00e9tach\u00e9es","item":"https:\/\/emilfreyclassics.webmodus-dev.ch\/fr\/atelier-et-pieces-detachees\/"},{"@type":"ListItem","position":3,"name":"Autoradio DAB+"}]},{"@type":"WebSite","@id":"https:\/\/emilfreyclassics.webmodus-dev.ch\/#website","url":"https:\/\/emilfreyclassics.webmodus-dev.ch\/","name":"Emil Frey Classics AG","description":"","potentialAction":[{"@type":"SearchAction","target":{"@type":"EntryPoint","urlTemplate":"https:\/\/emilfreyclassics.webmodus-dev.ch\/?s={search_term_string}"},"query-input":{"@type":"PropertyValueSpecification","valueRequired":true,"valueName":"search_term_string"}}],"inLanguage":"fr-FR"}]}},"_links":{"self":[{"href":"https:\/\/emilfreyclassics.webmodus-dev.ch\/fr\/wp-json\/wp\/v2\/pages\/20519","targetHints":{"allow":["GET"]}}],"collection":[{"href":"https:\/\/emilfreyclassics.webmodus-dev.ch\/fr\/wp-json\/wp\/v2\/pages"}],"about":[{"href":"https:\/\/emilfreyclassics.webmodus-dev.ch\/fr\/wp-json\/wp\/v2\/types\/page"}],"author":[{"embeddable":true,"href":"https:\/\/emilfreyclassics.webmodus-dev.ch\/fr\/wp-json\/wp\/v2\/users\/5"}],"replies":[{"embeddable":true,"href":"https:\/\/emilfreyclassics.webmodus-dev.ch\/fr\/wp-json\/wp\/v2\/comments?post=20519"}],"version-history":[{"count":2,"href":"https:\/\/emilfreyclassics.webmodus-dev.ch\/fr\/wp-json\/wp\/v2\/pages\/20519\/revisions"}],"predecessor-version":[{"id":21147,"href":"https:\/\/emilfreyclassics.webmodus-dev.ch\/fr\/wp-json\/wp\/v2\/pages\/20519\/revisions\/21147"}],"up":[{"embeddable":true,"href":"https:\/\/emilfreyclassics.webmodus-dev.ch\/fr\/wp-json\/wp\/v2\/pages\/20495"}],"wp:attachment":[{"href":"https:\/\/emilfreyclassics.webmodus-dev.ch\/fr\/wp-json\/wp\/v2\/media?parent=20519"}],"curies":[{"name":"wp","href":"https:\/\/api.w.org\/{rel}","templated":true}]}}