{"id":20461,"date":"2024-05-02T14:40:56","date_gmt":"2024-05-02T14:40:56","guid":{"rendered":"https:\/\/emilfreyclassics.webmodus-dev.ch\/menschen-und-geschichten\/"},"modified":"2026-03-12T09:06:28","modified_gmt":"2026-03-12T09:06:28","slug":"personnes-histoires","status":"publish","type":"page","link":"https:\/\/emilfreyclassics.webmodus-dev.ch\/fr\/classic-cars-fr\/personnes-histoires\/","title":{"rendered":"Personnes &#038; histoires"},"content":{"rendered":"<section class=\"l-section wpb_row us_custom_278d8c57 height_medium width_full\"><div class=\"l-section-h i-cf\"><div class=\"g-cols vc_row via_flex valign_top type_default stacking_default\"><div class=\"vc_col-sm-12 wpb_column vc_column_container\"><div class=\"vc_column-inner\"><div class=\"wpb_wrapper\"><section class=\"l-section wpb_row us_custom_1bb80f88 height_medium width_full parallax_ver\"><div class=\"l-section-h i-cf\"><div class=\"g-cols vc_row via_flex valign_top type_default stacking_default\"><div class=\"vc_col-sm-12 wpb_column vc_column_container\"><div class=\"vc_column-inner\"><div class=\"wpb_wrapper\"><\/div><\/div><\/div><\/div><\/div><\/section>\n<\/div><\/div><\/div><\/div><\/div><\/section><section class=\"l-section wpb_row height_medium\"><div class=\"l-section-h i-cf\"><div class=\"g-cols vc_row via_flex valign_top type_default stacking_default\"><div class=\"vc_col-sm-12 wpb_column vc_column_container\"><div class=\"vc_column-inner\"><div class=\"wpb_wrapper\">[vc_custom_heading text=\u00a0\u00bbUne Healey de chez Emil Frey\u00a0\u00bb font_container=\u00a0\u00bbtag:h2|text_align:left|color:%23FFFFFF\u00a0\u00bb use_theme_fonts=\u00a0\u00bbyes\u00a0\u00bb]<\/div><\/div><\/div><\/div><\/div><\/section><section class=\"l-section wpb_row height_medium\"><div class=\"l-section-h i-cf\"><div class=\"g-cols vc_row via_flex valign_top type_default stacking_default\"><div class=\"vc_col-sm-6 wpb_column vc_column_container\"><div class=\"vc_column-inner\"><div class=\"wpb_wrapper\"><div class=\"w-image align_none\"><div class=\"w-image-h\"><img decoding=\"async\" width=\"683\" height=\"1024\" src=\"https:\/\/emilfreyclassics.webmodus-dev.ch\/wp-content\/uploads\/2026\/03\/Austin-Healey-100-6-9408-683x1024.jpg\" class=\"attachment-large size-large\" alt=\"\" loading=\"lazy\" srcset=\"https:\/\/emilfreyclassics.webmodus-dev.ch\/wp-content\/uploads\/2026\/03\/Austin-Healey-100-6-9408-683x1024.jpg 683w, https:\/\/emilfreyclassics.webmodus-dev.ch\/wp-content\/uploads\/2026\/03\/Austin-Healey-100-6-9408-200x300.jpg 200w, https:\/\/emilfreyclassics.webmodus-dev.ch\/wp-content\/uploads\/2026\/03\/Austin-Healey-100-6-9408-600x900.jpg 600w, https:\/\/emilfreyclassics.webmodus-dev.ch\/wp-content\/uploads\/2026\/03\/Austin-Healey-100-6-9408.jpg 1067w\" sizes=\"auto, (max-width: 683px) 100vw, 683px\" \/><\/div><\/div><div class=\"w-separator size_small\"><\/div><div class=\"wpb_text_column\"><div class=\"wpb_wrapper\"><p><small><span>Photo<\/span><b>\u00a9<span>\u00a0<\/span><\/b><span>: Rose-Marie Kramer<\/span><\/small><\/p>\n<\/div><\/div><\/div><\/div><\/div><div class=\"vc_col-sm-6 wpb_column vc_column_container\"><div class=\"vc_column-inner\"><div class=\"wpb_wrapper\"><div class=\"wpb_text_column\"><div class=\"wpb_wrapper\"><p>Il existe une foule d\u2018\u00e9v\u00e9nements destin\u00e9s aux amateurs de voitures anciennes classiques ; mais, dans mon agenda, les \u00e9v\u00e9nements imagin\u00e9s par Emil Frey Classics sont coch\u00e9s en rouge. Je me sens li\u00e9e \u00e0 la marque Austin Healey \u00e0 cause de ma \u00ab vieille caisse \u00bb !<\/p>\n<p>En effet, quand j\u2018ai eu l\u2018opportunit\u00e9 d\u2018acheter ce petit bijou, en 2016, je ne me doutais pas \u00e0 quel point ma vie allait changer ! Lors de la reprise de la Healey, j\u2018ai aussi h\u00e9rit\u00e9 de l\u2019ancien propri\u00e9taire, un Anglais qui vivait en Suisse, d\u2019une valise remplie de livres sur Austin Healey \u2013 30 kilos au total ! Et j\u2019ai appris \u00e9norm\u00e9ment de choses sur l\u2019histoire de cette marque.<\/p>\n<p>Un jour, j\u2019ai voulu en avoir le c\u0153ur net : j\u2018ai jou\u00e9 les Sherlock Holmes et je suis partie sur les traces de mon Healey. Gr\u00e2ce \u00e0 un certificat du BMIHT (British Motor Industry Heritage Trust), j\u2018ai d\u00e9couvert tous les d\u00e9tails noir sur blanc : la voiture a \u00e9t\u00e9 assembl\u00e9e en Angleterre du 13 au 17 novembre 1958 et elle a \u00e9t\u00e9 livr\u00e9e le 21 novembre 1958 \u00e0<span>\u00a0<\/span><strong>Emil Frey AG, \u00e0 Zurich\/Suisse<span>\u00a0<\/span><\/strong>\u2013 une importation directe Angleterre-Suisse. Elle a \u00e9t\u00e9 immatricul\u00e9e pour la premi\u00e8re fois dans le canton de Zurich, mais, ensuite, ses traces se sont perdues pendant un certain temps \u2026<\/p>\n<p>J\u2018ai r\u00e9ussi \u00e0 retrouver les propri\u00e9taires \u00e0 partir de 1980. Tout ce se sont d\u00e9clar\u00e9s ravis, de trois choses : d\u2018abord que cette Healey existe encore et, ensuite, qu\u2019elle roule encore, puis, enfin qu\u2019elle soit conduite par une femme ! \u00ab \u2026 Elle va bien avec Ena \u00bb.<\/p>\n<p>\u00c0 mes yeux, le fait qu\u2019Emil Frey ait import\u00e9 cette splendide voiture en Suisse en 1958 est un signe de qualit\u00e9 tout particulier. Les d\u00e9buts de Healey sur les routes suisses ont donc \u00e9t\u00e9 marqu\u00e9s par une adresse prestigieuse chez Emil Frey AG. Je ressens donc une esp\u00e8ce de solidarit\u00e9 avec l\u2018importateur Emil Frey et, bien que je ne compte plus les visites que je me suis offertes au mus\u00e9e de la soci\u00e9t\u00e9, je remercie \u00e0 chaque fois Monsieur Emil Frey en silence pour cette voiture incroyable qui, 65 ans plus tard, continue \u00e0 me distiller autant de joie et de passion !<\/p>\n<\/div><\/div><div class=\"w-separator size_small\"><\/div><div class=\"wpb_text_column\"><div class=\"wpb_wrapper\"><p><small><span>Texte<\/span><b>\u00a9<span>\u00a0<\/span><\/b><span>: Rose-Marie Kramer<\/span><\/small><\/p>\n<\/div><\/div><\/div><\/div><\/div><\/div><\/div><\/section><section class=\"l-section wpb_row height_medium\"><div class=\"l-section-h i-cf\"><div class=\"g-cols vc_row via_flex valign_top type_default stacking_default\"><div class=\"vc_col-sm-6 wpb_column vc_column_container\"><div class=\"vc_column-inner\"><div class=\"wpb_wrapper\">[vc_custom_heading text=\u00a0\u00bbInterview de Rose-Marie Kramer, sur la base de sa belle histoire :\u00a0\u00bb font_container=\u00a0\u00bbtag:h2|text_align:left|color:%23FFFFFF\u00a0\u00bb use_theme_fonts=\u00a0\u00bbyes\u00a0\u00bb]<div class=\"wpb_text_column red-text\"><div class=\"wpb_wrapper\"><p><strong><em>L\u2019histoire de votre Austin Healey est tr\u00e8s \u00e9motionnelle et l\u2019amour que vous vouez \u00e0 votre pi\u00e8ce de collection est litt\u00e9ralement palpable. Comment d\u00e9cririez-vous la relation que vous avez d\u00e9velopp\u00e9e avec votre voiture classique ? Y a-t-il des exp\u00e9riences particuli\u00e8res que vous y associez ?\u00a0<\/em><\/strong><\/p>\n<\/div><\/div><div class=\"w-separator size_small\"><\/div><div class=\"wpb_text_column\"><div class=\"wpb_wrapper\"><p><span>C\u2018est en 2016 que j\u2019ai achet\u00e9 cette splendide Healey. Dans une phase particuli\u00e8rement \u00ab sombre \u00bb de ma vie, cette automobile a de nouveau fait rayonner le soleil dans mon existence. L\u2018Austin Healey est un v\u00e9ritable \u00ab\u00a0craqueur de c\u0153ur \u00bb et elle ouvre des portes ; en effet, partout o\u00f9 nous \u00ab\u00a0passons\u00a0\u00bb, les gens se r\u00e9jouissent ; ils viennent au-devant de nous ; ils posent des questions (les hommes : quel \u00e2ge a-t-elle, combien de chevaux, quel est le nombre de cylindres). Quant aux femmes, elles me font ouvertement des compliments \u00e0 moi-m\u00eame et \u00e0 l\u2018Austin Healey (elles adorent la couleur !). Ou bien les gens me racontent leur vie. Les gens sont tous bienveillants envers moi et ma Healey. Chaque sortie est une v\u00e9ritable exp\u00e9rience et je la c\u00e9l\u00e8bre en m\u2019habillant toujours de mani\u00e8re chic pour une sortie en Healey. J\u2019ai \u00e9t\u00e9 particuli\u00e8rement fi\u00e8re lorsque ma Healey a \u00e9t\u00e9 \u00e9lue \u00ab\u00a0Favorite du public\u00a0\u00bb \u00e0 l\u2018occasion d\u2019un \u00ab\u00a0Concours de sympathie\u00a0\u00bb pour voitures anciennes. Une autre fois, j\u2019ai particip\u00e9 au \u00ab\u00a0M\u00e9morial des 100 ans de la course de c\u00f4te du Klausen \u00bb : dans ma Healey, j\u2019ai transport\u00e9 le prix du vainqueur de l\u2018\u00e9dition de 1923 \u2013 une luxueuse horloge arborant l\u2019inscription : \u00ab Course du Klausen 1923 \u2013 Pilote le plus rapide de toutes les voitures de tourisme sur le sol de l\u2019Uri\u00a0\u00bb, \u00e9preuve remport\u00e9e par Werner Risch, un homme pas tout \u00e0 fait inconnu dans les milieux des pilotes de course de l\u2019\u00e9poque. Un honneur particulier pour moi et ma Healey !<\/span><\/p>\n<\/div><\/div><div class=\"w-separator size_small\"><\/div><div class=\"w-image align_none\"><div class=\"w-image-h\"><img decoding=\"async\" width=\"1024\" height=\"683\" src=\"https:\/\/emilfreyclassics.webmodus-dev.ch\/wp-content\/uploads\/2024\/05\/2022_Klausen-Memorial_-1024x683.jpg\" class=\"attachment-large size-large\" alt=\"\" loading=\"lazy\" srcset=\"https:\/\/emilfreyclassics.webmodus-dev.ch\/wp-content\/uploads\/2024\/05\/2022_Klausen-Memorial_-1024x683.jpg 1024w, https:\/\/emilfreyclassics.webmodus-dev.ch\/wp-content\/uploads\/2024\/05\/2022_Klausen-Memorial_-600x400.jpg 600w, https:\/\/emilfreyclassics.webmodus-dev.ch\/wp-content\/uploads\/2024\/05\/2022_Klausen-Memorial_-300x200.jpg 300w, https:\/\/emilfreyclassics.webmodus-dev.ch\/wp-content\/uploads\/2024\/05\/2022_Klausen-Memorial_-768x512.jpg 768w, https:\/\/emilfreyclassics.webmodus-dev.ch\/wp-content\/uploads\/2024\/05\/2022_Klausen-Memorial_-1536x1024.jpg 1536w, https:\/\/emilfreyclassics.webmodus-dev.ch\/wp-content\/uploads\/2024\/05\/2022_Klausen-Memorial_.jpg 1600w\" sizes=\"auto, (max-width: 1024px) 100vw, 1024px\" \/><\/div><\/div><div class=\"w-separator size_small\"><\/div><div class=\"wpb_text_column\"><div class=\"wpb_wrapper\"><p><small><span>Photo<\/span><b>\u00a9<span>\u00a0<\/span><\/b><span>: J\u00fcrg Rohr<\/span><\/small><\/p>\n<\/div><\/div><div class=\"w-separator size_small\"><\/div><div class=\"wpb_text_column red-text\"><div class=\"wpb_wrapper\"><p><strong><em>Comment \u00e9valueriez-vous l\u2019importance des \u00e9motions et de l\u2019attachement personnel dans la possession d\u2019une voiture classique par rapport \u00e0 des aspects purement rationnels tels que les performances ou la valeur ?<\/em><\/strong><\/p>\n<\/div><\/div><div class=\"w-separator size_small\"><\/div><div class=\"wpb_text_column\"><div class=\"wpb_wrapper\"><p><span>Personnellement, ce sont les \u00e9motions et l\u2019attachement \u00e0 cette \u00ab vieille caisse \u00bb qui pr\u00e9valent. Tout ce que j\u2019ai v\u00e9cu, le simple fait de rouler avec cette voiture est incroyablement \u00e9motionnel ! Je ressens tout cet ensemble comme \u00e9tant parfait et je consid\u00e8re que c\u2018est un immense privil\u00e8ge que de pouvoir conduire l\u2019une des plus belles voitures qui soient ! La cavalerie ne joue absolument aucun r\u00f4le dans ce contexte\u00a0\u2026<\/span><\/p>\n<\/div><\/div><div class=\"w-separator size_small\"><\/div><div class=\"wpb_text_column red-text\"><div class=\"wpb_wrapper\"><p><strong><em>Quels conseils ou astuces donneriez-vous \u00e0 d\u2019autres propri\u00e9taires de voitures classiques pour qu\u2019ils d\u00e9veloppent un lien \u00e9motionnel aussi fort avec leur v\u00e9hicule ?<\/em><\/strong><\/p>\n<\/div><\/div><div class=\"w-separator size_small\"><\/div><div class=\"wpb_text_column\"><div class=\"wpb_wrapper\"><p><span>Se d\u00e9placer, tout simplement ! Oser l\u2019aventure et faire un tour en voiture. Le fait d\u2019\u00eatre souvent sur la route donne aussi confiance en son v\u00e9hicule !<\/span><\/p>\n<\/div><\/div><div class=\"w-separator size_small\"><\/div><div class=\"wpb_text_column red-text\"><div class=\"wpb_wrapper\"><p><strong><em>Quel r\u00f4le joue le partage de votre histoire de voiture classique lors de rencontres, d\u2019\u00e9v\u00e9nements ou au sein de la communaut\u00e9 des voitures classiques\u00a0?<\/em><\/strong><\/p>\n<\/div><\/div><div class=\"w-separator size_small\"><\/div><div class=\"wpb_text_column\"><div class=\"wpb_wrapper\"><p><span>Chaque histoire positive est susceptible d\u2018encourager vos interlocuteurs \u00e0 s\u2019int\u00e9resser aux voitures anciennes, voire \u00e0 s\u2018en offrir une.<\/span><\/p>\n<\/div><\/div><div class=\"w-separator size_small\"><\/div><div class=\"wpb_text_column red-text\"><div class=\"wpb_wrapper\"><p><strong><em>Quel conseil donneriez-vous \u00e0 d\u2019autres femmes qui s\u2019int\u00e9ressent aux voitures classiques ou qui souhaitent se lancer dans le milieu ?<\/em><\/strong><\/p>\n<\/div><\/div><div class=\"w-separator size_small\"><\/div><div class=\"wpb_text_column\"><div class=\"wpb_wrapper\"><p><span>Adresse-toi \u00e0 un sp\u00e9cialiste des voitures anciennes \u00ab automobiliste et ami des femmes \u00bb qui soit bien dispos\u00e9 \u00e0 ton \u00e9gard et discute avec lui au sujet de la voiture ancienne de tes r\u00eaves ! Ne te laisse pas impressionner par le constat que 95\u00a0% des conducteurs de voitures anciennes sont des hommes. Un jour ou l\u2019autre, ta voiture de collection te trouvera \u2013 et une (autre) vie commencera ; r\u00e9jouis-toi d\u00e9j\u00e0 !<\/span><\/p>\n<\/div><\/div><\/div><\/div><\/div><div class=\"vc_col-sm-6 wpb_column vc_column_container\"><div class=\"vc_column-inner\"><div class=\"wpb_wrapper\"><div class=\"wpb_text_column red-text\"><div class=\"wpb_wrapper\"><p><em><strong>Qu\u2019est-ce qui vous a amen\u00e9 \u00e0 vous int\u00e9resser aux voitures classiques ?<\/strong><\/em><\/p>\n<\/div><\/div><div class=\"w-separator size_small\"><\/div><div class=\"wpb_text_column\"><div class=\"wpb_wrapper\"><p>Je trouve que les vieilles voitures tout simplement belles \u2013 \u00e9l\u00e9gantes, sportives, hautes en couleur et d\u2019une diversit\u00e9 incroyable !<\/p>\n<\/div><\/div><div class=\"w-separator size_small\"><\/div><div class=\"wpb_text_column red-text\"><div class=\"wpb_wrapper\"><p><strong><em>Quel r\u00f4le joue l\u2019histoire de votre classique dans l\u2019entretien et la maintenance de cette automobile\u00a0?<\/em><\/strong><\/p>\n<\/div><\/div><div class=\"w-separator size_small\"><\/div><div class=\"wpb_text_column\"><div class=\"wpb_wrapper\"><div class=\"wpb_text_column wpb_content_element\">\n<div class=\"wpb_wrapper\">\n<p>Lorsque j\u2019ai repris la Healey, de nombreux \u00ab p\u00e9ch\u00e9s \u00bb commis par d\u2018anciens propri\u00e9taires sont apparus au grand jour. Et, dans le garage, face au monceau de pi\u00e8ces d\u00e9mont\u00e9es \u00e9tal\u00e9es sur l\u2019\u00e9tabli du m\u00e9canicien, je me suis pos\u00e9 la question\u00a0: qu\u2018est-ce que l\u2018on va bien pouvoir en faire\u00a0? J\u2019ai alors dit : MAINTENANT, fini le \u00ab\u00a0bricolage \u00bb, car, s\u2018il y a quelque chose que cette voiture ne m\u00e9rite absolument pas, c\u2018est bien cela\u00a0!<\/p>\n<p>La bo\u00eete de vitesses de Jaguar XK install\u00e9e a posteriori a \u00e9t\u00e9 remplac\u00e9e par une bo\u00eete Healey d\u2019occasion, mais \u00e0 changement de vitesse lat\u00e9ral, d\u2019origine, que nous avons trouv\u00e9e en Angleterre. Apr\u00e8s la premi\u00e8re grosse r\u00e9paration, qui m\u2019a presque pr\u00e9cipit\u00e9e dans la ruine, je lui confie r\u00e9guli\u00e8rement la voiture pour de petits travaux. Les faux enjoliveurs coll\u00e9s en toile blanche ont \u00e9t\u00e9 remplac\u00e9s par de vrais pneus \u00e0 flancs blancs. La capote, dans un \u00e9tat catastrophique, a \u00e9t\u00e9 refaite compl\u00e8tement. \u00c0 titre d\u2018exemple, les propri\u00e9taires pr\u00e9c\u00e9dents avaient discr\u00e8tement recouvert l\u2018ensemble du cockpit de moquettes coll\u00e9es \u2013 celles-ci ont disparu au profit de tapis amovibles. Et je pourrais poursuivre la liste \u00e0 volont\u00e9\u00a0\u2026<\/p>\n<p>Mais le nettoyage et le polissage sont pour moi une esp\u00e8ce de m\u00e9ditation \u2013 j\u2018adore bichonner mon Austin Healey\u00a0!<\/p>\n<\/div>\n<\/div>\n<\/div><\/div><div class=\"w-separator size_small\"><\/div><div class=\"w-image align_none\"><div class=\"w-image-h\"><img decoding=\"async\" width=\"1024\" height=\"577\" src=\"https:\/\/emilfreyclassics.webmodus-dev.ch\/wp-content\/uploads\/2024\/05\/20220806_134956-1024x577.jpg\" class=\"attachment-large size-large\" alt=\"\" loading=\"lazy\" srcset=\"https:\/\/emilfreyclassics.webmodus-dev.ch\/wp-content\/uploads\/2024\/05\/20220806_134956-1024x577.jpg 1024w, https:\/\/emilfreyclassics.webmodus-dev.ch\/wp-content\/uploads\/2024\/05\/20220806_134956-600x338.jpg 600w, https:\/\/emilfreyclassics.webmodus-dev.ch\/wp-content\/uploads\/2024\/05\/20220806_134956-300x169.jpg 300w, https:\/\/emilfreyclassics.webmodus-dev.ch\/wp-content\/uploads\/2024\/05\/20220806_134956-768x432.jpg 768w, https:\/\/emilfreyclassics.webmodus-dev.ch\/wp-content\/uploads\/2024\/05\/20220806_134956-1536x865.jpg 1536w, https:\/\/emilfreyclassics.webmodus-dev.ch\/wp-content\/uploads\/2024\/05\/20220806_134956.jpg 1600w\" sizes=\"auto, (max-width: 1024px) 100vw, 1024px\" \/><\/div><\/div><div class=\"w-separator size_small\"><\/div><div class=\"wpb_text_column\"><div class=\"wpb_wrapper\"><p><small><span>Photo<\/span><b>\u00a9<span>\u00a0<\/span><\/b><span>: Ueli Moos<\/span><\/small><\/p>\n<\/div><\/div><div class=\"w-separator size_small\"><\/div><div class=\"wpb_text_column red-text\"><div class=\"wpb_wrapper\"><p><strong><em>Quelles sont, \u00e0 votre avis, les principales id\u00e9es qui permettraient de promouvoir encore plus la participation et l\u2019engagement des femmes dans le milieu des voitures de collection\u00a0?<\/em><\/strong><\/p>\n<\/div><\/div><div class=\"w-separator size_small\"><\/div><div class=\"wpb_text_column\"><div class=\"wpb_wrapper\"><p><span>Je puis m\u2018imaginer, par exemple, qu\u2019un d\u00e9fil\u00e9 de mode avec des v\u00eatements vintage ou r\u00e9tro, pr\u00e9sent\u00e9 dans le contexte d\u2019un \u00e9v\u00e9nement d\u00e9di\u00e9 aux voitures anciennes, pourrait attirer les femmes et leur faire d\u00e9couvrir le milieu des voitures de collection. Ou bien une invitation dans un h\u00f4tel de bien-\u00eatre \u2013 bien s\u00fbr avec des voitures classiques \u2026<\/span><\/p>\n<\/div><\/div><div class=\"w-separator size_small\"><\/div><div class=\"wpb_text_column red-text\"><div class=\"wpb_wrapper\"><p><strong><em>Quelle est, \u00e0 vos yeux, l\u2019importance de la communaut\u00e9 et du r\u00e9seautage dans le milieu des voitures classiques ?<\/em><\/strong><\/p>\n<\/div><\/div><div class=\"w-separator size_small\"><\/div><div class=\"wpb_text_column\"><div class=\"wpb_wrapper\"><p><span>Le milieu des voitures anciennes est une forme de communaut\u00e9 et l\u2018endroit id\u00e9al pour se faire de nouveaux amis. Mais, pour cela, il faut toujours un organisateur qui offre une plate-forme \u00e0 cette communaut\u00e9. Et c\u2018est ce que fait Emil Frey Classics !<\/span><\/p>\n<\/div><\/div><div class=\"w-separator size_small\"><\/div><div class=\"wpb_text_column red-text\"><div class=\"wpb_wrapper\"><p><strong><em>Quel serait votre moment de grande fiert\u00e9 ou votre souvenir le plus marquant en rapport avec votre voiture ancienne\u00a0?<\/em><\/strong><\/p>\n<\/div><\/div><div class=\"w-separator size_small\"><\/div><div class=\"wpb_text_column\"><div class=\"wpb_wrapper\"><p>Est-ce l\u2019arriv\u00e9e \u00e0 la maison apr\u00e8s un trajet de plus de 500 kilom\u00e8tres, de Brescia \u00e0 Lucerne, \u00ab \u00e0 la cravache \u00bb sans la moindre remontrance de la part de la Healey ? Ou bien la s\u00e9ance d\u2019embouteillages par 36 degr\u00e9s ou peut-\u00eatre la sortie la plus tremp\u00e9e de 300 kilom\u00e8tres sous un d\u00e9luge incessant, piment\u00e9 par quelques flocons de neige au sommet d\u2018un col\u00a0? \u00c0 moins que ce ne soit l\u2018odeur de l\u2018air et le silence sur le col de l\u2019Ofen dans la lumi\u00e8re dor\u00e9e du soir ?<\/p>\n<p>Ce ne sont pas les moments inoubliables de ma vie qui manquent, moments que j\u2019ai tous v\u00e9cus en tant que femme voyageant en solo au volant de sa Healey. Cette voiture incroyable ne m\u2019a jamais laiss\u00e9e en rade ; avec elle, j\u2019ai v\u00e9cu les plus belles impressions et les plus fortes \u00e9motions ! Sa fiabilit\u00e9 m\u2019a d\u00e9j\u00e0 \u00e9mue aux larmes et c\u2019est pourquoi je suis si fi\u00e8re de ma Healey ! L\u2019ancien propri\u00e9taire me l\u2019a tr\u00e8s bien dit quand il m\u2018a confi\u00e9 sa voiture : il n\u2019y a qu\u2019une vie AVANT la Healey et une vie AVEC la Healey !<\/p>\n<\/div><\/div><\/div><\/div><\/div><div class=\"vc_col-sm-12 wpb_column vc_column_container\"><div class=\"vc_column-inner\"><div class=\"wpb_wrapper\"><div class=\"w-separator size_medium\"><\/div><\/div><\/div><\/div><\/div><\/div><\/section>\n","protected":false},"excerpt":{"rendered":"[vc_custom_heading text=\"Une Healey de chez Emil Frey\" font_container=\"tag:h2|text_align:left|color:%23FFFFFF\" use_theme_fonts=\"yes\"]Photo\u00a9\u00a0: Rose-Marie Kramer Il existe une foule d\u2018\u00e9v\u00e9nements destin\u00e9s aux amateurs de voitures anciennes classiques ; mais, dans mon agenda, les \u00e9v\u00e9nements imagin\u00e9s par Emil Frey Classics sont coch\u00e9s en rouge. Je me sens li\u00e9e \u00e0 la marque Austin Healey \u00e0 cause de ma \u00ab vieille caisse...","protected":false},"author":12,"featured_media":0,"parent":20449,"menu_order":130,"comment_status":"closed","ping_status":"closed","template":"","meta":{"_acf_changed":false,"footnotes":""},"class_list":["post-20461","page","type-page","status-publish","hentry"],"acf":[],"yoast_head":"<!-- This site is optimized with the Yoast SEO plugin v24.6 - https:\/\/yoast.com\/wordpress\/plugins\/seo\/ -->\n<title>Emil Frey Classics AG: Personnes &amp; histoires<\/title>\n<meta name=\"description\" content=\"%\" \/>\n<meta name=\"robots\" content=\"noindex, follow, max-snippet:-1, max-image-preview:large, max-video-preview:-1\" \/>\n<meta property=\"og:locale\" content=\"fr_FR\" \/>\n<meta property=\"og:type\" content=\"article\" \/>\n<meta property=\"og:title\" content=\"Emil Frey Classics AG: Personnes &amp; histoires\" \/>\n<meta property=\"og:description\" content=\"%\" \/>\n<meta property=\"og:url\" content=\"https:\/\/emilfreyclassics.webmodus-dev.ch\/fr\/classic-cars-fr\/personnes-histoires\/\" \/>\n<meta property=\"og:site_name\" content=\"Emil Frey Classics AG\" \/>\n<meta property=\"article:publisher\" content=\"https:\/\/www.facebook.com\/emilfreyclassics\/\" \/>\n<meta property=\"article:modified_time\" content=\"2026-03-12T09:06:28+00:00\" \/>\n<meta name=\"twitter:card\" content=\"summary_large_image\" \/>\n<meta name=\"twitter:label1\" content=\"Dur\u00e9e de lecture estim\u00e9e\" \/>\n\t<meta name=\"twitter:data1\" content=\"9 minutes\" \/>\n<script type=\"application\/ld+json\" class=\"yoast-schema-graph\">{\"@context\":\"https:\/\/schema.org\",\"@graph\":[{\"@type\":\"WebPage\",\"@id\":\"https:\/\/emilfreyclassics.webmodus-dev.ch\/fr\/classic-cars-fr\/personnes-histoires\/\",\"url\":\"https:\/\/emilfreyclassics.webmodus-dev.ch\/fr\/classic-cars-fr\/personnes-histoires\/\",\"name\":\"Emil Frey Classics AG: Personnes & histoires\",\"isPartOf\":{\"@id\":\"https:\/\/emilfreyclassics.webmodus-dev.ch\/#website\"},\"datePublished\":\"2024-05-02T14:40:56+00:00\",\"dateModified\":\"2026-03-12T09:06:28+00:00\",\"description\":\"%\",\"breadcrumb\":{\"@id\":\"https:\/\/emilfreyclassics.webmodus-dev.ch\/fr\/classic-cars-fr\/personnes-histoires\/#breadcrumb\"},\"inLanguage\":\"fr-FR\",\"potentialAction\":[{\"@type\":\"ReadAction\",\"target\":[\"https:\/\/emilfreyclassics.webmodus-dev.ch\/fr\/classic-cars-fr\/personnes-histoires\/\"]}]},{\"@type\":\"BreadcrumbList\",\"@id\":\"https:\/\/emilfreyclassics.webmodus-dev.ch\/fr\/classic-cars-fr\/personnes-histoires\/#breadcrumb\",\"itemListElement\":[{\"@type\":\"ListItem\",\"position\":1,\"name\":\"Home\",\"item\":\"https:\/\/emilfreyclassics.webmodus-dev.ch\/fr\/\"},{\"@type\":\"ListItem\",\"position\":2,\"name\":\"Classic Cars\",\"item\":\"https:\/\/emilfreyclassics.webmodus-dev.ch\/fr\/classic-cars-fr\/\"},{\"@type\":\"ListItem\",\"position\":3,\"name\":\"Personnes &#038; histoires\"}]},{\"@type\":\"WebSite\",\"@id\":\"https:\/\/emilfreyclassics.webmodus-dev.ch\/#website\",\"url\":\"https:\/\/emilfreyclassics.webmodus-dev.ch\/\",\"name\":\"Emil Frey Classics AG\",\"description\":\"\",\"potentialAction\":[{\"@type\":\"SearchAction\",\"target\":{\"@type\":\"EntryPoint\",\"urlTemplate\":\"https:\/\/emilfreyclassics.webmodus-dev.ch\/?s={search_term_string}\"},\"query-input\":{\"@type\":\"PropertyValueSpecification\",\"valueRequired\":true,\"valueName\":\"search_term_string\"}}],\"inLanguage\":\"fr-FR\"}]}<\/script>\n<!-- \/ Yoast SEO plugin. -->","yoast_head_json":{"title":"Emil Frey Classics AG: Personnes & histoires","description":"%","robots":{"index":"noindex","follow":"follow","max-snippet":"max-snippet:-1","max-image-preview":"max-image-preview:large","max-video-preview":"max-video-preview:-1"},"og_locale":"fr_FR","og_type":"article","og_title":"Emil Frey Classics AG: Personnes & histoires","og_description":"%","og_url":"https:\/\/emilfreyclassics.webmodus-dev.ch\/fr\/classic-cars-fr\/personnes-histoires\/","og_site_name":"Emil Frey Classics AG","article_publisher":"https:\/\/www.facebook.com\/emilfreyclassics\/","article_modified_time":"2026-03-12T09:06:28+00:00","twitter_card":"summary_large_image","twitter_misc":{"Dur\u00e9e de lecture estim\u00e9e":"9 minutes"},"schema":{"@context":"https:\/\/schema.org","@graph":[{"@type":"WebPage","@id":"https:\/\/emilfreyclassics.webmodus-dev.ch\/fr\/classic-cars-fr\/personnes-histoires\/","url":"https:\/\/emilfreyclassics.webmodus-dev.ch\/fr\/classic-cars-fr\/personnes-histoires\/","name":"Emil Frey Classics AG: Personnes & histoires","isPartOf":{"@id":"https:\/\/emilfreyclassics.webmodus-dev.ch\/#website"},"datePublished":"2024-05-02T14:40:56+00:00","dateModified":"2026-03-12T09:06:28+00:00","description":"%","breadcrumb":{"@id":"https:\/\/emilfreyclassics.webmodus-dev.ch\/fr\/classic-cars-fr\/personnes-histoires\/#breadcrumb"},"inLanguage":"fr-FR","potentialAction":[{"@type":"ReadAction","target":["https:\/\/emilfreyclassics.webmodus-dev.ch\/fr\/classic-cars-fr\/personnes-histoires\/"]}]},{"@type":"BreadcrumbList","@id":"https:\/\/emilfreyclassics.webmodus-dev.ch\/fr\/classic-cars-fr\/personnes-histoires\/#breadcrumb","itemListElement":[{"@type":"ListItem","position":1,"name":"Home","item":"https:\/\/emilfreyclassics.webmodus-dev.ch\/fr\/"},{"@type":"ListItem","position":2,"name":"Classic Cars","item":"https:\/\/emilfreyclassics.webmodus-dev.ch\/fr\/classic-cars-fr\/"},{"@type":"ListItem","position":3,"name":"Personnes &#038; histoires"}]},{"@type":"WebSite","@id":"https:\/\/emilfreyclassics.webmodus-dev.ch\/#website","url":"https:\/\/emilfreyclassics.webmodus-dev.ch\/","name":"Emil Frey Classics AG","description":"","potentialAction":[{"@type":"SearchAction","target":{"@type":"EntryPoint","urlTemplate":"https:\/\/emilfreyclassics.webmodus-dev.ch\/?s={search_term_string}"},"query-input":{"@type":"PropertyValueSpecification","valueRequired":true,"valueName":"search_term_string"}}],"inLanguage":"fr-FR"}]}},"_links":{"self":[{"href":"https:\/\/emilfreyclassics.webmodus-dev.ch\/fr\/wp-json\/wp\/v2\/pages\/20461","targetHints":{"allow":["GET"]}}],"collection":[{"href":"https:\/\/emilfreyclassics.webmodus-dev.ch\/fr\/wp-json\/wp\/v2\/pages"}],"about":[{"href":"https:\/\/emilfreyclassics.webmodus-dev.ch\/fr\/wp-json\/wp\/v2\/types\/page"}],"author":[{"embeddable":true,"href":"https:\/\/emilfreyclassics.webmodus-dev.ch\/fr\/wp-json\/wp\/v2\/users\/12"}],"replies":[{"embeddable":true,"href":"https:\/\/emilfreyclassics.webmodus-dev.ch\/fr\/wp-json\/wp\/v2\/comments?post=20461"}],"version-history":[{"count":5,"href":"https:\/\/emilfreyclassics.webmodus-dev.ch\/fr\/wp-json\/wp\/v2\/pages\/20461\/revisions"}],"predecessor-version":[{"id":21683,"href":"https:\/\/emilfreyclassics.webmodus-dev.ch\/fr\/wp-json\/wp\/v2\/pages\/20461\/revisions\/21683"}],"up":[{"embeddable":true,"href":"https:\/\/emilfreyclassics.webmodus-dev.ch\/fr\/wp-json\/wp\/v2\/pages\/20449"}],"wp:attachment":[{"href":"https:\/\/emilfreyclassics.webmodus-dev.ch\/fr\/wp-json\/wp\/v2\/media?parent=20461"}],"curies":[{"name":"wp","href":"https:\/\/api.w.org\/{rel}","templated":true}]}}