{"id":20459,"date":"2020-01-06T12:25:55","date_gmt":"2020-01-06T12:25:55","guid":{"rendered":"https:\/\/emilfreyclassics.webmodus-dev.ch\/classic-cars\/fahrzeugberichte\/"},"modified":"2026-02-19T10:28:56","modified_gmt":"2026-02-19T10:28:56","slug":"expertises-des-vehicules","status":"publish","type":"page","link":"https:\/\/emilfreyclassics.webmodus-dev.ch\/fr\/classic-cars-fr\/expertises-des-vehicules\/","title":{"rendered":"Expertises des v\u00e9hicules"},"content":{"rendered":"<section class=\"l-section wpb_row us_custom_278d8c57 height_medium width_full\"><div class=\"l-section-h i-cf\"><div class=\"g-cols vc_row via_flex valign_top type_default stacking_default\"><div class=\"vc_col-sm-12 wpb_column vc_column_container\"><div class=\"vc_column-inner\"><div class=\"wpb_wrapper\"><section class=\"l-section wpb_row us_custom_1bb80f88 height_medium width_full parallax_ver\"><div class=\"l-section-h i-cf\"><div class=\"g-cols vc_row via_flex valign_top type_default stacking_default\"><div class=\"vc_col-sm-12 wpb_column vc_column_container\"><div class=\"vc_column-inner\"><div class=\"wpb_wrapper\"><\/div><\/div><\/div><\/div><\/div><\/section>\n<\/div><\/div><\/div><\/div><\/div><\/section><section class=\"l-section wpb_row height_medium\"><div class=\"l-section-h i-cf\"><div class=\"g-cols vc_row via_flex valign_top type_default stacking_default\"><div class=\"vc_col-sm-12 wpb_column vc_column_container\"><div class=\"vc_column-inner\"><div class=\"wpb_wrapper\">[vc_custom_heading text=\u00a0\u00bbExpertises des v\u00e9hicules\u00a0\u00bb font_container=\u00a0\u00bbtag:h1|text_align:left|color:%23FFFFFF\u00a0\u00bb use_theme_fonts=\u00a0\u00bbyes\u00a0\u00bb]<\/div><\/div><\/div><\/div><\/div><\/section><section class=\"l-section wpb_row us_custom_887a049b height_medium\"><div class=\"l-section-h i-cf\"><div class=\"g-cols vc_row via_flex valign_top type_default stacking_default\"><div class=\"vc_col-sm-12 wpb_column vc_column_container\"><div class=\"vc_column-inner\"><div class=\"wpb_wrapper\"><div class=\"w-grid us_post_list type_grid layout_18797 cols_2 preload_style_spinner\" id=\"us_post_list_a771\" style=\"--columns:2;--gap:1rem;\"><style>@media (max-width:600px){#us_post_list_a771{--columns:1!important}}.layout_18797 .w-grid-item-h{}.layout_18797 .usg_post_custom_field_1{margin-top:30px!important}.layout_18797 .usg_post_title_1{margin-top:20px!important}.layout_18797 .usg_post_custom_field_2{margin-top:20px!important}.layout_18797 .usg_btn_1{margin-top:20px!important}<\/style><div class=\"w-grid-list\">\t<article class=\"w-grid-item size_1x1 post-21346 fahrzeugbericht type-fahrzeugbericht status-publish hentry\" data-id=\"21346\">\r\n\t\t<div class=\"w-grid-item-h\">\r\n\t\t\t\t\t\t<div class=\"w-post-elm post_custom_field usg_post_custom_field_1 type_image bild_fahrzeugberichte color_link_inherit has_ratio\"><div style=\"padding-bottom:75%\"><\/div><img loading=\"lazy\" decoding=\"async\" width=\"1024\" height=\"683\" src=\"https:\/\/emilfreyclassics.webmodus-dev.ch\/wp-content\/uploads\/2020\/07\/79de7bb9-dea7-4f46-942d-7054871b5962-premium-1024x683.jpg\" class=\"attachment-large size-large\" alt=\"\" srcset=\"https:\/\/emilfreyclassics.webmodus-dev.ch\/wp-content\/uploads\/2020\/07\/79de7bb9-dea7-4f46-942d-7054871b5962-premium-1024x683.jpg 1024w, https:\/\/emilfreyclassics.webmodus-dev.ch\/wp-content\/uploads\/2020\/07\/79de7bb9-dea7-4f46-942d-7054871b5962-premium-600x400.jpg 600w, https:\/\/emilfreyclassics.webmodus-dev.ch\/wp-content\/uploads\/2020\/07\/79de7bb9-dea7-4f46-942d-7054871b5962-premium-300x200.jpg 300w, https:\/\/emilfreyclassics.webmodus-dev.ch\/wp-content\/uploads\/2020\/07\/79de7bb9-dea7-4f46-942d-7054871b5962-premium-768x512.jpg 768w, https:\/\/emilfreyclassics.webmodus-dev.ch\/wp-content\/uploads\/2020\/07\/79de7bb9-dea7-4f46-942d-7054871b5962-premium.jpg 1200w\" sizes=\"auto, (max-width: 1024px) 100vw, 1024px\" \/><\/div><h3 class=\"w-post-elm post_title usg_post_title_1 align_left entry-title color_link_inherit\">Aston Martin V8 Vantage V600 Le Mans \u2013 Tonnerre pour le gentleman<\/h3><div class=\"w-post-elm post_custom_field usg_post_custom_field_2 type_text textauszug_fahrzeugberichte color_link_inherit\"><p><span>Quiconque voulait, \u00e0 la fin du si\u00e8cle dernier, vendre une supercar d\u2018une valeur d\u2018un demi-million devait d\u00e9j\u00e0 avoir des arguments percutants.<\/span><\/p>\n<\/div><a class=\"w-btn us-btn-style_1 usg_btn_1\" href=\"https:\/\/emilfreyclassics.webmodus-dev.ch\/fr\/fahrzeugbericht\/aston-martin-v8-vantage-v600-le-mans-tonnerre-pour-le-gentleman\/\"><span class=\"w-btn-label\">En savoir plus<\/span><\/a>\t\t<\/div>\r\n\t\t\t<\/article>\r\n\t<article class=\"w-grid-item size_1x1 post-21385 fahrzeugbericht type-fahrzeugbericht status-publish hentry\" data-id=\"21385\">\r\n\t\t<div class=\"w-grid-item-h\">\r\n\t\t\t\t\t\t<div class=\"w-post-elm post_custom_field usg_post_custom_field_1 type_image bild_fahrzeugberichte color_link_inherit has_ratio\"><div style=\"padding-bottom:75%\"><\/div><img loading=\"lazy\" decoding=\"async\" width=\"1024\" height=\"716\" src=\"https:\/\/emilfreyclassics.webmodus-dev.ch\/wp-content\/uploads\/2020\/03\/01_Bentley-Coupe_Front-1024x716.jpg\" class=\"attachment-large size-large\" alt=\"\" srcset=\"https:\/\/emilfreyclassics.webmodus-dev.ch\/wp-content\/uploads\/2020\/03\/01_Bentley-Coupe_Front-1024x716.jpg 1024w, https:\/\/emilfreyclassics.webmodus-dev.ch\/wp-content\/uploads\/2020\/03\/01_Bentley-Coupe_Front-scaled-600x420.jpg 600w, https:\/\/emilfreyclassics.webmodus-dev.ch\/wp-content\/uploads\/2020\/03\/01_Bentley-Coupe_Front-300x210.jpg 300w, https:\/\/emilfreyclassics.webmodus-dev.ch\/wp-content\/uploads\/2020\/03\/01_Bentley-Coupe_Front-768x537.jpg 768w, https:\/\/emilfreyclassics.webmodus-dev.ch\/wp-content\/uploads\/2020\/03\/01_Bentley-Coupe_Front-1536x1075.jpg 1536w, https:\/\/emilfreyclassics.webmodus-dev.ch\/wp-content\/uploads\/2020\/03\/01_Bentley-Coupe_Front-2048x1433.jpg 2048w, https:\/\/emilfreyclassics.webmodus-dev.ch\/wp-content\/uploads\/2020\/03\/01_Bentley-Coupe_Front-scaled.jpg 1600w\" sizes=\"auto, (max-width: 1024px) 100vw, 1024px\" \/><\/div><h3 class=\"w-post-elm post_title usg_post_title_1 align_left entry-title color_link_inherit\">La Bentley Continental R \u2013 la fiert\u00e9 recouvr\u00e9e d\u2018une marque l\u00e9gendaire<\/h3><div class=\"w-post-elm post_custom_field usg_post_custom_field_2 type_text textauszug_fahrzeugberichte color_link_inherit\"><p><span>En 2019, la marque Bentley a f\u00eat\u00e9 son centi\u00e8me anniversaire, une histoire ponctu\u00e9e de plusieurs victoires aux 24 Heures du Mans et d\u2019une foule de mod\u00e8les l\u00e9gendaires.<\/span><\/p>\n<\/div><a class=\"w-btn us-btn-style_1 usg_btn_1\" href=\"https:\/\/emilfreyclassics.webmodus-dev.ch\/fr\/fahrzeugbericht\/la-bentley-continental-r-la-fierte-recouvree-dune-marque-legendaire\/\"><span class=\"w-btn-label\">En savoir plus<\/span><\/a>\t\t<\/div>\r\n\t\t\t<\/article>\r\n\t<article class=\"w-grid-item size_1x1 post-21389 fahrzeugbericht type-fahrzeugbericht status-publish hentry\" data-id=\"21389\">\r\n\t\t<div class=\"w-grid-item-h\">\r\n\t\t\t\t\t\t<div class=\"w-post-elm post_custom_field usg_post_custom_field_1 type_image bild_fahrzeugberichte color_link_inherit has_ratio\"><div style=\"padding-bottom:75%\"><\/div><img loading=\"lazy\" decoding=\"async\" width=\"1024\" height=\"455\" src=\"https:\/\/emilfreyclassics.webmodus-dev.ch\/wp-content\/uploads\/2019\/12\/Titelbild-1024x455.jpg\" class=\"attachment-large size-large\" alt=\"\" srcset=\"https:\/\/emilfreyclassics.webmodus-dev.ch\/wp-content\/uploads\/2019\/12\/Titelbild-1024x455.jpg 1024w, https:\/\/emilfreyclassics.webmodus-dev.ch\/wp-content\/uploads\/2019\/12\/Titelbild-600x267.jpg 600w, https:\/\/emilfreyclassics.webmodus-dev.ch\/wp-content\/uploads\/2019\/12\/Titelbild-300x133.jpg 300w, https:\/\/emilfreyclassics.webmodus-dev.ch\/wp-content\/uploads\/2019\/12\/Titelbild-768x341.jpg 768w, https:\/\/emilfreyclassics.webmodus-dev.ch\/wp-content\/uploads\/2019\/12\/Titelbild.jpg 1170w\" sizes=\"auto, (max-width: 1024px) 100vw, 1024px\" \/><\/div><h3 class=\"w-post-elm post_title usg_post_title_1 align_left entry-title color_link_inherit\">Jaguar XJ 12 L : pour ceux qui souhaitent un peu plus (de luxe)<\/h3><div class=\"w-post-elm post_custom_field usg_post_custom_field_2 type_text textauszug_fahrzeugberichte color_link_inherit\"><p><span>Aujourd\u2019hui, elle ne co\u00fbte pas beaucoup plus que la batterie d\u2019une Smart \u00e9lectrique et il faudrait acheter une Golf Volkswagen d\u2019au moins cinq ans pour battre la Jaguar XJ 12 L des ann\u00e9es 1970 au niveau du prix.<\/span><\/p>\n<\/div><a class=\"w-btn us-btn-style_1 usg_btn_1\" href=\"https:\/\/emilfreyclassics.webmodus-dev.ch\/fr\/fahrzeugbericht\/jaguar-xj-12-l-pour-ceux-qui-souhaitent-un-peu-plus-de-luxe\/\"><span class=\"w-btn-label\">En savoir plus<\/span><\/a>\t\t<\/div>\r\n\t\t\t<\/article>\r\n\t<article class=\"w-grid-item size_1x1 post-21393 fahrzeugbericht type-fahrzeugbericht status-publish hentry\" data-id=\"21393\">\r\n\t\t<div class=\"w-grid-item-h\">\r\n\t\t\t\t\t\t<div class=\"w-post-elm post_custom_field usg_post_custom_field_1 type_image bild_fahrzeugberichte color_link_inherit has_ratio\"><div style=\"padding-bottom:75%\"><\/div><img loading=\"lazy\" decoding=\"async\" width=\"1024\" height=\"576\" src=\"https:\/\/emilfreyclassics.webmodus-dev.ch\/wp-content\/uploads\/2019\/11\/00000_9-1024x576.jpg\" class=\"attachment-large size-large\" alt=\"\" srcset=\"https:\/\/emilfreyclassics.webmodus-dev.ch\/wp-content\/uploads\/2019\/11\/00000_9-1024x576.jpg 1024w, https:\/\/emilfreyclassics.webmodus-dev.ch\/wp-content\/uploads\/2019\/11\/00000_9-600x338.jpg 600w, https:\/\/emilfreyclassics.webmodus-dev.ch\/wp-content\/uploads\/2019\/11\/00000_9-300x169.jpg 300w, https:\/\/emilfreyclassics.webmodus-dev.ch\/wp-content\/uploads\/2019\/11\/00000_9-768x432.jpg 768w, https:\/\/emilfreyclassics.webmodus-dev.ch\/wp-content\/uploads\/2019\/11\/00000_9.jpg 1600w\" sizes=\"auto, (max-width: 1024px) 100vw, 1024px\" \/><\/div><h3 class=\"w-post-elm post_title usg_post_title_1 align_left entry-title color_link_inherit\">Du v\u00e9hicule tout-terrain au SUV de luxe<\/h3><div class=\"w-post-elm post_custom_field usg_post_custom_field_2 type_text textauszug_fahrzeugberichte color_link_inherit\"><p><span>La premi\u00e8re g\u00e9n\u00e9ration de Range Rover est construite il y a 25 ans et conna\u00eet de grands changements au fil du temps.\u00a0<\/span><\/p>\n<\/div><a class=\"w-btn us-btn-style_1 usg_btn_1\" href=\"https:\/\/emilfreyclassics.webmodus-dev.ch\/fr\/fahrzeugbericht\/du-vehicule-tout-terrain-au-suv-de-luxe\/\"><span class=\"w-btn-label\">En savoir plus<\/span><\/a>\t\t<\/div>\r\n\t\t\t<\/article>\r\n\t<article class=\"w-grid-item size_1x1 post-21536 fahrzeugbericht type-fahrzeugbericht status-publish hentry\" data-id=\"21536\">\r\n\t\t<div class=\"w-grid-item-h\">\r\n\t\t\t\t\t\t<div class=\"w-post-elm post_custom_field usg_post_custom_field_1 type_image bild_fahrzeugberichte color_link_inherit has_ratio\"><div style=\"padding-bottom:75%\"><\/div><img loading=\"lazy\" decoding=\"async\" width=\"1024\" height=\"929\" src=\"https:\/\/emilfreyclassics.webmodus-dev.ch\/wp-content\/uploads\/2020\/01\/01-Land-Rover_vorne-1024x929.jpg\" class=\"attachment-large size-large\" alt=\"\" srcset=\"https:\/\/emilfreyclassics.webmodus-dev.ch\/wp-content\/uploads\/2020\/01\/01-Land-Rover_vorne-1024x929.jpg 1024w, https:\/\/emilfreyclassics.webmodus-dev.ch\/wp-content\/uploads\/2020\/01\/01-Land-Rover_vorne-scaled-600x544.jpg 600w, https:\/\/emilfreyclassics.webmodus-dev.ch\/wp-content\/uploads\/2020\/01\/01-Land-Rover_vorne-300x272.jpg 300w, https:\/\/emilfreyclassics.webmodus-dev.ch\/wp-content\/uploads\/2020\/01\/01-Land-Rover_vorne-768x697.jpg 768w, https:\/\/emilfreyclassics.webmodus-dev.ch\/wp-content\/uploads\/2020\/01\/01-Land-Rover_vorne-1536x1393.jpg 1536w, https:\/\/emilfreyclassics.webmodus-dev.ch\/wp-content\/uploads\/2020\/01\/01-Land-Rover_vorne-2048x1858.jpg 2048w, https:\/\/emilfreyclassics.webmodus-dev.ch\/wp-content\/uploads\/2020\/01\/01-Land-Rover_vorne-scaled.jpg 1600w\" sizes=\"auto, (max-width: 1024px) 100vw, 1024px\" \/><\/div><h3 class=\"w-post-elm post_title usg_post_title_1 align_left entry-title color_link_inherit\">Land Rover 86 S\u00e9rie I &#8211; La forme suit la fonction<\/h3><div class=\"w-post-elm post_custom_field usg_post_custom_field_2 type_text textauszug_fahrzeugberichte color_link_inherit\"><p><span>En fait, l\u2019histoire du Land Rover se lit presque comme un conte de f\u00e9es&#8230;<\/span><\/p>\n<\/div><a class=\"w-btn us-btn-style_1 usg_btn_1\" href=\"https:\/\/emilfreyclassics.webmodus-dev.ch\/fr\/fahrzeugbericht\/land-rover-86-serie-i-la-forme-suit-la-fonction\/\"><span class=\"w-btn-label\">En savoir plus<\/span><\/a>\t\t<\/div>\r\n\t\t\t<\/article>\r\n<\/div><div class=\"g-loadmore hidden\"><div class=\"g-preloader type_1\"><div><\/div><\/div><\/div><div class=\"w-grid-list-json hidden\" onclick='return {&quot;max_num_pages&quot;:0,&quot;paginationBase&quot;:&quot;page&quot;,&quot;pagination&quot;:&quot;none&quot;,&quot;paged&quot;:1,&quot;ajaxData&quot;:{&quot;action&quot;:&quot;us_ajax_post_list&quot;,&quot;meta_type&quot;:&quot;post&quot;,&quot;object_id&quot;:0,&quot;template_vars&quot;:{&quot;shortcode_base&quot;:&quot;us_post_list&quot;,&quot;paged&quot;:1,&quot;max_num_pages&quot;:0,&quot;no_results&quot;:false,&quot;us_post_content_design_css&quot;:[],&quot;found_posts&quot;:0,&quot;items_count&quot;:5,&quot;source&quot;:&quot;all&quot;,&quot;custom_field_name&quot;:&quot;&quot;,&quot;ids&quot;:&quot;&quot;,&quot;post_type&quot;:&quot;fahrzeugbericht&quot;,&quot;attachment_ids&quot;:null,&quot;include_post_thumbnail&quot;:0,&quot;post_author&quot;:&quot;any&quot;,&quot;post_author_ids&quot;:&quot;&quot;,&quot;apply_url_params&quot;:0,&quot;ignore_sticky_posts&quot;:1,&quot;exclude_children&quot;:0,&quot;exclude_current_post&quot;:&quot;0&quot;,&quot;exclude_prev_posts&quot;:0,&quot;exclude_past_events&quot;:0,&quot;enable_items_offset&quot;:0,&quot;items_offset&quot;:&quot;1&quot;,&quot;tax_query_relation&quot;:&quot;none&quot;,&quot;tax_query&quot;:[{&quot;operator&quot;:&quot;IN&quot;,&quot;taxonomy&quot;:&quot;category&quot;,&quot;terms&quot;:&quot;&quot;,&quot;include_children&quot;:0}],&quot;meta_query_relation&quot;:&quot;none&quot;,&quot;meta_query&quot;:[{&quot;key&quot;:&quot;custom_field_name&quot;,&quot;compare&quot;:&quot;=&quot;,&quot;value&quot;:&quot;&quot;}],&quot;orderby&quot;:&quot;menu_order&quot;,&quot;orderby_custom_field&quot;:&quot;&quot;,&quot;orderby_custom_type&quot;:0,&quot;order_invert&quot;:0,&quot;show_all&quot;:&quot;1&quot;,&quot;quantity&quot;:&quot;12&quot;,&quot;posts_per_archive_page&quot;:0,&quot;no_items_action&quot;:&quot;hide_grid&quot;,&quot;no_items_message&quot;:&quot;Aucun r\\u00e9sultat.&quot;,&quot;no_items_page_block&quot;:&quot;&quot;,&quot;pagination&quot;:&quot;none&quot;,&quot;pagination_style&quot;:&quot;&quot;,&quot;pagination_btn_text&quot;:&quot;Charger plus&quot;,&quot;pagination_btn_size&quot;:&quot;&quot;,&quot;pagination_btn_style&quot;:&quot;1&quot;,&quot;pagination_btn_fullwidth&quot;:0,&quot;items_layout&quot;:&quot;18797&quot;,&quot;type&quot;:&quot;grid&quot;,&quot;items_valign&quot;:0,&quot;ignore_items_size&quot;:0,&quot;columns&quot;:&quot;2&quot;,&quot;items_gap&quot;:&quot;1rem&quot;,&quot;load_animation&quot;:&quot;none&quot;,&quot;items_preload_style&quot;:&quot;spinner&quot;,&quot;img_size&quot;:&quot;default&quot;,&quot;title_size&quot;:&quot;&quot;,&quot;items_ratio&quot;:&quot;default&quot;,&quot;items_ratio_width&quot;:&quot;21&quot;,&quot;items_ratio_height&quot;:&quot;9&quot;,&quot;overriding_link&quot;:&quot;%7B%22url%22%3A%22%22%7D&quot;,&quot;popup_page_template&quot;:&quot;0&quot;,&quot;popup_width&quot;:&quot;&quot;,&quot;popup_arrows&quot;:1,&quot;breakpoint_1_width&quot;:&quot;1381px&quot;,&quot;breakpoint_1_cols&quot;:&quot;default&quot;,&quot;breakpoint_1_quantity&quot;:&quot;&quot;,&quot;breakpoint_1_gap&quot;:&quot;&quot;,&quot;breakpoint_2_width&quot;:&quot;1025px&quot;,&quot;breakpoint_2_cols&quot;:&quot;2&quot;,&quot;breakpoint_2_quantity&quot;:&quot;&quot;,&quot;breakpoint_2_gap&quot;:&quot;&quot;,&quot;breakpoint_3_width&quot;:&quot;601px&quot;,&quot;breakpoint_3_cols&quot;:&quot;1&quot;,&quot;breakpoint_3_quantity&quot;:&quot;&quot;,&quot;breakpoint_3_gap&quot;:&quot;&quot;,&quot;conditions_operator&quot;:&quot;always&quot;,&quot;conditions&quot;:[],&quot;css&quot;:null,&quot;el_class&quot;:&quot;&quot;,&quot;el_id&quot;:&quot;&quot;,&quot;enable_custom_html_atts&quot;:0,&quot;custom_html_atts&quot;:null,&quot;hide_on_states&quot;:&quot;&quot;,&quot;hide_for_sticky&quot;:0,&quot;hide_for_not_sticky&quot;:0,&quot;hide_below&quot;:&quot;0px&quot;,&quot;hide_above&quot;:&quot;0px&quot;,&quot;classes&quot;:&quot;&quot;}},&quot;facetedFilter&quot;:[]}'><\/div><\/div><div class=\"w-separator size_medium\"><\/div><\/div><\/div><\/div><\/div><\/div><\/section>\n","protected":false},"excerpt":{"rendered":"","protected":false},"author":5,"featured_media":0,"parent":20449,"menu_order":52,"comment_status":"closed","ping_status":"closed","template":"","meta":{"_acf_changed":false,"footnotes":""},"class_list":["post-20459","page","type-page","status-publish","hentry"],"acf":[],"yoast_head":"<!-- This site is optimized with the Yoast SEO plugin v24.6 - https:\/\/yoast.com\/wordpress\/plugins\/seo\/ -->\n<title>Emil Frey Classics AG: Expertises des v\u00e9hicules<\/title>\n<meta name=\"description\" content=\"%\" \/>\n<meta name=\"robots\" content=\"noindex, follow, max-snippet:-1, max-image-preview:large, max-video-preview:-1\" \/>\n<meta property=\"og:locale\" content=\"fr_FR\" \/>\n<meta property=\"og:type\" content=\"article\" \/>\n<meta property=\"og:title\" content=\"Emil Frey Classics AG: Expertises des v\u00e9hicules\" \/>\n<meta property=\"og:description\" content=\"%\" \/>\n<meta property=\"og:url\" content=\"https:\/\/emilfreyclassics.webmodus-dev.ch\/fr\/classic-cars-fr\/expertises-des-vehicules\/\" \/>\n<meta property=\"og:site_name\" content=\"Emil Frey Classics AG\" \/>\n<meta property=\"article:publisher\" content=\"https:\/\/www.facebook.com\/emilfreyclassics\/\" \/>\n<meta property=\"article:modified_time\" content=\"2026-02-19T10:28:56+00:00\" \/>\n<meta name=\"twitter:card\" content=\"summary_large_image\" \/>\n<meta name=\"twitter:label1\" content=\"Dur\u00e9e de lecture estim\u00e9e\" \/>\n\t<meta name=\"twitter:data1\" content=\"1 minute\" \/>\n<script type=\"application\/ld+json\" class=\"yoast-schema-graph\">{\"@context\":\"https:\/\/schema.org\",\"@graph\":[{\"@type\":\"WebPage\",\"@id\":\"https:\/\/emilfreyclassics.webmodus-dev.ch\/fr\/classic-cars-fr\/expertises-des-vehicules\/\",\"url\":\"https:\/\/emilfreyclassics.webmodus-dev.ch\/fr\/classic-cars-fr\/expertises-des-vehicules\/\",\"name\":\"Emil Frey Classics AG: Expertises des v\u00e9hicules\",\"isPartOf\":{\"@id\":\"https:\/\/emilfreyclassics.webmodus-dev.ch\/#website\"},\"datePublished\":\"2020-01-06T12:25:55+00:00\",\"dateModified\":\"2026-02-19T10:28:56+00:00\",\"description\":\"%\",\"breadcrumb\":{\"@id\":\"https:\/\/emilfreyclassics.webmodus-dev.ch\/fr\/classic-cars-fr\/expertises-des-vehicules\/#breadcrumb\"},\"inLanguage\":\"fr-FR\",\"potentialAction\":[{\"@type\":\"ReadAction\",\"target\":[\"https:\/\/emilfreyclassics.webmodus-dev.ch\/fr\/classic-cars-fr\/expertises-des-vehicules\/\"]}]},{\"@type\":\"BreadcrumbList\",\"@id\":\"https:\/\/emilfreyclassics.webmodus-dev.ch\/fr\/classic-cars-fr\/expertises-des-vehicules\/#breadcrumb\",\"itemListElement\":[{\"@type\":\"ListItem\",\"position\":1,\"name\":\"Home\",\"item\":\"https:\/\/emilfreyclassics.webmodus-dev.ch\/fr\/\"},{\"@type\":\"ListItem\",\"position\":2,\"name\":\"Classic Cars\",\"item\":\"https:\/\/emilfreyclassics.webmodus-dev.ch\/fr\/classic-cars-fr\/\"},{\"@type\":\"ListItem\",\"position\":3,\"name\":\"Expertises des v\u00e9hicules\"}]},{\"@type\":\"WebSite\",\"@id\":\"https:\/\/emilfreyclassics.webmodus-dev.ch\/#website\",\"url\":\"https:\/\/emilfreyclassics.webmodus-dev.ch\/\",\"name\":\"Emil Frey Classics AG\",\"description\":\"\",\"potentialAction\":[{\"@type\":\"SearchAction\",\"target\":{\"@type\":\"EntryPoint\",\"urlTemplate\":\"https:\/\/emilfreyclassics.webmodus-dev.ch\/?s={search_term_string}\"},\"query-input\":{\"@type\":\"PropertyValueSpecification\",\"valueRequired\":true,\"valueName\":\"search_term_string\"}}],\"inLanguage\":\"fr-FR\"}]}<\/script>\n<!-- \/ Yoast SEO plugin. -->","yoast_head_json":{"title":"Emil Frey Classics AG: Expertises des v\u00e9hicules","description":"%","robots":{"index":"noindex","follow":"follow","max-snippet":"max-snippet:-1","max-image-preview":"max-image-preview:large","max-video-preview":"max-video-preview:-1"},"og_locale":"fr_FR","og_type":"article","og_title":"Emil Frey Classics AG: Expertises des v\u00e9hicules","og_description":"%","og_url":"https:\/\/emilfreyclassics.webmodus-dev.ch\/fr\/classic-cars-fr\/expertises-des-vehicules\/","og_site_name":"Emil Frey Classics AG","article_publisher":"https:\/\/www.facebook.com\/emilfreyclassics\/","article_modified_time":"2026-02-19T10:28:56+00:00","twitter_card":"summary_large_image","twitter_misc":{"Dur\u00e9e de lecture estim\u00e9e":"1 minute"},"schema":{"@context":"https:\/\/schema.org","@graph":[{"@type":"WebPage","@id":"https:\/\/emilfreyclassics.webmodus-dev.ch\/fr\/classic-cars-fr\/expertises-des-vehicules\/","url":"https:\/\/emilfreyclassics.webmodus-dev.ch\/fr\/classic-cars-fr\/expertises-des-vehicules\/","name":"Emil Frey Classics AG: Expertises des v\u00e9hicules","isPartOf":{"@id":"https:\/\/emilfreyclassics.webmodus-dev.ch\/#website"},"datePublished":"2020-01-06T12:25:55+00:00","dateModified":"2026-02-19T10:28:56+00:00","description":"%","breadcrumb":{"@id":"https:\/\/emilfreyclassics.webmodus-dev.ch\/fr\/classic-cars-fr\/expertises-des-vehicules\/#breadcrumb"},"inLanguage":"fr-FR","potentialAction":[{"@type":"ReadAction","target":["https:\/\/emilfreyclassics.webmodus-dev.ch\/fr\/classic-cars-fr\/expertises-des-vehicules\/"]}]},{"@type":"BreadcrumbList","@id":"https:\/\/emilfreyclassics.webmodus-dev.ch\/fr\/classic-cars-fr\/expertises-des-vehicules\/#breadcrumb","itemListElement":[{"@type":"ListItem","position":1,"name":"Home","item":"https:\/\/emilfreyclassics.webmodus-dev.ch\/fr\/"},{"@type":"ListItem","position":2,"name":"Classic Cars","item":"https:\/\/emilfreyclassics.webmodus-dev.ch\/fr\/classic-cars-fr\/"},{"@type":"ListItem","position":3,"name":"Expertises des v\u00e9hicules"}]},{"@type":"WebSite","@id":"https:\/\/emilfreyclassics.webmodus-dev.ch\/#website","url":"https:\/\/emilfreyclassics.webmodus-dev.ch\/","name":"Emil Frey Classics AG","description":"","potentialAction":[{"@type":"SearchAction","target":{"@type":"EntryPoint","urlTemplate":"https:\/\/emilfreyclassics.webmodus-dev.ch\/?s={search_term_string}"},"query-input":{"@type":"PropertyValueSpecification","valueRequired":true,"valueName":"search_term_string"}}],"inLanguage":"fr-FR"}]}},"_links":{"self":[{"href":"https:\/\/emilfreyclassics.webmodus-dev.ch\/fr\/wp-json\/wp\/v2\/pages\/20459","targetHints":{"allow":["GET"]}}],"collection":[{"href":"https:\/\/emilfreyclassics.webmodus-dev.ch\/fr\/wp-json\/wp\/v2\/pages"}],"about":[{"href":"https:\/\/emilfreyclassics.webmodus-dev.ch\/fr\/wp-json\/wp\/v2\/types\/page"}],"author":[{"embeddable":true,"href":"https:\/\/emilfreyclassics.webmodus-dev.ch\/fr\/wp-json\/wp\/v2\/users\/5"}],"replies":[{"embeddable":true,"href":"https:\/\/emilfreyclassics.webmodus-dev.ch\/fr\/wp-json\/wp\/v2\/comments?post=20459"}],"version-history":[{"count":3,"href":"https:\/\/emilfreyclassics.webmodus-dev.ch\/fr\/wp-json\/wp\/v2\/pages\/20459\/revisions"}],"predecessor-version":[{"id":21068,"href":"https:\/\/emilfreyclassics.webmodus-dev.ch\/fr\/wp-json\/wp\/v2\/pages\/20459\/revisions\/21068"}],"up":[{"embeddable":true,"href":"https:\/\/emilfreyclassics.webmodus-dev.ch\/fr\/wp-json\/wp\/v2\/pages\/20449"}],"wp:attachment":[{"href":"https:\/\/emilfreyclassics.webmodus-dev.ch\/fr\/wp-json\/wp\/v2\/media?parent=20459"}],"curies":[{"name":"wp","href":"https:\/\/api.w.org\/{rel}","templated":true}]}}