{"id":20453,"date":"2020-01-21T12:10:57","date_gmt":"2020-01-21T12:10:57","guid":{"rendered":"https:\/\/emilfreyclassics.webmodus-dev.ch\/classic-cars\/fahrzeuge-demnaechst\/"},"modified":"2026-02-19T10:30:02","modified_gmt":"2026-02-19T10:30:02","slug":"vehicules-a-venir","status":"publish","type":"page","link":"https:\/\/emilfreyclassics.webmodus-dev.ch\/fr\/classic-cars-fr\/vehicules-a-venir\/","title":{"rendered":"V\u00e9hicules \u00e0 venir"},"content":{"rendered":"<section class=\"l-section wpb_row us_custom_278d8c57 height_medium width_full\"><div class=\"l-section-h i-cf\"><div class=\"g-cols vc_row via_flex valign_top type_default stacking_default\"><div class=\"vc_col-sm-12 wpb_column vc_column_container\"><div class=\"vc_column-inner\"><div class=\"wpb_wrapper\"><section class=\"l-section wpb_row us_custom_1bb80f88 height_medium width_full parallax_ver\"><div class=\"l-section-h i-cf\"><div class=\"g-cols vc_row via_flex valign_top type_default stacking_default\"><div class=\"vc_col-sm-12 wpb_column vc_column_container\"><div class=\"vc_column-inner\"><div class=\"wpb_wrapper\"><\/div><\/div><\/div><\/div><\/div><\/section>\n<\/div><\/div><\/div><\/div><\/div><\/section><section class=\"l-section wpb_row us_custom_eb849559 height_medium\"><div class=\"l-section-h i-cf\"><div class=\"g-cols vc_row via_flex valign_top type_default stacking_default\"><div class=\"vc_col-sm-12 wpb_column vc_column_container\"><div class=\"vc_column-inner\"><div class=\"wpb_wrapper\">[vc_custom_heading text=\u00a0\u00bbV\u00e9hicules \u00e0 venir\u00a0\u00bb font_container=\u00a0\u00bbtag:h1|text_align:center|color:%23FFFFFF\u00a0\u00bb use_theme_fonts=\u00a0\u00bbyes\u00a0\u00bb]<div class=\"wpb_text_column\"><div class=\"wpb_wrapper\"><p><span>Nous recherchons en permanence des v\u00e9hicules exclusifs pour nos prospects de voitures classiques. Dans le m\u00eame temps, nous sommes \u00e0 vos c\u00f4t\u00e9s pour vous conseiller si vous souhaitez vendre votre v\u00e9hicule de collection exclusif.<\/span><\/p>\n<\/div><\/div><\/div><\/div><\/div><\/div><\/div><\/section><section class=\"l-section wpb_row us_custom_5e32e11d has_text_color height_medium\"><div class=\"l-section-h i-cf\"><div class=\"g-cols vc_row via_flex valign_top type_default stacking_default\"><div class=\"vc_col-sm-2 wpb_column vc_column_container\"><div class=\"vc_column-inner\"><div class=\"wpb_wrapper\"><\/div><\/div><\/div><div class=\"vc_col-sm-8 wpb_column vc_column_container\"><div class=\"vc_column-inner\"><div class=\"wpb_wrapper\"><div class=\"wpb_text_column ef-uppercase\"><div class=\"wpb_wrapper\"><p style=\"text-align: center;\"><span>ACHAT ET VENTE D\u2019AUTOMOBILES<\/span><br \/>\n<span>CLASSIQUES<\/span><\/p>\n<\/div><\/div>[vc_custom_heading text=\u00a0\u00bbVous recherchez un v\u00e9hicule historique ou vous souhaitez vendre le v\u00f4tre?<br \/>\nParlez-nous.\u00a0\u00bb font_container=\u00a0\u00bbtag:h2|font_size:2.25rem|text_align:center|color:%23ffffff\u00a0\u00bb google_fonts=\u00a0\u00bbfont_family:Bree%20Serif%3Aregular|font_style:400%20regular%3A400%3Anormal\u00a0\u00bb css=\u00a0\u00bb%7B%22default%22%3A%7B%22color%22%3A%22%23000000%22%7D%7D\u00a0\u00bb]<\/div><\/div><\/div><div class=\"vc_col-sm-2 wpb_column vc_column_container\"><div class=\"vc_column-inner\"><div class=\"wpb_wrapper\"><\/div><\/div><\/div><\/div><\/div><\/section><section class=\"l-section wpb_row height_medium\"><div class=\"l-section-h i-cf\"><div class=\"g-cols vc_row via_flex valign_top type_default stacking_default\"><div class=\"vc_col-sm-12 wpb_column vc_column_container\"><div class=\"vc_column-inner\"><div class=\"wpb_wrapper\"><div class=\"w-grid us_post_list type_grid layout_18682 cols_2 preload_style_spinner\" id=\"us_post_list_p566\" style=\"--columns:2;--gap:1.5rem;\"><style>@media (max-width:600px){#us_post_list_p566{--columns:1!important}}.layout_18682 .w-grid-item-h{}.layout_18682 .usg_post_custom_field_1{text-align:center!important;margin-top:10px!important}.layout_18682 .usg_post_custom_field_2{text-align:center!important;width:150px!important}.layout_18682 .usg_btn_2{text-align:center!important}.layout_18682 .usg_btn_3{text-align:center!important}<\/style><div class=\"w-grid-list\">\t<article class=\"w-grid-item size_1x1 post-10601 team type-team status-publish hentry\" data-id=\"10601\">\r\n\t\t<div class=\"w-grid-item-h\">\r\n\t\t\t\t\t\t<h2 class=\"w-post-elm post_title usg_post_title_1 align_center entry-title color_link_inherit\">Nisan Karaca<\/h2><div class=\"w-post-elm post_custom_field usg_post_custom_field_1 type_text team_position color_link_inherit\"><span class=\"w-post-elm-value\">Vente Classic Cars<\/span><\/div><div class=\"w-post-elm post_custom_field usg_post_custom_field_2 avatarbild-team type_image team_avatar color_link_inherit has_ratio\"><div style=\"padding-bottom:100%\"><\/div><img loading=\"lazy\" decoding=\"async\" width=\"180\" height=\"180\" src=\"https:\/\/emilfreyclassics.webmodus-dev.ch\/wp-content\/uploads\/2022\/04\/Nisan-final-e1691400654665-1.png\" class=\"attachment-large size-large\" alt=\"\" srcset=\"https:\/\/emilfreyclassics.webmodus-dev.ch\/wp-content\/uploads\/2022\/04\/Nisan-final-e1691400654665-1.png 180w, https:\/\/emilfreyclassics.webmodus-dev.ch\/wp-content\/uploads\/2022\/04\/Nisan-final-e1691400654665-1-150x150.png 150w\" sizes=\"auto, (max-width: 180px) 100vw, 180px\" \/><\/div><div class=\"w-hwrapper usg_hwrapper_2 align_center valign_top\"><a class=\"w-btn us-btn-style_4 usg_btn_3 icon_atleft\" href=\"tel:+41 62 788 79 24\"><i class=\"fas fa-phone-alt\"><\/i><span class=\"w-btn-label\">+41 62 788 79 24<\/span><\/a><a class=\"w-btn us-btn-style_4 usg_btn_2 icon_atleft text_none\" aria-label=\"Button\" href=\"mailto:nisan.karaca@emilfreyclassics.ch\"><i class=\"fas fa-envelope\"><\/i><\/a><\/div>\t\t<\/div>\r\n\t\t\t<\/article>\r\n\t<article class=\"w-grid-item size_1x1 post-9844 team type-team status-publish hentry\" data-id=\"9844\">\r\n\t\t<div class=\"w-grid-item-h\">\r\n\t\t\t\t\t\t<h2 class=\"w-post-elm post_title usg_post_title_1 align_center entry-title color_link_inherit\">Matthias Mir<\/h2><div class=\"w-post-elm post_custom_field usg_post_custom_field_1 type_text team_position color_link_inherit\"><span class=\"w-post-elm-value\">Vente Classic Cars<\/span><\/div><div class=\"w-post-elm post_custom_field usg_post_custom_field_2 avatarbild-team type_image team_avatar color_link_inherit has_ratio\"><div style=\"padding-bottom:100%\"><\/div><img loading=\"lazy\" decoding=\"async\" width=\"1024\" height=\"1024\" src=\"https:\/\/emilfreyclassics.webmodus-dev.ch\/wp-content\/uploads\/2021\/10\/Matthias_kreis-1024x1024.png\" class=\"attachment-large size-large\" alt=\"\" srcset=\"https:\/\/emilfreyclassics.webmodus-dev.ch\/wp-content\/uploads\/2021\/10\/Matthias_kreis-1024x1024.png 1024w, https:\/\/emilfreyclassics.webmodus-dev.ch\/wp-content\/uploads\/2021\/10\/Matthias_kreis-150x150.png 150w, https:\/\/emilfreyclassics.webmodus-dev.ch\/wp-content\/uploads\/2021\/10\/Matthias_kreis-300x300.png 300w, https:\/\/emilfreyclassics.webmodus-dev.ch\/wp-content\/uploads\/2021\/10\/Matthias_kreis-768x768.png 768w, https:\/\/emilfreyclassics.webmodus-dev.ch\/wp-content\/uploads\/2021\/10\/Matthias_kreis-250x250.png 250w, https:\/\/emilfreyclassics.webmodus-dev.ch\/wp-content\/uploads\/2021\/10\/Matthias_kreis-1536x1536.png 1536w, https:\/\/emilfreyclassics.webmodus-dev.ch\/wp-content\/uploads\/2021\/10\/Matthias_kreis-2048x2048.png 2048w, https:\/\/emilfreyclassics.webmodus-dev.ch\/wp-content\/uploads\/2021\/10\/Matthias_kreis-e1634813892847.png 180w\" sizes=\"auto, (max-width: 1024px) 100vw, 1024px\" \/><\/div><div class=\"w-hwrapper usg_hwrapper_2 align_center valign_top\"><a class=\"w-btn us-btn-style_4 usg_btn_3 icon_atleft\" href=\"tel:+41 62 788 79 22\"><i class=\"fas fa-phone-alt\"><\/i><span class=\"w-btn-label\">+41 62 788 79 22<\/span><\/a><a class=\"w-btn us-btn-style_4 usg_btn_2 icon_atleft text_none\" aria-label=\"Button\" href=\"mailto:matthias.mir@emilfreyclassics.ch\"><i class=\"fas fa-envelope\"><\/i><\/a><\/div>\t\t<\/div>\r\n\t\t\t<\/article>\r\n<\/div><div class=\"g-loadmore hidden\"><div class=\"g-preloader type_1\"><div><\/div><\/div><\/div><div class=\"w-grid-list-json hidden\" onclick='return {&quot;max_num_pages&quot;:0,&quot;paginationBase&quot;:&quot;page&quot;,&quot;pagination&quot;:&quot;none&quot;,&quot;paged&quot;:1,&quot;ajaxData&quot;:{&quot;action&quot;:&quot;us_ajax_post_list&quot;,&quot;meta_type&quot;:&quot;post&quot;,&quot;object_id&quot;:0,&quot;template_vars&quot;:{&quot;shortcode_base&quot;:&quot;us_post_list&quot;,&quot;paged&quot;:1,&quot;max_num_pages&quot;:0,&quot;no_results&quot;:false,&quot;us_post_content_design_css&quot;:[],&quot;found_posts&quot;:0,&quot;items_count&quot;:2,&quot;source&quot;:&quot;post__in&quot;,&quot;custom_field_name&quot;:&quot;&quot;,&quot;ids&quot;:&quot;15495,9833&quot;,&quot;post_type&quot;:&quot;team&quot;,&quot;attachment_ids&quot;:null,&quot;include_post_thumbnail&quot;:0,&quot;post_author&quot;:&quot;any&quot;,&quot;post_author_ids&quot;:&quot;&quot;,&quot;apply_url_params&quot;:0,&quot;ignore_sticky_posts&quot;:1,&quot;exclude_children&quot;:0,&quot;exclude_current_post&quot;:&quot;0&quot;,&quot;exclude_prev_posts&quot;:0,&quot;exclude_past_events&quot;:0,&quot;enable_items_offset&quot;:0,&quot;items_offset&quot;:&quot;1&quot;,&quot;tax_query_relation&quot;:&quot;none&quot;,&quot;tax_query&quot;:[{&quot;operator&quot;:&quot;IN&quot;,&quot;taxonomy&quot;:&quot;category&quot;,&quot;terms&quot;:&quot;&quot;,&quot;include_children&quot;:0}],&quot;meta_query_relation&quot;:&quot;none&quot;,&quot;meta_query&quot;:[{&quot;key&quot;:&quot;custom_field_name&quot;,&quot;compare&quot;:&quot;=&quot;,&quot;value&quot;:&quot;&quot;}],&quot;orderby&quot;:&quot;menu_order&quot;,&quot;orderby_custom_field&quot;:&quot;&quot;,&quot;orderby_custom_type&quot;:0,&quot;order_invert&quot;:0,&quot;show_all&quot;:0,&quot;quantity&quot;:&quot;2&quot;,&quot;posts_per_archive_page&quot;:0,&quot;no_items_action&quot;:&quot;hide_grid&quot;,&quot;no_items_message&quot;:&quot;Aucun r\\u00e9sultat.&quot;,&quot;no_items_page_block&quot;:&quot;&quot;,&quot;pagination&quot;:&quot;none&quot;,&quot;pagination_style&quot;:&quot;&quot;,&quot;pagination_btn_text&quot;:&quot;Charger plus&quot;,&quot;pagination_btn_size&quot;:&quot;&quot;,&quot;pagination_btn_style&quot;:&quot;1&quot;,&quot;pagination_btn_fullwidth&quot;:0,&quot;items_layout&quot;:&quot;18682&quot;,&quot;type&quot;:&quot;grid&quot;,&quot;items_valign&quot;:0,&quot;ignore_items_size&quot;:0,&quot;columns&quot;:&quot;2&quot;,&quot;items_gap&quot;:&quot;1.5rem&quot;,&quot;load_animation&quot;:&quot;none&quot;,&quot;items_preload_style&quot;:&quot;spinner&quot;,&quot;img_size&quot;:&quot;default&quot;,&quot;title_size&quot;:&quot;&quot;,&quot;items_ratio&quot;:&quot;default&quot;,&quot;items_ratio_width&quot;:&quot;21&quot;,&quot;items_ratio_height&quot;:&quot;9&quot;,&quot;overriding_link&quot;:&quot;%7B%22url%22%3A%22%22%7D&quot;,&quot;popup_page_template&quot;:&quot;0&quot;,&quot;popup_width&quot;:&quot;&quot;,&quot;popup_arrows&quot;:1,&quot;breakpoint_1_width&quot;:&quot;1381px&quot;,&quot;breakpoint_1_cols&quot;:&quot;default&quot;,&quot;breakpoint_1_quantity&quot;:&quot;&quot;,&quot;breakpoint_1_gap&quot;:&quot;&quot;,&quot;breakpoint_2_width&quot;:&quot;1025px&quot;,&quot;breakpoint_2_cols&quot;:&quot;2&quot;,&quot;breakpoint_2_quantity&quot;:&quot;&quot;,&quot;breakpoint_2_gap&quot;:&quot;&quot;,&quot;breakpoint_3_width&quot;:&quot;601px&quot;,&quot;breakpoint_3_cols&quot;:&quot;1&quot;,&quot;breakpoint_3_quantity&quot;:&quot;&quot;,&quot;breakpoint_3_gap&quot;:&quot;&quot;,&quot;conditions_operator&quot;:&quot;always&quot;,&quot;conditions&quot;:[],&quot;css&quot;:null,&quot;el_class&quot;:&quot;&quot;,&quot;el_id&quot;:&quot;&quot;,&quot;enable_custom_html_atts&quot;:0,&quot;custom_html_atts&quot;:null,&quot;hide_on_states&quot;:&quot;&quot;,&quot;hide_for_sticky&quot;:0,&quot;hide_for_not_sticky&quot;:0,&quot;hide_below&quot;:&quot;0px&quot;,&quot;hide_above&quot;:&quot;0px&quot;,&quot;classes&quot;:&quot;&quot;}},&quot;facetedFilter&quot;:[]}'><\/div><\/div><div class=\"w-separator size_medium\"><\/div><\/div><\/div><\/div><\/div><\/div><\/section>\n","protected":false},"excerpt":{"rendered":"","protected":false},"author":16,"featured_media":0,"parent":20449,"menu_order":82,"comment_status":"closed","ping_status":"closed","template":"","meta":{"_acf_changed":false,"footnotes":""},"class_list":["post-20453","page","type-page","status-publish","hentry"],"acf":[],"yoast_head":"<!-- This site is optimized with the Yoast SEO plugin v24.6 - https:\/\/yoast.com\/wordpress\/plugins\/seo\/ -->\n<title>Emil Frey Classics AG: V\u00e9hicules \u00e0 venir<\/title>\n<meta name=\"description\" content=\"%\" \/>\n<meta name=\"robots\" content=\"noindex, follow, max-snippet:-1, max-image-preview:large, max-video-preview:-1\" \/>\n<meta property=\"og:locale\" content=\"fr_FR\" \/>\n<meta property=\"og:type\" content=\"article\" \/>\n<meta property=\"og:title\" content=\"Emil Frey Classics AG: V\u00e9hicules \u00e0 venir\" \/>\n<meta property=\"og:description\" content=\"%\" \/>\n<meta property=\"og:url\" content=\"https:\/\/emilfreyclassics.webmodus-dev.ch\/fr\/classic-cars-fr\/vehicules-a-venir\/\" \/>\n<meta property=\"og:site_name\" content=\"Emil Frey Classics AG\" \/>\n<meta property=\"article:publisher\" content=\"https:\/\/www.facebook.com\/emilfreyclassics\/\" \/>\n<meta property=\"article:modified_time\" content=\"2026-02-19T10:30:02+00:00\" \/>\n<meta name=\"twitter:card\" content=\"summary_large_image\" \/>\n<meta name=\"twitter:label1\" content=\"Dur\u00e9e de lecture estim\u00e9e\" \/>\n\t<meta name=\"twitter:data1\" content=\"1 minute\" \/>\n<script type=\"application\/ld+json\" class=\"yoast-schema-graph\">{\"@context\":\"https:\/\/schema.org\",\"@graph\":[{\"@type\":\"WebPage\",\"@id\":\"https:\/\/emilfreyclassics.webmodus-dev.ch\/fr\/classic-cars-fr\/vehicules-a-venir\/\",\"url\":\"https:\/\/emilfreyclassics.webmodus-dev.ch\/fr\/classic-cars-fr\/vehicules-a-venir\/\",\"name\":\"Emil Frey Classics AG: V\u00e9hicules \u00e0 venir\",\"isPartOf\":{\"@id\":\"https:\/\/emilfreyclassics.webmodus-dev.ch\/#website\"},\"datePublished\":\"2020-01-21T12:10:57+00:00\",\"dateModified\":\"2026-02-19T10:30:02+00:00\",\"description\":\"%\",\"breadcrumb\":{\"@id\":\"https:\/\/emilfreyclassics.webmodus-dev.ch\/fr\/classic-cars-fr\/vehicules-a-venir\/#breadcrumb\"},\"inLanguage\":\"fr-FR\",\"potentialAction\":[{\"@type\":\"ReadAction\",\"target\":[\"https:\/\/emilfreyclassics.webmodus-dev.ch\/fr\/classic-cars-fr\/vehicules-a-venir\/\"]}]},{\"@type\":\"BreadcrumbList\",\"@id\":\"https:\/\/emilfreyclassics.webmodus-dev.ch\/fr\/classic-cars-fr\/vehicules-a-venir\/#breadcrumb\",\"itemListElement\":[{\"@type\":\"ListItem\",\"position\":1,\"name\":\"Home\",\"item\":\"https:\/\/emilfreyclassics.webmodus-dev.ch\/fr\/\"},{\"@type\":\"ListItem\",\"position\":2,\"name\":\"Classic Cars\",\"item\":\"https:\/\/emilfreyclassics.webmodus-dev.ch\/fr\/classic-cars-fr\/\"},{\"@type\":\"ListItem\",\"position\":3,\"name\":\"V\u00e9hicules \u00e0 venir\"}]},{\"@type\":\"WebSite\",\"@id\":\"https:\/\/emilfreyclassics.webmodus-dev.ch\/#website\",\"url\":\"https:\/\/emilfreyclassics.webmodus-dev.ch\/\",\"name\":\"Emil Frey Classics AG\",\"description\":\"\",\"potentialAction\":[{\"@type\":\"SearchAction\",\"target\":{\"@type\":\"EntryPoint\",\"urlTemplate\":\"https:\/\/emilfreyclassics.webmodus-dev.ch\/?s={search_term_string}\"},\"query-input\":{\"@type\":\"PropertyValueSpecification\",\"valueRequired\":true,\"valueName\":\"search_term_string\"}}],\"inLanguage\":\"fr-FR\"}]}<\/script>\n<!-- \/ Yoast SEO plugin. -->","yoast_head_json":{"title":"Emil Frey Classics AG: V\u00e9hicules \u00e0 venir","description":"%","robots":{"index":"noindex","follow":"follow","max-snippet":"max-snippet:-1","max-image-preview":"max-image-preview:large","max-video-preview":"max-video-preview:-1"},"og_locale":"fr_FR","og_type":"article","og_title":"Emil Frey Classics AG: V\u00e9hicules \u00e0 venir","og_description":"%","og_url":"https:\/\/emilfreyclassics.webmodus-dev.ch\/fr\/classic-cars-fr\/vehicules-a-venir\/","og_site_name":"Emil Frey Classics AG","article_publisher":"https:\/\/www.facebook.com\/emilfreyclassics\/","article_modified_time":"2026-02-19T10:30:02+00:00","twitter_card":"summary_large_image","twitter_misc":{"Dur\u00e9e de lecture estim\u00e9e":"1 minute"},"schema":{"@context":"https:\/\/schema.org","@graph":[{"@type":"WebPage","@id":"https:\/\/emilfreyclassics.webmodus-dev.ch\/fr\/classic-cars-fr\/vehicules-a-venir\/","url":"https:\/\/emilfreyclassics.webmodus-dev.ch\/fr\/classic-cars-fr\/vehicules-a-venir\/","name":"Emil Frey Classics AG: V\u00e9hicules \u00e0 venir","isPartOf":{"@id":"https:\/\/emilfreyclassics.webmodus-dev.ch\/#website"},"datePublished":"2020-01-21T12:10:57+00:00","dateModified":"2026-02-19T10:30:02+00:00","description":"%","breadcrumb":{"@id":"https:\/\/emilfreyclassics.webmodus-dev.ch\/fr\/classic-cars-fr\/vehicules-a-venir\/#breadcrumb"},"inLanguage":"fr-FR","potentialAction":[{"@type":"ReadAction","target":["https:\/\/emilfreyclassics.webmodus-dev.ch\/fr\/classic-cars-fr\/vehicules-a-venir\/"]}]},{"@type":"BreadcrumbList","@id":"https:\/\/emilfreyclassics.webmodus-dev.ch\/fr\/classic-cars-fr\/vehicules-a-venir\/#breadcrumb","itemListElement":[{"@type":"ListItem","position":1,"name":"Home","item":"https:\/\/emilfreyclassics.webmodus-dev.ch\/fr\/"},{"@type":"ListItem","position":2,"name":"Classic Cars","item":"https:\/\/emilfreyclassics.webmodus-dev.ch\/fr\/classic-cars-fr\/"},{"@type":"ListItem","position":3,"name":"V\u00e9hicules \u00e0 venir"}]},{"@type":"WebSite","@id":"https:\/\/emilfreyclassics.webmodus-dev.ch\/#website","url":"https:\/\/emilfreyclassics.webmodus-dev.ch\/","name":"Emil Frey Classics AG","description":"","potentialAction":[{"@type":"SearchAction","target":{"@type":"EntryPoint","urlTemplate":"https:\/\/emilfreyclassics.webmodus-dev.ch\/?s={search_term_string}"},"query-input":{"@type":"PropertyValueSpecification","valueRequired":true,"valueName":"search_term_string"}}],"inLanguage":"fr-FR"}]}},"_links":{"self":[{"href":"https:\/\/emilfreyclassics.webmodus-dev.ch\/fr\/wp-json\/wp\/v2\/pages\/20453","targetHints":{"allow":["GET"]}}],"collection":[{"href":"https:\/\/emilfreyclassics.webmodus-dev.ch\/fr\/wp-json\/wp\/v2\/pages"}],"about":[{"href":"https:\/\/emilfreyclassics.webmodus-dev.ch\/fr\/wp-json\/wp\/v2\/types\/page"}],"author":[{"embeddable":true,"href":"https:\/\/emilfreyclassics.webmodus-dev.ch\/fr\/wp-json\/wp\/v2\/users\/16"}],"replies":[{"embeddable":true,"href":"https:\/\/emilfreyclassics.webmodus-dev.ch\/fr\/wp-json\/wp\/v2\/comments?post=20453"}],"version-history":[{"count":4,"href":"https:\/\/emilfreyclassics.webmodus-dev.ch\/fr\/wp-json\/wp\/v2\/pages\/20453\/revisions"}],"predecessor-version":[{"id":21069,"href":"https:\/\/emilfreyclassics.webmodus-dev.ch\/fr\/wp-json\/wp\/v2\/pages\/20453\/revisions\/21069"}],"up":[{"embeddable":true,"href":"https:\/\/emilfreyclassics.webmodus-dev.ch\/fr\/wp-json\/wp\/v2\/pages\/20449"}],"wp:attachment":[{"href":"https:\/\/emilfreyclassics.webmodus-dev.ch\/fr\/wp-json\/wp\/v2\/media?parent=20453"}],"curies":[{"name":"wp","href":"https:\/\/api.w.org\/{rel}","templated":true}]}}