{"id":20451,"date":"2020-01-21T12:01:36","date_gmt":"2020-01-21T12:01:36","guid":{"rendered":"https:\/\/emilfreyclassics.webmodus-dev.ch\/classic-cars\/fahrzeugangebot\/"},"modified":"2026-02-19T10:31:53","modified_gmt":"2026-02-19T10:31:53","slug":"offre-de-vehicules","status":"publish","type":"page","link":"https:\/\/emilfreyclassics.webmodus-dev.ch\/fr\/classic-cars-fr\/offre-de-vehicules\/","title":{"rendered":"Offre de v\u00e9hicules"},"content":{"rendered":"<section class=\"l-section wpb_row us_custom_278d8c57 height_medium width_full\"><div class=\"l-section-h i-cf\"><div class=\"g-cols vc_row via_flex valign_top type_default stacking_default\"><div class=\"vc_col-sm-12 wpb_column vc_column_container\"><div class=\"vc_column-inner\"><div class=\"wpb_wrapper\"><section class=\"l-section wpb_row us_custom_1bb80f88 height_medium width_full parallax_ver\"><div class=\"l-section-h i-cf\"><div class=\"g-cols vc_row via_flex valign_top type_default stacking_default\"><div class=\"vc_col-sm-12 wpb_column vc_column_container\"><div class=\"vc_column-inner\"><div class=\"wpb_wrapper\"><\/div><\/div><\/div><\/div><\/div><\/section>\n<\/div><\/div><\/div><\/div><\/div><\/section><section class=\"l-section wpb_row height_medium\"><div class=\"l-section-h i-cf\"><div class=\"g-cols vc_row via_flex valign_top type_default stacking_default\"><div class=\"vc_col-sm-12 wpb_column vc_column_container\"><div class=\"vc_column-inner\"><div class=\"wpb_wrapper\">[vc_custom_heading text=\u00a0\u00bbOffre de v\u00e9hicules\u00a0\u00bb font_container=\u00a0\u00bbtag:h1|text_align:left|color:%23FFFFFF\u00a0\u00bb use_theme_fonts=\u00a0\u00bbyes\u00a0\u00bb]<div class=\"wpb_text_column\"><div class=\"wpb_wrapper\"><p>Nous sommes sp\u00e9cialis\u00e9s dans le commerce de v\u00e9hicules de collection des ann\u00e9es 50 \u00e0 70. Tous les v\u00e9hicules que nous proposons sont dans un \u00e9tat d&rsquo;origine et en excellent \u00e9tat.<\/p>\n<p>Nous sommes \u00e9galement un interlocuteur id\u00e9al pour les vendeurs, car nous sommes constamment \u00e0 la recherche de voitures classiques, principalement de marques anglaises, qui correspondent \u00e0 notre portefeuille. Si n\u00e9cessaire, nous effectuons la restauration dans notre atelier.<\/p>\n<p>Outre notre commerce de voitures classiques, nous vous offrons la possibilit\u00e9 d&rsquo;acheter ou de vendre des v\u00e9hicules de collection exclusifs lors de nos ventes aux ench\u00e8res. Nos ventes aux ench\u00e8res sont l&rsquo;endroit id\u00e9al pour d\u00e9couvrir des voitures anciennes rares et en excellent \u00e9tat, des classiques britanniques aux voitures de sport embl\u00e9matiques des d\u00e9cennies pass\u00e9es.<\/p>\n<p>En tant que vendeur, vous b\u00e9n\u00e9ficiez de notre port\u00e9e internationale et de notre r\u00e9seau de collectionneurs passionn\u00e9s. Nous vous aidons \u00e0 pr\u00e9senter votre v\u00e9hicule de mani\u00e8re optimale afin d&rsquo;obtenir le meilleur prix de vente possible.<\/p>\n<p>Pour en savoir plus sur nos prochaines ventes aux ench\u00e8res et nos offres actuelles de v\u00e9hicules, consultez notre site web :<\/p>\n<\/div><\/div><div class=\"w-separator size_small\"><\/div><div class=\"w-btn-wrapper align_center\"><a class=\"w-btn us-btn-style_1\" target=\"_blank\" href=\"https:\/\/www.classicauctions.ch\/en\"><span class=\"w-btn-label\">Cliquez ici pour acc\u00e9der \u00e0 la prochaine vente aux ench\u00e8res<\/span><\/a><\/div><\/div><\/div><\/div><\/div><\/div><\/section><section class=\"l-section wpb_row us_custom_3dc398cd height_medium\"><div class=\"l-section-h i-cf\"><div class=\"g-cols vc_row via_flex valign_top type_default stacking_default\"><div class=\"vc_col-sm-12 wpb_column vc_column_container\"><div class=\"vc_column-inner\"><div class=\"wpb_wrapper\"><div class=\"w-grid us_post_list type_grid layout_18750 cols_3 preload_style_spinner\" id=\"us_post_list_z4da\" style=\"--columns:3;--gap:0.9rem;\"><style>@media (max-width:1024px){#us_post_list_z4da{--columns:2!important}}@media (max-width:600px){#us_post_list_z4da{--columns:1!important}}.layout_18750 .w-grid-item-h{color:#424242;box-shadow:0 0.1rem 0.2rem rgba(0,0,0,0.1),0 0.33rem 1rem rgba(0,0,0,0.1);transition-duration:0.3s}.no-touch .layout_18750 .w-grid-item-h:hover{box-shadow:0 0rem 0rem rgba(0,0,0,0.1),0 0rem 0rem rgba(0,0,0,0.15);z-index:4}.layout_18750 .usg_vwrapper_1{background:var(--color-content-primary)!important;padding:30px 20px 30px 20px!important}.layout_18750 .usg_vwrapper_2{padding:20px!important}.layout_18750 .usg_vwrapper_4{min-height:600px!important;background:#ffffff!important}@media (min-width:1025px) and (max-width:1380px){.layout_18750 .usg_vwrapper_4{min-height:600px!important}}@media (min-width:601px) and (max-width:1024px){.layout_18750 .usg_vwrapper_4{min-height:600px!important}}@media (max-width:600px){.layout_18750 .usg_vwrapper_4{min-height:0!important}}<\/style><div class=\"w-grid-list\">\t<article class=\"w-grid-item size_1x1 post-20650 car type-car status-publish hentry category-cars-on-offer-fr\" data-id=\"20650\">\r\n\t\t<div class=\"w-grid-item-h\">\r\n\t\t\t\t\t\t<div class=\"w-vwrapper usg_vwrapper_4 align_none valign_top\" style=\"--vwrapper-gap:0rem\"><div class=\"w-post-elm post_custom_field usg_post_custom_field_1 type_image car_image color_link_inherit has_ratio\"><div style=\"padding-bottom:77.7778%\"><\/div><img loading=\"lazy\" decoding=\"async\" width=\"1024\" height=\"831\" src=\"https:\/\/emilfreyclassics.webmodus-dev.ch\/wp-content\/uploads\/2026\/02\/01-Aston-Martin-DB2_Vorne-1-1024x831.jpg\" class=\"attachment-large size-large\" alt=\"\" srcset=\"https:\/\/emilfreyclassics.webmodus-dev.ch\/wp-content\/uploads\/2026\/02\/01-Aston-Martin-DB2_Vorne-1-1024x831.jpg 1024w, https:\/\/emilfreyclassics.webmodus-dev.ch\/wp-content\/uploads\/2026\/02\/01-Aston-Martin-DB2_Vorne-1-300x244.jpg 300w, https:\/\/emilfreyclassics.webmodus-dev.ch\/wp-content\/uploads\/2026\/02\/01-Aston-Martin-DB2_Vorne-1-600x487.jpg 600w, https:\/\/emilfreyclassics.webmodus-dev.ch\/wp-content\/uploads\/2026\/02\/01-Aston-Martin-DB2_Vorne-1.jpg 1600w\" sizes=\"auto, (max-width: 1024px) 100vw, 1024px\" \/><\/div><div class=\"w-vwrapper usg_vwrapper_1 align_none valign_top\"><h3 class=\"w-post-elm post_title usg_post_title_1 align_left entry-title color_link_inherit\">Aston Martin DB (2\/4) MK III (1957)<\/h3><\/div><div class=\"w-vwrapper usg_vwrapper_2 align_none valign_top\" style=\"--vwrapper-gap:1rem\"><div class=\"w-hwrapper usg_hwrapper_1 align_justify valign_top\"><div class=\"w-text usg_text_1\"><span class=\"w-text-h\"><span class=\"w-text-value\">Mise en circulation<\/span><\/span><\/div><div class=\"w-post-elm post_custom_field usg_post_custom_field_2 type_text car_information_car_vintage_year color_link_inherit\"><span class=\"w-post-elm-value\">1957<\/span><\/div><\/div><div class=\"w-hwrapper usg_hwrapper_2 align_justify valign_top\"><div class=\"w-text usg_text_2\"><span class=\"w-text-h\"><span class=\"w-text-value\">Kilom\u00e9trage<\/span><\/span><\/div><div class=\"w-post-elm post_custom_field usg_post_custom_field_3 type_text car_information_car_mileage color_link_inherit\"><span class=\"w-post-elm-value\">36000<\/span><span class=\"w-post-elm-after\"> km<\/span><\/div><\/div><div class=\"w-hwrapper usg_hwrapper_3 align_justify valign_top\"><div class=\"w-text usg_text_3\"><span class=\"w-text-h\"><span class=\"w-text-value\">Prix<\/span><\/span><\/div><div class=\"w-post-elm post_custom_field usg_post_custom_field_4 type_text car_information_car_price color_link_inherit\"><span class=\"w-post-elm-before\">CHF <\/span><span class=\"w-post-elm-value\">Ench\u00e8re \u00e0 partir de CHF 240 000<br \/>Achat imm\u00e9diat CHF 265 000<\/span><\/div><\/div><\/div><\/div><div class=\"w-vwrapper usg_vwrapper_3 align_none valign_top\" style=\"--vwrapper-gap:0rem\"><a class=\"w-btn us-btn-style_3 usg_btn_1\" href=\"https:\/\/emilfreyclassics.webmodus-dev.ch\/fr\/car\/aston-martin-db-2-4-mk-iii-1957\/\"><span class=\"w-btn-label\">Informations<\/span><\/a><\/div>\t\t<\/div>\r\n\t\t\t<\/article>\r\n\t<article class=\"w-grid-item size_1x1 post-20667 car type-car status-publish hentry category-cars-on-offer-fr\" data-id=\"20667\">\r\n\t\t<div class=\"w-grid-item-h\">\r\n\t\t\t\t\t\t<div class=\"w-vwrapper usg_vwrapper_4 align_none valign_top\" style=\"--vwrapper-gap:0rem\"><div class=\"w-post-elm post_custom_field usg_post_custom_field_1 type_image car_image color_link_inherit has_ratio\"><div style=\"padding-bottom:77.7778%\"><\/div><img loading=\"lazy\" decoding=\"async\" width=\"1024\" height=\"774\" src=\"https:\/\/emilfreyclassics.webmodus-dev.ch\/wp-content\/uploads\/2026\/02\/01-Aston-Martin-DB4-hellblau_Vorne-1-1024x774.jpg\" class=\"attachment-large size-large\" alt=\"\" srcset=\"https:\/\/emilfreyclassics.webmodus-dev.ch\/wp-content\/uploads\/2026\/02\/01-Aston-Martin-DB4-hellblau_Vorne-1-1024x774.jpg 1024w, https:\/\/emilfreyclassics.webmodus-dev.ch\/wp-content\/uploads\/2026\/02\/01-Aston-Martin-DB4-hellblau_Vorne-1-300x227.jpg 300w, https:\/\/emilfreyclassics.webmodus-dev.ch\/wp-content\/uploads\/2026\/02\/01-Aston-Martin-DB4-hellblau_Vorne-1-600x454.jpg 600w, https:\/\/emilfreyclassics.webmodus-dev.ch\/wp-content\/uploads\/2026\/02\/01-Aston-Martin-DB4-hellblau_Vorne-1.jpg 1600w\" sizes=\"auto, (max-width: 1024px) 100vw, 1024px\" \/><\/div><div class=\"w-vwrapper usg_vwrapper_1 align_none valign_top\"><h3 class=\"w-post-elm post_title usg_post_title_1 align_left entry-title color_link_inherit\">Aston Martin DB4 Series IV Convertible Special Series Vantage<\/h3><\/div><div class=\"w-vwrapper usg_vwrapper_2 align_none valign_top\" style=\"--vwrapper-gap:1rem\"><div class=\"w-hwrapper usg_hwrapper_1 align_justify valign_top\"><div class=\"w-text usg_text_1\"><span class=\"w-text-h\"><span class=\"w-text-value\">Mise en circulation<\/span><\/span><\/div><div class=\"w-post-elm post_custom_field usg_post_custom_field_2 type_text car_information_car_vintage_year color_link_inherit\"><span class=\"w-post-elm-value\">1962<\/span><\/div><\/div><div class=\"w-hwrapper usg_hwrapper_2 align_justify valign_top\"><div class=\"w-text usg_text_2\"><span class=\"w-text-h\"><span class=\"w-text-value\">Kilom\u00e9trage<\/span><\/span><\/div><div class=\"w-post-elm post_custom_field usg_post_custom_field_3 type_text car_information_car_mileage color_link_inherit\"><span class=\"w-post-elm-value\">150<\/span><span class=\"w-post-elm-after\"> km<\/span><\/div><\/div><div class=\"w-hwrapper usg_hwrapper_3 align_justify valign_top\"><div class=\"w-text usg_text_3\"><span class=\"w-text-h\"><span class=\"w-text-value\">Prix<\/span><\/span><\/div><div class=\"w-post-elm post_custom_field usg_post_custom_field_4 type_text car_information_car_price color_link_inherit\"><span class=\"w-post-elm-before\">CHF <\/span><span class=\"w-post-elm-value\">sur demande<\/span><\/div><\/div><\/div><\/div><div class=\"w-vwrapper usg_vwrapper_3 align_none valign_top\" style=\"--vwrapper-gap:0rem\"><a class=\"w-btn us-btn-style_3 usg_btn_1\" href=\"https:\/\/emilfreyclassics.webmodus-dev.ch\/fr\/car\/aston-martin-db4-series-iv-convertible-special-series-vantage\/\"><span class=\"w-btn-label\">Informations<\/span><\/a><\/div>\t\t<\/div>\r\n\t\t\t<\/article>\r\n\t<article class=\"w-grid-item size_1x1 post-20679 car type-car status-publish hentry category-cars-on-offer-fr\" data-id=\"20679\">\r\n\t\t<div class=\"w-grid-item-h\">\r\n\t\t\t\t\t\t<div class=\"w-vwrapper usg_vwrapper_4 align_none valign_top\" style=\"--vwrapper-gap:0rem\"><div class=\"w-post-elm post_custom_field usg_post_custom_field_1 type_image car_image color_link_inherit has_ratio\"><div style=\"padding-bottom:77.7778%\"><\/div><img loading=\"lazy\" decoding=\"async\" width=\"1024\" height=\"739\" src=\"https:\/\/emilfreyclassics.webmodus-dev.ch\/wp-content\/uploads\/2026\/02\/01-Aston-Martin-Volante_Vorne-1-1024x739.jpg\" class=\"attachment-large size-large\" alt=\"\" srcset=\"https:\/\/emilfreyclassics.webmodus-dev.ch\/wp-content\/uploads\/2026\/02\/01-Aston-Martin-Volante_Vorne-1-1024x739.jpg 1024w, https:\/\/emilfreyclassics.webmodus-dev.ch\/wp-content\/uploads\/2026\/02\/01-Aston-Martin-Volante_Vorne-1-300x217.jpg 300w, https:\/\/emilfreyclassics.webmodus-dev.ch\/wp-content\/uploads\/2026\/02\/01-Aston-Martin-Volante_Vorne-1-600x433.jpg 600w, https:\/\/emilfreyclassics.webmodus-dev.ch\/wp-content\/uploads\/2026\/02\/01-Aston-Martin-Volante_Vorne-1.jpg 1600w\" sizes=\"auto, (max-width: 1024px) 100vw, 1024px\" \/><\/div><div class=\"w-vwrapper usg_vwrapper_1 align_none valign_top\"><h3 class=\"w-post-elm post_title usg_post_title_1 align_left entry-title color_link_inherit\">Aston Martin V8 Volante 1982<\/h3><\/div><div class=\"w-vwrapper usg_vwrapper_2 align_none valign_top\" style=\"--vwrapper-gap:1rem\"><div class=\"w-hwrapper usg_hwrapper_1 align_justify valign_top\"><div class=\"w-text usg_text_1\"><span class=\"w-text-h\"><span class=\"w-text-value\">Mise en circulation<\/span><\/span><\/div><div class=\"w-post-elm post_custom_field usg_post_custom_field_2 type_text car_information_car_vintage_year color_link_inherit\"><span class=\"w-post-elm-value\">1982<\/span><\/div><\/div><div class=\"w-hwrapper usg_hwrapper_2 align_justify valign_top\"><div class=\"w-text usg_text_2\"><span class=\"w-text-h\"><span class=\"w-text-value\">Kilom\u00e9trage<\/span><\/span><\/div><div class=\"w-post-elm post_custom_field usg_post_custom_field_3 type_text car_information_car_mileage color_link_inherit\"><span class=\"w-post-elm-value\">62500<\/span><span class=\"w-post-elm-after\"> km<\/span><\/div><\/div><div class=\"w-hwrapper usg_hwrapper_3 align_justify valign_top\"><div class=\"w-text usg_text_3\"><span class=\"w-text-h\"><span class=\"w-text-value\">Prix<\/span><\/span><\/div><div class=\"w-post-elm post_custom_field usg_post_custom_field_4 type_text car_information_car_price color_link_inherit\"><span class=\"w-post-elm-before\">CHF <\/span><span class=\"w-post-elm-value\">193800<\/span><\/div><\/div><\/div><\/div><div class=\"w-vwrapper usg_vwrapper_3 align_none valign_top\" style=\"--vwrapper-gap:0rem\"><a class=\"w-btn us-btn-style_3 usg_btn_1\" href=\"https:\/\/emilfreyclassics.webmodus-dev.ch\/fr\/car\/aston-martin-v8-volante-1982\/\"><span class=\"w-btn-label\">Informations<\/span><\/a><\/div>\t\t<\/div>\r\n\t\t\t<\/article>\r\n\t<article class=\"w-grid-item size_1x1 post-20943 car type-car status-publish hentry category-cars-on-offer-fr\" data-id=\"20943\">\r\n\t\t<div class=\"w-grid-item-h\">\r\n\t\t\t\t\t\t<div class=\"w-vwrapper usg_vwrapper_4 align_none valign_top\" style=\"--vwrapper-gap:0rem\"><div class=\"w-post-elm post_custom_field usg_post_custom_field_1 type_image car_image color_link_inherit has_ratio\"><div style=\"padding-bottom:77.7778%\"><\/div><img loading=\"lazy\" decoding=\"async\" width=\"1024\" height=\"778\" src=\"https:\/\/emilfreyclassics.webmodus-dev.ch\/wp-content\/uploads\/2026\/02\/01-Jaguar-SS-1936_Vorne-1024x778.jpg\" class=\"attachment-large size-large\" alt=\"\" srcset=\"https:\/\/emilfreyclassics.webmodus-dev.ch\/wp-content\/uploads\/2026\/02\/01-Jaguar-SS-1936_Vorne-1024x778.jpg 1024w, https:\/\/emilfreyclassics.webmodus-dev.ch\/wp-content\/uploads\/2026\/02\/01-Jaguar-SS-1936_Vorne-300x228.jpg 300w, https:\/\/emilfreyclassics.webmodus-dev.ch\/wp-content\/uploads\/2026\/02\/01-Jaguar-SS-1936_Vorne-600x456.jpg 600w, https:\/\/emilfreyclassics.webmodus-dev.ch\/wp-content\/uploads\/2026\/02\/01-Jaguar-SS-1936_Vorne.jpg 1600w\" sizes=\"auto, (max-width: 1024px) 100vw, 1024px\" \/><\/div><div class=\"w-vwrapper usg_vwrapper_1 align_none valign_top\"><h3 class=\"w-post-elm post_title usg_post_title_1 align_left entry-title color_link_inherit\">Jaguar S.S. 1.5 Litre<\/h3><\/div><div class=\"w-vwrapper usg_vwrapper_2 align_none valign_top\" style=\"--vwrapper-gap:1rem\"><div class=\"w-hwrapper usg_hwrapper_1 align_justify valign_top\"><div class=\"w-text usg_text_1\"><span class=\"w-text-h\"><span class=\"w-text-value\">Mise en circulation<\/span><\/span><\/div><div class=\"w-post-elm post_custom_field usg_post_custom_field_2 type_text car_information_car_vintage_year color_link_inherit\"><span class=\"w-post-elm-value\">1936<\/span><\/div><\/div><div class=\"w-hwrapper usg_hwrapper_2 align_justify valign_top\"><div class=\"w-text usg_text_2\"><span class=\"w-text-h\"><span class=\"w-text-value\">Kilom\u00e9trage<\/span><\/span><\/div><div class=\"w-post-elm post_custom_field usg_post_custom_field_3 type_text car_information_car_mileage color_link_inherit\"><span class=\"w-post-elm-value\">50200<\/span><span class=\"w-post-elm-after\"> km<\/span><\/div><\/div><div class=\"w-hwrapper usg_hwrapper_3 align_justify valign_top\"><div class=\"w-text usg_text_3\"><span class=\"w-text-h\"><span class=\"w-text-value\">Prix<\/span><\/span><\/div><div class=\"w-post-elm post_custom_field usg_post_custom_field_4 type_text car_information_car_price color_link_inherit\"><span class=\"w-post-elm-before\">CHF <\/span><span class=\"w-post-elm-value\">72600<\/span><\/div><\/div><\/div><\/div><div class=\"w-vwrapper usg_vwrapper_3 align_none valign_top\" style=\"--vwrapper-gap:0rem\"><a class=\"w-btn us-btn-style_3 usg_btn_1\" href=\"https:\/\/emilfreyclassics.webmodus-dev.ch\/fr\/car\/jaguar-s-s-1-5-litre\/\"><span class=\"w-btn-label\">Informations<\/span><\/a><\/div>\t\t<\/div>\r\n\t\t\t<\/article>\r\n\t<article class=\"w-grid-item size_1x1 post-20948 car type-car status-publish hentry category-cars-on-offer-fr\" data-id=\"20948\">\r\n\t\t<div class=\"w-grid-item-h\">\r\n\t\t\t\t\t\t<div class=\"w-vwrapper usg_vwrapper_4 align_none valign_top\" style=\"--vwrapper-gap:0rem\"><div class=\"w-post-elm post_custom_field usg_post_custom_field_1 type_image car_image color_link_inherit has_ratio\"><div style=\"padding-bottom:77.7778%\"><\/div><img loading=\"lazy\" decoding=\"async\" width=\"1024\" height=\"706\" src=\"https:\/\/emilfreyclassics.webmodus-dev.ch\/wp-content\/uploads\/2026\/02\/01-Jaguar-XJSC-V12_Vorne-1024x706.jpg\" class=\"attachment-large size-large\" alt=\"\" srcset=\"https:\/\/emilfreyclassics.webmodus-dev.ch\/wp-content\/uploads\/2026\/02\/01-Jaguar-XJSC-V12_Vorne-1024x706.jpg 1024w, https:\/\/emilfreyclassics.webmodus-dev.ch\/wp-content\/uploads\/2026\/02\/01-Jaguar-XJSC-V12_Vorne-300x207.jpg 300w, https:\/\/emilfreyclassics.webmodus-dev.ch\/wp-content\/uploads\/2026\/02\/01-Jaguar-XJSC-V12_Vorne-600x414.jpg 600w, https:\/\/emilfreyclassics.webmodus-dev.ch\/wp-content\/uploads\/2026\/02\/01-Jaguar-XJSC-V12_Vorne.jpg 1600w\" sizes=\"auto, (max-width: 1024px) 100vw, 1024px\" \/><\/div><div class=\"w-vwrapper usg_vwrapper_1 align_none valign_top\"><h3 class=\"w-post-elm post_title usg_post_title_1 align_left entry-title color_link_inherit\">Jaguar XJ-SC V12 (1987)<\/h3><\/div><div class=\"w-vwrapper usg_vwrapper_2 align_none valign_top\" style=\"--vwrapper-gap:1rem\"><div class=\"w-hwrapper usg_hwrapper_1 align_justify valign_top\"><div class=\"w-text usg_text_1\"><span class=\"w-text-h\"><span class=\"w-text-value\">Mise en circulation<\/span><\/span><\/div><div class=\"w-post-elm post_custom_field usg_post_custom_field_2 type_text car_information_car_vintage_year color_link_inherit\"><span class=\"w-post-elm-value\">1987<\/span><\/div><\/div><div class=\"w-hwrapper usg_hwrapper_2 align_justify valign_top\"><div class=\"w-text usg_text_2\"><span class=\"w-text-h\"><span class=\"w-text-value\">Kilom\u00e9trage<\/span><\/span><\/div><div class=\"w-post-elm post_custom_field usg_post_custom_field_3 type_text car_information_car_mileage color_link_inherit\"><span class=\"w-post-elm-value\">105000<\/span><span class=\"w-post-elm-after\"> km<\/span><\/div><\/div><div class=\"w-hwrapper usg_hwrapper_3 align_justify valign_top\"><div class=\"w-text usg_text_3\"><span class=\"w-text-h\"><span class=\"w-text-value\">Prix<\/span><\/span><\/div><div class=\"w-post-elm post_custom_field usg_post_custom_field_4 type_text car_information_car_price color_link_inherit\"><span class=\"w-post-elm-before\">CHF <\/span><span class=\"w-post-elm-value\">26800<\/span><\/div><\/div><\/div><\/div><div class=\"w-vwrapper usg_vwrapper_3 align_none valign_top\" style=\"--vwrapper-gap:0rem\"><a class=\"w-btn us-btn-style_3 usg_btn_1\" href=\"https:\/\/emilfreyclassics.webmodus-dev.ch\/fr\/car\/jaguar-xj-sc-v12-1987\/\"><span class=\"w-btn-label\">Informations<\/span><\/a><\/div>\t\t<\/div>\r\n\t\t\t<\/article>\r\n\t<article class=\"w-grid-item size_1x1 post-20975 car type-car status-publish hentry category-cars-on-offer-fr\" data-id=\"20975\">\r\n\t\t<div class=\"w-grid-item-h\">\r\n\t\t\t\t\t\t<div class=\"w-vwrapper usg_vwrapper_4 align_none valign_top\" style=\"--vwrapper-gap:0rem\"><div class=\"w-post-elm post_custom_field usg_post_custom_field_1 type_image car_image color_link_inherit has_ratio\"><div style=\"padding-bottom:77.7778%\"><\/div><img loading=\"lazy\" decoding=\"async\" width=\"1024\" height=\"731\" src=\"https:\/\/emilfreyclassics.webmodus-dev.ch\/wp-content\/uploads\/2026\/02\/01-Jaguar-XK120-schwarz_Vorne-1024x731.jpg\" class=\"attachment-large size-large\" alt=\"\" srcset=\"https:\/\/emilfreyclassics.webmodus-dev.ch\/wp-content\/uploads\/2026\/02\/01-Jaguar-XK120-schwarz_Vorne-1024x731.jpg 1024w, https:\/\/emilfreyclassics.webmodus-dev.ch\/wp-content\/uploads\/2026\/02\/01-Jaguar-XK120-schwarz_Vorne-300x214.jpg 300w, https:\/\/emilfreyclassics.webmodus-dev.ch\/wp-content\/uploads\/2026\/02\/01-Jaguar-XK120-schwarz_Vorne-600x428.jpg 600w, https:\/\/emilfreyclassics.webmodus-dev.ch\/wp-content\/uploads\/2026\/02\/01-Jaguar-XK120-schwarz_Vorne.jpg 1600w\" sizes=\"auto, (max-width: 1024px) 100vw, 1024px\" \/><\/div><div class=\"w-vwrapper usg_vwrapper_1 align_none valign_top\"><h3 class=\"w-post-elm post_title usg_post_title_1 align_left entry-title color_link_inherit\">Jaguar XK 120 DHC<\/h3><\/div><div class=\"w-vwrapper usg_vwrapper_2 align_none valign_top\" style=\"--vwrapper-gap:1rem\"><div class=\"w-hwrapper usg_hwrapper_1 align_justify valign_top\"><div class=\"w-text usg_text_1\"><span class=\"w-text-h\"><span class=\"w-text-value\">Mise en circulation<\/span><\/span><\/div><div class=\"w-post-elm post_custom_field usg_post_custom_field_2 type_text car_information_car_vintage_year color_link_inherit\"><span class=\"w-post-elm-value\">1954<\/span><\/div><\/div><div class=\"w-hwrapper usg_hwrapper_2 align_justify valign_top\"><div class=\"w-text usg_text_2\"><span class=\"w-text-h\"><span class=\"w-text-value\">Kilom\u00e9trage<\/span><\/span><\/div><div class=\"w-post-elm post_custom_field usg_post_custom_field_3 type_text car_information_car_mileage color_link_inherit\"><span class=\"w-post-elm-value\">19900<\/span><span class=\"w-post-elm-after\"> km<\/span><\/div><\/div><div class=\"w-hwrapper usg_hwrapper_3 align_justify valign_top\"><div class=\"w-text usg_text_3\"><span class=\"w-text-h\"><span class=\"w-text-value\">Prix<\/span><\/span><\/div><div class=\"w-post-elm post_custom_field usg_post_custom_field_4 type_text car_information_car_price color_link_inherit\"><span class=\"w-post-elm-before\">CHF <\/span><span class=\"w-post-elm-value\">117800<\/span><\/div><\/div><\/div><\/div><div class=\"w-vwrapper usg_vwrapper_3 align_none valign_top\" style=\"--vwrapper-gap:0rem\"><a class=\"w-btn us-btn-style_3 usg_btn_1\" href=\"https:\/\/emilfreyclassics.webmodus-dev.ch\/fr\/car\/jaguar-xk-120-dhc\/\"><span class=\"w-btn-label\">Informations<\/span><\/a><\/div>\t\t<\/div>\r\n\t\t\t<\/article>\r\n\t<article class=\"w-grid-item size_1x1 post-20958 car type-car status-publish hentry category-cars-on-offer-fr\" data-id=\"20958\">\r\n\t\t<div class=\"w-grid-item-h\">\r\n\t\t\t\t\t\t<div class=\"w-vwrapper usg_vwrapper_4 align_none valign_top\" style=\"--vwrapper-gap:0rem\"><div class=\"w-post-elm post_custom_field usg_post_custom_field_1 type_image car_image color_link_inherit has_ratio\"><div style=\"padding-bottom:77.7778%\"><\/div><img loading=\"lazy\" decoding=\"async\" width=\"1024\" height=\"771\" src=\"https:\/\/emilfreyclassics.webmodus-dev.ch\/wp-content\/uploads\/2026\/02\/01-Lancia-Kupfer_Vorne-1024x771.jpg\" class=\"attachment-large size-large\" alt=\"\" srcset=\"https:\/\/emilfreyclassics.webmodus-dev.ch\/wp-content\/uploads\/2026\/02\/01-Lancia-Kupfer_Vorne-1024x771.jpg 1024w, https:\/\/emilfreyclassics.webmodus-dev.ch\/wp-content\/uploads\/2026\/02\/01-Lancia-Kupfer_Vorne-300x226.jpg 300w, https:\/\/emilfreyclassics.webmodus-dev.ch\/wp-content\/uploads\/2026\/02\/01-Lancia-Kupfer_Vorne-600x452.jpg 600w, https:\/\/emilfreyclassics.webmodus-dev.ch\/wp-content\/uploads\/2026\/02\/01-Lancia-Kupfer_Vorne.jpg 1600w\" sizes=\"auto, (max-width: 1024px) 100vw, 1024px\" \/><\/div><div class=\"w-vwrapper usg_vwrapper_1 align_none valign_top\"><h3 class=\"w-post-elm post_title usg_post_title_1 align_left entry-title color_link_inherit\">Lancia Aurelia B20 S GT<\/h3><\/div><div class=\"w-vwrapper usg_vwrapper_2 align_none valign_top\" style=\"--vwrapper-gap:1rem\"><div class=\"w-hwrapper usg_hwrapper_1 align_justify valign_top\"><div class=\"w-text usg_text_1\"><span class=\"w-text-h\"><span class=\"w-text-value\">Mise en circulation<\/span><\/span><\/div><div class=\"w-post-elm post_custom_field usg_post_custom_field_2 type_text car_information_car_vintage_year color_link_inherit\"><span class=\"w-post-elm-value\">1958<\/span><\/div><\/div><div class=\"w-hwrapper usg_hwrapper_2 align_justify valign_top\"><div class=\"w-text usg_text_2\"><span class=\"w-text-h\"><span class=\"w-text-value\">Kilom\u00e9trage<\/span><\/span><\/div><div class=\"w-post-elm post_custom_field usg_post_custom_field_3 type_text car_information_car_mileage color_link_inherit\"><span class=\"w-post-elm-value\">51400<\/span><span class=\"w-post-elm-after\"> km<\/span><\/div><\/div><div class=\"w-hwrapper usg_hwrapper_3 align_justify valign_top\"><div class=\"w-text usg_text_3\"><span class=\"w-text-h\"><span class=\"w-text-value\">Prix<\/span><\/span><\/div><div class=\"w-post-elm post_custom_field usg_post_custom_field_4 type_text car_information_car_price color_link_inherit\"><span class=\"w-post-elm-before\">CHF <\/span><span class=\"w-post-elm-value\">164800<\/span><\/div><\/div><\/div><\/div><div class=\"w-vwrapper usg_vwrapper_3 align_none valign_top\" style=\"--vwrapper-gap:0rem\"><a class=\"w-btn us-btn-style_3 usg_btn_1\" href=\"https:\/\/emilfreyclassics.webmodus-dev.ch\/fr\/car\/lancia-aurelia-b20-s-gt\/\"><span class=\"w-btn-label\">Informations<\/span><\/a><\/div>\t\t<\/div>\r\n\t\t\t<\/article>\r\n\t<article class=\"w-grid-item size_1x1 post-20961 car type-car status-publish hentry category-cars-on-offer-fr\" data-id=\"20961\">\r\n\t\t<div class=\"w-grid-item-h\">\r\n\t\t\t\t\t\t<div class=\"w-vwrapper usg_vwrapper_4 align_none valign_top\" style=\"--vwrapper-gap:0rem\"><div class=\"w-post-elm post_custom_field usg_post_custom_field_1 type_image car_image color_link_inherit has_ratio\"><div style=\"padding-bottom:77.7778%\"><\/div><img loading=\"lazy\" decoding=\"async\" width=\"1024\" height=\"753\" src=\"https:\/\/emilfreyclassics.webmodus-dev.ch\/wp-content\/uploads\/2026\/02\/01_Maserati-3500-GT_Vorne-1024x753.jpg\" class=\"attachment-large size-large\" alt=\"\" srcset=\"https:\/\/emilfreyclassics.webmodus-dev.ch\/wp-content\/uploads\/2026\/02\/01_Maserati-3500-GT_Vorne-1024x753.jpg 1024w, https:\/\/emilfreyclassics.webmodus-dev.ch\/wp-content\/uploads\/2026\/02\/01_Maserati-3500-GT_Vorne-300x221.jpg 300w, https:\/\/emilfreyclassics.webmodus-dev.ch\/wp-content\/uploads\/2026\/02\/01_Maserati-3500-GT_Vorne-600x441.jpg 600w, https:\/\/emilfreyclassics.webmodus-dev.ch\/wp-content\/uploads\/2026\/02\/01_Maserati-3500-GT_Vorne.jpg 1600w\" sizes=\"auto, (max-width: 1024px) 100vw, 1024px\" \/><\/div><div class=\"w-vwrapper usg_vwrapper_1 align_none valign_top\"><h3 class=\"w-post-elm post_title usg_post_title_1 align_left entry-title color_link_inherit\">Maserati 3500 GT Spyder Vignale<\/h3><\/div><div class=\"w-vwrapper usg_vwrapper_2 align_none valign_top\" style=\"--vwrapper-gap:1rem\"><div class=\"w-hwrapper usg_hwrapper_1 align_justify valign_top\"><div class=\"w-text usg_text_1\"><span class=\"w-text-h\"><span class=\"w-text-value\">Mise en circulation<\/span><\/span><\/div><div class=\"w-post-elm post_custom_field usg_post_custom_field_2 type_text car_information_car_vintage_year color_link_inherit\"><span class=\"w-post-elm-value\">1964<\/span><\/div><\/div><div class=\"w-hwrapper usg_hwrapper_2 align_justify valign_top\"><div class=\"w-text usg_text_2\"><span class=\"w-text-h\"><span class=\"w-text-value\">Kilom\u00e9trage<\/span><\/span><\/div><div class=\"w-post-elm post_custom_field usg_post_custom_field_3 type_text car_information_car_mileage color_link_inherit\"><span class=\"w-post-elm-value\">50000<\/span><span class=\"w-post-elm-after\"> km<\/span><\/div><\/div><div class=\"w-hwrapper usg_hwrapper_3 align_justify valign_top\"><div class=\"w-text usg_text_3\"><span class=\"w-text-h\"><span class=\"w-text-value\">Prix<\/span><\/span><\/div><div class=\"w-post-elm post_custom_field usg_post_custom_field_4 type_text car_information_car_price color_link_inherit\"><span class=\"w-post-elm-before\">CHF <\/span><span class=\"w-post-elm-value\">sur demande<\/span><\/div><\/div><\/div><\/div><div class=\"w-vwrapper usg_vwrapper_3 align_none valign_top\" style=\"--vwrapper-gap:0rem\"><a class=\"w-btn us-btn-style_3 usg_btn_1\" href=\"https:\/\/emilfreyclassics.webmodus-dev.ch\/fr\/car\/maserati-3500-gt-spyder-vignale\/\"><span class=\"w-btn-label\">Informations<\/span><\/a><\/div>\t\t<\/div>\r\n\t\t\t<\/article>\r\n\t<article class=\"w-grid-item size_1x1 post-20964 car type-car status-publish hentry category-cars-on-offer-fr\" data-id=\"20964\">\r\n\t\t<div class=\"w-grid-item-h\">\r\n\t\t\t\t\t\t<div class=\"w-vwrapper usg_vwrapper_4 align_none valign_top\" style=\"--vwrapper-gap:0rem\"><div class=\"w-post-elm post_custom_field usg_post_custom_field_1 type_image car_image color_link_inherit has_ratio\"><div style=\"padding-bottom:77.7778%\"><\/div><img loading=\"lazy\" decoding=\"async\" width=\"1024\" height=\"754\" src=\"https:\/\/emilfreyclassics.webmodus-dev.ch\/wp-content\/uploads\/2026\/02\/01-Morgan-Silber_Vorne-1024x754.jpg\" class=\"attachment-large size-large\" alt=\"\" srcset=\"https:\/\/emilfreyclassics.webmodus-dev.ch\/wp-content\/uploads\/2026\/02\/01-Morgan-Silber_Vorne-1024x754.jpg 1024w, https:\/\/emilfreyclassics.webmodus-dev.ch\/wp-content\/uploads\/2026\/02\/01-Morgan-Silber_Vorne-300x221.jpg 300w, https:\/\/emilfreyclassics.webmodus-dev.ch\/wp-content\/uploads\/2026\/02\/01-Morgan-Silber_Vorne-600x442.jpg 600w, https:\/\/emilfreyclassics.webmodus-dev.ch\/wp-content\/uploads\/2026\/02\/01-Morgan-Silber_Vorne.jpg 1600w\" sizes=\"auto, (max-width: 1024px) 100vw, 1024px\" \/><\/div><div class=\"w-vwrapper usg_vwrapper_1 align_none valign_top\"><h3 class=\"w-post-elm post_title usg_post_title_1 align_left entry-title color_link_inherit\">Morgan Plus 8<\/h3><\/div><div class=\"w-vwrapper usg_vwrapper_2 align_none valign_top\" style=\"--vwrapper-gap:1rem\"><div class=\"w-hwrapper usg_hwrapper_1 align_justify valign_top\"><div class=\"w-text usg_text_1\"><span class=\"w-text-h\"><span class=\"w-text-value\">Mise en circulation<\/span><\/span><\/div><div class=\"w-post-elm post_custom_field usg_post_custom_field_2 type_text car_information_car_vintage_year color_link_inherit\"><span class=\"w-post-elm-value\">2002<\/span><\/div><\/div><div class=\"w-hwrapper usg_hwrapper_2 align_justify valign_top\"><div class=\"w-text usg_text_2\"><span class=\"w-text-h\"><span class=\"w-text-value\">Kilom\u00e9trage<\/span><\/span><\/div><div class=\"w-post-elm post_custom_field usg_post_custom_field_3 type_text car_information_car_mileage color_link_inherit\"><span class=\"w-post-elm-value\">27450<\/span><span class=\"w-post-elm-after\"> km<\/span><\/div><\/div><div class=\"w-hwrapper usg_hwrapper_3 align_justify valign_top\"><div class=\"w-text usg_text_3\"><span class=\"w-text-h\"><span class=\"w-text-value\">Prix<\/span><\/span><\/div><div class=\"w-post-elm post_custom_field usg_post_custom_field_4 type_text car_information_car_price color_link_inherit\"><span class=\"w-post-elm-before\">CHF <\/span><span class=\"w-post-elm-value\">73800<\/span><\/div><\/div><\/div><\/div><div class=\"w-vwrapper usg_vwrapper_3 align_none valign_top\" style=\"--vwrapper-gap:0rem\"><a class=\"w-btn us-btn-style_3 usg_btn_1\" href=\"https:\/\/emilfreyclassics.webmodus-dev.ch\/fr\/car\/morgan-plus-8\/\"><span class=\"w-btn-label\">Informations<\/span><\/a><\/div>\t\t<\/div>\r\n\t\t\t<\/article>\r\n\t<article class=\"w-grid-item size_1x1 post-20967 car type-car status-publish hentry category-cars-on-offer-fr\" data-id=\"20967\">\r\n\t\t<div class=\"w-grid-item-h\">\r\n\t\t\t\t\t\t<div class=\"w-vwrapper usg_vwrapper_4 align_none valign_top\" style=\"--vwrapper-gap:0rem\"><div class=\"w-post-elm post_custom_field usg_post_custom_field_1 type_image car_image color_link_inherit has_ratio\"><div style=\"padding-bottom:77.7778%\"><\/div><img loading=\"lazy\" decoding=\"async\" width=\"1024\" height=\"712\" src=\"https:\/\/emilfreyclassics.webmodus-dev.ch\/wp-content\/uploads\/2026\/02\/01-Rover-grau-Vorne-1024x712.jpg\" class=\"attachment-large size-large\" alt=\"\" srcset=\"https:\/\/emilfreyclassics.webmodus-dev.ch\/wp-content\/uploads\/2026\/02\/01-Rover-grau-Vorne-1024x712.jpg 1024w, https:\/\/emilfreyclassics.webmodus-dev.ch\/wp-content\/uploads\/2026\/02\/01-Rover-grau-Vorne-300x209.jpg 300w, https:\/\/emilfreyclassics.webmodus-dev.ch\/wp-content\/uploads\/2026\/02\/01-Rover-grau-Vorne-600x417.jpg 600w, https:\/\/emilfreyclassics.webmodus-dev.ch\/wp-content\/uploads\/2026\/02\/01-Rover-grau-Vorne.jpg 1600w\" sizes=\"auto, (max-width: 1024px) 100vw, 1024px\" \/><\/div><div class=\"w-vwrapper usg_vwrapper_1 align_none valign_top\"><h3 class=\"w-post-elm post_title usg_post_title_1 align_left entry-title color_link_inherit\">ROVER P6 2000 TC<\/h3><\/div><div class=\"w-vwrapper usg_vwrapper_2 align_none valign_top\" style=\"--vwrapper-gap:1rem\"><div class=\"w-hwrapper usg_hwrapper_1 align_justify valign_top\"><div class=\"w-text usg_text_1\"><span class=\"w-text-h\"><span class=\"w-text-value\">Mise en circulation<\/span><\/span><\/div><div class=\"w-post-elm post_custom_field usg_post_custom_field_2 type_text car_information_car_vintage_year color_link_inherit\"><span class=\"w-post-elm-value\">1969<\/span><\/div><\/div><div class=\"w-hwrapper usg_hwrapper_2 align_justify valign_top\"><div class=\"w-text usg_text_2\"><span class=\"w-text-h\"><span class=\"w-text-value\">Kilom\u00e9trage<\/span><\/span><\/div><div class=\"w-post-elm post_custom_field usg_post_custom_field_3 type_text car_information_car_mileage color_link_inherit\"><span class=\"w-post-elm-value\">172500<\/span><span class=\"w-post-elm-after\"> km<\/span><\/div><\/div><div class=\"w-hwrapper usg_hwrapper_3 align_justify valign_top\"><div class=\"w-text usg_text_3\"><span class=\"w-text-h\"><span class=\"w-text-value\">Prix<\/span><\/span><\/div><div class=\"w-post-elm post_custom_field usg_post_custom_field_4 type_text car_information_car_price color_link_inherit\"><span class=\"w-post-elm-before\">CHF <\/span><span class=\"w-post-elm-value\">23900<\/span><\/div><\/div><\/div><\/div><div class=\"w-vwrapper usg_vwrapper_3 align_none valign_top\" style=\"--vwrapper-gap:0rem\"><a class=\"w-btn us-btn-style_3 usg_btn_1\" href=\"https:\/\/emilfreyclassics.webmodus-dev.ch\/fr\/car\/rover-p6-2000-tc\/\"><span class=\"w-btn-label\">Informations<\/span><\/a><\/div>\t\t<\/div>\r\n\t\t\t<\/article>\r\n<\/div><div class=\"g-loadmore hidden\"><div class=\"g-preloader type_1\"><div><\/div><\/div><\/div><div class=\"w-grid-list-json hidden\" onclick='return {&quot;max_num_pages&quot;:0,&quot;paginationBase&quot;:&quot;page&quot;,&quot;pagination&quot;:&quot;none&quot;,&quot;paged&quot;:1,&quot;ajaxData&quot;:{&quot;action&quot;:&quot;us_ajax_post_list&quot;,&quot;meta_type&quot;:&quot;post&quot;,&quot;object_id&quot;:0,&quot;template_vars&quot;:{&quot;shortcode_base&quot;:&quot;us_post_list&quot;,&quot;paged&quot;:1,&quot;max_num_pages&quot;:0,&quot;no_results&quot;:false,&quot;us_post_content_design_css&quot;:[],&quot;found_posts&quot;:0,&quot;items_count&quot;:10,&quot;source&quot;:&quot;all&quot;,&quot;custom_field_name&quot;:&quot;&quot;,&quot;ids&quot;:&quot;&quot;,&quot;post_type&quot;:&quot;car&quot;,&quot;attachment_ids&quot;:null,&quot;include_post_thumbnail&quot;:0,&quot;post_author&quot;:&quot;any&quot;,&quot;post_author_ids&quot;:&quot;&quot;,&quot;apply_url_params&quot;:0,&quot;ignore_sticky_posts&quot;:1,&quot;exclude_children&quot;:0,&quot;exclude_current_post&quot;:&quot;0&quot;,&quot;exclude_prev_posts&quot;:0,&quot;exclude_past_events&quot;:0,&quot;enable_items_offset&quot;:0,&quot;items_offset&quot;:&quot;1&quot;,&quot;tax_query_relation&quot;:&quot;AND&quot;,&quot;tax_query&quot;:&quot;%5B%7B%22operator%22%3A%22IN%22%2C%22taxonomy%22%3A%22category%22%2C%22terms%22%3A%2234%22%2C%22include_children%22%3A%220%22%7D%5D&quot;,&quot;meta_query_relation&quot;:&quot;none&quot;,&quot;meta_query&quot;:[{&quot;key&quot;:&quot;custom_field_name&quot;,&quot;compare&quot;:&quot;=&quot;,&quot;value&quot;:&quot;&quot;}],&quot;orderby&quot;:&quot;title&quot;,&quot;orderby_custom_field&quot;:&quot;&quot;,&quot;orderby_custom_type&quot;:0,&quot;order_invert&quot;:0,&quot;show_all&quot;:&quot;1&quot;,&quot;quantity&quot;:&quot;12&quot;,&quot;posts_per_archive_page&quot;:0,&quot;no_items_action&quot;:&quot;hide_grid&quot;,&quot;no_items_message&quot;:&quot;Aucun r\\u00e9sultat.&quot;,&quot;no_items_page_block&quot;:&quot;&quot;,&quot;pagination&quot;:&quot;none&quot;,&quot;pagination_style&quot;:&quot;&quot;,&quot;pagination_btn_text&quot;:&quot;Charger plus&quot;,&quot;pagination_btn_size&quot;:&quot;&quot;,&quot;pagination_btn_style&quot;:&quot;1&quot;,&quot;pagination_btn_fullwidth&quot;:0,&quot;items_layout&quot;:&quot;18750&quot;,&quot;type&quot;:&quot;grid&quot;,&quot;items_valign&quot;:0,&quot;ignore_items_size&quot;:0,&quot;columns&quot;:&quot;3&quot;,&quot;items_gap&quot;:&quot;0.9rem&quot;,&quot;load_animation&quot;:&quot;none&quot;,&quot;items_preload_style&quot;:&quot;spinner&quot;,&quot;img_size&quot;:&quot;default&quot;,&quot;title_size&quot;:&quot;&quot;,&quot;items_ratio&quot;:&quot;default&quot;,&quot;items_ratio_width&quot;:&quot;21&quot;,&quot;items_ratio_height&quot;:&quot;9&quot;,&quot;overriding_link&quot;:&quot;%7B%22url%22%3A%22%22%7D&quot;,&quot;popup_page_template&quot;:&quot;0&quot;,&quot;popup_width&quot;:&quot;&quot;,&quot;popup_arrows&quot;:1,&quot;breakpoint_1_width&quot;:&quot;1381px&quot;,&quot;breakpoint_1_cols&quot;:&quot;default&quot;,&quot;breakpoint_1_quantity&quot;:&quot;&quot;,&quot;breakpoint_1_gap&quot;:&quot;&quot;,&quot;breakpoint_2_width&quot;:&quot;1025px&quot;,&quot;breakpoint_2_cols&quot;:&quot;2&quot;,&quot;breakpoint_2_quantity&quot;:&quot;&quot;,&quot;breakpoint_2_gap&quot;:&quot;&quot;,&quot;breakpoint_3_width&quot;:&quot;601px&quot;,&quot;breakpoint_3_cols&quot;:&quot;1&quot;,&quot;breakpoint_3_quantity&quot;:&quot;&quot;,&quot;breakpoint_3_gap&quot;:&quot;&quot;,&quot;conditions_operator&quot;:&quot;always&quot;,&quot;conditions&quot;:[],&quot;css&quot;:null,&quot;el_class&quot;:&quot;&quot;,&quot;el_id&quot;:&quot;&quot;,&quot;enable_custom_html_atts&quot;:0,&quot;custom_html_atts&quot;:null,&quot;hide_on_states&quot;:&quot;&quot;,&quot;hide_for_sticky&quot;:0,&quot;hide_for_not_sticky&quot;:0,&quot;hide_below&quot;:&quot;0px&quot;,&quot;hide_above&quot;:&quot;0px&quot;,&quot;classes&quot;:&quot;&quot;}},&quot;facetedFilter&quot;:[]}'><\/div><\/div><\/div><\/div><\/div><\/div><\/div><\/section><section class=\"l-section wpb_row us_custom_6724f1c2 height_medium\"><div class=\"l-section-h i-cf\"><div class=\"g-cols vc_row via_flex valign_top type_default stacking_default\"><div class=\"vc_col-sm-2 wpb_column vc_column_container\"><div class=\"vc_column-inner\"><div class=\"wpb_wrapper\"><\/div><\/div><\/div><div class=\"vc_col-sm-8 wpb_column vc_column_container\"><div class=\"vc_column-inner\"><div class=\"wpb_wrapper\"><div class=\"wpb_text_column ef-uppercase\"><div class=\"wpb_wrapper\"><p style=\"text-align: center;\">ACHAT ET VENTE CHEZ EMIL FREY CLASSICS<\/p>\n<\/div><\/div>[vc_custom_heading text=\u00a0\u00bbVous recherchez un v\u00e9hicule historique ou souhaitez vendre le v\u00f4tre ?<br \/>\nN&rsquo;h\u00e9sitez pas \u00e0 nous contacter.\u00a0\u00bb font_container=\u00a0\u00bbtag:h2|font_size:2.25rem|text_align:center|color:%23ffffff\u00a0\u00bb google_fonts=\u00a0\u00bbfont_family:Bree%20Serif%3Aregular|font_style:400%20regular%3A400%3Anormal\u00a0\u00bb]<\/div><\/div><\/div><div class=\"vc_col-sm-2 wpb_column vc_column_container\"><div class=\"vc_column-inner\"><div class=\"wpb_wrapper\"><\/div><\/div><\/div><\/div><\/div><\/section><section class=\"l-section wpb_row height_medium\"><div class=\"l-section-h i-cf\"><div class=\"g-cols vc_row via_flex valign_top type_default stacking_default\"><div class=\"vc_col-sm-12 wpb_column vc_column_container\"><div class=\"vc_column-inner\"><div class=\"wpb_wrapper\"><div class=\"w-grid us_post_list type_grid layout_18682 cols_2 preload_style_spinner\" id=\"us_post_list_b20a\" style=\"--columns:2;--gap:1.5rem;\"><style>@media (max-width:600px){#us_post_list_b20a{--columns:1!important}}.layout_18682 .w-grid-item-h{}.layout_18682 .usg_post_custom_field_1{text-align:center!important;margin-top:10px!important}.layout_18682 .usg_post_custom_field_2{text-align:center!important;width:150px!important}.layout_18682 .usg_btn_2{text-align:center!important}.layout_18682 .usg_btn_3{text-align:center!important}<\/style><div class=\"w-grid-list\">\t<article class=\"w-grid-item size_1x1 post-10601 team type-team status-publish hentry\" data-id=\"10601\">\r\n\t\t<div class=\"w-grid-item-h\">\r\n\t\t\t\t\t\t<h2 class=\"w-post-elm post_title usg_post_title_1 align_center entry-title color_link_inherit\">Nisan Karaca<\/h2><div class=\"w-post-elm post_custom_field usg_post_custom_field_1 type_text team_position color_link_inherit\"><span class=\"w-post-elm-value\">Vente Classic Cars<\/span><\/div><div class=\"w-post-elm post_custom_field usg_post_custom_field_2 avatarbild-team type_image team_avatar color_link_inherit has_ratio\"><div style=\"padding-bottom:100%\"><\/div><img loading=\"lazy\" decoding=\"async\" width=\"180\" height=\"180\" src=\"https:\/\/emilfreyclassics.webmodus-dev.ch\/wp-content\/uploads\/2022\/04\/Nisan-final-e1691400654665-1.png\" class=\"attachment-large size-large\" alt=\"\" srcset=\"https:\/\/emilfreyclassics.webmodus-dev.ch\/wp-content\/uploads\/2022\/04\/Nisan-final-e1691400654665-1.png 180w, https:\/\/emilfreyclassics.webmodus-dev.ch\/wp-content\/uploads\/2022\/04\/Nisan-final-e1691400654665-1-150x150.png 150w\" sizes=\"auto, (max-width: 180px) 100vw, 180px\" \/><\/div><div class=\"w-hwrapper usg_hwrapper_2 align_center valign_top\"><a class=\"w-btn us-btn-style_4 usg_btn_3 icon_atleft\" href=\"tel:+41 62 788 79 24\"><i class=\"fas fa-phone-alt\"><\/i><span class=\"w-btn-label\">+41 62 788 79 24<\/span><\/a><a class=\"w-btn us-btn-style_4 usg_btn_2 icon_atleft text_none\" aria-label=\"Button\" href=\"mailto:nisan.karaca@emilfreyclassics.ch\"><i class=\"fas fa-envelope\"><\/i><\/a><\/div>\t\t<\/div>\r\n\t\t\t<\/article>\r\n\t<article class=\"w-grid-item size_1x1 post-9844 team type-team status-publish hentry\" data-id=\"9844\">\r\n\t\t<div class=\"w-grid-item-h\">\r\n\t\t\t\t\t\t<h2 class=\"w-post-elm post_title usg_post_title_1 align_center entry-title color_link_inherit\">Matthias Mir<\/h2><div class=\"w-post-elm post_custom_field usg_post_custom_field_1 type_text team_position color_link_inherit\"><span class=\"w-post-elm-value\">Vente Classic Cars<\/span><\/div><div class=\"w-post-elm post_custom_field usg_post_custom_field_2 avatarbild-team type_image team_avatar color_link_inherit has_ratio\"><div style=\"padding-bottom:100%\"><\/div><img loading=\"lazy\" decoding=\"async\" width=\"1024\" height=\"1024\" src=\"https:\/\/emilfreyclassics.webmodus-dev.ch\/wp-content\/uploads\/2021\/10\/Matthias_kreis-1024x1024.png\" class=\"attachment-large size-large\" alt=\"\" srcset=\"https:\/\/emilfreyclassics.webmodus-dev.ch\/wp-content\/uploads\/2021\/10\/Matthias_kreis-1024x1024.png 1024w, https:\/\/emilfreyclassics.webmodus-dev.ch\/wp-content\/uploads\/2021\/10\/Matthias_kreis-150x150.png 150w, https:\/\/emilfreyclassics.webmodus-dev.ch\/wp-content\/uploads\/2021\/10\/Matthias_kreis-300x300.png 300w, https:\/\/emilfreyclassics.webmodus-dev.ch\/wp-content\/uploads\/2021\/10\/Matthias_kreis-768x768.png 768w, https:\/\/emilfreyclassics.webmodus-dev.ch\/wp-content\/uploads\/2021\/10\/Matthias_kreis-250x250.png 250w, https:\/\/emilfreyclassics.webmodus-dev.ch\/wp-content\/uploads\/2021\/10\/Matthias_kreis-1536x1536.png 1536w, https:\/\/emilfreyclassics.webmodus-dev.ch\/wp-content\/uploads\/2021\/10\/Matthias_kreis-2048x2048.png 2048w, https:\/\/emilfreyclassics.webmodus-dev.ch\/wp-content\/uploads\/2021\/10\/Matthias_kreis-e1634813892847.png 180w\" sizes=\"auto, (max-width: 1024px) 100vw, 1024px\" \/><\/div><div class=\"w-hwrapper usg_hwrapper_2 align_center valign_top\"><a class=\"w-btn us-btn-style_4 usg_btn_3 icon_atleft\" href=\"tel:+41 62 788 79 22\"><i class=\"fas fa-phone-alt\"><\/i><span class=\"w-btn-label\">+41 62 788 79 22<\/span><\/a><a class=\"w-btn us-btn-style_4 usg_btn_2 icon_atleft text_none\" aria-label=\"Button\" href=\"mailto:matthias.mir@emilfreyclassics.ch\"><i class=\"fas fa-envelope\"><\/i><\/a><\/div>\t\t<\/div>\r\n\t\t\t<\/article>\r\n<\/div><div class=\"g-loadmore hidden\"><div class=\"g-preloader type_1\"><div><\/div><\/div><\/div><div class=\"w-grid-list-json hidden\" onclick='return {&quot;max_num_pages&quot;:0,&quot;paginationBase&quot;:&quot;page&quot;,&quot;pagination&quot;:&quot;none&quot;,&quot;paged&quot;:1,&quot;ajaxData&quot;:{&quot;action&quot;:&quot;us_ajax_post_list&quot;,&quot;meta_type&quot;:&quot;post&quot;,&quot;object_id&quot;:0,&quot;template_vars&quot;:{&quot;shortcode_base&quot;:&quot;us_post_list&quot;,&quot;paged&quot;:1,&quot;max_num_pages&quot;:0,&quot;no_results&quot;:false,&quot;us_post_content_design_css&quot;:[],&quot;found_posts&quot;:0,&quot;items_count&quot;:2,&quot;source&quot;:&quot;post__in&quot;,&quot;custom_field_name&quot;:&quot;&quot;,&quot;ids&quot;:&quot;15495,9833&quot;,&quot;post_type&quot;:&quot;team&quot;,&quot;attachment_ids&quot;:null,&quot;include_post_thumbnail&quot;:0,&quot;post_author&quot;:&quot;any&quot;,&quot;post_author_ids&quot;:&quot;&quot;,&quot;apply_url_params&quot;:0,&quot;ignore_sticky_posts&quot;:1,&quot;exclude_children&quot;:0,&quot;exclude_current_post&quot;:&quot;0&quot;,&quot;exclude_prev_posts&quot;:0,&quot;exclude_past_events&quot;:0,&quot;enable_items_offset&quot;:0,&quot;items_offset&quot;:&quot;1&quot;,&quot;tax_query_relation&quot;:&quot;none&quot;,&quot;tax_query&quot;:[{&quot;operator&quot;:&quot;IN&quot;,&quot;taxonomy&quot;:&quot;category&quot;,&quot;terms&quot;:&quot;&quot;,&quot;include_children&quot;:0}],&quot;meta_query_relation&quot;:&quot;none&quot;,&quot;meta_query&quot;:[{&quot;key&quot;:&quot;custom_field_name&quot;,&quot;compare&quot;:&quot;=&quot;,&quot;value&quot;:&quot;&quot;}],&quot;orderby&quot;:&quot;menu_order&quot;,&quot;orderby_custom_field&quot;:&quot;&quot;,&quot;orderby_custom_type&quot;:0,&quot;order_invert&quot;:0,&quot;show_all&quot;:0,&quot;quantity&quot;:&quot;2&quot;,&quot;posts_per_archive_page&quot;:0,&quot;no_items_action&quot;:&quot;hide_grid&quot;,&quot;no_items_message&quot;:&quot;Aucun r\\u00e9sultat.&quot;,&quot;no_items_page_block&quot;:&quot;&quot;,&quot;pagination&quot;:&quot;none&quot;,&quot;pagination_style&quot;:&quot;&quot;,&quot;pagination_btn_text&quot;:&quot;Charger plus&quot;,&quot;pagination_btn_size&quot;:&quot;&quot;,&quot;pagination_btn_style&quot;:&quot;1&quot;,&quot;pagination_btn_fullwidth&quot;:0,&quot;items_layout&quot;:&quot;18682&quot;,&quot;type&quot;:&quot;grid&quot;,&quot;items_valign&quot;:0,&quot;ignore_items_size&quot;:0,&quot;columns&quot;:&quot;2&quot;,&quot;items_gap&quot;:&quot;1.5rem&quot;,&quot;load_animation&quot;:&quot;none&quot;,&quot;items_preload_style&quot;:&quot;spinner&quot;,&quot;img_size&quot;:&quot;default&quot;,&quot;title_size&quot;:&quot;&quot;,&quot;items_ratio&quot;:&quot;default&quot;,&quot;items_ratio_width&quot;:&quot;21&quot;,&quot;items_ratio_height&quot;:&quot;9&quot;,&quot;overriding_link&quot;:&quot;%7B%22url%22%3A%22%22%7D&quot;,&quot;popup_page_template&quot;:&quot;0&quot;,&quot;popup_width&quot;:&quot;&quot;,&quot;popup_arrows&quot;:1,&quot;breakpoint_1_width&quot;:&quot;1381px&quot;,&quot;breakpoint_1_cols&quot;:&quot;default&quot;,&quot;breakpoint_1_quantity&quot;:&quot;&quot;,&quot;breakpoint_1_gap&quot;:&quot;&quot;,&quot;breakpoint_2_width&quot;:&quot;1025px&quot;,&quot;breakpoint_2_cols&quot;:&quot;2&quot;,&quot;breakpoint_2_quantity&quot;:&quot;&quot;,&quot;breakpoint_2_gap&quot;:&quot;&quot;,&quot;breakpoint_3_width&quot;:&quot;601px&quot;,&quot;breakpoint_3_cols&quot;:&quot;1&quot;,&quot;breakpoint_3_quantity&quot;:&quot;&quot;,&quot;breakpoint_3_gap&quot;:&quot;&quot;,&quot;conditions_operator&quot;:&quot;always&quot;,&quot;conditions&quot;:[],&quot;css&quot;:null,&quot;el_class&quot;:&quot;&quot;,&quot;el_id&quot;:&quot;&quot;,&quot;enable_custom_html_atts&quot;:0,&quot;custom_html_atts&quot;:null,&quot;hide_on_states&quot;:&quot;&quot;,&quot;hide_for_sticky&quot;:0,&quot;hide_for_not_sticky&quot;:0,&quot;hide_below&quot;:&quot;0px&quot;,&quot;hide_above&quot;:&quot;0px&quot;,&quot;classes&quot;:&quot;&quot;}},&quot;facetedFilter&quot;:[]}'><\/div><\/div><div class=\"w-separator size_medium\"><\/div><\/div><\/div><\/div><\/div><\/div><\/section>\n","protected":false},"excerpt":{"rendered":"","protected":false},"author":16,"featured_media":0,"parent":20449,"menu_order":35,"comment_status":"closed","ping_status":"closed","template":"","meta":{"_acf_changed":false,"footnotes":""},"class_list":["post-20451","page","type-page","status-publish","hentry"],"acf":[],"yoast_head":"<!-- This site is optimized with the Yoast SEO plugin v24.6 - https:\/\/yoast.com\/wordpress\/plugins\/seo\/ -->\n<title>Emil Frey Classics AG: Offre de v\u00e9hicules<\/title>\n<meta name=\"description\" content=\"%\" \/>\n<meta name=\"robots\" content=\"noindex, follow, max-snippet:-1, max-image-preview:large, max-video-preview:-1\" \/>\n<meta property=\"og:locale\" content=\"fr_FR\" \/>\n<meta property=\"og:type\" content=\"article\" \/>\n<meta property=\"og:title\" content=\"Emil Frey Classics AG: Offre de v\u00e9hicules\" \/>\n<meta property=\"og:description\" content=\"%\" \/>\n<meta property=\"og:url\" content=\"https:\/\/emilfreyclassics.webmodus-dev.ch\/fr\/classic-cars-fr\/offre-de-vehicules\/\" \/>\n<meta property=\"og:site_name\" content=\"Emil Frey Classics AG\" \/>\n<meta property=\"article:publisher\" content=\"https:\/\/www.facebook.com\/emilfreyclassics\/\" \/>\n<meta property=\"article:modified_time\" content=\"2026-02-19T10:31:53+00:00\" \/>\n<meta name=\"twitter:card\" content=\"summary_large_image\" \/>\n<meta name=\"twitter:label1\" content=\"Dur\u00e9e de lecture estim\u00e9e\" \/>\n\t<meta name=\"twitter:data1\" content=\"2 minutes\" \/>\n<script type=\"application\/ld+json\" class=\"yoast-schema-graph\">{\"@context\":\"https:\/\/schema.org\",\"@graph\":[{\"@type\":\"WebPage\",\"@id\":\"https:\/\/emilfreyclassics.webmodus-dev.ch\/fr\/classic-cars-fr\/offre-de-vehicules\/\",\"url\":\"https:\/\/emilfreyclassics.webmodus-dev.ch\/fr\/classic-cars-fr\/offre-de-vehicules\/\",\"name\":\"Emil Frey Classics AG: Offre de v\u00e9hicules\",\"isPartOf\":{\"@id\":\"https:\/\/emilfreyclassics.webmodus-dev.ch\/#website\"},\"datePublished\":\"2020-01-21T12:01:36+00:00\",\"dateModified\":\"2026-02-19T10:31:53+00:00\",\"description\":\"%\",\"breadcrumb\":{\"@id\":\"https:\/\/emilfreyclassics.webmodus-dev.ch\/fr\/classic-cars-fr\/offre-de-vehicules\/#breadcrumb\"},\"inLanguage\":\"fr-FR\",\"potentialAction\":[{\"@type\":\"ReadAction\",\"target\":[\"https:\/\/emilfreyclassics.webmodus-dev.ch\/fr\/classic-cars-fr\/offre-de-vehicules\/\"]}]},{\"@type\":\"BreadcrumbList\",\"@id\":\"https:\/\/emilfreyclassics.webmodus-dev.ch\/fr\/classic-cars-fr\/offre-de-vehicules\/#breadcrumb\",\"itemListElement\":[{\"@type\":\"ListItem\",\"position\":1,\"name\":\"Home\",\"item\":\"https:\/\/emilfreyclassics.webmodus-dev.ch\/fr\/\"},{\"@type\":\"ListItem\",\"position\":2,\"name\":\"Classic Cars\",\"item\":\"https:\/\/emilfreyclassics.webmodus-dev.ch\/fr\/classic-cars-fr\/\"},{\"@type\":\"ListItem\",\"position\":3,\"name\":\"Offre de v\u00e9hicules\"}]},{\"@type\":\"WebSite\",\"@id\":\"https:\/\/emilfreyclassics.webmodus-dev.ch\/#website\",\"url\":\"https:\/\/emilfreyclassics.webmodus-dev.ch\/\",\"name\":\"Emil Frey Classics AG\",\"description\":\"\",\"potentialAction\":[{\"@type\":\"SearchAction\",\"target\":{\"@type\":\"EntryPoint\",\"urlTemplate\":\"https:\/\/emilfreyclassics.webmodus-dev.ch\/?s={search_term_string}\"},\"query-input\":{\"@type\":\"PropertyValueSpecification\",\"valueRequired\":true,\"valueName\":\"search_term_string\"}}],\"inLanguage\":\"fr-FR\"}]}<\/script>\n<!-- \/ Yoast SEO plugin. -->","yoast_head_json":{"title":"Emil Frey Classics AG: Offre de v\u00e9hicules","description":"%","robots":{"index":"noindex","follow":"follow","max-snippet":"max-snippet:-1","max-image-preview":"max-image-preview:large","max-video-preview":"max-video-preview:-1"},"og_locale":"fr_FR","og_type":"article","og_title":"Emil Frey Classics AG: Offre de v\u00e9hicules","og_description":"%","og_url":"https:\/\/emilfreyclassics.webmodus-dev.ch\/fr\/classic-cars-fr\/offre-de-vehicules\/","og_site_name":"Emil Frey Classics AG","article_publisher":"https:\/\/www.facebook.com\/emilfreyclassics\/","article_modified_time":"2026-02-19T10:31:53+00:00","twitter_card":"summary_large_image","twitter_misc":{"Dur\u00e9e de lecture estim\u00e9e":"2 minutes"},"schema":{"@context":"https:\/\/schema.org","@graph":[{"@type":"WebPage","@id":"https:\/\/emilfreyclassics.webmodus-dev.ch\/fr\/classic-cars-fr\/offre-de-vehicules\/","url":"https:\/\/emilfreyclassics.webmodus-dev.ch\/fr\/classic-cars-fr\/offre-de-vehicules\/","name":"Emil Frey Classics AG: Offre de v\u00e9hicules","isPartOf":{"@id":"https:\/\/emilfreyclassics.webmodus-dev.ch\/#website"},"datePublished":"2020-01-21T12:01:36+00:00","dateModified":"2026-02-19T10:31:53+00:00","description":"%","breadcrumb":{"@id":"https:\/\/emilfreyclassics.webmodus-dev.ch\/fr\/classic-cars-fr\/offre-de-vehicules\/#breadcrumb"},"inLanguage":"fr-FR","potentialAction":[{"@type":"ReadAction","target":["https:\/\/emilfreyclassics.webmodus-dev.ch\/fr\/classic-cars-fr\/offre-de-vehicules\/"]}]},{"@type":"BreadcrumbList","@id":"https:\/\/emilfreyclassics.webmodus-dev.ch\/fr\/classic-cars-fr\/offre-de-vehicules\/#breadcrumb","itemListElement":[{"@type":"ListItem","position":1,"name":"Home","item":"https:\/\/emilfreyclassics.webmodus-dev.ch\/fr\/"},{"@type":"ListItem","position":2,"name":"Classic Cars","item":"https:\/\/emilfreyclassics.webmodus-dev.ch\/fr\/classic-cars-fr\/"},{"@type":"ListItem","position":3,"name":"Offre de v\u00e9hicules"}]},{"@type":"WebSite","@id":"https:\/\/emilfreyclassics.webmodus-dev.ch\/#website","url":"https:\/\/emilfreyclassics.webmodus-dev.ch\/","name":"Emil Frey Classics AG","description":"","potentialAction":[{"@type":"SearchAction","target":{"@type":"EntryPoint","urlTemplate":"https:\/\/emilfreyclassics.webmodus-dev.ch\/?s={search_term_string}"},"query-input":{"@type":"PropertyValueSpecification","valueRequired":true,"valueName":"search_term_string"}}],"inLanguage":"fr-FR"}]}},"_links":{"self":[{"href":"https:\/\/emilfreyclassics.webmodus-dev.ch\/fr\/wp-json\/wp\/v2\/pages\/20451","targetHints":{"allow":["GET"]}}],"collection":[{"href":"https:\/\/emilfreyclassics.webmodus-dev.ch\/fr\/wp-json\/wp\/v2\/pages"}],"about":[{"href":"https:\/\/emilfreyclassics.webmodus-dev.ch\/fr\/wp-json\/wp\/v2\/types\/page"}],"author":[{"embeddable":true,"href":"https:\/\/emilfreyclassics.webmodus-dev.ch\/fr\/wp-json\/wp\/v2\/users\/16"}],"replies":[{"embeddable":true,"href":"https:\/\/emilfreyclassics.webmodus-dev.ch\/fr\/wp-json\/wp\/v2\/comments?post=20451"}],"version-history":[{"count":6,"href":"https:\/\/emilfreyclassics.webmodus-dev.ch\/fr\/wp-json\/wp\/v2\/pages\/20451\/revisions"}],"predecessor-version":[{"id":21070,"href":"https:\/\/emilfreyclassics.webmodus-dev.ch\/fr\/wp-json\/wp\/v2\/pages\/20451\/revisions\/21070"}],"up":[{"embeddable":true,"href":"https:\/\/emilfreyclassics.webmodus-dev.ch\/fr\/wp-json\/wp\/v2\/pages\/20449"}],"wp:attachment":[{"href":"https:\/\/emilfreyclassics.webmodus-dev.ch\/fr\/wp-json\/wp\/v2\/media?parent=20451"}],"curies":[{"name":"wp","href":"https:\/\/api.w.org\/{rel}","templated":true}]}}