{"id":20449,"date":"2020-01-06T12:22:49","date_gmt":"2020-01-06T12:22:49","guid":{"rendered":"https:\/\/emilfreyclassics.webmodus-dev.ch\/classic-cars\/"},"modified":"2026-03-05T08:19:56","modified_gmt":"2026-03-05T08:19:56","slug":"classic-cars-fr","status":"publish","type":"page","link":"https:\/\/emilfreyclassics.webmodus-dev.ch\/fr\/classic-cars-fr\/","title":{"rendered":"Classic Cars"},"content":{"rendered":"<section class=\"l-section wpb_row us_custom_278d8c57 height_medium width_full\"><div class=\"l-section-h i-cf\"><div class=\"g-cols vc_row via_flex valign_top type_default stacking_default\"><div class=\"vc_col-sm-12 wpb_column vc_column_container\"><div class=\"vc_column-inner\"><div class=\"wpb_wrapper\"><section class=\"l-section wpb_row us_custom_3f155a9c height_medium width_full parallax_ver\"><div class=\"l-section-h i-cf\"><div class=\"g-cols vc_row via_flex valign_top type_default stacking_default\"><div class=\"vc_col-sm-12 wpb_column vc_column_container\"><div class=\"vc_column-inner\"><div class=\"wpb_wrapper\"><\/div><\/div><\/div><\/div><\/div><\/section><section class=\"l-section wpb_row us_custom_ac0ca196 webmodus-haupt-titel-container height_medium width_full\"><div class=\"l-section-h i-cf\"><div class=\"g-cols vc_row via_flex valign_top type_default stacking_default\"><div class=\"vc_col-sm-12 wpb_column vc_column_container\"><div class=\"vc_column-inner\"><div class=\"wpb_wrapper\"><h1 class=\"w-post-elm post_custom_field us_custom_4076faf9 webmodus-haupt-titel has_text_color type_text beschriftung_weisser_balken color_link_inherit\"><span class=\"w-post-elm-value\">Achat et vente de voitures classiques<\/span><\/h1><div class=\"w-popup webmodus-haupt-titel-popup w-btn-wrapper align_none\"><button type=\"button\" aria-label=\"Tous les v\u00e9hicules propos\u00e9s sont dans leur \u00e9tat d&#039;origine.\" class=\"w-popup-trigger type_btn w-btn us-btn-style_1 icon_atright\"><span class=\"w-btn-label\">Tous les v\u00e9hicules propos\u00e9s sont dans leur \u00e9tat d'origine.<\/span><i class=\"fas fa-video\"><\/i><\/button><div class=\"w-popup-overlay\" style=\"background:rgba(0,0,0,0.85);\"><\/div><div class=\"w-popup-wrap layout_fullscreen webmodus-haupt-titel-popup\" role=\"dialog\" aria-modal=\"true\" aria-label=\"Tous les v\u00e9hicules propos\u00e9s sont dans leur \u00e9tat d&#039;origine.\" style=\"--title-color:var(--color-content-heading);--title-bg-color:var(--color-content-bg-alt);--content-color:var(--color-content-text);--content-bg-color:var(--color-content-bg);--popup-width:600px;--popup-padding:5%;\"><button aria-label=\"Fermer\" class=\"w-popup-closer\" type=\"button\"><\/button><div class=\"w-popup-box animation_fadeIn closerpos_outside without_title\"><div class=\"w-popup-box-h\"><div class=\"w-popup-box-content\"><p><iframe style=\"width: 100%;\" title=\"YouTube video player\" src=\"https:\/\/youtube.com\/embed\/_3vrJR8CCE4?autoplay=1\" frameborder=\"0\" allowfullscreen=\"allowfullscreen\"><\/iframe><\/p>\n<\/div><\/div><\/div><\/div><\/div><\/div><\/div><\/div><\/div><\/div><\/section>\n<\/div><\/div><\/div><\/div><\/div><\/section><section class=\"l-section wpb_row height_medium\"><div class=\"l-section-h i-cf\"><div class=\"g-cols vc_row via_flex valign_top type_default stacking_default\"><div class=\"vc_col-sm-12 wpb_column vc_column_container\"><div class=\"vc_column-inner\"><div class=\"wpb_wrapper\">[vc_custom_heading text=\u00a0\u00bbD\u2019automobiles classiques\u00a0\u00bb font_container=\u00a0\u00bbtag:h2|text_align:left|color:%23FFFFFF\u00a0\u00bb use_theme_fonts=\u00a0\u00bbyes\u00a0\u00bb]<div class=\"wpb_text_column\"><div class=\"wpb_wrapper\"><p><span>Nous nous sommes sp\u00e9cialis\u00e9s dans le march\u00e9 des v\u00e9hicules de collection des ann\u00e9es 50 \u00e0 70. Tous les exemplaires que nous proposons sont en excellente condition et dans leur \u00e9tat d\u2019origine.<\/span><\/p>\n<\/div><\/div><\/div><\/div><\/div><\/div><\/div><\/section><section class=\"l-section wpb_row us_custom_19737bc8 ef-background-container ef-black-font ef-full-md-background height_medium width_full_with_indents\"><div class=\"l-section-h i-cf\"><div class=\"g-cols vc_row via_flex valign_top type_default stacking_default\"><div class=\"vc_col-sm-12 wpb_column vc_column_container has_text_color has_bg_color\"><div class=\"vc_column-inner us_custom_0bc6de0b\"><div class=\"wpb_wrapper\">[vc_custom_heading text=\u00a0\u00bbLors d&rsquo;un changement de mains, une automobile classique est entre de bonnes mains avec nous.\u00a0\u00bb font_container=\u00a0\u00bbtag:h2|text_align:center\u00a0\u00bb use_theme_fonts=\u00a0\u00bbyes\u00a0\u00bb]<div class=\"w-separator size_medium\"><\/div><div class=\"g-cols wpb_row us_custom_64ece916 via_flex valign_top type_default stacking_default\"><div class=\"vc_col-sm-4 wpb_column vc_column_container\"><div class=\"vc_column-inner\"><div class=\"wpb_wrapper\"><div class=\"w-image has_ratio align_none\"><div class=\"w-image-h\"><div style=\"padding-bottom:75%\"><\/div><img decoding=\"async\" width=\"1024\" height=\"724\" src=\"https:\/\/emilfreyclassics.webmodus-dev.ch\/wp-content\/uploads\/2020\/01\/01-Jaguar-MK2_Front-1024x724.jpg\" class=\"attachment-large size-large\" alt=\"\" loading=\"lazy\" \/><\/div><\/div><div class=\"w-separator size_small\"><\/div><h2 class=\"w-text\"><span class=\"w-text-h\"><span class=\"w-text-value\">Offres de v\u00e9hicules<\/span><\/span><\/h2><div class=\"wpb_text_column\"><div class=\"wpb_wrapper\"><p><span>Constamment \u00e0 l\u2019aff\u00fbt de classic cars, essentiellement britanniques, susceptibles de s\u2019int\u00e9grer \u00e0 notre portefeuille, nous sommes \u00e9galement un interlocuteur id\u00e9al pour les vendeurs. Le cas \u00e9ch\u00e9ant, nous proc\u00e9dons \u00e0 la restauration dans notre atelier.<\/span><\/p>\n<\/div><\/div><div class=\"w-separator size_small\"><\/div><div class=\"w-btn-wrapper align_none\"><a class=\"w-btn us-btn-style_1\" href=\"https:\/\/www.emilfreyclassics.ch\/fr\/classic-cars\/offres-de-vehicules\/\"><span class=\"w-btn-label\">Plus d&rsquo;information<\/span><\/a><\/div><div class=\"w-separator hide_on_default hide_on_laptops size_medium\"><\/div><\/div><\/div><\/div><div class=\"vc_col-sm-4 wpb_column vc_column_container\"><div class=\"vc_column-inner\"><div class=\"wpb_wrapper\"><div class=\"w-image has_ratio align_none\"><div class=\"w-image-h\"><div style=\"padding-bottom:75%\"><\/div><img decoding=\"async\" width=\"1024\" height=\"739\" src=\"https:\/\/emilfreyclassics.webmodus-dev.ch\/wp-content\/uploads\/2020\/01\/01_MEANIE_Vorne-1024x739.jpg\" class=\"attachment-large size-large\" alt=\"\" loading=\"lazy\" \/><\/div><\/div><div class=\"w-separator size_small\"><\/div><h2 class=\"w-text\"><span class=\"w-text-h\"><span class=\"w-text-value\">Perles rares<\/span><\/span><\/h2><div class=\"wpb_text_column\"><div class=\"wpb_wrapper\"><p><span>Vous cherchez un classique tr\u00e8s sp\u00e9cial ou \u00eates-vous un collectionneur de raret\u00e9s? Profitez de nos nombreuses ann\u00e9es d\u2019exp\u00e9rience dans le commerce de voitures classiques.<\/span><\/p>\n<\/div><\/div><div class=\"w-separator size_small\"><\/div><div class=\"w-btn-wrapper align_none\"><a class=\"w-btn us-btn-style_1\" href=\"https:\/\/www.emilfreyclassics.ch\/fr\/classic-cars\/rarites\/\"><span class=\"w-btn-label\">Plus d&rsquo;information<\/span><\/a><\/div><div class=\"w-separator hide_on_default hide_on_laptops size_medium\"><\/div><\/div><\/div><\/div><div class=\"vc_col-sm-4 wpb_column vc_column_container\"><div class=\"vc_column-inner\"><div class=\"wpb_wrapper\"><div class=\"w-image has_ratio align_none\"><div class=\"w-image-h\"><div style=\"padding-bottom:75%\"><\/div><img decoding=\"async\" width=\"1024\" height=\"683\" src=\"https:\/\/emilfreyclassics.webmodus-dev.ch\/wp-content\/uploads\/2020\/01\/Jaguar-XK150-Cabrio_Top-1024x683.jpg\" class=\"attachment-large size-large\" alt=\"\" loading=\"lazy\" \/><\/div><\/div><div class=\"w-separator size_small\"><\/div><h2 class=\"w-text\"><span class=\"w-text-h\"><span class=\"w-text-value\">V\u00e9hicules \u00e0 venir<\/span><\/span><\/h2><div class=\"wpb_text_column\"><div class=\"wpb_wrapper\"><p><span>Nous recherchons en permanence des v\u00e9hicules exclusifs pour nos prospects de voitures classiques. Dans le m\u00eame temps, nous sommes \u00e0 vos c\u00f4t\u00e9s pour vous conseiller si vous souhaitez vendre votre v\u00e9hicule de collection exclusif.<\/span><\/p>\n<\/div><\/div><div class=\"w-separator size_small\"><\/div><div class=\"w-btn-wrapper align_none\"><a class=\"w-btn us-btn-style_1\" href=\"https:\/\/www.emilfreyclassics.ch\/fr\/classic-cars\/vehicules-a-venir\/\"><span class=\"w-btn-label\">Plus d&rsquo;information<\/span><\/a><\/div><div class=\"w-separator hide_on_default hide_on_laptops size_medium\"><\/div><\/div><\/div><\/div><\/div><div class=\"w-separator hide_on_tablets hide_on_mobiles size_medium\"><\/div><div class=\"g-cols wpb_row via_flex valign_top type_default stacking_default\"><div class=\"vc_col-sm-3 wpb_column vc_column_container\"><div class=\"vc_column-inner\"><div class=\"wpb_wrapper\"><div class=\"w-image has_ratio align_none\"><div class=\"w-image-h\"><div style=\"padding-bottom:75%\"><\/div><img decoding=\"async\" width=\"1024\" height=\"706\" src=\"https:\/\/emilfreyclassics.webmodus-dev.ch\/wp-content\/uploads\/2020\/01\/01-Jaguar-XK140-Weiss_vorne-1024x706.jpg\" class=\"attachment-large size-large\" alt=\"\" loading=\"lazy\" \/><\/div><\/div><div class=\"w-separator size_small\"><\/div><h2 class=\"w-text\"><span class=\"w-text-h\"><span class=\"w-text-value\">V\u00e9hicules vendus<\/span><\/span><\/h2><div class=\"wpb_text_column\"><div class=\"wpb_wrapper\"><p><span>Les voitures de collection maintenues avec soin dans leur \u00e9tat d\u2019origine garantissent un plaisir de conduite exceptionnel. Lorsqu\u2019il est question de conserver la valeur de votre v\u00e9hicule d\u2019amateur, vous pouvez compter sur notre expertise et notre soutien.<\/span><\/p>\n<\/div><\/div><div class=\"w-separator size_small\"><\/div><div class=\"w-btn-wrapper align_none\"><a class=\"w-btn us-btn-style_1\" href=\"https:\/\/www.emilfreyclassics.ch\/fr\/classic-cars\/vehicules-vendus\/\"><span class=\"w-btn-label\">Plus d&rsquo;information<\/span><\/a><\/div><div class=\"w-separator hide_on_default hide_on_laptops size_medium\"><\/div><\/div><\/div><\/div><div class=\"vc_col-sm-3 wpb_column vc_column_container\"><div class=\"vc_column-inner\"><div class=\"wpb_wrapper\"><div class=\"w-image has_ratio align_none\"><div class=\"w-image-h\"><div style=\"padding-bottom:75%\"><\/div><img decoding=\"async\" width=\"1024\" height=\"683\" src=\"https:\/\/emilfreyclassics.webmodus-dev.ch\/wp-content\/uploads\/2020\/01\/EF_Classics_Imagebrochure-63-1024x683.jpg\" class=\"attachment-large size-large\" alt=\"\" loading=\"lazy\" \/><\/div><\/div><div class=\"w-separator size_small\"><\/div><h2 class=\"w-text\"><span class=\"w-text-h\"><span class=\"w-text-value\">Classic Car Hotel<\/span><\/span><\/h2><div class=\"wpb_text_column\"><div class=\"wpb_wrapper\"><p><span>Pour que les voitures classiques procurent du plaisir \u00e0 leurs propri\u00e9taires pendant de longues ann\u00e9es, elles doivent \u00eatre stock\u00e9es dans les r\u00e8gles de l\u2019art. \u00c0 l\u2019h\u00f4tel Classic Car, votre v\u00e9hicule sera gar\u00e9 en toute s\u00e9curit\u00e9 et dans des conditions optimales en hiver, mais aussi tout au long de l\u2019ann\u00e9e.<\/span><\/p>\n<\/div><\/div><div class=\"w-separator size_small\"><\/div><div class=\"w-btn-wrapper align_none\"><a class=\"w-btn us-btn-style_1\" href=\"https:\/\/www.emilfreyclassics.ch\/fr\/classic-cars\/classic-car-hotel\/\"><span class=\"w-btn-label\">Plus d&rsquo;information<\/span><\/a><\/div><div class=\"w-separator hide_on_default hide_on_laptops size_medium\"><\/div><\/div><\/div><\/div><div class=\"vc_col-sm-3 wpb_column vc_column_container\"><div class=\"vc_column-inner\"><div class=\"wpb_wrapper\"><div class=\"w-image has_ratio align_none\"><div class=\"w-image-h\"><div style=\"padding-bottom:75%\"><\/div><img decoding=\"async\" width=\"1024\" height=\"576\" src=\"https:\/\/emilfreyclassics.webmodus-dev.ch\/wp-content\/uploads\/2019\/12\/3-1024x576.jpg\" class=\"attachment-large size-large\" alt=\"\" loading=\"lazy\" \/><\/div><\/div><div class=\"w-separator size_small\"><\/div><h2 class=\"w-text\"><span class=\"w-text-h\"><span class=\"w-text-value\">\u00c9valuation de v\u00e9hicules<\/span><\/span><\/h2><div class=\"wpb_text_column\"><div class=\"wpb_wrapper\"><p><span>Nous vous fournissons des rapports de v\u00e9hicules bien fond\u00e9s sur les voitures classiques. Les classiques sont examin\u00e9s dans des tests et des comparaisons individuels. Si vous \u00eates fascin\u00e9 par les classiques, alors lisez nos rapports passionnants.<\/span><\/p>\n<\/div><\/div><div class=\"w-separator size_small\"><\/div><div class=\"w-btn-wrapper align_none\"><a class=\"w-btn us-btn-style_1\" href=\"https:\/\/www.emilfreyclassics.ch\/fr\/classic-cars\/avis-de-voitures\/\"><span class=\"w-btn-label\">Plus d&rsquo;information<\/span><\/a><\/div><div class=\"w-separator hide_on_default hide_on_laptops size_medium\"><\/div><\/div><\/div><\/div><div class=\"vc_col-sm-3 wpb_column vc_column_container\"><div class=\"vc_column-inner\"><div class=\"wpb_wrapper\"><div class=\"w-image has_ratio align_none\"><div class=\"w-image-h\"><div style=\"padding-bottom:75%\"><\/div><img decoding=\"async\" width=\"1024\" height=\"684\" src=\"https:\/\/emilfreyclassics.webmodus-dev.ch\/wp-content\/uploads\/2025\/01\/Saeule-1024x684.jpg\" class=\"attachment-large size-large\" alt=\"\" loading=\"lazy\" \/><\/div><\/div><div class=\"w-separator size_small\"><\/div><h2 class=\"w-text\"><span class=\"w-text-h\"><span class=\"w-text-value\">Classic Auctions<\/span><\/span><\/h2><div class=\"wpb_text_column\"><div class=\"wpb_wrapper\"><p><span>Faites-vous une id\u00e9e des nouvelles acquisitions de voitures classiques que notre maison de vente aux ench\u00e8res mettra prochainement en vente. La s\u00e9lection exquise comprend r\u00e9guli\u00e8rement des pi\u00e8ces de collection rares, en particulier des voitures de sport avec un historique important.<\/span><\/p>\n<\/div><\/div><div class=\"w-separator size_small\"><\/div><div class=\"w-btn-wrapper align_none\"><a class=\"w-btn us-btn-style_1\" target=\"_blank\" href=\"https:\/\/www.classicauctions.ch\/en\"><span class=\"w-btn-label\">Plus d&rsquo;information<\/span><\/a><\/div><\/div><\/div><\/div><\/div><\/div><\/div><\/div><\/div><\/div><\/section><section class=\"l-section wpb_row height_medium\"><div class=\"l-section-h i-cf\"><div class=\"g-cols vc_row via_flex valign_top type_default stacking_default\"><div class=\"vc_col-sm-12 wpb_column vc_column_container\"><div class=\"vc_column-inner\"><div class=\"wpb_wrapper\"><div class=\"w-separator hide_on_default hide_on_laptops size_medium\"><\/div><div class=\"w-grid us_post_carousel type_carousel layout_18711 preload_style_spinner items_3\" id=\"us_post_list_h4e8\" style=\"--items:3;--gap:1.5rem;\"><style>.layout_18711 .w-grid-item-h{background:var(--color-header-middle-text);color:#000000}.layout_18711 .usg_post_title_1{color:#000000!important}.layout_18711 .usg_btn_1{margin-top:10px!important}.layout_18711 .usg_vwrapper_1{background:#ebeef2!important;padding:30px 20px 30px 20px!important}.layout_18711 .usg_vwrapper_2{margin-top:20px!important;margin-bottom:20px!important;padding-left:20px!important;padding-right:20px!important}<\/style><div class=\"w-grid-list owl-carousel valign_stretch dotstyle_circle navstyle_1 arrows-ver-pos_middle arrows-hor-pos_on_sides_outside arrows-disabled_hide owl-responsive-2000 with_arrows\" style=\"--transition-duration:350ms;--arrows-size:1.5rem;--arrows-hor-offset:21px;--arrows-gap:10px;\">\t<article class=\"w-grid-item size_1x1 post-20650 car type-car status-publish hentry category-cars-on-offer-fr\" data-id=\"20650\">\r\n\t\t<div class=\"w-grid-item-h\">\r\n\t\t\t\t\t\t<div class=\"w-post-elm post_custom_field usg_post_custom_field_1 type_image car_image color_link_inherit has_ratio\"><div style=\"padding-bottom:77.7778%\"><\/div><img loading=\"lazy\" decoding=\"async\" width=\"1024\" height=\"831\" src=\"https:\/\/emilfreyclassics.webmodus-dev.ch\/wp-content\/uploads\/2026\/02\/01-Aston-Martin-DB2_Vorne-1-1024x831.jpg\" class=\"attachment-large size-large\" alt=\"\" srcset=\"https:\/\/emilfreyclassics.webmodus-dev.ch\/wp-content\/uploads\/2026\/02\/01-Aston-Martin-DB2_Vorne-1-1024x831.jpg 1024w, https:\/\/emilfreyclassics.webmodus-dev.ch\/wp-content\/uploads\/2026\/02\/01-Aston-Martin-DB2_Vorne-1-300x244.jpg 300w, https:\/\/emilfreyclassics.webmodus-dev.ch\/wp-content\/uploads\/2026\/02\/01-Aston-Martin-DB2_Vorne-1-600x487.jpg 600w, https:\/\/emilfreyclassics.webmodus-dev.ch\/wp-content\/uploads\/2026\/02\/01-Aston-Martin-DB2_Vorne-1.jpg 1600w\" sizes=\"auto, (max-width: 1024px) 100vw, 1024px\" \/><\/div><div class=\"w-vwrapper usg_vwrapper_1\"><h3 class=\"w-post-elm post_title usg_post_title_1 has_text_color align_left entry-title color_link_inherit\">Aston Martin DB (2\/4) MK III (1957)<\/h3><\/div><div class=\"w-vwrapper usg_vwrapper_2\"><div class=\"w-hwrapper usg_hwrapper_1 align_justify\"><div class=\"w-text usg_text_1\"><span class=\"w-text-h\"><span class=\"w-text-value\">Mise en circulation<\/span><\/span><\/div><div class=\"w-post-elm post_custom_field usg_post_custom_field_2 type_text car_information_car_vintage_year color_link_inherit\"><span class=\"w-post-elm-value\">1957<\/span><\/div><\/div><div class=\"w-hwrapper usg_hwrapper_2 align_justify\"><div class=\"w-text usg_text_2\"><span class=\"w-text-h\"><span class=\"w-text-value\">Kilom\u00e9trage<\/span><\/span><\/div><div class=\"w-post-elm post_custom_field usg_post_custom_field_3 type_text car_information_car_mileage color_link_inherit\"><span class=\"w-post-elm-value\">36000<\/span><\/div><\/div><div class=\"w-hwrapper usg_hwrapper_3 align_justify\"><div class=\"w-text usg_text_3\"><span class=\"w-text-h\"><span class=\"w-text-value\">Prix<\/span><\/span><\/div><div class=\"w-post-elm post_custom_field usg_post_custom_field_4 type_text car_information_car_price color_link_inherit\"><span class=\"w-post-elm-value\">Ench\u00e8re \u00e0 partir de CHF 240 000<br \/>Achat imm\u00e9diat CHF 265 000<\/span><\/div><\/div><a class=\"w-btn us-btn-style_1 usg_btn_1\" href=\"https:\/\/emilfreyclassics.webmodus-dev.ch\/fr\/car\/aston-martin-db-2-4-mk-iii-1957\/\"><span class=\"w-btn-label\">Informations<\/span><\/a><\/div>\t\t<\/div>\r\n\t\t\t<\/article>\r\n\t<article class=\"w-grid-item size_1x1 post-20667 car type-car status-publish hentry category-cars-on-offer-fr\" data-id=\"20667\">\r\n\t\t<div class=\"w-grid-item-h\">\r\n\t\t\t\t\t\t<div class=\"w-post-elm post_custom_field usg_post_custom_field_1 type_image car_image color_link_inherit has_ratio\"><div style=\"padding-bottom:77.7778%\"><\/div><img loading=\"lazy\" decoding=\"async\" width=\"1024\" height=\"774\" src=\"https:\/\/emilfreyclassics.webmodus-dev.ch\/wp-content\/uploads\/2026\/02\/01-Aston-Martin-DB4-hellblau_Vorne-1-1024x774.jpg\" class=\"attachment-large size-large\" alt=\"\" srcset=\"https:\/\/emilfreyclassics.webmodus-dev.ch\/wp-content\/uploads\/2026\/02\/01-Aston-Martin-DB4-hellblau_Vorne-1-1024x774.jpg 1024w, https:\/\/emilfreyclassics.webmodus-dev.ch\/wp-content\/uploads\/2026\/02\/01-Aston-Martin-DB4-hellblau_Vorne-1-300x227.jpg 300w, https:\/\/emilfreyclassics.webmodus-dev.ch\/wp-content\/uploads\/2026\/02\/01-Aston-Martin-DB4-hellblau_Vorne-1-600x454.jpg 600w, https:\/\/emilfreyclassics.webmodus-dev.ch\/wp-content\/uploads\/2026\/02\/01-Aston-Martin-DB4-hellblau_Vorne-1.jpg 1600w\" sizes=\"auto, (max-width: 1024px) 100vw, 1024px\" \/><\/div><div class=\"w-vwrapper usg_vwrapper_1\"><h3 class=\"w-post-elm post_title usg_post_title_1 has_text_color align_left entry-title color_link_inherit\">Aston Martin DB4 Series IV Convertible Special Series Vantage<\/h3><\/div><div class=\"w-vwrapper usg_vwrapper_2\"><div class=\"w-hwrapper usg_hwrapper_1 align_justify\"><div class=\"w-text usg_text_1\"><span class=\"w-text-h\"><span class=\"w-text-value\">Mise en circulation<\/span><\/span><\/div><div class=\"w-post-elm post_custom_field usg_post_custom_field_2 type_text car_information_car_vintage_year color_link_inherit\"><span class=\"w-post-elm-value\">1962<\/span><\/div><\/div><div class=\"w-hwrapper usg_hwrapper_2 align_justify\"><div class=\"w-text usg_text_2\"><span class=\"w-text-h\"><span class=\"w-text-value\">Kilom\u00e9trage<\/span><\/span><\/div><div class=\"w-post-elm post_custom_field usg_post_custom_field_3 type_text car_information_car_mileage color_link_inherit\"><span class=\"w-post-elm-value\">150<\/span><\/div><\/div><div class=\"w-hwrapper usg_hwrapper_3 align_justify\"><div class=\"w-text usg_text_3\"><span class=\"w-text-h\"><span class=\"w-text-value\">Prix<\/span><\/span><\/div><div class=\"w-post-elm post_custom_field usg_post_custom_field_4 type_text car_information_car_price color_link_inherit\"><span class=\"w-post-elm-value\">sur demande<\/span><\/div><\/div><a class=\"w-btn us-btn-style_1 usg_btn_1\" href=\"https:\/\/emilfreyclassics.webmodus-dev.ch\/fr\/car\/aston-martin-db4-series-iv-convertible-special-series-vantage\/\"><span class=\"w-btn-label\">Informations<\/span><\/a><\/div>\t\t<\/div>\r\n\t\t\t<\/article>\r\n\t<article class=\"w-grid-item size_1x1 post-20679 car type-car status-publish hentry category-cars-on-offer-fr\" data-id=\"20679\">\r\n\t\t<div class=\"w-grid-item-h\">\r\n\t\t\t\t\t\t<div class=\"w-post-elm post_custom_field usg_post_custom_field_1 type_image car_image color_link_inherit has_ratio\"><div style=\"padding-bottom:77.7778%\"><\/div><img loading=\"lazy\" decoding=\"async\" width=\"1024\" height=\"739\" src=\"https:\/\/emilfreyclassics.webmodus-dev.ch\/wp-content\/uploads\/2026\/02\/01-Aston-Martin-Volante_Vorne-1-1024x739.jpg\" class=\"attachment-large size-large\" alt=\"\" srcset=\"https:\/\/emilfreyclassics.webmodus-dev.ch\/wp-content\/uploads\/2026\/02\/01-Aston-Martin-Volante_Vorne-1-1024x739.jpg 1024w, https:\/\/emilfreyclassics.webmodus-dev.ch\/wp-content\/uploads\/2026\/02\/01-Aston-Martin-Volante_Vorne-1-300x217.jpg 300w, https:\/\/emilfreyclassics.webmodus-dev.ch\/wp-content\/uploads\/2026\/02\/01-Aston-Martin-Volante_Vorne-1-600x433.jpg 600w, https:\/\/emilfreyclassics.webmodus-dev.ch\/wp-content\/uploads\/2026\/02\/01-Aston-Martin-Volante_Vorne-1.jpg 1600w\" sizes=\"auto, (max-width: 1024px) 100vw, 1024px\" \/><\/div><div class=\"w-vwrapper usg_vwrapper_1\"><h3 class=\"w-post-elm post_title usg_post_title_1 has_text_color align_left entry-title color_link_inherit\">Aston Martin V8 Volante 1982<\/h3><\/div><div class=\"w-vwrapper usg_vwrapper_2\"><div class=\"w-hwrapper usg_hwrapper_1 align_justify\"><div class=\"w-text usg_text_1\"><span class=\"w-text-h\"><span class=\"w-text-value\">Mise en circulation<\/span><\/span><\/div><div class=\"w-post-elm post_custom_field usg_post_custom_field_2 type_text car_information_car_vintage_year color_link_inherit\"><span class=\"w-post-elm-value\">1982<\/span><\/div><\/div><div class=\"w-hwrapper usg_hwrapper_2 align_justify\"><div class=\"w-text usg_text_2\"><span class=\"w-text-h\"><span class=\"w-text-value\">Kilom\u00e9trage<\/span><\/span><\/div><div class=\"w-post-elm post_custom_field usg_post_custom_field_3 type_text car_information_car_mileage color_link_inherit\"><span class=\"w-post-elm-value\">62500<\/span><\/div><\/div><div class=\"w-hwrapper usg_hwrapper_3 align_justify\"><div class=\"w-text usg_text_3\"><span class=\"w-text-h\"><span class=\"w-text-value\">Prix<\/span><\/span><\/div><div class=\"w-post-elm post_custom_field usg_post_custom_field_4 type_text car_information_car_price color_link_inherit\"><span class=\"w-post-elm-value\">193800<\/span><\/div><\/div><a class=\"w-btn us-btn-style_1 usg_btn_1\" href=\"https:\/\/emilfreyclassics.webmodus-dev.ch\/fr\/car\/aston-martin-v8-volante-1982\/\"><span class=\"w-btn-label\">Informations<\/span><\/a><\/div>\t\t<\/div>\r\n\t\t\t<\/article>\r\n\t<article class=\"w-grid-item size_1x1 post-20943 car type-car status-publish hentry category-cars-on-offer-fr\" data-id=\"20943\">\r\n\t\t<div class=\"w-grid-item-h\">\r\n\t\t\t\t\t\t<div class=\"w-post-elm post_custom_field usg_post_custom_field_1 type_image car_image color_link_inherit has_ratio\"><div style=\"padding-bottom:77.7778%\"><\/div><img loading=\"lazy\" decoding=\"async\" width=\"1024\" height=\"778\" src=\"https:\/\/emilfreyclassics.webmodus-dev.ch\/wp-content\/uploads\/2026\/02\/01-Jaguar-SS-1936_Vorne-1024x778.jpg\" class=\"attachment-large size-large\" alt=\"\" srcset=\"https:\/\/emilfreyclassics.webmodus-dev.ch\/wp-content\/uploads\/2026\/02\/01-Jaguar-SS-1936_Vorne-1024x778.jpg 1024w, https:\/\/emilfreyclassics.webmodus-dev.ch\/wp-content\/uploads\/2026\/02\/01-Jaguar-SS-1936_Vorne-300x228.jpg 300w, https:\/\/emilfreyclassics.webmodus-dev.ch\/wp-content\/uploads\/2026\/02\/01-Jaguar-SS-1936_Vorne-600x456.jpg 600w, https:\/\/emilfreyclassics.webmodus-dev.ch\/wp-content\/uploads\/2026\/02\/01-Jaguar-SS-1936_Vorne.jpg 1600w\" sizes=\"auto, (max-width: 1024px) 100vw, 1024px\" \/><\/div><div class=\"w-vwrapper usg_vwrapper_1\"><h3 class=\"w-post-elm post_title usg_post_title_1 has_text_color align_left entry-title color_link_inherit\">Jaguar S.S. 1.5 Litre<\/h3><\/div><div class=\"w-vwrapper usg_vwrapper_2\"><div class=\"w-hwrapper usg_hwrapper_1 align_justify\"><div class=\"w-text usg_text_1\"><span class=\"w-text-h\"><span class=\"w-text-value\">Mise en circulation<\/span><\/span><\/div><div class=\"w-post-elm post_custom_field usg_post_custom_field_2 type_text car_information_car_vintage_year color_link_inherit\"><span class=\"w-post-elm-value\">1936<\/span><\/div><\/div><div class=\"w-hwrapper usg_hwrapper_2 align_justify\"><div class=\"w-text usg_text_2\"><span class=\"w-text-h\"><span class=\"w-text-value\">Kilom\u00e9trage<\/span><\/span><\/div><div class=\"w-post-elm post_custom_field usg_post_custom_field_3 type_text car_information_car_mileage color_link_inherit\"><span class=\"w-post-elm-value\">50200<\/span><\/div><\/div><div class=\"w-hwrapper usg_hwrapper_3 align_justify\"><div class=\"w-text usg_text_3\"><span class=\"w-text-h\"><span class=\"w-text-value\">Prix<\/span><\/span><\/div><div class=\"w-post-elm post_custom_field usg_post_custom_field_4 type_text car_information_car_price color_link_inherit\"><span class=\"w-post-elm-value\">72600<\/span><\/div><\/div><a class=\"w-btn us-btn-style_1 usg_btn_1\" href=\"https:\/\/emilfreyclassics.webmodus-dev.ch\/fr\/car\/jaguar-s-s-1-5-litre\/\"><span class=\"w-btn-label\">Informations<\/span><\/a><\/div>\t\t<\/div>\r\n\t\t\t<\/article>\r\n\t<article class=\"w-grid-item size_1x1 post-20948 car type-car status-publish hentry category-cars-on-offer-fr\" data-id=\"20948\">\r\n\t\t<div class=\"w-grid-item-h\">\r\n\t\t\t\t\t\t<div class=\"w-post-elm post_custom_field usg_post_custom_field_1 type_image car_image color_link_inherit has_ratio\"><div style=\"padding-bottom:77.7778%\"><\/div><img loading=\"lazy\" decoding=\"async\" width=\"1024\" height=\"706\" src=\"https:\/\/emilfreyclassics.webmodus-dev.ch\/wp-content\/uploads\/2026\/02\/01-Jaguar-XJSC-V12_Vorne-1024x706.jpg\" class=\"attachment-large size-large\" alt=\"\" srcset=\"https:\/\/emilfreyclassics.webmodus-dev.ch\/wp-content\/uploads\/2026\/02\/01-Jaguar-XJSC-V12_Vorne-1024x706.jpg 1024w, https:\/\/emilfreyclassics.webmodus-dev.ch\/wp-content\/uploads\/2026\/02\/01-Jaguar-XJSC-V12_Vorne-300x207.jpg 300w, https:\/\/emilfreyclassics.webmodus-dev.ch\/wp-content\/uploads\/2026\/02\/01-Jaguar-XJSC-V12_Vorne-600x414.jpg 600w, https:\/\/emilfreyclassics.webmodus-dev.ch\/wp-content\/uploads\/2026\/02\/01-Jaguar-XJSC-V12_Vorne.jpg 1600w\" sizes=\"auto, (max-width: 1024px) 100vw, 1024px\" \/><\/div><div class=\"w-vwrapper usg_vwrapper_1\"><h3 class=\"w-post-elm post_title usg_post_title_1 has_text_color align_left entry-title color_link_inherit\">Jaguar XJ-SC V12 (1987)<\/h3><\/div><div class=\"w-vwrapper usg_vwrapper_2\"><div class=\"w-hwrapper usg_hwrapper_1 align_justify\"><div class=\"w-text usg_text_1\"><span class=\"w-text-h\"><span class=\"w-text-value\">Mise en circulation<\/span><\/span><\/div><div class=\"w-post-elm post_custom_field usg_post_custom_field_2 type_text car_information_car_vintage_year color_link_inherit\"><span class=\"w-post-elm-value\">1987<\/span><\/div><\/div><div class=\"w-hwrapper usg_hwrapper_2 align_justify\"><div class=\"w-text usg_text_2\"><span class=\"w-text-h\"><span class=\"w-text-value\">Kilom\u00e9trage<\/span><\/span><\/div><div class=\"w-post-elm post_custom_field usg_post_custom_field_3 type_text car_information_car_mileage color_link_inherit\"><span class=\"w-post-elm-value\">105000<\/span><\/div><\/div><div class=\"w-hwrapper usg_hwrapper_3 align_justify\"><div class=\"w-text usg_text_3\"><span class=\"w-text-h\"><span class=\"w-text-value\">Prix<\/span><\/span><\/div><div class=\"w-post-elm post_custom_field usg_post_custom_field_4 type_text car_information_car_price color_link_inherit\"><span class=\"w-post-elm-value\">26800<\/span><\/div><\/div><a class=\"w-btn us-btn-style_1 usg_btn_1\" href=\"https:\/\/emilfreyclassics.webmodus-dev.ch\/fr\/car\/jaguar-xj-sc-v12-1987\/\"><span class=\"w-btn-label\">Informations<\/span><\/a><\/div>\t\t<\/div>\r\n\t\t\t<\/article>\r\n\t<article class=\"w-grid-item size_1x1 post-20958 car type-car status-publish hentry category-cars-on-offer-fr\" data-id=\"20958\">\r\n\t\t<div class=\"w-grid-item-h\">\r\n\t\t\t\t\t\t<div class=\"w-post-elm post_custom_field usg_post_custom_field_1 type_image car_image color_link_inherit has_ratio\"><div style=\"padding-bottom:77.7778%\"><\/div><img loading=\"lazy\" decoding=\"async\" width=\"1024\" height=\"771\" src=\"https:\/\/emilfreyclassics.webmodus-dev.ch\/wp-content\/uploads\/2026\/02\/01-Lancia-Kupfer_Vorne-1024x771.jpg\" class=\"attachment-large size-large\" alt=\"\" srcset=\"https:\/\/emilfreyclassics.webmodus-dev.ch\/wp-content\/uploads\/2026\/02\/01-Lancia-Kupfer_Vorne-1024x771.jpg 1024w, https:\/\/emilfreyclassics.webmodus-dev.ch\/wp-content\/uploads\/2026\/02\/01-Lancia-Kupfer_Vorne-300x226.jpg 300w, https:\/\/emilfreyclassics.webmodus-dev.ch\/wp-content\/uploads\/2026\/02\/01-Lancia-Kupfer_Vorne-600x452.jpg 600w, https:\/\/emilfreyclassics.webmodus-dev.ch\/wp-content\/uploads\/2026\/02\/01-Lancia-Kupfer_Vorne.jpg 1600w\" sizes=\"auto, (max-width: 1024px) 100vw, 1024px\" \/><\/div><div class=\"w-vwrapper usg_vwrapper_1\"><h3 class=\"w-post-elm post_title usg_post_title_1 has_text_color align_left entry-title color_link_inherit\">Lancia Aurelia B20 S GT<\/h3><\/div><div class=\"w-vwrapper usg_vwrapper_2\"><div class=\"w-hwrapper usg_hwrapper_1 align_justify\"><div class=\"w-text usg_text_1\"><span class=\"w-text-h\"><span class=\"w-text-value\">Mise en circulation<\/span><\/span><\/div><div class=\"w-post-elm post_custom_field usg_post_custom_field_2 type_text car_information_car_vintage_year color_link_inherit\"><span class=\"w-post-elm-value\">1958<\/span><\/div><\/div><div class=\"w-hwrapper usg_hwrapper_2 align_justify\"><div class=\"w-text usg_text_2\"><span class=\"w-text-h\"><span class=\"w-text-value\">Kilom\u00e9trage<\/span><\/span><\/div><div class=\"w-post-elm post_custom_field usg_post_custom_field_3 type_text car_information_car_mileage color_link_inherit\"><span class=\"w-post-elm-value\">51400<\/span><\/div><\/div><div class=\"w-hwrapper usg_hwrapper_3 align_justify\"><div class=\"w-text usg_text_3\"><span class=\"w-text-h\"><span class=\"w-text-value\">Prix<\/span><\/span><\/div><div class=\"w-post-elm post_custom_field usg_post_custom_field_4 type_text car_information_car_price color_link_inherit\"><span class=\"w-post-elm-value\">164800<\/span><\/div><\/div><a class=\"w-btn us-btn-style_1 usg_btn_1\" href=\"https:\/\/emilfreyclassics.webmodus-dev.ch\/fr\/car\/lancia-aurelia-b20-s-gt\/\"><span class=\"w-btn-label\">Informations<\/span><\/a><\/div>\t\t<\/div>\r\n\t\t\t<\/article>\r\n\t<article class=\"w-grid-item size_1x1 post-20961 car type-car status-publish hentry category-cars-on-offer-fr\" data-id=\"20961\">\r\n\t\t<div class=\"w-grid-item-h\">\r\n\t\t\t\t\t\t<div class=\"w-post-elm post_custom_field usg_post_custom_field_1 type_image car_image color_link_inherit has_ratio\"><div style=\"padding-bottom:77.7778%\"><\/div><img loading=\"lazy\" decoding=\"async\" width=\"1024\" height=\"753\" src=\"https:\/\/emilfreyclassics.webmodus-dev.ch\/wp-content\/uploads\/2026\/02\/01_Maserati-3500-GT_Vorne-1024x753.jpg\" class=\"attachment-large size-large\" alt=\"\" srcset=\"https:\/\/emilfreyclassics.webmodus-dev.ch\/wp-content\/uploads\/2026\/02\/01_Maserati-3500-GT_Vorne-1024x753.jpg 1024w, https:\/\/emilfreyclassics.webmodus-dev.ch\/wp-content\/uploads\/2026\/02\/01_Maserati-3500-GT_Vorne-300x221.jpg 300w, https:\/\/emilfreyclassics.webmodus-dev.ch\/wp-content\/uploads\/2026\/02\/01_Maserati-3500-GT_Vorne-600x441.jpg 600w, https:\/\/emilfreyclassics.webmodus-dev.ch\/wp-content\/uploads\/2026\/02\/01_Maserati-3500-GT_Vorne.jpg 1600w\" sizes=\"auto, (max-width: 1024px) 100vw, 1024px\" \/><\/div><div class=\"w-vwrapper usg_vwrapper_1\"><h3 class=\"w-post-elm post_title usg_post_title_1 has_text_color align_left entry-title color_link_inherit\">Maserati 3500 GT Spyder Vignale<\/h3><\/div><div class=\"w-vwrapper usg_vwrapper_2\"><div class=\"w-hwrapper usg_hwrapper_1 align_justify\"><div class=\"w-text usg_text_1\"><span class=\"w-text-h\"><span class=\"w-text-value\">Mise en circulation<\/span><\/span><\/div><div class=\"w-post-elm post_custom_field usg_post_custom_field_2 type_text car_information_car_vintage_year color_link_inherit\"><span class=\"w-post-elm-value\">1964<\/span><\/div><\/div><div class=\"w-hwrapper usg_hwrapper_2 align_justify\"><div class=\"w-text usg_text_2\"><span class=\"w-text-h\"><span class=\"w-text-value\">Kilom\u00e9trage<\/span><\/span><\/div><div class=\"w-post-elm post_custom_field usg_post_custom_field_3 type_text car_information_car_mileage color_link_inherit\"><span class=\"w-post-elm-value\">50000<\/span><\/div><\/div><div class=\"w-hwrapper usg_hwrapper_3 align_justify\"><div class=\"w-text usg_text_3\"><span class=\"w-text-h\"><span class=\"w-text-value\">Prix<\/span><\/span><\/div><div class=\"w-post-elm post_custom_field usg_post_custom_field_4 type_text car_information_car_price color_link_inherit\"><span class=\"w-post-elm-value\">sur demande<\/span><\/div><\/div><a class=\"w-btn us-btn-style_1 usg_btn_1\" href=\"https:\/\/emilfreyclassics.webmodus-dev.ch\/fr\/car\/maserati-3500-gt-spyder-vignale\/\"><span class=\"w-btn-label\">Informations<\/span><\/a><\/div>\t\t<\/div>\r\n\t\t\t<\/article>\r\n\t<article class=\"w-grid-item size_1x1 post-20964 car type-car status-publish hentry category-cars-on-offer-fr\" data-id=\"20964\">\r\n\t\t<div class=\"w-grid-item-h\">\r\n\t\t\t\t\t\t<div class=\"w-post-elm post_custom_field usg_post_custom_field_1 type_image car_image color_link_inherit has_ratio\"><div style=\"padding-bottom:77.7778%\"><\/div><img loading=\"lazy\" decoding=\"async\" width=\"1024\" height=\"754\" src=\"https:\/\/emilfreyclassics.webmodus-dev.ch\/wp-content\/uploads\/2026\/02\/01-Morgan-Silber_Vorne-1024x754.jpg\" class=\"attachment-large size-large\" alt=\"\" srcset=\"https:\/\/emilfreyclassics.webmodus-dev.ch\/wp-content\/uploads\/2026\/02\/01-Morgan-Silber_Vorne-1024x754.jpg 1024w, https:\/\/emilfreyclassics.webmodus-dev.ch\/wp-content\/uploads\/2026\/02\/01-Morgan-Silber_Vorne-300x221.jpg 300w, https:\/\/emilfreyclassics.webmodus-dev.ch\/wp-content\/uploads\/2026\/02\/01-Morgan-Silber_Vorne-600x442.jpg 600w, https:\/\/emilfreyclassics.webmodus-dev.ch\/wp-content\/uploads\/2026\/02\/01-Morgan-Silber_Vorne.jpg 1600w\" sizes=\"auto, (max-width: 1024px) 100vw, 1024px\" \/><\/div><div class=\"w-vwrapper usg_vwrapper_1\"><h3 class=\"w-post-elm post_title usg_post_title_1 has_text_color align_left entry-title color_link_inherit\">Morgan Plus 8<\/h3><\/div><div class=\"w-vwrapper usg_vwrapper_2\"><div class=\"w-hwrapper usg_hwrapper_1 align_justify\"><div class=\"w-text usg_text_1\"><span class=\"w-text-h\"><span class=\"w-text-value\">Mise en circulation<\/span><\/span><\/div><div class=\"w-post-elm post_custom_field usg_post_custom_field_2 type_text car_information_car_vintage_year color_link_inherit\"><span class=\"w-post-elm-value\">2002<\/span><\/div><\/div><div class=\"w-hwrapper usg_hwrapper_2 align_justify\"><div class=\"w-text usg_text_2\"><span class=\"w-text-h\"><span class=\"w-text-value\">Kilom\u00e9trage<\/span><\/span><\/div><div class=\"w-post-elm post_custom_field usg_post_custom_field_3 type_text car_information_car_mileage color_link_inherit\"><span class=\"w-post-elm-value\">27450<\/span><\/div><\/div><div class=\"w-hwrapper usg_hwrapper_3 align_justify\"><div class=\"w-text usg_text_3\"><span class=\"w-text-h\"><span class=\"w-text-value\">Prix<\/span><\/span><\/div><div class=\"w-post-elm post_custom_field usg_post_custom_field_4 type_text car_information_car_price color_link_inherit\"><span class=\"w-post-elm-value\">73800<\/span><\/div><\/div><a class=\"w-btn us-btn-style_1 usg_btn_1\" href=\"https:\/\/emilfreyclassics.webmodus-dev.ch\/fr\/car\/morgan-plus-8\/\"><span class=\"w-btn-label\">Informations<\/span><\/a><\/div>\t\t<\/div>\r\n\t\t\t<\/article>\r\n\t<article class=\"w-grid-item size_1x1 post-20967 car type-car status-publish hentry category-cars-on-offer-fr\" data-id=\"20967\">\r\n\t\t<div class=\"w-grid-item-h\">\r\n\t\t\t\t\t\t<div class=\"w-post-elm post_custom_field usg_post_custom_field_1 type_image car_image color_link_inherit has_ratio\"><div style=\"padding-bottom:77.7778%\"><\/div><img loading=\"lazy\" decoding=\"async\" width=\"1024\" height=\"712\" src=\"https:\/\/emilfreyclassics.webmodus-dev.ch\/wp-content\/uploads\/2026\/02\/01-Rover-grau-Vorne-1024x712.jpg\" class=\"attachment-large size-large\" alt=\"\" srcset=\"https:\/\/emilfreyclassics.webmodus-dev.ch\/wp-content\/uploads\/2026\/02\/01-Rover-grau-Vorne-1024x712.jpg 1024w, https:\/\/emilfreyclassics.webmodus-dev.ch\/wp-content\/uploads\/2026\/02\/01-Rover-grau-Vorne-300x209.jpg 300w, https:\/\/emilfreyclassics.webmodus-dev.ch\/wp-content\/uploads\/2026\/02\/01-Rover-grau-Vorne-600x417.jpg 600w, https:\/\/emilfreyclassics.webmodus-dev.ch\/wp-content\/uploads\/2026\/02\/01-Rover-grau-Vorne.jpg 1600w\" sizes=\"auto, (max-width: 1024px) 100vw, 1024px\" \/><\/div><div class=\"w-vwrapper usg_vwrapper_1\"><h3 class=\"w-post-elm post_title usg_post_title_1 has_text_color align_left entry-title color_link_inherit\">ROVER P6 2000 TC<\/h3><\/div><div class=\"w-vwrapper usg_vwrapper_2\"><div class=\"w-hwrapper usg_hwrapper_1 align_justify\"><div class=\"w-text usg_text_1\"><span class=\"w-text-h\"><span class=\"w-text-value\">Mise en circulation<\/span><\/span><\/div><div class=\"w-post-elm post_custom_field usg_post_custom_field_2 type_text car_information_car_vintage_year color_link_inherit\"><span class=\"w-post-elm-value\">1969<\/span><\/div><\/div><div class=\"w-hwrapper usg_hwrapper_2 align_justify\"><div class=\"w-text usg_text_2\"><span class=\"w-text-h\"><span class=\"w-text-value\">Kilom\u00e9trage<\/span><\/span><\/div><div class=\"w-post-elm post_custom_field usg_post_custom_field_3 type_text car_information_car_mileage color_link_inherit\"><span class=\"w-post-elm-value\">172500<\/span><\/div><\/div><div class=\"w-hwrapper usg_hwrapper_3 align_justify\"><div class=\"w-text usg_text_3\"><span class=\"w-text-h\"><span class=\"w-text-value\">Prix<\/span><\/span><\/div><div class=\"w-post-elm post_custom_field usg_post_custom_field_4 type_text car_information_car_price color_link_inherit\"><span class=\"w-post-elm-value\">23900<\/span><\/div><\/div><a class=\"w-btn us-btn-style_1 usg_btn_1\" href=\"https:\/\/emilfreyclassics.webmodus-dev.ch\/fr\/car\/rover-p6-2000-tc\/\"><span class=\"w-btn-label\">Informations<\/span><\/a><\/div>\t\t<\/div>\r\n\t\t\t<\/article>\r\n\t<article class=\"w-grid-item size_1x1 post-20975 car type-car status-publish hentry category-cars-on-offer-fr\" data-id=\"20975\">\r\n\t\t<div class=\"w-grid-item-h\">\r\n\t\t\t\t\t\t<div class=\"w-post-elm post_custom_field usg_post_custom_field_1 type_image car_image color_link_inherit has_ratio\"><div style=\"padding-bottom:77.7778%\"><\/div><img loading=\"lazy\" decoding=\"async\" width=\"1024\" height=\"731\" src=\"https:\/\/emilfreyclassics.webmodus-dev.ch\/wp-content\/uploads\/2026\/02\/01-Jaguar-XK120-schwarz_Vorne-1024x731.jpg\" class=\"attachment-large size-large\" alt=\"\" srcset=\"https:\/\/emilfreyclassics.webmodus-dev.ch\/wp-content\/uploads\/2026\/02\/01-Jaguar-XK120-schwarz_Vorne-1024x731.jpg 1024w, https:\/\/emilfreyclassics.webmodus-dev.ch\/wp-content\/uploads\/2026\/02\/01-Jaguar-XK120-schwarz_Vorne-300x214.jpg 300w, https:\/\/emilfreyclassics.webmodus-dev.ch\/wp-content\/uploads\/2026\/02\/01-Jaguar-XK120-schwarz_Vorne-600x428.jpg 600w, https:\/\/emilfreyclassics.webmodus-dev.ch\/wp-content\/uploads\/2026\/02\/01-Jaguar-XK120-schwarz_Vorne.jpg 1600w\" sizes=\"auto, (max-width: 1024px) 100vw, 1024px\" \/><\/div><div class=\"w-vwrapper usg_vwrapper_1\"><h3 class=\"w-post-elm post_title usg_post_title_1 has_text_color align_left entry-title color_link_inherit\">Jaguar XK 120 DHC<\/h3><\/div><div class=\"w-vwrapper usg_vwrapper_2\"><div class=\"w-hwrapper usg_hwrapper_1 align_justify\"><div class=\"w-text usg_text_1\"><span class=\"w-text-h\"><span class=\"w-text-value\">Mise en circulation<\/span><\/span><\/div><div class=\"w-post-elm post_custom_field usg_post_custom_field_2 type_text car_information_car_vintage_year color_link_inherit\"><span class=\"w-post-elm-value\">1954<\/span><\/div><\/div><div class=\"w-hwrapper usg_hwrapper_2 align_justify\"><div class=\"w-text usg_text_2\"><span class=\"w-text-h\"><span class=\"w-text-value\">Kilom\u00e9trage<\/span><\/span><\/div><div class=\"w-post-elm post_custom_field usg_post_custom_field_3 type_text car_information_car_mileage color_link_inherit\"><span class=\"w-post-elm-value\">19900<\/span><\/div><\/div><div class=\"w-hwrapper usg_hwrapper_3 align_justify\"><div class=\"w-text usg_text_3\"><span class=\"w-text-h\"><span class=\"w-text-value\">Prix<\/span><\/span><\/div><div class=\"w-post-elm post_custom_field usg_post_custom_field_4 type_text car_information_car_price color_link_inherit\"><span class=\"w-post-elm-value\">117800<\/span><\/div><\/div><a class=\"w-btn us-btn-style_1 usg_btn_1\" href=\"https:\/\/emilfreyclassics.webmodus-dev.ch\/fr\/car\/jaguar-xk-120-dhc\/\"><span class=\"w-btn-label\">Informations<\/span><\/a><\/div>\t\t<\/div>\r\n\t\t\t<\/article>\r\n<\/div><div class=\"w-grid-carousel-json hidden\" onclick='return {&quot;carousel_settings&quot;:{&quot;aria_labels&quot;:{&quot;prev&quot;:&quot;Pr\\u00e9c\\u00e9dent&quot;,&quot;next&quot;:&quot;Suivant&quot;},&quot;autoplayContinual&quot;:false,&quot;autoplayHoverPause&quot;:false,&quot;autoplayTimeout&quot;:3000,&quot;autoWidth&quot;:false,&quot;smartSpeed&quot;:350,&quot;margin&quot;:0,&quot;mouseDrag&quot;:true,&quot;rtl&quot;:false,&quot;slideBy&quot;:&quot;1&quot;,&quot;touchDrag&quot;:true,&quot;slideTransition&quot;:&quot;&quot;,&quot;responsive&quot;:{&quot;0&quot;:{&quot;autoHeight&quot;:false,&quot;autoplay&quot;:true,&quot;autoWidth&quot;:false,&quot;center&quot;:false,&quot;dots&quot;:true,&quot;items&quot;:1,&quot;loop&quot;:true,&quot;nav&quot;:false,&quot;stagePadding&quot;:0,&quot;slideBy&quot;:&quot;1&quot;},&quot;601&quot;:{&quot;autoHeight&quot;:false,&quot;autoplay&quot;:true,&quot;autoWidth&quot;:false,&quot;center&quot;:false,&quot;dots&quot;:true,&quot;items&quot;:2,&quot;loop&quot;:true,&quot;nav&quot;:false,&quot;stagePadding&quot;:0,&quot;slideBy&quot;:&quot;1&quot;},&quot;1025&quot;:{&quot;items&quot;:3,&quot;autoplay&quot;:true,&quot;center&quot;:false,&quot;dots&quot;:false,&quot;nav&quot;:true,&quot;autoHeight&quot;:false,&quot;autoWidth&quot;:false,&quot;loop&quot;:true,&quot;stagePadding&quot;:0}}}}'><\/div><\/div><\/div><\/div><\/div><\/div><\/div><\/section><section class=\"l-section wpb_row us_custom_8a1728d3 height_medium\"><div class=\"l-section-h i-cf\"><div class=\"g-cols vc_row via_flex valign_top type_default stacking_default\"><div class=\"vc_col-sm-2 wpb_column vc_column_container\"><div class=\"vc_column-inner\"><div class=\"wpb_wrapper\"><\/div><\/div><\/div><div class=\"vc_col-sm-8 wpb_column vc_column_container\"><div class=\"vc_column-inner\"><div class=\"wpb_wrapper\"><div class=\"wpb_text_column ef-uppercase\"><div class=\"wpb_wrapper\"><p style=\"text-align: center;\"><span>ACHAT ET VENTE D\u2019AUTOMOBILES<\/span><br \/>\n<span>CLASSIQUES<\/span><\/p>\n<\/div><\/div>[vc_custom_heading text=\u00a0\u00bbVous recherchez un v\u00e9hicule historique ou vous souhaitez vendre le v\u00f4tre?<br \/>\nParlez-nous.\u00a0\u00bb font_container=\u00a0\u00bbtag:h2|font_size:2.25rem|text_align:center|color:%23ffffff\u00a0\u00bb google_fonts=\u00a0\u00bbfont_family:Bree%20Serif%3Aregular|font_style:400%20regular%3A400%3Anormal\u00a0\u00bb]<\/div><\/div><\/div><div class=\"vc_col-sm-2 wpb_column vc_column_container\"><div class=\"vc_column-inner\"><div class=\"wpb_wrapper\"><\/div><\/div><\/div><\/div><\/div><\/section><section class=\"l-section wpb_row height_medium\"><div class=\"l-section-h i-cf\"><div class=\"g-cols vc_row via_flex valign_top type_default stacking_default\"><div class=\"vc_col-sm-12 wpb_column vc_column_container\"><div class=\"vc_column-inner\"><div class=\"wpb_wrapper\"><div class=\"w-grid us_post_list type_grid layout_18682 cols_2 preload_style_spinner\" id=\"us_post_list_o4a0\" style=\"--columns:2;--gap:1.5rem;\"><style>@media (max-width:600px){#us_post_list_o4a0{--columns:1!important}}.layout_18682 .w-grid-item-h{}.layout_18682 .usg_post_custom_field_1{text-align:center!important;margin-top:10px!important}.layout_18682 .usg_post_custom_field_2{text-align:center!important;width:150px!important}.layout_18682 .usg_btn_2{text-align:center!important}.layout_18682 .usg_btn_3{text-align:center!important}<\/style><div class=\"w-grid-list\">\t<article class=\"w-grid-item size_1x1 post-10601 team type-team status-publish hentry\" data-id=\"10601\">\r\n\t\t<div class=\"w-grid-item-h\">\r\n\t\t\t\t\t\t<h2 class=\"w-post-elm post_title usg_post_title_1 align_center entry-title color_link_inherit\">Nisan Karaca<\/h2><div class=\"w-post-elm post_custom_field usg_post_custom_field_1 type_text team_position color_link_inherit\"><span class=\"w-post-elm-value\">Vente Classic Cars<\/span><\/div><div class=\"w-post-elm post_custom_field usg_post_custom_field_2 avatarbild-team type_image team_avatar color_link_inherit has_ratio\"><div style=\"padding-bottom:100%\"><\/div><img loading=\"lazy\" decoding=\"async\" width=\"180\" height=\"180\" src=\"https:\/\/emilfreyclassics.webmodus-dev.ch\/wp-content\/uploads\/2022\/04\/Nisan-final-e1691400654665-1.png\" class=\"attachment-large size-large\" alt=\"\" srcset=\"https:\/\/emilfreyclassics.webmodus-dev.ch\/wp-content\/uploads\/2022\/04\/Nisan-final-e1691400654665-1.png 180w, https:\/\/emilfreyclassics.webmodus-dev.ch\/wp-content\/uploads\/2022\/04\/Nisan-final-e1691400654665-1-150x150.png 150w\" sizes=\"auto, (max-width: 180px) 100vw, 180px\" \/><\/div><div class=\"w-hwrapper usg_hwrapper_2 align_center valign_top\"><a class=\"w-btn us-btn-style_4 usg_btn_3 icon_atleft\" href=\"tel:+41 62 788 79 24\"><i class=\"fas fa-phone-alt\"><\/i><span class=\"w-btn-label\">+41 62 788 79 24<\/span><\/a><a class=\"w-btn us-btn-style_4 usg_btn_2 icon_atleft text_none\" aria-label=\"Button\" href=\"mailto:nisan.karaca@emilfreyclassics.ch\"><i class=\"fas fa-envelope\"><\/i><\/a><\/div>\t\t<\/div>\r\n\t\t\t<\/article>\r\n\t<article class=\"w-grid-item size_1x1 post-9844 team type-team status-publish hentry\" data-id=\"9844\">\r\n\t\t<div class=\"w-grid-item-h\">\r\n\t\t\t\t\t\t<h2 class=\"w-post-elm post_title usg_post_title_1 align_center entry-title color_link_inherit\">Matthias Mir<\/h2><div class=\"w-post-elm post_custom_field usg_post_custom_field_1 type_text team_position color_link_inherit\"><span class=\"w-post-elm-value\">Vente Classic Cars<\/span><\/div><div class=\"w-post-elm post_custom_field usg_post_custom_field_2 avatarbild-team type_image team_avatar color_link_inherit has_ratio\"><div style=\"padding-bottom:100%\"><\/div><img loading=\"lazy\" decoding=\"async\" width=\"1024\" height=\"1024\" src=\"https:\/\/emilfreyclassics.webmodus-dev.ch\/wp-content\/uploads\/2021\/10\/Matthias_kreis-1024x1024.png\" class=\"attachment-large size-large\" alt=\"\" srcset=\"https:\/\/emilfreyclassics.webmodus-dev.ch\/wp-content\/uploads\/2021\/10\/Matthias_kreis-1024x1024.png 1024w, https:\/\/emilfreyclassics.webmodus-dev.ch\/wp-content\/uploads\/2021\/10\/Matthias_kreis-150x150.png 150w, https:\/\/emilfreyclassics.webmodus-dev.ch\/wp-content\/uploads\/2021\/10\/Matthias_kreis-300x300.png 300w, https:\/\/emilfreyclassics.webmodus-dev.ch\/wp-content\/uploads\/2021\/10\/Matthias_kreis-768x768.png 768w, https:\/\/emilfreyclassics.webmodus-dev.ch\/wp-content\/uploads\/2021\/10\/Matthias_kreis-250x250.png 250w, https:\/\/emilfreyclassics.webmodus-dev.ch\/wp-content\/uploads\/2021\/10\/Matthias_kreis-1536x1536.png 1536w, https:\/\/emilfreyclassics.webmodus-dev.ch\/wp-content\/uploads\/2021\/10\/Matthias_kreis-2048x2048.png 2048w, https:\/\/emilfreyclassics.webmodus-dev.ch\/wp-content\/uploads\/2021\/10\/Matthias_kreis-e1634813892847.png 180w\" sizes=\"auto, (max-width: 1024px) 100vw, 1024px\" \/><\/div><div class=\"w-hwrapper usg_hwrapper_2 align_center valign_top\"><a class=\"w-btn us-btn-style_4 usg_btn_3 icon_atleft\" href=\"tel:+41 62 788 79 22\"><i class=\"fas fa-phone-alt\"><\/i><span class=\"w-btn-label\">+41 62 788 79 22<\/span><\/a><a class=\"w-btn us-btn-style_4 usg_btn_2 icon_atleft text_none\" aria-label=\"Button\" href=\"mailto:matthias.mir@emilfreyclassics.ch\"><i class=\"fas fa-envelope\"><\/i><\/a><\/div>\t\t<\/div>\r\n\t\t\t<\/article>\r\n<\/div><div class=\"g-loadmore hidden\"><div class=\"g-preloader type_1\"><div><\/div><\/div><\/div><div class=\"w-grid-list-json hidden\" onclick='return {&quot;max_num_pages&quot;:0,&quot;paginationBase&quot;:&quot;page&quot;,&quot;pagination&quot;:&quot;none&quot;,&quot;paged&quot;:1,&quot;ajaxData&quot;:{&quot;action&quot;:&quot;us_ajax_post_list&quot;,&quot;meta_type&quot;:&quot;post&quot;,&quot;object_id&quot;:0,&quot;template_vars&quot;:{&quot;shortcode_base&quot;:&quot;us_post_list&quot;,&quot;paged&quot;:1,&quot;max_num_pages&quot;:0,&quot;no_results&quot;:false,&quot;us_post_content_design_css&quot;:[],&quot;found_posts&quot;:0,&quot;items_count&quot;:2,&quot;source&quot;:&quot;post__in&quot;,&quot;custom_field_name&quot;:&quot;&quot;,&quot;ids&quot;:&quot;9833,15495&quot;,&quot;post_type&quot;:&quot;team&quot;,&quot;attachment_ids&quot;:null,&quot;include_post_thumbnail&quot;:0,&quot;post_author&quot;:&quot;any&quot;,&quot;post_author_ids&quot;:&quot;&quot;,&quot;apply_url_params&quot;:0,&quot;ignore_sticky_posts&quot;:1,&quot;exclude_children&quot;:0,&quot;exclude_current_post&quot;:&quot;0&quot;,&quot;exclude_prev_posts&quot;:0,&quot;exclude_past_events&quot;:0,&quot;enable_items_offset&quot;:0,&quot;items_offset&quot;:&quot;1&quot;,&quot;tax_query_relation&quot;:&quot;none&quot;,&quot;tax_query&quot;:[{&quot;operator&quot;:&quot;IN&quot;,&quot;taxonomy&quot;:&quot;category&quot;,&quot;terms&quot;:&quot;&quot;,&quot;include_children&quot;:0}],&quot;meta_query_relation&quot;:&quot;none&quot;,&quot;meta_query&quot;:[{&quot;key&quot;:&quot;custom_field_name&quot;,&quot;compare&quot;:&quot;=&quot;,&quot;value&quot;:&quot;&quot;}],&quot;orderby&quot;:&quot;menu_order&quot;,&quot;orderby_custom_field&quot;:&quot;&quot;,&quot;orderby_custom_type&quot;:0,&quot;order_invert&quot;:0,&quot;show_all&quot;:0,&quot;quantity&quot;:&quot;2&quot;,&quot;posts_per_archive_page&quot;:0,&quot;no_items_action&quot;:&quot;hide_grid&quot;,&quot;no_items_message&quot;:&quot;Aucun r\\u00e9sultat.&quot;,&quot;no_items_page_block&quot;:&quot;&quot;,&quot;pagination&quot;:&quot;none&quot;,&quot;pagination_style&quot;:&quot;&quot;,&quot;pagination_btn_text&quot;:&quot;Charger plus&quot;,&quot;pagination_btn_size&quot;:&quot;&quot;,&quot;pagination_btn_style&quot;:&quot;1&quot;,&quot;pagination_btn_fullwidth&quot;:0,&quot;items_layout&quot;:&quot;18682&quot;,&quot;type&quot;:&quot;grid&quot;,&quot;items_valign&quot;:0,&quot;ignore_items_size&quot;:0,&quot;columns&quot;:&quot;2&quot;,&quot;items_gap&quot;:&quot;1.5rem&quot;,&quot;load_animation&quot;:&quot;none&quot;,&quot;items_preload_style&quot;:&quot;spinner&quot;,&quot;img_size&quot;:&quot;default&quot;,&quot;title_size&quot;:&quot;&quot;,&quot;items_ratio&quot;:&quot;default&quot;,&quot;items_ratio_width&quot;:&quot;21&quot;,&quot;items_ratio_height&quot;:&quot;9&quot;,&quot;overriding_link&quot;:&quot;%7B%22url%22%3A%22%22%7D&quot;,&quot;popup_page_template&quot;:&quot;0&quot;,&quot;popup_width&quot;:&quot;&quot;,&quot;popup_arrows&quot;:1,&quot;breakpoint_1_width&quot;:&quot;1381px&quot;,&quot;breakpoint_1_cols&quot;:&quot;default&quot;,&quot;breakpoint_1_quantity&quot;:&quot;&quot;,&quot;breakpoint_1_gap&quot;:&quot;&quot;,&quot;breakpoint_2_width&quot;:&quot;1025px&quot;,&quot;breakpoint_2_cols&quot;:&quot;2&quot;,&quot;breakpoint_2_quantity&quot;:&quot;&quot;,&quot;breakpoint_2_gap&quot;:&quot;&quot;,&quot;breakpoint_3_width&quot;:&quot;601px&quot;,&quot;breakpoint_3_cols&quot;:&quot;1&quot;,&quot;breakpoint_3_quantity&quot;:&quot;&quot;,&quot;breakpoint_3_gap&quot;:&quot;&quot;,&quot;conditions_operator&quot;:&quot;always&quot;,&quot;conditions&quot;:[],&quot;css&quot;:null,&quot;el_class&quot;:&quot;&quot;,&quot;el_id&quot;:&quot;&quot;,&quot;enable_custom_html_atts&quot;:0,&quot;custom_html_atts&quot;:null,&quot;hide_on_states&quot;:&quot;&quot;,&quot;hide_for_sticky&quot;:0,&quot;hide_for_not_sticky&quot;:0,&quot;hide_below&quot;:&quot;0px&quot;,&quot;hide_above&quot;:&quot;0px&quot;,&quot;classes&quot;:&quot;&quot;}},&quot;facetedFilter&quot;:[]}'><\/div><\/div><div class=\"w-separator size_medium\"><\/div><\/div><\/div><\/div><\/div><\/div><\/section>\n","protected":false},"excerpt":{"rendered":"","protected":false},"author":5,"featured_media":0,"parent":0,"menu_order":10,"comment_status":"closed","ping_status":"closed","template":"","meta":{"_acf_changed":false,"footnotes":""},"class_list":["post-20449","page","type-page","status-publish","hentry"],"acf":[],"yoast_head":"<!-- This site is optimized with the Yoast SEO plugin v24.6 - https:\/\/yoast.com\/wordpress\/plugins\/seo\/ -->\n<title>Emil Frey Classics AG: Classic Cars<\/title>\n<meta name=\"description\" content=\"%\" \/>\n<meta name=\"robots\" content=\"noindex, follow, max-snippet:-1, max-image-preview:large, max-video-preview:-1\" \/>\n<meta property=\"og:locale\" content=\"fr_FR\" \/>\n<meta property=\"og:type\" content=\"article\" \/>\n<meta property=\"og:title\" content=\"Emil Frey Classics AG: Classic Cars\" \/>\n<meta property=\"og:description\" content=\"%\" \/>\n<meta property=\"og:url\" content=\"https:\/\/emilfreyclassics.webmodus-dev.ch\/fr\/classic-cars-fr\/\" \/>\n<meta property=\"og:site_name\" content=\"Emil Frey Classics AG\" \/>\n<meta property=\"article:publisher\" content=\"https:\/\/www.facebook.com\/emilfreyclassics\/\" \/>\n<meta property=\"article:modified_time\" content=\"2026-03-05T08:19:56+00:00\" \/>\n<meta name=\"twitter:card\" content=\"summary_large_image\" \/>\n<meta name=\"twitter:label1\" content=\"Dur\u00e9e de lecture estim\u00e9e\" \/>\n\t<meta name=\"twitter:data1\" content=\"3 minutes\" \/>\n<script type=\"application\/ld+json\" class=\"yoast-schema-graph\">{\"@context\":\"https:\/\/schema.org\",\"@graph\":[{\"@type\":\"WebPage\",\"@id\":\"https:\/\/emilfreyclassics.webmodus-dev.ch\/fr\/classic-cars-fr\/\",\"url\":\"https:\/\/emilfreyclassics.webmodus-dev.ch\/fr\/classic-cars-fr\/\",\"name\":\"Emil Frey Classics AG: Classic Cars\",\"isPartOf\":{\"@id\":\"https:\/\/emilfreyclassics.webmodus-dev.ch\/#website\"},\"datePublished\":\"2020-01-06T12:22:49+00:00\",\"dateModified\":\"2026-03-05T08:19:56+00:00\",\"description\":\"%\",\"breadcrumb\":{\"@id\":\"https:\/\/emilfreyclassics.webmodus-dev.ch\/fr\/classic-cars-fr\/#breadcrumb\"},\"inLanguage\":\"fr-FR\",\"potentialAction\":[{\"@type\":\"ReadAction\",\"target\":[\"https:\/\/emilfreyclassics.webmodus-dev.ch\/fr\/classic-cars-fr\/\"]}]},{\"@type\":\"BreadcrumbList\",\"@id\":\"https:\/\/emilfreyclassics.webmodus-dev.ch\/fr\/classic-cars-fr\/#breadcrumb\",\"itemListElement\":[{\"@type\":\"ListItem\",\"position\":1,\"name\":\"Home\",\"item\":\"https:\/\/emilfreyclassics.webmodus-dev.ch\/fr\/\"},{\"@type\":\"ListItem\",\"position\":2,\"name\":\"Classic Cars\"}]},{\"@type\":\"WebSite\",\"@id\":\"https:\/\/emilfreyclassics.webmodus-dev.ch\/#website\",\"url\":\"https:\/\/emilfreyclassics.webmodus-dev.ch\/\",\"name\":\"Emil Frey Classics AG\",\"description\":\"\",\"potentialAction\":[{\"@type\":\"SearchAction\",\"target\":{\"@type\":\"EntryPoint\",\"urlTemplate\":\"https:\/\/emilfreyclassics.webmodus-dev.ch\/?s={search_term_string}\"},\"query-input\":{\"@type\":\"PropertyValueSpecification\",\"valueRequired\":true,\"valueName\":\"search_term_string\"}}],\"inLanguage\":\"fr-FR\"}]}<\/script>\n<!-- \/ Yoast SEO plugin. -->","yoast_head_json":{"title":"Emil Frey Classics AG: Classic Cars","description":"%","robots":{"index":"noindex","follow":"follow","max-snippet":"max-snippet:-1","max-image-preview":"max-image-preview:large","max-video-preview":"max-video-preview:-1"},"og_locale":"fr_FR","og_type":"article","og_title":"Emil Frey Classics AG: Classic Cars","og_description":"%","og_url":"https:\/\/emilfreyclassics.webmodus-dev.ch\/fr\/classic-cars-fr\/","og_site_name":"Emil Frey Classics AG","article_publisher":"https:\/\/www.facebook.com\/emilfreyclassics\/","article_modified_time":"2026-03-05T08:19:56+00:00","twitter_card":"summary_large_image","twitter_misc":{"Dur\u00e9e de lecture estim\u00e9e":"3 minutes"},"schema":{"@context":"https:\/\/schema.org","@graph":[{"@type":"WebPage","@id":"https:\/\/emilfreyclassics.webmodus-dev.ch\/fr\/classic-cars-fr\/","url":"https:\/\/emilfreyclassics.webmodus-dev.ch\/fr\/classic-cars-fr\/","name":"Emil Frey Classics AG: Classic Cars","isPartOf":{"@id":"https:\/\/emilfreyclassics.webmodus-dev.ch\/#website"},"datePublished":"2020-01-06T12:22:49+00:00","dateModified":"2026-03-05T08:19:56+00:00","description":"%","breadcrumb":{"@id":"https:\/\/emilfreyclassics.webmodus-dev.ch\/fr\/classic-cars-fr\/#breadcrumb"},"inLanguage":"fr-FR","potentialAction":[{"@type":"ReadAction","target":["https:\/\/emilfreyclassics.webmodus-dev.ch\/fr\/classic-cars-fr\/"]}]},{"@type":"BreadcrumbList","@id":"https:\/\/emilfreyclassics.webmodus-dev.ch\/fr\/classic-cars-fr\/#breadcrumb","itemListElement":[{"@type":"ListItem","position":1,"name":"Home","item":"https:\/\/emilfreyclassics.webmodus-dev.ch\/fr\/"},{"@type":"ListItem","position":2,"name":"Classic Cars"}]},{"@type":"WebSite","@id":"https:\/\/emilfreyclassics.webmodus-dev.ch\/#website","url":"https:\/\/emilfreyclassics.webmodus-dev.ch\/","name":"Emil Frey Classics AG","description":"","potentialAction":[{"@type":"SearchAction","target":{"@type":"EntryPoint","urlTemplate":"https:\/\/emilfreyclassics.webmodus-dev.ch\/?s={search_term_string}"},"query-input":{"@type":"PropertyValueSpecification","valueRequired":true,"valueName":"search_term_string"}}],"inLanguage":"fr-FR"}]}},"_links":{"self":[{"href":"https:\/\/emilfreyclassics.webmodus-dev.ch\/fr\/wp-json\/wp\/v2\/pages\/20449","targetHints":{"allow":["GET"]}}],"collection":[{"href":"https:\/\/emilfreyclassics.webmodus-dev.ch\/fr\/wp-json\/wp\/v2\/pages"}],"about":[{"href":"https:\/\/emilfreyclassics.webmodus-dev.ch\/fr\/wp-json\/wp\/v2\/types\/page"}],"author":[{"embeddable":true,"href":"https:\/\/emilfreyclassics.webmodus-dev.ch\/fr\/wp-json\/wp\/v2\/users\/5"}],"replies":[{"embeddable":true,"href":"https:\/\/emilfreyclassics.webmodus-dev.ch\/fr\/wp-json\/wp\/v2\/comments?post=20449"}],"version-history":[{"count":4,"href":"https:\/\/emilfreyclassics.webmodus-dev.ch\/fr\/wp-json\/wp\/v2\/pages\/20449\/revisions"}],"predecessor-version":[{"id":21418,"href":"https:\/\/emilfreyclassics.webmodus-dev.ch\/fr\/wp-json\/wp\/v2\/pages\/20449\/revisions\/21418"}],"wp:attachment":[{"href":"https:\/\/emilfreyclassics.webmodus-dev.ch\/fr\/wp-json\/wp\/v2\/media?parent=20449"}],"curies":[{"name":"wp","href":"https:\/\/api.w.org\/{rel}","templated":true}]}}