{"id":20588,"date":"2020-01-03T12:27:47","date_gmt":"2020-01-03T12:27:47","guid":{"rendered":"https:\/\/emilfreyclassics.webmodus-dev.ch\/ueber-uns-2\/oeffnungszeiten-2\/"},"modified":"2026-02-23T10:09:14","modified_gmt":"2026-02-23T10:09:14","slug":"opening-hours","status":"publish","type":"page","link":"https:\/\/emilfreyclassics.webmodus-dev.ch\/en\/about-us\/opening-hours\/","title":{"rendered":"Opening Hours"},"content":{"rendered":"<section class=\"l-section wpb_row us_custom_278d8c57 height_medium width_full\"><div class=\"l-section-h i-cf\"><div class=\"g-cols vc_row via_flex valign_top type_default stacking_default\"><div class=\"vc_col-sm-12 wpb_column vc_column_container\"><div class=\"vc_column-inner\"><div class=\"wpb_wrapper\"><section class=\"l-section wpb_row us_custom_1bb80f88 height_medium width_full parallax_ver\"><div class=\"l-section-h i-cf\"><div class=\"g-cols vc_row via_flex valign_top type_default stacking_default\"><div class=\"vc_col-sm-12 wpb_column vc_column_container\"><div class=\"vc_column-inner\"><div class=\"wpb_wrapper\"><\/div><\/div><\/div><\/div><\/div><\/section>\n<\/div><\/div><\/div><\/div><\/div><\/section><section class=\"l-section wpb_row height_medium\"><div class=\"l-section-h i-cf\"><div class=\"g-cols vc_row via_flex valign_top type_default stacking_default\"><div class=\"vc_col-sm-12 wpb_column vc_column_container\"><div class=\"vc_column-inner\"><div class=\"wpb_wrapper\">[vc_custom_heading text=&#8221;Opening Hours&#8221; font_container=&#8221;tag:h1|text_align:left|color:%23FFFFFF&#8221; use_theme_fonts=&#8221;yes&#8221;]<div class=\"w-html\">    <style>\n        #map {\n            display: none !important;\n        }\n    <\/style>\n\n    <div id=\"map\"><\/div>\n\n    <!-- Google Maps JS API laden + Places Library + Callback -->\n    \n    <script>\n        \/*function initMap() {\n            const map = new google.maps.Map(document.getElementById(\"map\"), {\n                center: { lat: 47.3769, lng: 8.5417 }, \/\/ Safenwil, CH\n                zoom: 15,\n            });\n\n            \/\/ Dein Place ID\n            const service = new google.maps.places.PlacesService(map);\n            service.getDetails(\n                {\n                    placeId: \"ChIJgYWcIy4lkEcRsbOn37PPKII\",\n                    fields: [\"name\", \"opening_hours\"],\n                },\n                (place, status) => {\n                    if (status === google.maps.places.PlacesServiceStatus.OK) {\n                        console.log(place.opening_hours);\n                        console.log(\"Name:\", place.name);\n                        console.log(\"\u00d6ffnungszeiten:\", place.opening_hours.weekday_text);\n                        console.log(\"Heute ge\u00f6ffnet?\", place.opening_hours.open_now);\n                    } else {\n                        console.error(\"Fehler beim Abrufen der Daten:\", status);\n                    }\n                }\n            );\n        }*\/\n    <\/script>\n\n    <\/div><\/div><\/div><\/div><\/div><\/div><\/section><section class=\"l-section wpb_row height_medium\"><div class=\"l-section-h i-cf\"><div class=\"g-cols vc_row via_flex valign_top type_default stacking_default\"><div class=\"vc_col-sm-4 wpb_column vc_column_container\"><div class=\"vc_column-inner\"><div class=\"wpb_wrapper\"><div class=\"w-vwrapper us_custom_98ac7b7c align_none valign_top\">[vc_custom_heading text=&#8221;\u00d6ffnungszeiten&#8221; font_container=&#8221;tag:h2|text_align:left|color:%23000000&#8243; use_theme_fonts=&#8221;yes&#8221;]<div class=\"wpb_text_column us_custom_4076faf9 ef-black-font has_text_color\"><div class=\"wpb_wrapper\"><p><strong>Museum<\/strong><br \/>\nMontag bis Freitag: 10 bis 17 Uhr<br \/>\nSamstag: 10 bis 16 Uhr<br \/>\n*Sonntag: 10 bis 17 Uhr (*an folgenden Sonntagen jeweils ge\u00f6ffnet: 25.01.26, 22.02.26, 29.03.26, 26.04.26, 31.05.26, 28.06.26, 26.07.26, 30.08.26, 27.09.26, 25.10.26, 29.11.26)<\/p>\n<p><strong>Classic Caf\u00e9<br \/>\n<\/strong>Montag bis Freitag: 7.30 bis 17.00 Uhr<br \/>\nSamstag: 7.30 bis 16.00 Uhr<br \/>\n*Sonntag: 10.00 bis 17.00 Uhr (*an folgenden Sonntagen jeweils ge\u00f6ffnet: 25.01.26, 22.02.26, 29.03.26, 26.04.26, 31.05.26, 28.06.26, 26.07.26, 30.08.26, 27.09.26, 25.10.26, 29.11.26)<\/p>\n<p><strong>Museumsshop<br \/>\n<\/strong>Montag bis Freitag: 7.30 bis 17.00 Uhr<br \/>\nSamstag: 7.30 bis 16.00 Uhr<br \/>\n*Sonntag: 10.00 bis 17.00 Uhr (*an folgenden Sonntagen jeweils ge\u00f6ffnet: 25.01.26, 22.02.26, 29.03.26, 26.04.26, 31.05.26, 28.06.26, 26.07.26, 30.08.26, 27.09.26, 25.10.26, 29.11.26)<\/p>\n<p><strong>Werkstatt<br \/>\n<\/strong>Montag bis Donnerstag von 8.00 bis 17 Uhr<br \/>\nFreitag: 8 bis 16 Uhr<br \/>\nTelefon 062 788 79 00<\/p>\n<p><strong>Verkauf Safenwil<br \/>\n<\/strong>Montag bis Freitag von 09.00 &#8211; 17.00 Uhr<br \/>\nSamstag: 9.00 &#8211; 16.00 Uhr<\/p>\n<p><strong>Verkauf Z\u00fcrich<br \/>\n<\/strong>Montag bis Freitag von 10.00 &#8211; 18.30 Uhr<strong><br \/>\n<\/strong>Samstag: 09.00 &#8211; 16.00 Uhr<\/p>\n<p>Wir stehen Ihnen w\u00e4hrend den B\u00fcro\u00f6ffnungszeiten gerne zur Verf\u00fcgung.<\/p>\n<p>Telefon 062 788 79 20<\/p>\n<p>Mail: info@emilfreyclassics.ch<\/p>\n<\/div><\/div><\/div><\/div><\/div><\/div><div class=\"vc_col-sm-4 wpb_column vc_column_container\"><div class=\"vc_column-inner\"><div class=\"wpb_wrapper\"><div class=\"w-vwrapper us_custom_50585e70 align_none valign_top\">[vc_custom_heading text=&#8221;Das Classic Center Schweiz ist an folgenden Tagen geschlossen:&#8221; font_container=&#8221;tag:h2|text_align:left|color:%23ffffff&#8221; use_theme_fonts=&#8221;yes&#8221; css=&#8221;%7B%22default%22%3A%7B%22color%22%3A%22%23ffffff%22%7D%7D&#8221; el_class=&#8221;ef-black-font&#8221;]<div class=\"wpb_text_column us_custom_6df4bc3a has_text_color\"><div class=\"wpb_wrapper\"><p>Donnerstag, 15. Januar 2026<\/p>\n<\/div><\/div><\/div><\/div><\/div><\/div><div class=\"vc_col-sm-4 wpb_column vc_column_container\"><div class=\"vc_column-inner\"><div class=\"wpb_wrapper\"><div class=\"w-vwrapper us_custom_50585e70 align_none valign_top\">[vc_custom_heading text=&#8221;Spezielles&#8221; font_container=&#8221;tag:h2|text_align:left|color:%23FFFFFF&#8221; use_theme_fonts=&#8221;yes&#8221; css=&#8221;%7B%22default%22%3A%7B%22color%22%3A%22%23ffffff%22%7D%7D&#8221;]<div class=\"wpb_text_column us_custom_6df4bc3a has_text_color\"><div class=\"wpb_wrapper\"><p><strong>Classic Caf\u00e9 &amp; Museum<\/strong><\/p>\n<p>An folgenden Sonntagen jeweils ge\u00f6ffnet:<br \/>\n25.01.26<br \/>\n22.02.26<br \/>\n29.03.26<br \/>\n26.04.26<br \/>\n31.05.26<br \/>\n28.06.26<br \/>\n26.07.26<br \/>\n30.08.26<br \/>\n27.09.26<br \/>\n25.10.26<br \/>\n29.11.26<\/p>\n<\/div><\/div><\/div><div class=\"w-separator hide_on_default hide_on_laptops size_medium\"><\/div><\/div><\/div><\/div><\/div><\/div><\/section>\n","protected":false},"excerpt":{"rendered":"[vc_custom_heading text=\"Opening Hours\" font_container=\"tag:h1|text_align:left|color:%23FFFFFF\" use_theme_fonts=\"yes\"] [vc_custom_heading text=\"\u00d6ffnungszeiten\" font_container=\"tag:h2|text_align:left|color:%23000000\" use_theme_fonts=\"yes\"]Museum Montag bis Freitag: 10 bis 17 Uhr Samstag: 10 bis 16 Uhr *Sonntag: 10 bis 17 Uhr (*an folgenden Sonntagen jeweils ge\u00f6ffnet: 25.01.26, 22.02.26, 29.03.26, 26.04.26, 31.05.26, 28.06.26, 26.07.26, 30.08.26, 27.09.26, 25.10.26, 29.11.26) Classic Caf\u00e9 Montag bis Freitag: 7.30 bis 17.00 Uhr Samstag: 7.30 bis 16.00...","protected":false},"author":5,"featured_media":0,"parent":20572,"menu_order":173,"comment_status":"closed","ping_status":"closed","template":"","meta":{"_acf_changed":false,"footnotes":""},"class_list":["post-20588","page","type-page","status-publish","hentry"],"acf":[],"yoast_head":"<!-- This site is optimized with the Yoast SEO plugin v24.6 - https:\/\/yoast.com\/wordpress\/plugins\/seo\/ -->\n<title>Emil Frey Classics AG: Opening Hours<\/title>\n<meta name=\"description\" content=\"%\" \/>\n<meta name=\"robots\" content=\"noindex, follow, max-snippet:-1, max-image-preview:large, max-video-preview:-1\" \/>\n<meta property=\"og:locale\" content=\"en_US\" \/>\n<meta property=\"og:type\" content=\"article\" \/>\n<meta property=\"og:title\" content=\"Emil Frey Classics AG: Opening Hours\" \/>\n<meta property=\"og:description\" content=\"%\" \/>\n<meta property=\"og:url\" content=\"https:\/\/emilfreyclassics.webmodus-dev.ch\/en\/about-us\/opening-hours\/\" \/>\n<meta property=\"og:site_name\" content=\"Emil Frey Classics AG\" \/>\n<meta property=\"article:publisher\" content=\"https:\/\/www.facebook.com\/emilfreyclassics\/\" \/>\n<meta property=\"article:modified_time\" content=\"2026-02-23T10:09:14+00:00\" \/>\n<meta name=\"twitter:card\" content=\"summary_large_image\" \/>\n<meta name=\"twitter:label1\" content=\"Est. reading time\" \/>\n\t<meta name=\"twitter:data1\" content=\"2 minutes\" \/>\n<script type=\"application\/ld+json\" class=\"yoast-schema-graph\">{\"@context\":\"https:\/\/schema.org\",\"@graph\":[{\"@type\":\"WebPage\",\"@id\":\"https:\/\/emilfreyclassics.webmodus-dev.ch\/en\/about-us\/opening-hours\/\",\"url\":\"https:\/\/emilfreyclassics.webmodus-dev.ch\/en\/about-us\/opening-hours\/\",\"name\":\"Emil Frey Classics AG: Opening Hours\",\"isPartOf\":{\"@id\":\"https:\/\/emilfreyclassics.webmodus-dev.ch\/#website\"},\"datePublished\":\"2020-01-03T12:27:47+00:00\",\"dateModified\":\"2026-02-23T10:09:14+00:00\",\"description\":\"%\",\"breadcrumb\":{\"@id\":\"https:\/\/emilfreyclassics.webmodus-dev.ch\/en\/about-us\/opening-hours\/#breadcrumb\"},\"inLanguage\":\"en-US\",\"potentialAction\":[{\"@type\":\"ReadAction\",\"target\":[\"https:\/\/emilfreyclassics.webmodus-dev.ch\/en\/about-us\/opening-hours\/\"]}]},{\"@type\":\"BreadcrumbList\",\"@id\":\"https:\/\/emilfreyclassics.webmodus-dev.ch\/en\/about-us\/opening-hours\/#breadcrumb\",\"itemListElement\":[{\"@type\":\"ListItem\",\"position\":1,\"name\":\"Home\",\"item\":\"https:\/\/emilfreyclassics.webmodus-dev.ch\/en\/\"},{\"@type\":\"ListItem\",\"position\":2,\"name\":\"About us\",\"item\":\"https:\/\/emilfreyclassics.webmodus-dev.ch\/en\/about-us\/\"},{\"@type\":\"ListItem\",\"position\":3,\"name\":\"Opening Hours\"}]},{\"@type\":\"WebSite\",\"@id\":\"https:\/\/emilfreyclassics.webmodus-dev.ch\/#website\",\"url\":\"https:\/\/emilfreyclassics.webmodus-dev.ch\/\",\"name\":\"Emil Frey Classics AG\",\"description\":\"\",\"potentialAction\":[{\"@type\":\"SearchAction\",\"target\":{\"@type\":\"EntryPoint\",\"urlTemplate\":\"https:\/\/emilfreyclassics.webmodus-dev.ch\/?s={search_term_string}\"},\"query-input\":{\"@type\":\"PropertyValueSpecification\",\"valueRequired\":true,\"valueName\":\"search_term_string\"}}],\"inLanguage\":\"en-US\"}]}<\/script>\n<!-- \/ Yoast SEO plugin. -->","yoast_head_json":{"title":"Emil Frey Classics AG: Opening Hours","description":"%","robots":{"index":"noindex","follow":"follow","max-snippet":"max-snippet:-1","max-image-preview":"max-image-preview:large","max-video-preview":"max-video-preview:-1"},"og_locale":"en_US","og_type":"article","og_title":"Emil Frey Classics AG: Opening Hours","og_description":"%","og_url":"https:\/\/emilfreyclassics.webmodus-dev.ch\/en\/about-us\/opening-hours\/","og_site_name":"Emil Frey Classics AG","article_publisher":"https:\/\/www.facebook.com\/emilfreyclassics\/","article_modified_time":"2026-02-23T10:09:14+00:00","twitter_card":"summary_large_image","twitter_misc":{"Est. reading time":"2 minutes"},"schema":{"@context":"https:\/\/schema.org","@graph":[{"@type":"WebPage","@id":"https:\/\/emilfreyclassics.webmodus-dev.ch\/en\/about-us\/opening-hours\/","url":"https:\/\/emilfreyclassics.webmodus-dev.ch\/en\/about-us\/opening-hours\/","name":"Emil Frey Classics AG: Opening Hours","isPartOf":{"@id":"https:\/\/emilfreyclassics.webmodus-dev.ch\/#website"},"datePublished":"2020-01-03T12:27:47+00:00","dateModified":"2026-02-23T10:09:14+00:00","description":"%","breadcrumb":{"@id":"https:\/\/emilfreyclassics.webmodus-dev.ch\/en\/about-us\/opening-hours\/#breadcrumb"},"inLanguage":"en-US","potentialAction":[{"@type":"ReadAction","target":["https:\/\/emilfreyclassics.webmodus-dev.ch\/en\/about-us\/opening-hours\/"]}]},{"@type":"BreadcrumbList","@id":"https:\/\/emilfreyclassics.webmodus-dev.ch\/en\/about-us\/opening-hours\/#breadcrumb","itemListElement":[{"@type":"ListItem","position":1,"name":"Home","item":"https:\/\/emilfreyclassics.webmodus-dev.ch\/en\/"},{"@type":"ListItem","position":2,"name":"About us","item":"https:\/\/emilfreyclassics.webmodus-dev.ch\/en\/about-us\/"},{"@type":"ListItem","position":3,"name":"Opening Hours"}]},{"@type":"WebSite","@id":"https:\/\/emilfreyclassics.webmodus-dev.ch\/#website","url":"https:\/\/emilfreyclassics.webmodus-dev.ch\/","name":"Emil Frey Classics AG","description":"","potentialAction":[{"@type":"SearchAction","target":{"@type":"EntryPoint","urlTemplate":"https:\/\/emilfreyclassics.webmodus-dev.ch\/?s={search_term_string}"},"query-input":{"@type":"PropertyValueSpecification","valueRequired":true,"valueName":"search_term_string"}}],"inLanguage":"en-US"}]}},"_links":{"self":[{"href":"https:\/\/emilfreyclassics.webmodus-dev.ch\/en\/wp-json\/wp\/v2\/pages\/20588","targetHints":{"allow":["GET"]}}],"collection":[{"href":"https:\/\/emilfreyclassics.webmodus-dev.ch\/en\/wp-json\/wp\/v2\/pages"}],"about":[{"href":"https:\/\/emilfreyclassics.webmodus-dev.ch\/en\/wp-json\/wp\/v2\/types\/page"}],"author":[{"embeddable":true,"href":"https:\/\/emilfreyclassics.webmodus-dev.ch\/en\/wp-json\/wp\/v2\/users\/5"}],"replies":[{"embeddable":true,"href":"https:\/\/emilfreyclassics.webmodus-dev.ch\/en\/wp-json\/wp\/v2\/comments?post=20588"}],"version-history":[{"count":2,"href":"https:\/\/emilfreyclassics.webmodus-dev.ch\/en\/wp-json\/wp\/v2\/pages\/20588\/revisions"}],"predecessor-version":[{"id":21123,"href":"https:\/\/emilfreyclassics.webmodus-dev.ch\/en\/wp-json\/wp\/v2\/pages\/20588\/revisions\/21123"}],"up":[{"embeddable":true,"href":"https:\/\/emilfreyclassics.webmodus-dev.ch\/en\/wp-json\/wp\/v2\/pages\/20572"}],"wp:attachment":[{"href":"https:\/\/emilfreyclassics.webmodus-dev.ch\/en\/wp-json\/wp\/v2\/media?parent=20588"}],"curies":[{"name":"wp","href":"https:\/\/api.w.org\/{rel}","templated":true}]}}